{"id":3823,"date":"2018-07-24T08:36:19","date_gmt":"2018-07-24T06:36:19","guid":{"rendered":"https:\/\/www.vasmegye.hu\/?post_type=vasi-ki-kicsoda&#038;p=3823"},"modified":"2018-07-30T10:56:49","modified_gmt":"2018-07-30T08:56:49","slug":"beri-balogh-adam","status":"publish","type":"vasi-ki-kicsoda","link":"https:\/\/www.vasmegye.hu\/en\/vasi-ki-kicsoda\/beri-balogh-adam\/","title":{"rendered":"B\u00e9ri Balogh \u00c1d\u00e1m"},"content":{"rendered":"<p class=\"szoveg\" style=\"text-align: justify;\" align=\"justify\">B\u00e9ri Balogh \u00c1d\u00e1m 1665 k\u00f6r\u00fcl l\u00e1tta meg a napvil\u00e1got a Vas megy\u00e9ben tal\u00e1lhat\u00f3 Hegyh\u00e1tkisb\u00e9ren. A brigad\u00e9ros csal\u00e1dja gener\u00e1ci\u00f3k \u00f3ta fontos szerepet j\u00e1tszott a v\u00e9gv\u00e1ri harcokban, \u00edgy a legend\u00e1s katona szint\u00e9n az oszm\u00e1nok ellen, a Szent Liga 1684-ben kezd\u0151d\u0151 felszabad\u00edt\u00f3 h\u00e1bor\u00faj\u00e1ban kezdte meg p\u00e1lyafut\u00e1s\u00e1t. A fiatalember hossz\u00fa ideig Csob\u00e1ncon szolg\u00e1lt, majd Sopron \u00e9s Vas v\u00e1rmegy\u00e9ben tev\u00e9kenykedett mint f\u0151szolgab\u00edr\u00f3. B\u00e9ri Balogh \u00c1d\u00e1m sz\u00e1rmaz\u00e1sa ellen\u00e9re igen el\u0151ny\u00f6s h\u00e1zass\u00e1got k\u00f6t\u00f6tt, ugyanis 1690 k\u00f6r\u00fcl a k\u00e9s\u0151bb hercegi rangig emelked\u0151 Festeticsek le\u00e1ny\u00e1t, Juliann\u00e1t vezethette olt\u00e1r el\u00e9.<\/p>\n<p class=\"szoveg\" style=\"text-align: justify;\" align=\"justify\">A frigy eredm\u00e9nyek\u00e9nt a R\u00e1k\u00f3czi-szabads\u00e1gharc els\u0151 id\u0151szak\u00e1ban B\u00e9ri Balogh k\u00e9tkulacsos politik\u00e1t folytatott, ugyanis sz\u00edve a kuruc t\u00e1borba vitte volna \u0151t, ap\u00f3sa azonban mindannyiszor visszat\u00e9r\u00edtette \u0151t az udvar h\u0171s\u00e9g\u00e9re. 1703\u201305 k\u00f6z\u00f6tt a Dun\u00e1nt\u00fal sz\u00e1mos alkalommal gazd\u00e1t cser\u00e9lt, ezzel \u00f6sszef\u00fcgg\u00e9sben pedig a f\u00e9rfi is t\u00f6bbsz\u00f6r p\u00e1rtot v\u00e1ltott; r\u00e9szben ez vezetett od\u00e1ig, hogy B\u00e9csben \u00e1rul\u00f3k\u00e9nt tartott\u00e1k \u0151t sz\u00e1mon, \u00e9s 1710-es elfog\u00e1sa ut\u00e1n kiv\u00e9gz\u00e9se mellett d\u00f6nt\u00f6ttek.<\/p>\n<p class=\"szoveg\" style=\"text-align: justify;\" align=\"justify\">Eg\u00e9szen 1705-ig tartott, mire B\u00e9ri Balogh \u00c1d\u00e1m v\u00e9gleg hat\u00e1rozott j\u00f6v\u0151je fel\u0151l, ezut\u00e1n azonban R\u00e1k\u00f3czi egyik legkitart\u00f3bb \u00e9s legh\u0171s\u00e9gesebb katon\u00e1ja lett. Hadszervez\u0151 kvalit\u00e1sair\u00f3l \u00e9s b\u00e1tors\u00e1g\u00e1r\u00f3l h\u00edven tan\u00faskodik az 1706 november\u00e9ben, Gy\u0151rv\u00e1r \u00e9s Egerv\u00e1r k\u00f6z\u00f6tt v\u00edvott \u00fctk\u00f6zet, ahol a gy\u0151ztes lovasroham \u00e9l\u00e9n h\u00e1rom fejs\u00e9r\u00fcl\u00e9st szenvedett. A f\u00e9rfi 1707-ben Rabutin felvonul\u00f3 csapatai felett is diadalmaskodott, sikerei \u00e9s parancsnoka, Esterh\u00e1zy Antal k\u00e9r\u00e9se ellen\u00e9re azonban a kuruc hadvezet\u00e9s nem j\u00e1rult hozz\u00e1 brigad\u00e9rosi el\u0151l\u00e9ptet\u00e9s\u00e9hez. Ennek f\u0151 oka val\u00f3sz\u00edn\u0171leg B\u00e9ri Balogh kor\u00e1bbi t\u00e9tov\u00e1z\u00e1sa volt, az ezredes azonban \u00fajra \u00e9s \u00fajra tan\u00fabizonys\u00e1got tett h\u0171s\u00e9g\u00e9r\u0151l, \u00edgy p\u00e9ld\u00e1ul az 1708. \u00e9vi trencs\u00e9ni kudarc ut\u00e1n is kitartott R\u00e1k\u00f3czi mellett.<\/p>\n<p class=\"szoveg\" style=\"text-align: justify;\" align=\"justify\">Miut\u00e1n a veres\u00e9get k\u00f6vet\u0151 h\u00f3napokban a kuruc tisztikarb\u00f3l t\u00f6bben \u00e1tp\u00e1rtoltak I. J\u00f3zsef (ur. 1705-1711) oldal\u00e1ra, B\u00e9ri Balogh el\u0151l\u00e9ptet\u00e9se \u201eid\u0151szer\u0171v\u00e9\u201d v\u00e1lt, \u00edgy 1708 szeptember\u00e9ben a f\u00e9rfi m\u00e1r brigad\u00e9rosk\u00e9nt aratott gy\u0151zelmet K\u00f6lesdn\u00e9l az \u00e9szakra t\u00f6r\u0151 r\u00e1cok ellen. M\u00e1s hadvez\u00e9rekhez hasonl\u00f3an azonban a k\u00e9s\u0151bbiekben B\u00e9ri Balogh \u00c1d\u00e1m sz\u00e1m\u00e1ra sem termett sok bab\u00e9r a labancokkal szemben: Esterh\u00e1zy Antal f\u0151seregeivel egy\u00fctt \u0151 is kiszorult sz\u0171kebb p\u00e1tri\u00e1j\u00e1b\u00f3l, az 1710 \u0151sz\u00e9n ind\u00edtott utols\u00f3 k\u00e9ts\u00e9gbeesett dun\u00e1nt\u00fali hadj\u00e1rat pedig szint\u00e9n nem hozott sz\u00e1m\u00e1ra szerencs\u00e9t. Szeksz\u00e1rd k\u00f6rny\u00e9k\u00e9n a brigad\u00e9ros egy f\u0151k\u00e9nt r\u00e1cokb\u00f3l \u00e1ll\u00f3 hadoszloppal ker\u00fclt szembe, miut\u00e1n pedig h\u00edres lova, Murza \u00f6sszerogyott, \u0151 maga is a labancok fogs\u00e1g\u00e1ba esett.<\/p>\n<p class=\"szoveg\" style=\"text-align: justify;\" align=\"justify\">Amikor elterjedt a h\u00edr, hogy a h\u00edres brigad\u00e9ros az ellens\u00e9g kez\u00e9re ker\u00fclt, a kuruc vez\u00e9rkar minden k\u00f6vet megmozgatott az\u00e9rt, hogy kialkudja a katona szabads\u00e1g\u00e1t; maga R\u00e1k\u00f3czi is k\u00eds\u00e9rletet tett a P\u00e1lffy J\u00e1nossal folytatott vajai t\u00e1rgyal\u00e1sok sor\u00e1n B\u00e9ri Balogh \u00c1d\u00e1m megment\u00e9s\u00e9re, \u00e1m ebben az \u00fcgyben sem a cs\u00e1sz\u00e1ri f\u0151parancsnok, sem a b\u00e9csi udvar nem volt hajland\u00f3 kompromisszumra. A brigad\u00e9rost a budai hadb\u00edr\u00f3s\u00e1g esk\u00fcszeg\u00e9s \u00e9s dezert\u00e1l\u00e1s v\u00e1dj\u00e1ban b\u0171n\u00f6snek tal\u00e1lta, a fej\u00e9re kiszabott hal\u00e1los \u00edt\u00e9letet pedig 1711. febru\u00e1r 6-\u00e1n v\u00e9gre is hajtott\u00e1k. Az az\u00f3ta eltelt 300 \u00e9vben B\u00e9ri Balogh \u00c1d\u00e1m legend\u00e1v\u00e1, az egyik legh\u00edresebb kuruc brigad\u00e9ross\u00e1 n\u0151tt, akinek eml\u00e9k\u00e9t a n\u00e9p ajk\u00e1n \u2013 \u00e9s esetleg Thaly K\u00e1lm\u00e1n toll\u00e1b\u00f3l \u2013 sz\u00fcletett k\u00f6ltem\u00e9nyek, a r\u00f3la elnevezett k\u00f6zterek \u00e9s k\u00fcl\u00f6nf\u00e9le int\u00e9zm\u00e9nyek mellett A Tenkes kapit\u00e1nya c\u00edm\u0171 telev\u00edzi\u00f3s sorozat is meg\u0151rizte.<\/p>","protected":false},"excerpt":{"rendered":"<p>B\u00e9ri Balogh \u00c1d\u00e1m 1665 k\u00f6r\u00fcl l\u00e1tta meg a napvil\u00e1got a Vas megy\u00e9ben tal\u00e1lhat\u00f3 Hegyh\u00e1tkisb\u00e9ren. A brigad\u00e9ros csal\u00e1dja gener\u00e1ci\u00f3k \u00f3ta fontos szerepet j\u00e1tszott a v\u00e9gv\u00e1ri harcokban, \u00edgy a legend\u00e1s katona szint\u00e9n az oszm\u00e1nok ellen, a Szent Liga 1684-ben kezd\u0151d\u0151 felszabad\u00edt\u00f3 h\u00e1bor\u00faj\u00e1ban kezdte meg p\u00e1lyafut\u00e1s\u00e1t. A fiatalember hossz\u00fa ideig Csob\u00e1ncon szolg\u00e1lt, majd Sopron \u00e9s Vas v\u00e1rmegy\u00e9ben tev\u00e9kenykedett [&hellip;]<\/p>","protected":false},"featured_media":0,"parent":0,"menu_order":64,"template":"","meta":{"_exactmetrics_skip_tracking":false,"_exactmetrics_sitenote_active":false,"_exactmetrics_sitenote_note":"","_exactmetrics_sitenote_category":0,"footnotes":""},"class_list":["post-3823","vasi-ki-kicsoda","type-vasi-ki-kicsoda","status-publish","hentry","floatton-article"],"ptb_metabox":{"ptb_text_1":"Kuruc brigad\u00e9ros","ptb_text_2":"Hegyh\u00e1tkisb\u00e9ren (ma: B\u00e9rbaltav\u00e1r) sz\u00fcletett 1665 k\u00f6r\u00fcl.","ptb_profilk_p":{"1":"http:\/\/www.adontes.hu\/sites\/default\/files\/styles\/art_big\/public\/art\/hero\/hero_050.jpg?itok=HxIyIKFj"}},"ptb_taxonomy":[],"ptb_featured_image":null,"_links":{"self":[{"href":"https:\/\/www.vasmegye.hu\/en\/wp-json\/wp\/v2\/vasi-ki-kicsoda\/3823","targetHints":{"allow":["GET"]}}],"collection":[{"href":"https:\/\/www.vasmegye.hu\/en\/wp-json\/wp\/v2\/vasi-ki-kicsoda"}],"about":[{"href":"https:\/\/www.vasmegye.hu\/en\/wp-json\/wp\/v2\/types\/vasi-ki-kicsoda"}],"version-history":[{"count":0,"href":"https:\/\/www.vasmegye.hu\/en\/wp-json\/wp\/v2\/vasi-ki-kicsoda\/3823\/revisions"}],"wp:attachment":[{"href":"https:\/\/www.vasmegye.hu\/en\/wp-json\/wp\/v2\/media?parent=3823"}],"curies":[{"name":"wp","href":"https:\/\/api.w.org\/{rel}","templated":true}]}}