{"id":3818,"date":"2018-07-24T08:15:09","date_gmt":"2018-07-24T06:15:09","guid":{"rendered":"https:\/\/www.vasmegye.hu\/?post_type=vasi-ki-kicsoda&#038;p=3818"},"modified":"2018-07-30T10:57:10","modified_gmt":"2018-07-30T08:57:10","slug":"mindszenty-jozsef","status":"publish","type":"vasi-ki-kicsoda","link":"https:\/\/www.vasmegye.hu\/en\/vasi-ki-kicsoda\/mindszenty-jozsef\/","title":{"rendered":"Mindszenty J\u00f3zsef"},"content":{"rendered":"<p style=\"text-align: justify;\">Mindszenty J\u00f3zsef szem\u00e9lyis\u00e9ge meghat\u00e1roz\u00f3 a XX. sz\u00e1zadi magyar k\u00f6z- \u00e9s egyh\u00e1zt\u00f6rt\u00e9netben. Kiemelked\u0151 \u00e9let\u00fatja, tan\u00edt\u00e1sa, ki\u00e1ll\u00e1sa a K\u00e1rp\u00e1t-medenc\u00e9ben \u00e9l\u0151k\u00e9rt \u00e9s a vil\u00e1gban sz\u00e9tsz\u00f3r\u00f3dott magyars\u00e1g\u00e9rt. Nemcsak az egyh\u00e1z vezet\u0151jek\u00e9nt, hanem a k\u00f6z\u00e9let alak\u00edt\u00f3jak\u00e9nt is meghat\u00e1roz\u00f3 t\u00e9nyez\u0151je volt a szombathelyi \u00e9s a veszpr\u00e9mi egyh\u00e1zmegy\u00e9nek, majd az eg\u00e9sz haz\u00e1nak.<\/p>\n<div style=\"text-align: justify;\">Mindszenty (1942-ig Pehm) J\u00f3zsef hercegpr\u00edm\u00e1s \u00e9rsek, b\u00edboros.<\/div>\n<div style=\"text-align: justify;\">1903-1911 k\u00f6z\u00f6tt a szombathelyi premontrei gimn\u00e1ziumban tanult, a teol\u00f3giai tanulm\u00e1nyait 1911-1915 k\u00f6z\u00f6tt a szombathelyi papnevel\u0151 int\u00e9zetben v\u00e9gezte, 1915. j\u00fanius 12-\u00e9n szentelt\u00e9k papp\u00e1. K\u00e1pl\u00e1n, hitoktat\u00f3 Fels\u0151patyon, 1917. janu\u00e1r 26-t\u00f3l a zalaegerszegi \u00e1llami fi\u00fagimn\u00e1zium hittan\u00e1ra. 1919. febru\u00e1rj\u00e1ban az orsz\u00e1ggy\u0171l\u00e9si v\u00e1laszt\u00e1sok el\u0151k\u00e9sz\u00edt\u0151 bizotts\u00e1g\u00e1nak tagja. 1919. febru\u00e1r 9. \u00e9s m\u00e1jus 15. k\u00f6z\u00f6tt letart\u00f3ztat\u00e1sban volt Szombathelyen, a direkt\u00f3rium kiutas\u00edtotta Zala v\u00e1rmegy\u00e9b\u0151l, sz\u00fcl\u0151faluj\u00e1ba intern\u00e1lt\u00e1k. A komm\u00fcn buk\u00e1sa ut\u00e1n augusztus elej\u00e9n t\u00e9rt vissza Zalaegerszegre.<\/div>\n<div><\/div>\n<div style=\"text-align: justify;\">A pl\u00e9b\u00e1nos<\/div>\n<div style=\"text-align: justify;\">1919. okt\u00f3ber 1-t\u0151l Zalaegerszeg adminisztr\u00e1tora, 1921-t\u0151l pl\u00e9b\u00e1nosa, ahol korszer\u0171 egyh\u00e1zk\u00f6zs\u00e9get, elm\u00e9ly\u00fclt hit\u00e9letet teremtett. F\u00f6l\u00e9p\u00edttette a zalaegerszegi ferences templomot \u00e9s kolostort, a Notre Dame n\u0151v\u00e9rek anyah\u00e1z\u00e1t \u00e9s tan\u00edt\u00f3n\u0151k\u00e9pz\u0151j\u00e9t, elemi \u00e9s polg\u00e1ri iskol\u00e1j\u00e1t; moderniz\u00e1lta a pl\u00e9b\u00e1nia-\u00e9p\u00fcletet, szeg\u00e9nyek sz\u00e1m\u00e1ra 34 f\u0151t befogad\u00f3 szeretetotthont alap\u00edtott, tan\u00e9venk\u00e9nt szeg\u00e9nysors\u00fa falusi fi\u00fakr\u00f3l gondoskodott gimn\u00e1ziumi tanulm\u00e1nyuk idej\u00e9n. Kialak\u00edtotta a h\u00e1zapostolok h\u00e1l\u00f3zat\u00e1t, hitbuzgalmi egyes\u00fcleteket szervezett, f\u00f6l\u00faj\u00edtotta a katolikus m\u0171vel\u0151d\u00e9si h\u00e1z m\u0171k\u00f6d\u00e9s\u00e9t, r\u00e9szt vett a G\u00f6cseji M\u00fazeum l\u00e9trehoz\u00e1s\u00e1ban, nyomd\u00e1t l\u00e9tes\u00edtett. Az 1920-as \u00e9vek elej\u00e9n r\u00f6vid id\u0151re tiszts\u00e9get v\u00e1llalt a Kereszt\u00e9ny P\u00e1rt v\u00e1rmegyei eln\u00f6ks\u00e9g\u00e9ben. 1924-t\u0151l porn\u00f3i c\u00edmzetes ap\u00e1t. 1927-t\u0151l az egyh\u00e1zmegyei zsinat hat\u00e1rozat\u00e1b\u00f3l a szombathelyi egyh\u00e1zmegye zalai elmaradott r\u00e9sz\u00e9nek p\u00fcsp\u00f6ki biztosak\u00e9nt 19 \u00faj templomot, 7 pl\u00e9b\u00e1nia\u00e9p\u00fcletet, 9 mis\u00e9z\u0151helyet, 12 iskol\u00e1t \u00e9p\u00edttetett s szervezte meg k\u00f6r\u00fcl\u00f6tt\u00fck a katolikus k\u00f6z\u00f6ss\u00e9gek \u00e9let\u00e9t. Fontosnak tartotta az orsz\u00e1gos \u00e9s helyi sajt\u00f3t, igyekezett a katolikus szellemis\u00e9get \u00e9rv\u00e9nyes\u00edteni a zalaegerszegi \u00e9s v\u00e1rmegyei \u00fajs\u00e1gokban. 1937-t\u0151l p\u00e1pai prel\u00e1tus. 1939-ben gr. Teleki P\u00e1l minisztereln\u00f6k f\u00f6lk\u00e9r\u00e9s\u00e9re a n\u00e1ci Volksbund- \u00e9s nyilas hat\u00e1sokat ellens\u00falyozni k\u00edv\u00e1n\u00f3, a magyar kereszt\u00e9ny-nemzeti \u00e9rt\u00e9keket v\u00e9d\u0151 Nemzetpolitikai Szolg\u00e1lat dun\u00e1nt\u00fali vezet\u0151je. XII. Pius p\u00e1pa 1944. m\u00e1rcius 4-\u00e9n veszpr\u00e9mi p\u00fcsp\u00f6kk\u00e9 nevezte ki. M\u00e1rcius 25-\u00e9n Esztergomban p\u00fcsp\u00f6kk\u00e9 szentelt\u00e9k.<\/div>\n<div><\/div>\n<div style=\"text-align: justify;\">A p\u00fcsp\u00f6k<\/div>\n<div style=\"text-align: justify;\">Tervet dolgozott ki a p\u00fcsp\u00f6ki \u00e9s egyh\u00e1zmegyei f\u00f6ldbirtokok f\u00f6loszt\u00e1s\u00e1ra, de ezt a korm\u00e1ny megakad\u00e1lyozta. Meghat\u00e1roz\u00f3 r\u00e9sze volt annak a p\u00fcsp\u00f6kkari k\u00f6rlev\u00e9lnek a megalkot\u00e1s\u00e1ban, amely 1944. j\u00faniusban a zsid\u00f3k elhurcol\u00e1sa ellen tiltakozott. Okt\u00f3ber v\u00e9g\u00e9n, amikor a katonai hadm\u0171veletek el\u00e9rt\u00e9k a Dun\u00e1nt\u00falt, eml\u00e9kiratot \u00edrt Shvoy Lajos sz\u00e9kesfeh\u00e9rv\u00e1ri, br. Apor Vilmos gy\u0151ri p\u00fcsp\u00f6k \u00e9s Kelemen Krizosztom OSB f\u0151ap\u00e1t egy\u00fcttm\u0171k\u00f6d\u00e9s\u00e9vel. Ebben a kereszt\u00e9ny erk\u00f6lcsre hivatkozva k\u00f6vetelte a korm\u00e1nyzatt\u00f3l, hogy sz\u00fcntesse meg a harcot a Dun\u00e1nt\u00falon, mert a h\u00e1bor\u00fa nem a magyar n\u00e9p \u00e9rdekeit szolg\u00e1lja. 1944. november 13-\u00e1n Budapesten csup\u00e1n a minisztereln\u00f6k-helyettes volt hajland\u00f3 \u00e1tvenni t\u0151le a memorandumot. E kezdem\u00e9nyez\u00e9s megtorl\u00e1s\u00e1ul a veszpr\u00e9mi nyilas hat\u00f3s\u00e1g katonai c\u00e9lokra le akarta foglalni a menek\u00fcltekkel telezs\u00fafolt p\u00fcsp\u00f6ki palot\u00e1t. Mindszenty ezt megtagadta, ez\u00e9rt november 27-\u00e9n letart\u00f3ztatt\u00e1k \u00e9s a veszpr\u00e9mi v\u00e1rmegyei b\u00edr\u00f3s\u00e1g pinceb\u00f6rt\u00f6n\u00e9be z\u00e1rt\u00e1k t\u00f6bb papj\u00e1val \u00e9s kispapj\u00e1val egy\u00fctt. Fogvatart\u00e1sa k\u00f6zben ugyanott papp\u00e1 szentelte t\u00f6bb v\u00e9gz\u0151s kispapj\u00e1t \u00e9s az erd\u00e9lyi egyh\u00e1zmegye n\u00e9h\u00e1ny menek\u00fclt teol\u00f3gus\u00e1t. December 23-27 k\u00f6z\u00f6tt Sopronk\u0151hid\u00e1n raboskodott, 1944. december 28-\u00e1n a soproni Isteni Megv\u00e1lt\u00f3 Le\u00e1nyainak Berghofer Ter\u00e9z vezette z\u00e1rd\u00e1j\u00e1ba vitt\u00e9k \u00e1t, 1945. j\u00fanius 20-\u00e1n \u00e9rkezett vissza Veszpr\u00e9mbe. Egyh\u00e1zmegy\u00e9j\u00e9ben igyekezett a h\u00e1bor\u00fa okozta k\u00e1rokat helyrehozni, de gondja volt arra is, hogy h\u00edvei k\u00f6r\u00e9ben a harcok h\u00f3napjai alatt meglazult hit\u00e9letet, erk\u00f6lcsi rendet papjai seg\u00edts\u00e9g\u00e9vel a kor\u00e1bbi szintre vissza\u00e1ll\u00edtsa. Ezt szolg\u00e1lt\u00e1k havonta (fogs\u00e1ga idej\u00e9n is) kiadott p\u00fcsp\u00f6ki k\u00f6rlevelei, egyh\u00e1zmegy\u00e9j\u00e9ben tartott b\u00e9rma\u00fatjai. R\u00f6vid veszpr\u00e9mi p\u00fcsp\u00f6ks\u00e9ge alatt 34 \u00faj pl\u00e9b\u00e1ni\u00e1t, 11 \u00faj falusi iskol\u00e1t alap\u00edtott. Jelent\u0151s szerepe volt a p\u00fcsp\u00f6ki kar 1945. m\u00e1jus 24-i, a h\u00e1bor\u00fa ut\u00e1ni \u00faj helyzetben kiadott els\u0151 k\u00f6z\u00f6s k\u00f6rlevele megfogalmaz\u00e1s\u00e1ban. XII. Pius p\u00e1pa 1945. augusztus 16-\u00e1n kinevezte esztergomi \u00e9rsekk\u00e9, a kinevez\u00e9si iratot Gr\u0151sz J\u00f3zsef kalocsai \u00e9rsek, a p\u00fcsp\u00f6ki kar eln\u00f6ke szeptember 5-\u00e9n kapta k\u00e9zhez \u00e9s szeptember 8-\u00e1n szem\u00e9lyesen adta \u00e1t Mindszentynek, aki t\u00f6bb napos medit\u00e1ci\u00f3 ut\u00e1n azt elfogadta. A kinevez\u00e9st szeptember 14-\u00e9n hirdett\u00e9k ki, a p\u00e1pa szeptember 16-\u00e1n k\u00f6z\u00f6lte a magyar korm\u00e1nnyal. A kinevez\u00e9si bulla kelte okt\u00f3ber 2. \u00c9rseki sz\u00e9kfoglal\u00f3ja okt\u00f3ber 7-\u00e9n volt az esztergomi bazilik\u00e1ban. 1946. febru\u00e1r 21-\u00e9n a p\u00e1pa b\u00edboross\u00e1 kre\u00e1lta a r\u00f3mai Szent P\u00e9ter-bazilik\u00e1ban.<\/div>\n<div style=\"text-align: justify;\"><\/div>\n<div style=\"text-align: justify;\">A pr\u00edm\u00e1s<\/div>\n<div style=\"text-align: justify;\">Sz\u00e9kfoglal\u00f3j\u00e1ban feladat\u00e1nak azt jel\u00f6lte meg, hogy gondos lelkip\u00e1sztork\u00e9nt a magyar katolikus egyh\u00e1z kb. 6 milli\u00f3s h\u00edv\u0151 k\u00f6z\u00f6ss\u00e9g\u00e9nek hit\u00e9t \u00e9s erk\u00f6lcsi f\u00f6lfog\u00e1s\u00e1t er\u0151s\u00edtse, tudatos\u00edtsa, magasabb szintre emelje. 1945 \u0151sz\u00e9n \u00e9s 1946. febru\u00e1rj\u00e1ban R\u00f3m\u00e1ban j\u00e1rt p\u00e1pai kihallgat\u00e1son; 1947. j\u00fanius\u00e1ban r\u00e9szt vett az Ottaw\u00e1ban rendezett kanadai M\u00e1ria-\u00fcnneps\u00e9gen. Magyarorsz\u00e1g II. vil\u00e1gh\u00e1bor\u00fa ut\u00e1ni, Mindszenty \u00e1ltal kezdem\u00e9nyezett \u00fajraevangeliz\u00e1l\u00e1si programj\u00e1ban kiemelt helyet kapott az engesztel\u00e9s gondolata. Nemcsak egyh\u00e1zmegy\u00e9j\u00e9t j\u00e1rta be, de Magyarorsz\u00e1g sok hely\u00e9re h\u00edvt\u00e1k, minden\u00fctt t\u00f6megek hallgatt\u00e1k pr\u00e9dik\u00e1ci\u00f3it. A XX. sz. egyik legkiemelked\u0151bb magyar lelkis\u00e9gi esem\u00e9nye volt 1947. augusztus 15. &#8211; 1948. december 8. k\u00f6z\u00f6tt a Mindszenty \u00e1ltal elgondolt \u00e9s vezetett Boldogasszony \u00c9ve (M\u00e1ria-\u00e9v). A p\u00fcsp\u00f6ki sz\u00e9khelyeken, a b\u00facs\u00faj\u00e1r\u00f3 helyeken sz\u00e1zezrek gy\u0171ltek \u00f6ssze, hogy hitben, erk\u00f6lcsis\u00e9gben, lelkis\u00e9gben er\u0151s\u00f6djenek. A politikai hatalom sokf\u00e9le m\u00f3don igyekezett megzavarni az \u00f6sszej\u00f6veteleket, de nem tudta megt\u00f6rni bens\u0151s\u00e9ges im\u00e1ds\u00e1gos hitvall\u00e1sukat. A Boldogasszony \u00c9ve kiemelked\u0151 esem\u00e9nye volt az 1947. augusztus 20-i kb. f\u00e9lmilli\u00f3s r\u00e9szv\u00e9tellel a Szent Istv\u00e1n-bazilik\u00e1t\u00f3l a H\u0151s\u00f6k ter\u00e9ig vezetett orsz\u00e1gos Szent Jobb-k\u00f6rmenet \u00e9s Budapesten okt\u00f3ber 4-7 k\u00f6z\u00f6tt a Mindszenty eln\u00f6klet\u00e9vel tartott Nemzeti M\u00e1ria-kongresszus (a hat\u00f3s\u00e1gok \u00e1ltal nem enged\u00e9lyezett katolikus nagygy\u0171l\u00e9s helyett). Mindszentynek mint pr\u00edm\u00e1snak k\u00f6teless\u00e9ge volt a t\u00e1rsadalmi \u00e9let erk\u00f6lcsi vonatkoz\u00e1sainak seg\u00edt\u0151 sz\u00e1nd\u00e9k\u00fa figyel\u00e9se, j\u00f3akarat\u00fa b\u00edr\u00e1lata. Vezet\u00e9se alatt a magyar p\u00fcsp\u00f6ki kar k\u00f6z\u00f6s k\u00f6rleveleiben sz\u00f3v\u00e1 tette, ha a prolet\u00e1rdiktat\u00fara fel\u00e9 halad\u00f3 \u00e1llamvezet\u00e9s megs\u00e9rtette a vall\u00e1s- vagy lelkiismereti szabads\u00e1got, az iskol\u00e1z\u00e1s, a m\u0171vel\u0151d\u00e9s szabads\u00e1g\u00e1t; k\u00f6vetkezetesen ki\u00e1llt az alapvet\u0151 szabads\u00e1gjogok \u00e9rv\u00e9nyes\u00edt\u00e9s\u00e9\u00e9rt. Megsz\u00f3lalt a felvid\u00e9ki magyars\u00e1g deport\u00e1l\u00e1sa, a d\u00e9lvid\u00e9ki magyarok t\u00f6meges lem\u00e9sz\u00e1rl\u00e1sa, a n\u00e9met kitelep\u00edt\u00e9s embertelens\u00e9ge miatt, az \u00edt\u00e9let n\u00e9lk\u00fcl beb\u00f6rt\u00f6nz\u00f6ttek \u00e9s intern\u00e1ltak \u00e9rdek\u00e9ben. 1945. okt\u00f3ber 18-\u00e1n \u00e9s 1947. augusztus 25-\u00e9n a nemzetgy\u0171l\u00e9si k\u00e9pvisel\u0151v\u00e1laszt\u00e1sok el\u0151tt a p\u00fcsp\u00f6ki kar k\u00f6z\u00f6s k\u00f6rlev\u00e9lben h\u00edvta fel a h\u00edvek figyelm\u00e9t, hogy olyan p\u00e1rtokra szavazzanak, melyek programja evang\u00e9liumi szellem\u0171. 1948. december 26-\u00e1n t\u00f6rv\u00e9ny- \u00e9s jogellenesen letart\u00f3ztatt\u00e1k Mindszentyt.<\/div>\n<div><\/div>\n<div style=\"text-align: justify;\">A fogs\u00e1gban<\/div>\n<div style=\"text-align: justify;\">Testileg-lelkileg megk\u00ednozt\u00e1k, s hazug v\u00e1dak alapj\u00e1n 1949. febru\u00e1r 8-\u00e1n els\u0151 fokon, j\u00falius 6-9-\u00e9n m\u00e1sodfokon \u00e9letfogytiglani fegyh\u00e1zra \u00edt\u00e9lt\u00e9k, ami a kereszt\u00e9ny vil\u00e1gban nagy f\u00f6lh\u00e1borod\u00e1st v\u00e1ltott ki. XII. Pius p\u00e1pa megd\u00f6bben\u00e9ssel tiltakozott az igazs\u00e1gtalan \u00e9s jogtipr\u00f3 \u00edt\u00e9let ellen, az ENSZ k\u00f6zgy\u0171l\u00e9se megb\u00e9lyegezte a korm\u00e1ny elj\u00e1r\u00e1s\u00e1t \u00e9s nemzetk\u00f6zi s\u00e9relemnek nyilv\u00e1n\u00edtotta a b\u00edboros beb\u00f6rt\u00f6nz\u00e9s\u00e9t. 6 \u00e9v budapesti b\u00f6rt\u00f6n ut\u00e1n megromlott eg\u00e9szs\u00e9ge miatt 1955. augusztus 17-t\u0151l P\u00fcsp\u00f6kszentl\u00e1szl\u00f3n, november 2-t\u00f3l Fels\u0151pet\u00e9nyben tartott\u00e1k fogva. A forradalom kit\u00f6r\u00e9se ut\u00e1n 1956. okt\u00f3ber 29-\u00e9n a kommunista p\u00e1rtk\u00f6zpont utas\u00edt\u00e1s\u00e1ra titkos helyre akart\u00e1k vinni, aminek ellen\u00e1llt. Okt\u00f3ber 30-\u00e1n \u00e9jjel magyar katon\u00e1k szabad\u00edtott\u00e1k ki fogs\u00e1g\u00e1b\u00f3l, okt\u00f3ber 31-\u00e9n d\u00e9lel\u0151tt \u00e9rkeztek a budai pr\u00edm\u00e1si palot\u00e1ba. Szabads\u00e1g\u00e1nak 4 napja alatt a magyar katolikus egyh\u00e1z j\u00f6v\u0151j\u00e9vel kapcsolatos teend\u0151kr\u0151l t\u00e1rgyalt a p\u00fcsp\u00f6ki kar tagjaival \u00e9s egyh\u00e1zmegy\u00e9je vezet\u0151ivel, Tildy Zolt\u00e1n \u00e1llamminiszterrel, s a k\u00fclf\u00f6ldi seg\u00e9lyszervek k\u00fcld\u00f6tteivel a Magyarorsz\u00e1gnak ny\u00fajtand\u00f3 anyagi seg\u00edts\u00e9gr\u0151l. F\u00f6lkerest\u00e9k a reform\u00e1tus \u00e9s evang\u00e9likus egyh\u00e1z vezet\u0151i is, de politikai p\u00e1rtok k\u00e9pvisel\u0151it nem fogadta. Nagy Imre minisztereln\u00f6k k\u00e9r\u00e9s\u00e9re november 3-\u00e1n este 15 perces besz\u00e9det mondott a Szabad Magyar R\u00e1di\u00f3ban, ki\u00e1llt a nemzeti szabads\u00e1gharc c\u00e9ljai mellett, s a polg\u00e1ri demokr\u00e1cia j\u00f6v\u0151k\u00e9p\u00e9t v\u00e1zolta f\u00f6l. November 4-\u00e9n hajnalban a szovjet csapatok t\u00e1mad\u00e1sa ut\u00e1n az USA nagyk\u00f6vets\u00e9g\u00e9n k\u00e9rt \u00e9s kapott mened\u00e9ket. Ottani tart\u00f3zkod\u00e1s\u00e1t r\u00f6vidnek v\u00e9lte, arra sz\u00e1m\u00edtott, hogy az ENSZ a Szovjetuni\u00f3t hadereje visszavon\u00e1s\u00e1ra k\u00e9szteti, amire az ENSZ-k\u00f6zgy\u0171l\u00e9s szovjet lerohan\u00e1st el\u00edt\u00e9l\u0151 hat\u00e1rozata is rem\u00e9nyt ny\u00fajtott. A K\u00e1d\u00e1r-korm\u00e1nyzat a t\u00f6rv\u00e9nytelens\u00e9geket folytonoss\u00e1 tette, s Mindszentyt sem engedte visszat\u00e9rni \u00e9rseki sz\u00e9k\u00e9be. T\u00f6bb alkalommal d\u00f6nt\u00f6tt Mindszenty az USA k\u00f6vets\u00e9g\u00e9r\u0151l val\u00f3 t\u00e1voz\u00e1sr\u00f3l, de ezt k\u00fcls\u0151 t\u00e9nyez\u0151k megakad\u00e1lyozt\u00e1k. K\u00fclf\u00f6ldre t\u00e1voz\u00e1sra is k\u00e9szen \u00e1llt, de ennek ellen\u00e9ben azt k\u00edv\u00e1nta, hogy a korm\u00e1ny enyh\u00edtsen a magyar katolikus h\u00edv\u0151k jogfosztotts\u00e1g\u00e1n: tegye szabadd\u00e1 a hitoktat\u00e1st, a papnevel\u00e9st, egyes\u00fcletek alak\u00edt\u00e1s\u00e1t, a sajt\u00f3t. E k\u00f6vets\u00e9gi f\u00e9lrabs\u00e1gban k\u00e9sz\u00edtette el eml\u00e9kiratait, valamint a magyar t\u00f6rt\u00e9nelem nagyszab\u00e1s\u00fa, k\u00e9ziratban maradt \u00f6sszefoglal\u00f3j\u00e1t, s tanulm\u00e1nyokat a XX. sz\u00e1zad 2. fel\u00e9nek egyh\u00e1zt\u00f6rt\u00e9net\u00e9r\u0151l. 1963. \u00e1prilis\u00e1ban a Szentsz\u00e9k megb\u00edz\u00e1s\u00e1b\u00f3l Mindszentyt t\u00f6bbsz\u00f6r megl\u00e1togatta Franz K\u00f6nig b\u00e9csi b\u00edboros \u00e9s vatik\u00e1ni diplomat\u00e1k. Mindszenty k\u00e9sz volt mened\u00e9ke elhagy\u00e1s\u00e1ra, de a korm\u00e1ny ezut\u00e1n sem volt hajland\u00f3 egyh\u00e1zellenes int\u00e9zked\u00e9seinek visszavon\u00e1s\u00e1ra. Ahhoz, hogy Mindszenty a Vatik\u00e1nban t\u00f6ltse \u00e9lete h\u00e1tralev\u0151 r\u00e9sz\u00e9t, a korm\u00e1ny hozz\u00e1j\u00e1rult volna, ha a Vatik\u00e1n biztos\u00edtja: Mindszenty nem nyilatkozik el\u00edt\u00e9l\u00e9s\u00e9r\u0151l \u00e9s fogs\u00e1g\u00e1r\u00f3l, a hazai politikai viszonyokr\u00f3l, a magyar katolikus egyh\u00e1z helyzet\u00e9r\u0151l, s kimenetele ut\u00e1n lemond \u00e9rseki tiszt\u00e9r\u0151l. A vatik\u00e1ni k\u00fcld\u00f6ttek eleinte elutas\u00edtott\u00e1k, majd &#8211; Mindszenty tudta n\u00e9lk\u00fcl &#8211; elfogadt\u00e1k e f\u00f6lt\u00e9teleket. Mindszenty, teljes\u00edtve VI. P\u00e1l p\u00e1pa k\u00e9r\u00e9s\u00e9t, 1971. szeptember 28-\u00e1n elhagyta a k\u00f6vets\u00e9get \u00e9s R\u00f3m\u00e1ba ment.<\/div>\n<div><\/div>\n<div style=\"text-align: justify;\">Sz\u00e1m\u0171zet\u00e9sben<\/div>\n<div style=\"text-align: justify;\">1971. okt\u00f3ber 23-ig Mindszenty a Vatik\u00e1nban, majd hal\u00e1l\u00e1ig B\u00e9csben, a P\u00e1zm\u00e1neum \u00e9p\u00fclet\u00e9ben lakott. Lelkiismereti k\u00f6teless\u00e9g\u00e9nek \u00e9rezte, hogy a vil\u00e1gban sz\u00e9tsz\u00f3r\u00f3dott magyarokat hit\u00fckben \u00e9s magyars\u00e1gukban er\u0151s\u00edtse. Ez\u00e9rt intenz\u00edv lelkip\u00e1sztori munk\u00e1ba kezdett, nyugat-eur\u00f3pai v\u00e1rosokban \u00e9s b\u00facs\u00faj\u00e1r\u00f3helyen f\u00f6lkereste a magyarok sokas\u00e1g\u00e1t, hosszabb lelkip\u00e1sztori \u00fatra indult Kanad\u00e1ba, az USA-ba, D\u00e9l-Amerik\u00e1ba, D\u00e9l-Afrik\u00e1ba, Ausztr\u00e1li\u00e1ba, \u00daj-Z\u00e9landba. A magyarok minden\u00fctt lelkesed\u00e9ssel \u00e9s tisztelettel fogadt\u00e1k, sokan f\u00f6lkerest\u00e9k B\u00e9csben szem\u00e9lyesen \u00e9s lev\u00e9lben lelki, erk\u00f6lcsi, s a magyars\u00e1g sorsk\u00e9rd\u00e9seit illet\u0151 t\u00e9m\u00e1kban. K\u00f6zben a K\u00e1d\u00e1r-rendszer s\u00fcrgette a Szentsz\u00e9ket, hogy teljes\u00edtse \u00edg\u00e9ret\u00e9t \u00e9s fossza meg Mindszentyt az esztergomi \u00e9rseki tiszts\u00e9g\u00e9t\u0151l. VI. P\u00e1l p\u00e1pa 1973. november 1-j\u00e9n lev\u00e9lben k\u00e9rte Mindszentyt a lemond\u00e1sra, de lelkip\u00e1sztori okokra hivatkozva Mindszenty nem teljes\u00edthette azt. December 18-\u00e1n a Szentatya m\u00e9gis meg\u00fcresedettnek nyilv\u00e1n\u00edtotta az esztergomi \u00e9rseki sz\u00e9ket, amit 1974. febru\u00e1r 5-\u00e9n tettek k\u00f6zz\u00e9. A p\u00e1pa utas\u00edt\u00e1s\u00e1nak Mindszenty engedelmeskedett, t\u00f6bb\u00e9 nem haszn\u00e1lta \u00e9rseki c\u00edm\u00e9t, de lelkip\u00e1sztori \u00fatjait folytatta, s tov\u00e1bbra is sokan kerest\u00e9k f\u00f6l a P\u00e1zm\u00e1neumban. J\u00fanius 18-\u00e1n amerikai \u00fatja sor\u00e1n a Dallasi Egyetem d\u00edszdoktorr\u00e1 avatta, ekkor a kereszt\u00e9ny nevel\u00e9sr\u0151l tartott el\u0151ad\u00e1st. Okt\u00f3berben a frankfurti nemzetk\u00f6zi k\u00f6nyvki\u00e1ll\u00edt\u00e1son mutatt\u00e1k be eml\u00e9kiratait, amelyet vil\u00e1gnyelvekre ford\u00edtottak. Venezuelai \u00fatj\u00e1r\u00f3l visszat\u00e9rve, p\u00e1rizsi, majd skandin\u00e1viai \u00fatj\u00e1t tervezte, amikor beteg lett, s p\u00e1r h\u00e9t m\u00falva meghalt meg B\u00e9csben, az irgalmasok k\u00f3rh\u00e1z\u00e1ban.<\/div>\n<p style=\"text-align: justify;\">","protected":false},"excerpt":{"rendered":"<p>Mindszenty J\u00f3zsef szem\u00e9lyis\u00e9ge meghat\u00e1roz\u00f3 a XX. sz\u00e1zadi magyar k\u00f6z- \u00e9s egyh\u00e1zt\u00f6rt\u00e9netben. Kiemelked\u0151 \u00e9let\u00fatja, tan\u00edt\u00e1sa, ki\u00e1ll\u00e1sa a K\u00e1rp\u00e1t-medenc\u00e9ben \u00e9l\u0151k\u00e9rt \u00e9s a vil\u00e1gban sz\u00e9tsz\u00f3r\u00f3dott magyars\u00e1g\u00e9rt. Nemcsak az egyh\u00e1z vezet\u0151jek\u00e9nt, hanem a k\u00f6z\u00e9let alak\u00edt\u00f3jak\u00e9nt is meghat\u00e1roz\u00f3 t\u00e9nyez\u0151je volt a szombathelyi \u00e9s a veszpr\u00e9mi egyh\u00e1zmegy\u00e9nek, majd az eg\u00e9sz haz\u00e1nak. Mindszenty (1942-ig Pehm) J\u00f3zsef hercegpr\u00edm\u00e1s \u00e9rsek, b\u00edboros. 1903-1911 k\u00f6z\u00f6tt a [&hellip;]<\/p>","protected":false},"featured_media":0,"parent":0,"menu_order":65,"template":"","meta":{"_exactmetrics_skip_tracking":false,"_exactmetrics_sitenote_active":false,"_exactmetrics_sitenote_note":"","_exactmetrics_sitenote_category":0,"footnotes":""},"class_list":["post-3818","vasi-ki-kicsoda","type-vasi-ki-kicsoda","status-publish","hentry","floatton-article"],"ptb_metabox":{"ptb_text_1":" Esztergomi \u00e9rsek, Magyarorsz\u00e1g utols\u00f3 hercegpr\u00edm\u00e1sa, b\u00edboros","ptb_text_2":"Csehimindszenten sz\u00fcletett 1892. m\u00e1rcius 29-\u00e9n.","ptb_profilk_p":{"1":"https:\/\/zeg3.martinus.hu\/misc\/articles\/mindszenty-jozsef\/.mindszenty.jpg"}},"ptb_taxonomy":[],"ptb_featured_image":null,"_links":{"self":[{"href":"https:\/\/www.vasmegye.hu\/en\/wp-json\/wp\/v2\/vasi-ki-kicsoda\/3818","targetHints":{"allow":["GET"]}}],"collection":[{"href":"https:\/\/www.vasmegye.hu\/en\/wp-json\/wp\/v2\/vasi-ki-kicsoda"}],"about":[{"href":"https:\/\/www.vasmegye.hu\/en\/wp-json\/wp\/v2\/types\/vasi-ki-kicsoda"}],"version-history":[{"count":0,"href":"https:\/\/www.vasmegye.hu\/en\/wp-json\/wp\/v2\/vasi-ki-kicsoda\/3818\/revisions"}],"wp:attachment":[{"href":"https:\/\/www.vasmegye.hu\/en\/wp-json\/wp\/v2\/media?parent=3818"}],"curies":[{"name":"wp","href":"https:\/\/api.w.org\/{rel}","templated":true}]}}