{"id":3786,"date":"2018-07-23T15:21:16","date_gmt":"2018-07-23T13:21:16","guid":{"rendered":"https:\/\/www.vasmegye.hu\/?post_type=vasi-ki-kicsoda&#038;p=3786"},"modified":"2018-07-30T10:57:26","modified_gmt":"2018-07-30T08:57:26","slug":"felsobuki-nagy-pal","status":"publish","type":"vasi-ki-kicsoda","link":"https:\/\/www.vasmegye.hu\/en\/vasi-ki-kicsoda\/felsobuki-nagy-pal\/","title":{"rendered":"Fels\u0151b\u00fcki Nagy P\u00e1l"},"content":{"rendered":"<p style=\"text-align: justify;\">\u00c9desapja Fels\u0151b\u00fcki Nagy S\u00e1ndor,\u00a0Sopron v\u00e1rmegye\u00a0f\u0151jegyz\u0151je, majd alisp\u00e1nja 1779 \u00e9s 1799 k\u00f6z\u00f6tt, valamint orsz\u00e1ggy\u0171l\u00e9si k\u00f6vete. \u00c9desanyja Somogyi Erzs\u00e9bet. A sz\u00fcl\u0151h\u00e1zn\u00e1l kezdte tanulm\u00e1nyait, k\u00e9s\u0151bb a soproni gimn\u00e1ziumban, majd a\u00a0pozsonyi\u00a0Akad\u00e9mi\u00e1n tanult. K\u00e9s\u0151bb\u00a0Pesten\u00a0volt joghallgat\u00f3, nagyb\u00e1tyja\u00a0Nagy J\u00f3zsef\u00a0kir\u00e1lyi szem\u00e9lyn\u00f6k mellett hites jegyz\u0151 volt \u00e9s itt szerzett \u00fcgyv\u00e9di oklevelet is. Az 1797. \u00e9s 1805. \u00e9vi nemesi felkel\u00e9sekben kapit\u00e1nyi \u00e9s k\u00e9s\u0151bb \u0151rnagyi rangot viselt. Ezut\u00e1n a megyei k\u00f6z\u00e9let \u00e9s gy\u0171l\u00e9si szerepl\u00e9s nyilv\u00e1nos p\u00e1ly\u00e1j\u00e1ra l\u00e9pett \u00e9s csakhamar kit\u0171nt sz\u00f3noki tehets\u00e9g\u00e9vel \u00e9s rettenthetetlen b\u00e1tors\u00e1g\u00e1val. El\u0151sz\u00f6r 1805-ben jel\u00f6lt\u00e9k orsz\u00e1ggy\u0171l\u00e9si k\u00f6vetnek, majd 1807-ben egyhang\u00falag meg is v\u00e1lasztott\u00e1k. Nemes t\u0171zzel emelt sz\u00f3t m\u00e1r akkor is a n\u00e9p terheinek enyh\u00edt\u00e9se \u00e9s \u00e1llapota jav\u00edt\u00e1sa mellett; mer\u00e9szen ostorozta a lefel\u00e9 d\u00f6lyf\u00f6s, felfel\u00e9 szolgai, \u00f6nz\u0151 oligarchi\u00e1t, az \u00farb\u00e9ri vissza\u00e9l\u00e9seket, a fosztogat\u00f3 ad\u00f3rendszert, a tisztvisel\u0151k zsarnoks\u00e1g\u00e1t \u00e9s a megyei nepotizmust.<\/p>\n<p style=\"text-align: justify;\">Besz\u00e9dei t\u00f6bbnyire r\u00f6gt\u00f6nz\u00f6ttek voltak. F\u0151k\u00e9nt a\u00a0magyar nyelv\u00a0\u00fcgye \u00e9s a\u00a0jobb\u00e1gys\u00e1g\u00a0terheinek enyh\u00edt\u00e9se szolg\u00e1ltak felsz\u00f3lal\u00e1sinak t\u00e9m\u00e1j\u00e1ul. A nemzetis\u00e9get az alkotm\u00e1nyn\u00e1l is fontosabbnak tartotta. \u00a0Ezen orsz\u00e1ggy\u0171l\u00e9sen \u00edrta\u00a0<i>Idea<\/i>\u00a0c\u00edm\u0171 eml\u00e9kirat\u00e1t, mely a kir\u00e1lyi propoz\u00edci\u00f3k t\u00e1rgy\u00e1ban a kir\u00e1lyhoz int\u00e9zend\u0151 felirat alakj\u00e1ban van tartva. Az orsz\u00e1ggy\u0171l\u00e9s befejez\u00e9se ut\u00e1n visszat\u00e9rt Sopron megy\u00e9be, ahol tov\u00e1bb is folytatta n\u00e9psz\u00f3sz\u00f3l\u00f3i szerep\u00e9t. Hogy mennyire k\u00f6ztisztelet\u0171 \u00e9s n\u00e9pszer\u0171 volt ekkor, tan\u00fas\u00edtja\u00a0Berzsenyi D\u00e1nielnek\u00a0ez id\u0151t\u00e1jban hozz\u00e1 \u00edrt lelkes \u00f3d\u00e1ja.\u00a0Kazinczy Ferenct\u0151l\u00a0(1811. febru\u00e1r 5.)\u00a0Sz\u00e9phalomr\u00f3l\u00a0\u00fcdv\u00f6zl\u0151 \u00e9s h\u00f3dol\u00f3 hang\u00fa levelet \u00e9s minden oldalr\u00f3l magasztal\u00f3 magyar \u00e9s latin k\u00f6ltem\u00e9nyeket kapott; tisztel\u0151i pedig megfestett\u00e9k arck\u00e9p\u00e9t. Az 1809. \u00e9s 1813. \u00e9vi nemesi felkel\u00e9sekben szint\u00e9n r\u00e9szt vett \u00e9s ek\u00f6zben\u00a0aranysarkanty\u00fas\u00a0vit\u00e9z is lett. De a korm\u00e1ny utas\u00edt\u00e1st adott\u00a0Eszterh\u00e1zy\u00a0herceg Sopron megyei f\u0151isp\u00e1nnak, hogy k\u00f6vett\u00e9 v\u00e1lasztat\u00e1s\u00e1t minden \u00e1ron megg\u00e1tolja \u00e9s \u00edgy az 1808. \u00e9s 1812. \u00e9vi orsz\u00e1ggy\u0171l\u00e9seken nem vehetett r\u00e9szt.<\/p>\n<p style=\"text-align: justify;\">1825-ben, minden ellenz\u00e9s dac\u00e1ra, Sopron rendjei \u0151t ki\u00e1ltott\u00e1k ki orsz\u00e1ggy\u0171l\u00e9si k\u00f6vet\u00fcl. Legink\u00e1bb az \u0151 \u00e9rdeme volt ekkor az a hat\u00e1rozat, amely az \u00farb\u00e9ri nemess\u00e9get ad\u00f3 al\u00e1 rendelte \u00edratni. V\u00e9dte a magyar alkotm\u00e1nyt \u00e9s megt\u00e1madta kin\u00f6v\u00e9seit. Az el\u0151leges s\u00e9relmek \u00f6ssze\u00e1ll\u00edt\u00e1sa nagy r\u00e9szben az \u0151 hat\u00e1sa alatt k\u00e9sz\u00fclt. F\u0151k\u00e9ppen az \u0151 l\u00e1ngszavainak k\u00f6sz\u00f6nhet\u0151, hogy a Magyar Tudom\u00e1nyos Akad\u00e9mia eme orsz\u00e1ggy\u0171l\u00e9s folyt\u00e1n,\u00a0Sz\u00e9chenyi Istv\u00e1n\u00a0\u00e9s t\u00e1rsainak nagylelk\u0171 aj\u00e1nlata alapj\u00e1n l\u00e9trej\u00f6tt. A november 23-i ker\u00fcleti \u00fcl\u00e9sen tartotta azt az elragad\u00f3 besz\u00e9det, mely az akad\u00e9mi\u00e1t eredm\u00e9nyezte. Az 1830. \u00e9vi orsz\u00e1ggy\u0171l\u00e9sen ism\u00e9t jelen volt, de itt m\u00e1r \u00fagy l\u00e1tszik megd\u00f6bbenve \u00e1llott meg a rendszer\u00e9n messze t\u00fal men\u0151 eszm\u00e9k \u00e1ramlat\u00e1val szemben \u00e9s ett\u0151l fogva mindink\u00e1bb konzervat\u00edv \u00e9s m\u00e9rs\u00e9kl\u0151 \u00faton kezdett j\u00e1rni \u00e9s t\u00f6bb \u00edzben hat\u00e1rozottan fell\u00e9pett a demokrata eszm\u00e9k ellen, a korm\u00e1nyt t\u00e1mogatta. Ennek hat\u00e1s\u00e1ra sokan elfordultak t\u0151le, Nagy P\u00e1l pedig fokozatosan a h\u00e1tt\u00e9rbe h\u00faz\u00f3dott. Az 1832-36. \u00e9s 1839-40. \u00e9vi orsz\u00e1ggy\u0171l\u00e9seken n\u00e9pszer\u0171s\u00e9g\u00e9t m\u00e1r teljesen elvesztette. Az 1840. \u00e9vi orsz\u00e1ggy\u0171l\u00e9s ut\u00e1n, melyen m\u00e9g eg\u00e9sz b\u00e9csi befoly\u00e1s\u00e1t felhaszn\u00e1lta a politikai el\u00edt\u00e9ltek megment\u00e9s\u00e9re, v\u00e9gk\u00e9pp visszal\u00e9pett a k\u00f6zp\u00e1ly\u00e1r\u00f3l \u00e9s olykor csak a Sopron v\u00e1rmegyei gy\u0171l\u00e9seken hallatta \u00e9les b\u00edr\u00e1lat\u00e1t a nemtetsz\u0151 \u00e1llapotok felett. Az 1848-49-es mozgalmakban nem szerepelt. Az erre k\u00f6vetkez\u0151 abszol\u00fat rendszer ellen azonban, a d\u00f6blingi pr\u00f3f\u00e9t\u00e1val egy\u00fctt, a nem kompromitt\u00e1lt hazafi b\u0151ven sz\u00f3rta \u00e9lcei tal\u00e1l\u00f3 nyilait. B\u00fck\u00f6n \u00e9s\u00a0Pozsonyban\u00a0\u00e9lt P\u00e1lffy gr\u00f3f z\u00e1rgondnok\u00e1nak min\u0151s\u00e9g\u00e9ben; \u00e9lete v\u00e9gs\u0151 \u00e9veit pedig B\u00e9csben \u00e9s a B\u00e9cs melletti\u00a0Inzersdorfban\u00a0\u00e9lte \u00e1t. Meghalt 1857. m\u00e1rcius 26-\u00e1n B\u00e9csben. A Magyar Tudom\u00e1nyos Akad\u00e9mi\u00e1ban 1874. janu\u00e1r 26-\u00e1n\u00a0T\u00f3th L\u0151rinc\u00a0tartott f\u00f6l\u00f6tte eml\u00e9kbesz\u00e9det.<\/p>\n<p style=\"text-align: justify;\">A\u00a0b\u00fcki\u00a0katolikus templom parkj\u00e1ban nyugszik, s\u00edrhely\u00e9t a Nemzeti S\u00edrkert\u00a0r\u00e9sz\u00e9v\u00e9 nyilv\u00e1n\u00edtott\u00e1k.<\/p>","protected":false},"excerpt":{"rendered":"<p>\u00c9desapja Fels\u0151b\u00fcki Nagy S\u00e1ndor,\u00a0Sopron v\u00e1rmegye\u00a0f\u0151jegyz\u0151je, majd alisp\u00e1nja 1779 \u00e9s 1799 k\u00f6z\u00f6tt, valamint orsz\u00e1ggy\u0171l\u00e9si k\u00f6vete. \u00c9desanyja Somogyi Erzs\u00e9bet. A sz\u00fcl\u0151h\u00e1zn\u00e1l kezdte tanulm\u00e1nyait, k\u00e9s\u0151bb a soproni gimn\u00e1ziumban, majd a\u00a0pozsonyi\u00a0Akad\u00e9mi\u00e1n tanult. K\u00e9s\u0151bb\u00a0Pesten\u00a0volt joghallgat\u00f3, nagyb\u00e1tyja\u00a0Nagy J\u00f3zsef\u00a0kir\u00e1lyi szem\u00e9lyn\u00f6k mellett hites jegyz\u0151 volt \u00e9s itt szerzett \u00fcgyv\u00e9di oklevelet is. Az 1797. \u00e9s 1805. \u00e9vi nemesi felkel\u00e9sekben kapit\u00e1nyi \u00e9s k\u00e9s\u0151bb \u0151rnagyi rangot [&hellip;]<\/p>","protected":false},"featured_media":0,"parent":0,"menu_order":66,"template":"","meta":{"_exactmetrics_skip_tracking":false,"_exactmetrics_sitenote_active":false,"_exactmetrics_sitenote_note":"","_exactmetrics_sitenote_category":0,"footnotes":""},"class_list":["post-3786","vasi-ki-kicsoda","type-vasi-ki-kicsoda","status-publish","hentry","floatton-article"],"ptb_metabox":{"ptb_text_1":"Nemesi politikus, orsz\u00e1ggy\u0171l\u00e9si k\u00f6vet, az MTA igazgat\u00f3tan\u00e1cs\u00e1nak tagja","ptb_text_2":" Fert\u0151szentmikl\u00f3son sz\u00fcletett 1777. okt\u00f3ber 7-\u00e9n.","ptb_profilk_p":{"1":"https:\/\/upload.wikimedia.org\/wikipedia\/commons\/thumb\/e\/ee\/Fels%C5%91b%C3%BCki_Nagy_P%C3%A1l.jpg\/250px-Fels%C5%91b%C3%BCki_Nagy_P%C3%A1l.jpg"}},"ptb_taxonomy":[],"ptb_featured_image":null,"_links":{"self":[{"href":"https:\/\/www.vasmegye.hu\/en\/wp-json\/wp\/v2\/vasi-ki-kicsoda\/3786","targetHints":{"allow":["GET"]}}],"collection":[{"href":"https:\/\/www.vasmegye.hu\/en\/wp-json\/wp\/v2\/vasi-ki-kicsoda"}],"about":[{"href":"https:\/\/www.vasmegye.hu\/en\/wp-json\/wp\/v2\/types\/vasi-ki-kicsoda"}],"version-history":[{"count":0,"href":"https:\/\/www.vasmegye.hu\/en\/wp-json\/wp\/v2\/vasi-ki-kicsoda\/3786\/revisions"}],"wp:attachment":[{"href":"https:\/\/www.vasmegye.hu\/en\/wp-json\/wp\/v2\/media?parent=3786"}],"curies":[{"name":"wp","href":"https:\/\/api.w.org\/{rel}","templated":true}]}}