{"id":3650,"date":"2018-07-20T12:54:06","date_gmt":"2018-07-20T10:54:06","guid":{"rendered":"https:\/\/www.vasmegye.hu\/?post_type=varak-kastelyok&#038;p=3650"},"modified":"2018-07-20T12:54:06","modified_gmt":"2018-07-20T10:54:06","slug":"vasszecseny-o-ebergenyi-kastelyegyuttes","status":"publish","type":"varak-kastelyok","link":"https:\/\/www.vasmegye.hu\/en\/varak-kastelyok\/vasszecseny-o-ebergenyi-kastelyegyuttes\/","title":{"rendered":"Vassz\u00e9cseny &#8211; \u00d3-Eberg\u00e9nyi Kast\u00e9lyegy\u00fcttes"},"content":{"rendered":"<p style=\"text-align: justify;\">Az 1300 lakos\u00fa telep\u00fcl\u00e9s els\u0151 okleveles eml\u00edt\u00e9se 1283-b\u00f3l sz\u00e1rmazik. A k\u00f6zs\u00e9g legszebb l\u00e1tnival\u00f3ja az Eberg\u00e9nyi csal\u00e1d XVIII. sz\u00e1zadi eredet\u0171 kast\u00e9lyai. A r\u00e9gebbi, k\u00f6z\u00e9pkori eredet\u0171 \u00e9p\u00fclet az \u00fan. \u00d3-Eberg\u00e9nyi kast\u00e9ly. Pomp\u00e1s ki\u00e9p\u00edt\u00e9s\u00e9t M\u00e1ria Ter\u00e9zia kor\u00e1ban nyerte el. A hajdan\u00e1ban U alak\u00fa kast\u00e9lyt nagy park vette k\u00f6r\u00fcl, melyet sz\u00e9p v\u00edzrendszer gazdag\u00edtott.<\/p>\n<p style=\"text-align: justify;\">A sz\u00e1zadfordul\u00f3n nyugati sz\u00e1rnya le\u00e9gett, de m\u00e9g \u00edgy csonka \u00e1llapotban is barokk kast\u00e9ly\u00e9p\u00edt\u00e9szet\u00fcnk egyik legszebb alkot\u00e1sa. A Vas megyei kast\u00e9lyprogram keret\u00e9ben a helyre\u00e1ll\u00edt\u00e1si munk\u00e1k 1983-ban indultak meg. Ennek sor\u00e1n homlokzatait folyamatosan helyre\u00e1ll\u00edtott\u00e1k. Kibontott\u00e1k a f\u00f6ldszinti, kor\u00e1bban befalazott \u00edves z\u00e1r\u00f3d\u00e1s\u00fa \u00e1rk\u00e1dokat, \u00e9s helyre\u00e1ll\u00edtott\u00e1k az els\u0151 emeleti kett\u0151s belmagass\u00e1g\u00fa agy d\u00edszterm\u00e9t is. A hatalmas d\u00edszterem i\u00f3n fejezetes falpill\u00e9rekkel, gazdag stukk\u00f3d\u00edsszel kialak\u00edtott. A teremben a fest\u00e9s \u00e9s a stukk\u00f3 a barokkra jellemz\u0151en v\u00e1ltogatja egym\u00e1sat, m\u00e9lys\u00e9get biztos\u00edtva a bels\u0151 architekt\u00far\u00e1nak.<\/p>\n<p><strong>Megk\u00f6zel\u00edthet\u0151s\u00e9g:<\/strong>\u00a0A Szombathelyt\u0151l d\u00e9l-keleti ir\u00e1nyba h\u00faz\u00f3d\u00f3 87-es \u00fat mellett, a megye k\u00f6zep\u00e9ben tal\u00e1lhat\u00f3. A megyesz\u00e9khely mind\u00f6ssze 14 km-re van.<\/p>\n<p>Az \u00d3-Eberg\u00e9nyi-kast\u00e9ly egyike azoknak a helyeknek, ahol megmagyar\u00e1zhatatlan, h\u00e1tborzongat\u00f3 dolgok t\u00f6rt\u00e9nnek. N\u00e9h\u00e1ny \u00e9vvel ezel\u0151tt egy ki\u00e1ll\u00edt\u00e1st szerveztek az \u00e9p\u00fcletben. Az egyik h\u00f6lgy, aki k\u00e9peket k\u00e9sz\u00edtett ez alkalomb\u00f3l, olyasmit v\u00e9lt felfedezni a fot\u00f3kon, ami m\u00e1r-m\u00e1r h\u00e1tt\u00e9rbe szor\u00edtotta mag\u00e1t a rendezv\u00e9nyt. A k\u00e9peken egy ismeretlen arcot lehetett kivenni. M\u00e1r kor\u00e1bban is akadtak megmagyar\u00e1zhatatlan jelens\u00e9gek, p\u00e9ld\u00e1ul \u00e9jszaki l\u00e9ptek, suttog\u00e1sok az \u00fcres szob\u00e1kban, h\u00e1tborzongat\u00f3 sikolyok vagy \u00e9ppen z\u00f6rg\u00e9sek, de igaz\u00e1n csak ezt k\u00f6vet\u0151en &#8211; eg\u00e9szen pontosan 2009-t\u0151l &#8211; kezdtek kutatni a kast\u00e9ly paranorm\u00e1lis jelens\u00e9gei ut\u00e1n.<\/p>\n<p>Jelenleg az \u00e9p\u00fclet nem \u00fczemel, mint kast\u00e9lysz\u00e1ll\u00f3.<\/p>\n<p>&nbsp;<\/p>\n<p>&nbsp;<\/p>","protected":false},"excerpt":{"rendered":"<p>Az 1300 lakos\u00fa telep\u00fcl\u00e9s els\u0151 okleveles eml\u00edt\u00e9se 1283-b\u00f3l sz\u00e1rmazik. A k\u00f6zs\u00e9g legszebb l\u00e1tnival\u00f3ja az Eberg\u00e9nyi csal\u00e1d XVIII. sz\u00e1zadi eredet\u0171 kast\u00e9lyai. A r\u00e9gebbi, k\u00f6z\u00e9pkori eredet\u0171 \u00e9p\u00fclet az \u00fan. \u00d3-Eberg\u00e9nyi kast\u00e9ly. Pomp\u00e1s ki\u00e9p\u00edt\u00e9s\u00e9t M\u00e1ria Ter\u00e9zia kor\u00e1ban nyerte el. A hajdan\u00e1ban U alak\u00fa kast\u00e9lyt nagy park vette k\u00f6r\u00fcl, melyet sz\u00e9p v\u00edzrendszer gazdag\u00edtott. A sz\u00e1zadfordul\u00f3n nyugati sz\u00e1rnya le\u00e9gett, de [&hellip;]<\/p>","protected":false},"featured_media":0,"parent":0,"menu_order":4,"template":"","categories":[],"tags":[],"class_list":["post-3650","varak-kastelyok","type-varak-kastelyok","status-publish","hentry","floatton-article"],"ptb_metabox":{"ptb_k_p":["3652","https:\/\/www.vasmegye.hu\/wp-content\/uploads\/2018\/07\/oebergeny.jpg","https:\/\/www.vasmegye.hu\/wp-content\/uploads\/2018\/07\/oebergeny.jpg"],"ptb_k_pgal_ria":{"url":[""],"link":[""],"title":[""],"description":[""]},"ptb_video":{"url":[""],"title":[""],"description":[""]},"ptb_hely_cime":"C\u00edm: 9763 Vassz\u00e9cseny,  Fasor u. 10 (f\u0151bej\u00e1rat)","ptb_elerhetoseg":"El\u00e9rhet\u0151s\u00e9g: +36 94 377-944"},"ptb_taxonomy":[],"ptb_featured_image":null,"_links":{"self":[{"href":"https:\/\/www.vasmegye.hu\/en\/wp-json\/wp\/v2\/varak-kastelyok\/3650","targetHints":{"allow":["GET"]}}],"collection":[{"href":"https:\/\/www.vasmegye.hu\/en\/wp-json\/wp\/v2\/varak-kastelyok"}],"about":[{"href":"https:\/\/www.vasmegye.hu\/en\/wp-json\/wp\/v2\/types\/varak-kastelyok"}],"wp:attachment":[{"href":"https:\/\/www.vasmegye.hu\/en\/wp-json\/wp\/v2\/media?parent=3650"}],"wp:term":[{"taxonomy":"category","embeddable":true,"href":"https:\/\/www.vasmegye.hu\/en\/wp-json\/wp\/v2\/categories?post=3650"},{"taxonomy":"post_tag","embeddable":true,"href":"https:\/\/www.vasmegye.hu\/en\/wp-json\/wp\/v2\/tags?post=3650"}],"curies":[{"name":"wp","href":"https:\/\/api.w.org\/{rel}","templated":true}]}}