{"id":24760,"date":"2025-03-10T11:17:52","date_gmt":"2025-03-10T09:17:52","guid":{"rendered":"https:\/\/www.vasmegye.hu\/?post_type=szechenyiterv-plusz&#038;p=24760"},"modified":"2026-02-09T13:15:45","modified_gmt":"2026-02-09T11:15:45","slug":"eszak-vas","status":"publish","type":"szechenyiterv-plusz","link":"https:\/\/www.vasmegye.hu\/en\/szechenyiterv-plusz\/eszak-vas\/","title":{"rendered":"\u00c9rt\u00e9kek, k\u00f6z\u00f6ss\u00e9gek, t\u00f6rt\u00e9netek &#8211; \u00e9szak-vasi k\u00f6z\u00f6ss\u00e9g\u00e9p\u00edt\u00e9s"},"content":{"rendered":"<p><!--more--><\/p>\n<p style=\"text-align: justify;\">A projekt az Eur\u00f3pai Uni\u00f3 \u00e1ltal biztos\u00edtott 313 722 249 forint vissza nem t\u00e9r\u00edtend\u0151 t\u00e1mogat\u00e1ssal, a Sz\u00e9chenyi Terv Plusz program keret\u00e9ben val\u00f3sul meg.<\/p>\n<p style=\"text-align: justify;\">Az \u00c9rt\u00e9kek, k\u00f6z\u00f6ss\u00e9gek, t\u00f6rt\u00e9netek &#8211; \u00e9szak-vasi k\u00f6z\u00f6ss\u00e9g\u00e9p\u00edt\u00e9s projekt \u00e1tfog\u00f3 c\u00e9lja \u2013 az \u00e9szak Vas v\u00e1rmegy\u00e9ben \u00e9l\u0151 h\u00e1tr\u00e1nyos helyzet\u0171 csoportok megsz\u00f3l\u00edt\u00e1sa, az \u00e9szak vasi identit\u00e1s alapjainak megteremt\u00e9se, ill. meger\u0151s\u00edt\u00e9se, tov\u00e1bb\u00e1 \u00f6sszetart\u00f3, er\u0151s k\u00f6z\u00f6ss\u00e9gek kialak\u00edt\u00e1sa, mely \u00e1ltal ezen h\u00e1tr\u00e1nyos helyzet\u0171 c\u00e9lcsoportok h\u00e1tr\u00e1nyai ker\u00fclnek kompenz\u00e1l\u00e1sra. Ennek \u00e9rdek\u00e9ben kiemelt figyelmet ford\u00edtunk a helyi k\u00f6z\u00f6ss\u00e9g\u00e9p\u00edt\u0151 er\u0151k felt\u00e1r\u00e1s\u00e1ra \u00e9s aktiviz\u00e1l\u00e1s\u00e1ra. A projektben az \u00e9szak vasi identit\u00e1s\u00e9p\u00edt\u00e9s egyik fontos eszk\u00f6ze a t\u00e9rs\u00e9g \u00e9rt\u00e9keinek bemutat\u00e1sa \u00e9s n\u00e9pszer\u0171s\u00edt\u00e9se. A projekt c\u00e9lok el\u00e9r\u00e9s\u00e9t a v\u00e1rmegyei c\u00e9lokhoz szorosan kapcsol\u00f3dva sz\u00e1mos programmal \u00e9s akci\u00f3k megval\u00f3s\u00edt\u00e1s\u00e1val t\u00e1mogatjuk a Ter\u00fcletfejleszt\u00e9si Koncepci\u00f3val \u00f6sszhangban. A c\u00e9l a mikrot\u00e9rs\u00e9g lakoss\u00e1g\u00e1nak \u00f6sszefog\u00e1sa, k\u00fcl\u00f6n\u00f6s tekintettel a h\u00e1tr\u00e1nyos helyzet\u0171 emberek t\u00e1rsadalmi \u00e9let\u00e9nek \u00e9l\u00e9nk\u00edt\u00e9s\u00e9re \u00e9s bevon\u00e1s\u00e1ra. Fontos a civil \u00e9s lakoss\u00e1gi kezdem\u00e9nyez\u00e9sek t\u00e1mogat\u00e1sa, amelyek el\u0151seg\u00edtik az akt\u00edv k\u00f6z\u00f6ss\u00e9gi r\u00e9szv\u00e9telt, kapcsol\u00f3d\u00e1st. A telep\u00fcl\u00e9sek k\u00f6z\u00f6tti egy\u00fcttm\u0171k\u00f6d\u00e9s r\u00e9v\u00e9n er\u0151s\u00f6dhet a helyi identit\u00e1s \u00e9s az \u00f6sszetartoz\u00e1s \u00e9rz\u00e9se, k\u00fcl\u00f6n\u00f6sen a h\u00e1tr\u00e1nyos helyzet\u0171 lakosok k\u00f6r\u00e9ben. A k\u00f6z\u00f6ss\u00e9g tagjai \u00edgy nyitottabb\u00e1 \u00e9s \u00e9rz\u00e9kenyebb\u00e9 v\u00e1lhatnak egym\u00e1s probl\u00e9m\u00e1i ir\u00e1nt, ami hossz\u00fa t\u00e1von hozz\u00e1j\u00e1rul a k\u00f6z\u00f6ss\u00e9g megtart\u00f3 erej\u00e9nek n\u00f6vel\u00e9s\u00e9hez. A projekt keret\u00e9ben megval\u00f3s\u00edtani tervezett tev\u00e9kenys\u00e9gek c\u00e9lja az \u00e9szak Vas v\u00e1rmegyei j\u00e1r\u00e1sok telep\u00fcl\u00e9sein \u00e9l\u0151 h\u00e1tr\u00e1nyos helyzet\u0171 csoportok h\u00e1tr\u00e1nyait cs\u00f6kkent\u0151 programok lebonyol\u00edt\u00e1sa.<\/p>\n<p style=\"text-align: justify;\">A projekt k\u00f6zvetlen c\u00e9ljai:<\/p>\n<ul style=\"text-align: justify;\">\n<li>A c\u00e9lter\u00fcletek h\u00e1tr\u00e1nyos helyzet\u0171 lakoss\u00e1g\u00e1nak min\u00e9l nagyobb ar\u00e1ny\u00fa megsz\u00f3l\u00edt\u00e1sa, h\u00e1tr\u00e1nyainak kompenz\u00e1l\u00e1sa<\/li>\n<li>A c\u00e9lter\u00fcletek lakoss\u00e1gmegtart\u00f3 erej\u00e9nek n\u00f6vel\u00e9se, helyi egy\u00fcttm\u0171k\u00f6d\u00e9sek mellett a szomsz\u00e9dos telep\u00fcl\u00e9sek k\u00f6z\u00f6tti koh\u00e9zi\u00f3 er\u0151s\u00edt\u00e9se, er\u0151forr\u00e1sok h\u00e1l\u00f3zatos felhaszn\u00e1l\u00e1sa.<\/li>\n<li>A c\u00e9lter\u00fclet m\u00faltj\u00e1b\u00f3l fakad\u00f3 \u00e9rt\u00e9kek felt\u00e1r\u00e1sa h\u00e1tr\u00e1nykompenz\u00e1l\u00f3 jelleggel.<\/li>\n<li>Ifj\u00fas\u00e1got c\u00e9lz\u00f3 tev\u00e9kenys\u00e9gek megval\u00f3s\u00edt\u00e1sa.<\/li>\n<\/ul>\n<p style=\"text-align: justify;\">A projekt k\u00f6zvetett c\u00e9ljai:<\/p>\n<ul style=\"text-align: justify;\">\n<li>Meg\u00fajulni k\u00e9pes kultur\u00e1lis \u00e9s szolg\u00e1ltat\u00e1si csomag megval\u00f3s\u00edt\u00e1sa.<\/li>\n<li>Hozz\u00e1j\u00e1rul\u00e1s a c\u00e9lter\u00fcletek n\u00e9pess\u00e9gmegtart\u00f3 erej\u00e9nek n\u00f6vel\u00e9s\u00e9hez.<\/li>\n<li>A megl\u00e9v\u0151 szolg\u00e1ltat\u00e1sok kihaszn\u00e1lts\u00e1g\u00e1nak n\u00f6vel\u00e9se, kieg\u00e9sz\u00edt\u0151 programk\u00edn\u00e1lat megteremt\u00e9s\u00e9vel.<\/li>\n<li>Vas v\u00e1rmegye \u00e9szaki lehat\u00e1rolt ter\u00fcletei eset\u00e9ben a kultur\u00e1lis \u00e9rt\u00e9kek, \u00f6r\u00f6ks\u00e9gek h\u00e1tr\u00e1nykompenz\u00e1l\u00f3 aspektus\u00e1nak megvil\u00e1g\u00edt\u00e1sa<\/li>\n<li>Vas v\u00e1rmegye \u00e9szaki lehat\u00e1rolt ter\u00fcletei eset\u00e9ben az ifj\u00fas\u00e1g \u00e9s az ifj\u00fas\u00e1ggal foglalkoz\u00f3 c\u00e9lcsoport sz\u00e1m\u00e1ra tev\u00e9kenys\u00e9gek, illetve ifj\u00fas\u00e1gi t\u00e1borok megval\u00f3s\u00edt\u00e1sa.<\/li>\n<\/ul>\n<p style=\"text-align: justify;\">Jelen projekt a meghat\u00e1rozott javaslatokat alapul v\u00e9ve a k\u00fcl\u00f6nb\u00f6z\u0151 koroszt\u00e1lyokat a sz\u00e1mukra megfelel\u0151 tematikus programokkal, valamint a t\u00e1rsadalmi k\u00f6rnyezet jav\u00edt\u00e1sa \u00e1ltal tervezi el\u00e9rni. A projekt v\u00e9gleges tartalma projektfejleszt\u00e9s keret\u00e9ben ker\u00fcl v\u00e9gleges\u00edt\u00e9sre.<\/p>\n<p style=\"text-align: justify;\">A projekt f\u0151 c\u00e9lcsoportjait a gyermekek, az id\u0151sek \u00e9s a n\u0151k alkotj\u00e1k.<\/p>\n<p style=\"text-align: justify;\">A projekt keret\u00e9ben forr\u00e1sar\u00e1nyosan el\u00e9rni k\u00edv\u00e1nt h\u00e1tr\u00e1nyos helyzet\u0171ek sz\u00e1ma 9866 f\u0151.<\/p>\n<p style=\"text-align: justify;\">Konzorciumi partnerek:<\/p>\n<ul>\n<li style=\"text-align: justify;\">S\u00e1rv\u00e1r V\u00e1ros \u00d6nkorm\u00e1nyzata<\/li>\n<li style=\"text-align: justify;\">N\u00e1dasdy Ferenc M\u00fazeum, M\u0171vel\u0151d\u00e9si K\u00f6zpont \u00e9s K\u00f6nyvt\u00e1r<\/li>\n<li style=\"text-align: justify;\">Kezd\u0151k\u00f6r K\u00e9pz\u0151m\u0171v\u00e9szeti \u00e9s N\u00e9pm\u0171v\u00e9szeti Bar\u00e1ti Egyes\u00fclet<\/li>\n<\/ul>","protected":false},"excerpt":{"rendered":"A projekt az Eur\u00f3pai Uni\u00f3 \u00e1ltal biztos\u00edtott 313 722 249 forint vissza nem t\u00e9r\u00edtend\u0151 t\u00e1mogat\u00e1ssal, a Sz\u00e9chenyi Terv Plusz program keret\u00e9ben val\u00f3sul meg. Az \u00c9rt\u00e9kek, k\u00f6z\u00f6ss\u00e9gek, t\u00f6rt\u00e9netek - \u00e9szak-vasi k\u00f6z\u00f6ss\u00e9g\u00e9p\u00edt\u00e9s projekt \u00e1tfog\u00f3 c\u00e9lja \u2013 az \u00e9szak Vas v\u00e1rmegy\u00e9ben \u00e9l\u0151 h\u00e1tr\u00e1nyos helyzet\u0171 csoportok megsz\u00f3l\u00edt\u00e1sa, az \u00e9szak vasi identit\u00e1s alapjainak megteremt\u00e9se, ill. meger\u0151s\u00edt\u00e9se, tov\u00e1bb\u00e1 \u00f6sszetart\u00f3, er\u0151s k\u00f6z\u00f6ss\u00e9gek [...]","protected":false},"featured_media":16020,"parent":0,"menu_order":0,"template":"","szechenyi_terv_plusz":[609],"class_list":["post-24760","szechenyiterv-plusz","type-szechenyiterv-plusz","status-publish","has-post-thumbnail","hentry","szechenyi_terv_plusz-top_plusz-3-1-3-23-helyi-human-fejlesztesek","floatton-article"],"ptb_metabox":{"ptb_kedvezmenyezett_neve_":"Vas V\u00e1rmegye \u00d6nkorm\u00e1nyzata","ptb_a_projekt_cime_":"\u00c9rt\u00e9kek, k\u00f6z\u00f6ss\u00e9gek, t\u00f6rt\u00e9netek - \u00e9szak-vasi k\u00f6z\u00f6ss\u00e9g\u00e9p\u00edt\u00e9s","ptb_szerzodott_tamogatas_osszege_":"313 722 249 Ft","ptb_a_tamogatas_merteke_":"100%","ptb_a_projekt_tervezett_befejezesi_datuma_":"2028.11.30.","ptb_projekt_azonositoszama_":"TOP_PLUSZ-3.1.3-23-VS2-2024-00004","ptb_let_lthet_file_ok_":{"url":[""],"title":[""]}},"ptb_taxonomy":{"szechenyi_terv_plusz":[{"term_id":609,"name":"TOP_PLUSZ-3.1.3-23 - Helyi hum\u00e1n fejleszt\u00e9sek","slug":"top_plusz-3-1-3-23-helyi-human-fejlesztesek","term_group":0,"term_taxonomy_id":609,"taxonomy":"szechenyi_terv_plusz","description":"","parent":0,"count":4,"filter":"raw","term_order":"0"}]},"ptb_featured_image":{"url":"https:\/\/www.vasmegye.hu\/wp-content\/uploads\/2022\/04\/sztervplusz.jpg","title":"sztervplusz","caption":""},"_links":{"self":[{"href":"https:\/\/www.vasmegye.hu\/en\/wp-json\/wp\/v2\/szechenyiterv-plusz\/24760","targetHints":{"allow":["GET"]}}],"collection":[{"href":"https:\/\/www.vasmegye.hu\/en\/wp-json\/wp\/v2\/szechenyiterv-plusz"}],"about":[{"href":"https:\/\/www.vasmegye.hu\/en\/wp-json\/wp\/v2\/types\/szechenyiterv-plusz"}],"version-history":[{"count":5,"href":"https:\/\/www.vasmegye.hu\/en\/wp-json\/wp\/v2\/szechenyiterv-plusz\/24760\/revisions"}],"predecessor-version":[{"id":27236,"href":"https:\/\/www.vasmegye.hu\/en\/wp-json\/wp\/v2\/szechenyiterv-plusz\/24760\/revisions\/27236"}],"wp:featuredmedia":[{"embeddable":true,"href":"https:\/\/www.vasmegye.hu\/en\/wp-json\/wp\/v2\/media\/16020"}],"wp:attachment":[{"href":"https:\/\/www.vasmegye.hu\/en\/wp-json\/wp\/v2\/media?parent=24760"}],"wp:term":[{"taxonomy":"szechenyi_terv_plusz","embeddable":true,"href":"https:\/\/www.vasmegye.hu\/en\/wp-json\/wp\/v2\/szechenyi_terv_plusz?post=24760"}],"curies":[{"name":"wp","href":"https:\/\/api.w.org\/{rel}","templated":true}]}}