{"id":24393,"date":"2025-01-17T11:51:32","date_gmt":"2025-01-17T09:51:32","guid":{"rendered":"https:\/\/www.vasmegye.hu\/?post_type=szechenyiterv-plusz&#038;p=24393"},"modified":"2025-02-24T15:16:12","modified_gmt":"2025-02-24T13:16:12","slug":"kerekparos-aktiv-turisztikai-utvonal-fejlesztese-csepreg-tersegeben","status":"publish","type":"szechenyiterv-plusz","link":"https:\/\/www.vasmegye.hu\/en\/szechenyiterv-plusz\/kerekparos-aktiv-turisztikai-utvonal-fejlesztese-csepreg-tersegeben\/","title":{"rendered":"Ker\u00e9kp\u00e1ros akt\u00edv turisztikai \u00fatvonal fejleszt\u00e9se Csepreg t\u00e9rs\u00e9g\u00e9ben"},"content":{"rendered":"<p><span style=\"font-family: georgia, palatino, serif;\"><!--more--><\/span><\/p>\n<p style=\"text-align: justify;\"><span style=\"font-family: georgia, palatino, serif;\">A projekt az Eur\u00f3pai Uni\u00f3 \u00e1ltal biztos\u00edtott 200 milli\u00f3 forint vissza nem t\u00e9r\u00edtend\u0151 t\u00e1mogat\u00e1ssal, a Sz\u00e9chenyi Terv Plusz program keret\u00e9ben val\u00f3sul meg.<\/span><\/p>\n<p style=\"text-align: justify;\"><span style=\"font-family: georgia, palatino, serif;\">A projekt c\u00e9lja egy orsz\u00e1gos viszonylatban is meghat\u00e1roz\u00f3 jelent\u0151s\u00e9g\u0171, kiemelked\u0151 turisztikai \u00e9rt\u00e9kkel b\u00edr\u00f3, 6 meg\u00e1ll\u00f3pontot tartalmaz\u00f3 ker\u00e9kp\u00e1ros akt\u00edv turisztikai h\u00e1l\u00f3zat fejleszt\u00e9se B\u00fck-Csepreg-K\u0151szeg \u00fatvonalakon. A fejleszt\u00e9s sor\u00e1n megval\u00f3sul a t\u00e9rs\u00e9g term\u00e9szeti \u00e9rt\u00e9keinek, \u00f6r\u00f6ks\u00e9geinek bemutat\u00e1sa \u00e9s fenntarthat\u00f3 akt\u00edv-\u00e9s \u00f6koturisztikai hasznos\u00edt\u00e1sa.<\/span><\/p>\n<p style=\"text-align: justify;\"><span style=\"font-family: georgia, palatino, serif;\">A fejleszt\u00e9s \u00e1ltal a ker\u00e9kp\u00e1roz\u00e1s, mint az egyik legkedveltebb szabadid\u0151s tev\u00e9kenys\u00e9g felt\u00e9telei javulnak a t\u00e9rs\u00e9gben. A ker\u00e9kp\u00e1ros h\u00e1l\u00f3zat fejleszt\u00e9s\u00e9vel biztos\u00edtott\u00e1 v\u00e1lik B\u00fck, valamint Csepreg csatlakoz\u00e1sa az orsz\u00e1gos, illetve nemzetk\u00f6zi jelent\u0151s\u00e9g\u0171 EuroVelo 13 Vasf\u00fcgg\u00f6ny \u00fatvonalhoz.<\/span><\/p>\n<p style=\"text-align: justify;\"><span style=\"font-family: georgia, palatino, serif;\">A projekt r\u00e9szc\u00e9lja, hogy a fejleszt\u00e9ssel \u00e9rintett \u00fatvonalon tal\u00e1lhat\u00f3 telep\u00fcl\u00e9seken olyan ker\u00e9kp\u00e1ros pihen\u0151helyek ker\u00fcljenek kialak\u00edt\u00e1sa, amelyek biztos\u00edtj\u00e1k az ide \u00e9rkez\u0151 ker\u00e9kp\u00e1ros turist\u00e1k sz\u00e1m\u00e1ra az alapvet\u0151 infrastruktur\u00e1lis felt\u00e9teleket (fedett, sz\u00e9lv\u00e9dett, asztalokkal, padokkal, ker\u00e9kp\u00e1rt\u00e1masszal ell\u00e1tott meg\u00e1ll\u00f3pontok), tov\u00e1bb\u00e1 inform\u00e1ci\u00f3s t\u00e1bl\u00e1k kihelyez\u00e9s\u00e9vel seg\u00edts\u00e9k a t\u00far\u00e1z\u00f3k t\u00e1j\u00e9koz\u00f3d\u00e1s\u00e1t, illetve relev\u00e1ns esetben biztos\u00edts\u00e1k a k\u00fcl\u00f6nb\u00f6z\u0151 t\u00farat\u00edpusok k\u00f6z\u00f6tti v\u00e1lt\u00e1s lehet\u0151s\u00e9g\u00e9t. Csepregen, mint jelen projekttel \u00e9rintett fejleszt\u00e9s k\u00f6zpontj\u00e1ban a meg\u00e1ll\u00f3ponthoz kapcsol\u00f3d\u00f3an egy motorik park jelleg\u0171 \u00fcgyess\u00e9gi park kialak\u00edt\u00e1sa is tervezett, mely a legkisebbt\u0151l a legid\u0151sebb koroszt\u00e1lyig bez\u00e1r\u00f3lag ny\u00fajt akt\u00edv kikapcsol\u00f3d\u00e1si lehet\u0151s\u00e9get.<\/span><\/p>\n<p style=\"text-align: justify;\"><span style=\"font-family: georgia, palatino, serif;\">A projekt keret\u00e9ben tervezett fejleszt\u00e9s eredm\u00e9nyek\u00e9ppen B\u00fck, Csepreg \u00e9s K\u0151szeg t\u00e9rs\u00e9ge 64,9 kilom\u00e9ter hossz\u00fas\u00e1g\u00fa ker\u00e9kp\u00e1ros t\u00fara\u00fatvonal-h\u00e1l\u00f3zattal lesz gazdagabb, hozz\u00e1j\u00e1rulva, hogy a t\u00e9rs\u00e9g kiemelked\u0151 jelent\u0151s\u00e9g\u0171 term\u00e9szeti \u00e9rt\u00e9kei egy komplett turisztikai attrakci\u00f3 r\u00e9szek\u00e9nt, a sz\u00fcks\u00e9ges t\u00e1j\u00e9koztat\u00e1s, t\u00e1bl\u00e1z\u00e1s biztos\u00edt\u00e1sa mellett k\u00e9t ker\u00e9ken megk\u00f6zel\u00edthet\u0151ek legyenek.<\/span><\/p>\n<p style=\"text-align: justify;\"><span style=\"font-family: georgia, palatino, serif;\">Az akt\u00edv ker\u00e9kp\u00e1ros turisztikai \u00fatvonal fejleszt\u00e9se az al\u00e1bbi 6 meg\u00e1ll\u00f3ponton, az al\u00e1bbi m\u0171szaki tartalommal tervezett:<\/span><\/p>\n<ol>\n<li><span style=\"font-family: georgia, palatino, serif;\">Meg\u00e1ll\u00f3pont: B\u00fck &#8211; B\u00fckf\u00fcrd\u0151<\/span><\/li>\n<\/ol>\n<ul>\n<li style=\"list-style-type: none;\">\n<ul>\n<li><span style=\"font-family: georgia, palatino, serif;\">Megl\u00e9v\u0151 ker\u00e9kp\u00e1ros pihen\u0151pontn\u00e1l inform\u00e1ci\u00f3s t\u00e1bla kihelyez\u00e9se<\/span><\/li>\n<\/ul>\n<\/li>\n<\/ul>\n<ol start=\"2\">\n<li><span style=\"font-family: georgia, palatino, serif;\">Meg\u00e1ll\u00f3pont: Csepreg &#8211; k\u00f6rforgalom<\/span><\/li>\n<\/ol>\n<ul>\n<li style=\"list-style-type: none;\">\n<ul>\n<li><span style=\"font-family: georgia, palatino, serif;\">Megl\u00e9v\u0151 ker\u00e9kp\u00e1ros pihen\u0151pontn\u00e1l inform\u00e1ci\u00f3s t\u00e1bla kihelyez\u00e9se<\/span><\/li>\n<\/ul>\n<\/li>\n<\/ul>\n<ol start=\"3\">\n<li><span style=\"font-family: georgia, palatino, serif;\">Meg\u00e1ll\u00f3pont: Csepreg \u2013 Bene-hegyi t\u00f3<\/span><\/li>\n<\/ol>\n<ul>\n<li style=\"list-style-type: none;\">\n<ul>\n<li><span style=\"font-family: georgia, palatino, serif;\">Ker\u00e9kp\u00e1ros pihen\u0151helyk\u00e9nt szolg\u00e1l\u00f3 fedett, f\u00e9lig nyitott \u00e9p\u00fclet \u00e9p\u00edt\u00e9se vend\u00e9gfogad\u00f3 t\u00e9r kialak\u00edt\u00e1sa, ker\u00e9kp\u00e1rt\u00e1rol\u00f3 kialak\u00edt\u00e1sa, e-ker\u00e9kp\u00e1r t\u00f6lt\u00e9si lehet\u0151s\u00e9g biztos\u00edt\u00e1sa, v\u00edzv\u00e9teli lehet\u0151s\u00e9g kialak\u00edt\u00e1sa, vizesblokk kialak\u00edt\u00e1sa, akad\u00e1lymentes\u00edt\u00e9s biztos\u00edt\u00e1sa c\u00e9lj\u00e1b\u00f3l<\/span><\/li>\n<li><span style=\"font-family: georgia, palatino, serif;\">Motorik park jelleg\u0171 \u00fcgyess\u00e9gi park kialak\u00edt\u00e1s keret\u00e9ben \u00fcgyess\u00e9gi eszk\u00f6z\u00f6k telep\u00edt\u00e9se<\/span><\/li>\n<\/ul>\n<\/li>\n<\/ul>\n<ol start=\"4\">\n<li><span style=\"font-family: georgia, palatino, serif;\">Meg\u00e1ll\u00f3pont: K\u0151szeg &#8211; K\u0151szegfalva<\/span><\/li>\n<\/ol>\n<ul>\n<li style=\"list-style-type: none;\">\n<ul>\n<li><span style=\"font-family: georgia, palatino, serif;\">\u00daj ker\u00e9kp\u00e1ros pihen\u0151pont kialak\u00edt\u00e1sa, inform\u00e1ci\u00f3s t\u00e1bla kihelyez\u00e9se<\/span><\/li>\n<\/ul>\n<\/li>\n<\/ul>\n<ol start=\"5\">\n<li><span style=\"font-family: georgia, palatino, serif;\">Meg\u00e1ll\u00f3pont: K\u0151szeg<\/span><\/li>\n<\/ol>\n<ul>\n<li style=\"list-style-type: none;\">\n<ul>\n<li><span style=\"font-family: georgia, palatino, serif;\">\u00daj ker\u00e9kp\u00e1ros pihen\u0151pont kialak\u00edt\u00e1sa, inform\u00e1ci\u00f3s t\u00e1bla kihelyez\u00e9se<\/span><\/li>\n<li><span style=\"font-family: georgia, palatino, serif;\">A t\u00e9rs\u00e9g \u00f6koturisztikai \u00e9rt\u00e9keinek bemutat\u00e1sa \u00e9rdek\u00e9ben vizes \u00e9l\u0151hely vizes \u00e9l\u0151hely kialak\u00edt\u00e1sa<\/span><\/li>\n<\/ul>\n<\/li>\n<\/ul>\n<ol start=\"6\">\n<li><span style=\"font-family: georgia, palatino, serif;\">Meg\u00e1ll\u00f3pont: Horv\u00e1tzsid\u00e1ny<\/span><\/li>\n<\/ol>\n<ul>\n<li style=\"list-style-type: none;\">\n<ul>\n<li><span style=\"font-family: georgia, palatino, serif;\">\u00daj ker\u00e9kp\u00e1ros pihen\u0151pont kialak\u00edt\u00e1sa, inform\u00e1ci\u00f3s t\u00e1bla kihelyez\u00e9se<\/span><\/li>\n<\/ul>\n<\/li>\n<\/ul>\n<p style=\"text-align: justify;\"><span style=\"font-family: georgia, palatino, serif;\">A kialak\u00edt\u00e1sra ker\u00fcl\u0151 \u00fatvonalh\u00e1l\u00f3zat kit\u00e1bl\u00e1z\u00e1sa t\u00e1j\u00e9koztat\u00f3, \u00fatjelz\u0151 \u00e9s inform\u00e1ci\u00f3s t\u00e1blarendszerrel.<\/span><\/p>\n<p style=\"text-align: justify;\"><span style=\"font-family: georgia, palatino, serif;\">A projekt r\u00e9sz\u00e9t k\u00e9pezi az akt\u00edv turisztikai \u00fatvonal infrastruktur\u00e1lis fejleszt\u00e9s\u00e9hez kapcsol\u00f3d\u00f3 marketingtev\u00e9kenys\u00e9g ell\u00e1t\u00e1sa is. A konzorciumvezet\u0151 Vas V\u00e1rmegye \u00d6nkorm\u00e1nyzata, a projektben konzorciumi tagk\u00e9nt r\u00e9szt vesz Csepreg V\u00e1ros \u00d6nkorm\u00e1nyzata, K\u0151szeg V\u00e1ros \u00d6nkorm\u00e1nyzata \u00e9s a Vas Megyei Turizmus Sz\u00f6vets\u00e9g.<\/span><\/p>\n<p style=\"text-align: justify;\"><span style=\"font-family: georgia, palatino, serif;\">A projekt keret\u00e9ben tervezett beruh\u00e1z\u00e1sokat (kivitelez\u00e9si munk\u00e1latok) a konzorciumi tagok k\u00fcl\u00f6n-k\u00fcl\u00f6n, az adott konzorciumi tagn\u00e1l felmer\u00fcl\u0151 tev\u00e9kenys\u00e9ghez kapcsol\u00f3d\u00f3an val\u00f3s\u00edtj\u00e1k meg.<\/span><\/p>\n<p>&nbsp;<\/p>","protected":false},"excerpt":{"rendered":"A projekt az Eur\u00f3pai Uni\u00f3 \u00e1ltal biztos\u00edtott 200 milli\u00f3 forint vissza nem t\u00e9r\u00edtend\u0151 t\u00e1mogat\u00e1ssal, a Sz\u00e9chenyi Terv Plusz program keret\u00e9ben val\u00f3sul meg. A projekt c\u00e9lja egy orsz\u00e1gos viszonylatban is meghat\u00e1roz\u00f3 jelent\u0151s\u00e9g\u0171, kiemelked\u0151 turisztikai \u00e9rt\u00e9kkel b\u00edr\u00f3, 6 meg\u00e1ll\u00f3pontot tartalmaz\u00f3 ker\u00e9kp\u00e1ros akt\u00edv turisztikai h\u00e1l\u00f3zat fejleszt\u00e9se B\u00fck-Csepreg-K\u0151szeg \u00fatvonalakon. A fejleszt\u00e9s sor\u00e1n megval\u00f3sul a t\u00e9rs\u00e9g term\u00e9szeti \u00e9rt\u00e9keinek, \u00f6r\u00f6ks\u00e9geinek bemutat\u00e1sa [...]","protected":false},"featured_media":16020,"parent":0,"menu_order":0,"template":"","szechenyi_terv_plusz":[606],"class_list":["post-24393","szechenyiterv-plusz","type-szechenyiterv-plusz","status-publish","has-post-thumbnail","hentry","szechenyi_terv_plusz-top_plusz-6-1-4-23-aktiv-turizmus-fejlesztese","floatton-article"],"ptb_metabox":{"ptb_kedvezmenyezett_neve_":"Vas V\u00e1rmegye \u00d6nkorm\u00e1nyzata","ptb_a_projekt_cime_":"Ker\u00e9kp\u00e1ros akt\u00edv turisztikai \u00fatvonal fejleszt\u00e9se Csepreg t\u00e9rs\u00e9g\u00e9ben","ptb_szerzodott_tamogatas_osszege_":"200 000 000 Ft","ptb_a_tamogatas_merteke_":"100%","ptb_a_projekt_tervezett_befejezesi_datuma_":"2028.01.31. ","ptb_projekt_azonositoszama_":"TOP_PLUSZ-6.1.4-23-VS1-2024-00002","ptb_let_lthet_file_ok_":{"url":[""],"title":[""]}},"ptb_taxonomy":{"szechenyi_terv_plusz":[{"term_id":606,"name":"TOP_Plusz-6.1.4-23 - Akt\u00edv turizmus fejleszt\u00e9se","slug":"top_plusz-6-1-4-23-aktiv-turizmus-fejlesztese","term_group":0,"term_taxonomy_id":606,"taxonomy":"szechenyi_terv_plusz","description":"","parent":0,"count":4,"filter":"raw","term_order":"0"}]},"ptb_featured_image":{"url":"https:\/\/www.vasmegye.hu\/wp-content\/uploads\/2022\/04\/sztervplusz.jpg","title":"sztervplusz","caption":""},"_links":{"self":[{"href":"https:\/\/www.vasmegye.hu\/en\/wp-json\/wp\/v2\/szechenyiterv-plusz\/24393","targetHints":{"allow":["GET"]}}],"collection":[{"href":"https:\/\/www.vasmegye.hu\/en\/wp-json\/wp\/v2\/szechenyiterv-plusz"}],"about":[{"href":"https:\/\/www.vasmegye.hu\/en\/wp-json\/wp\/v2\/types\/szechenyiterv-plusz"}],"version-history":[{"count":2,"href":"https:\/\/www.vasmegye.hu\/en\/wp-json\/wp\/v2\/szechenyiterv-plusz\/24393\/revisions"}],"predecessor-version":[{"id":24702,"href":"https:\/\/www.vasmegye.hu\/en\/wp-json\/wp\/v2\/szechenyiterv-plusz\/24393\/revisions\/24702"}],"wp:featuredmedia":[{"embeddable":true,"href":"https:\/\/www.vasmegye.hu\/en\/wp-json\/wp\/v2\/media\/16020"}],"wp:attachment":[{"href":"https:\/\/www.vasmegye.hu\/en\/wp-json\/wp\/v2\/media?parent=24393"}],"wp:term":[{"taxonomy":"szechenyi_terv_plusz","embeddable":true,"href":"https:\/\/www.vasmegye.hu\/en\/wp-json\/wp\/v2\/szechenyi_terv_plusz?post=24393"}],"curies":[{"name":"wp","href":"https:\/\/api.w.org\/{rel}","templated":true}]}}