{"id":24384,"date":"2025-01-17T11:20:25","date_gmt":"2025-01-17T09:20:25","guid":{"rendered":"https:\/\/www.vasmegye.hu\/?post_type=szechenyiterv-plusz&#038;p=24384"},"modified":"2025-02-06T14:07:16","modified_gmt":"2025-02-06T12:07:16","slug":"vizi-turizmus-fejlesztese-a-raba-volgyeben","status":"publish","type":"szechenyiterv-plusz","link":"https:\/\/www.vasmegye.hu\/en\/szechenyiterv-plusz\/vizi-turizmus-fejlesztese-a-raba-volgyeben\/","title":{"rendered":"V\u00edzi turizmus fejleszt\u00e9se a R\u00e1ba v\u00f6lgy\u00e9ben"},"content":{"rendered":"<p><!--more--><\/p>\n<p><span style=\"font-family: georgia, palatino, serif;\">A projekt az Eur\u00f3pai Uni\u00f3 \u00e1ltal biztos\u00edtott 600 milli\u00f3 forint vissza nem t\u00e9r\u00edtend\u0151 t\u00e1mogat\u00e1ssal, a Sz\u00e9chenyi Terv Plusz program keret\u00e9ben val\u00f3sul meg.<\/span><\/p>\n<p><span style=\"font-family: georgia, palatino, serif;\">A projekt keret\u00e9ben a R\u00e1ba foly\u00f3 magyarorsz\u00e1gi fels\u0151 szakasz\u00e1n, Als\u00f3sz\u00f6ln\u00f6k \u00e9s R\u00e1bah\u00eddv\u00e9g k\u00f6z\u00f6tt egy kilenc meg\u00e1ll\u00f3pontb\u00f3l \u00e1ll\u00f3 v\u00edzi turisztikai \u00fatvonalh\u00e1l\u00f3zat fejleszt\u00e9se val\u00f3sul meg. A projekt c\u00e9lja, hogy a R\u00e1ba fejleszt\u00e9ssel \u00e9rintett szakasza orsz\u00e1gos szinten meghat\u00e1roz\u00f3 jelent\u0151s\u00e9g\u0171, kiemelked\u0151 turisztikai c\u00e9lpontt\u00e1 v\u00e1ljon az ott tal\u00e1lhat\u00f3 term\u00e9szeti \u00e9rt\u00e9keinek bemutat\u00e1sa \u00e9s fenntarthat\u00f3 akt\u00edv -\u00e9s \u00f6koturisztikai hasznos\u00edt\u00e1sa \u00e1ltal. A v\u00edzi turisztikai h\u00e1l\u00f3zaton tal\u00e1lhat\u00f3 be- \u00e9s kil\u00e9p\u00e9si pontok infrastrukt\u00far\u00e1j\u00e1nak kialak\u00edt\u00e1s\u00e1val, illetve korszer\u0171s\u00edt\u00e9s\u00e9vel a R\u00e1ba foly\u00f3 fels\u0151, magyarorsz\u00e1gi bel\u00e9p\u00e9si szakasz\u00e1n megteremtj\u00fck az \u00fatvonal biztons\u00e1gos haszn\u00e1lat\u00e1nak felt\u00e9teleit, hozz\u00e1j\u00e1rulva egyr\u00e9szt a belf\u00f6ldi v\u00edzi turisztikai \u00e1gazat tov\u00e1bbi fejleszt\u00e9s\u00e9hez, m\u00e1sr\u00e9szt az Ausztria fel\u0151l \u00e9rkez\u0151 t\u00far\u00e1z\u00f3k sz\u00e1m\u00e1ra is magasabb sz\u00ednvonal\u00fa szolg\u00e1ltat\u00e1sok el\u00e9r\u00e9se v\u00e1lik lehet\u0151v\u00e9.<\/span><\/p>\n<p><span style=\"font-family: georgia, palatino, serif;\">A v\u00edzi turisztikai \u00fatvonal fejleszt\u00e9se az al\u00e1bbi 9 meg\u00e1ll\u00f3ponton, \u00f6sszesen 20 db beruh\u00e1z\u00e1si helysz\u00ednen az al\u00e1bbi m\u0171szaki tartalommal tervezett:<\/span><\/p>\n<ol>\n<li><span style=\"font-family: georgia, palatino, serif;\"> Meg\u00e1ll\u00f3pont: Als\u00f3sz\u00f6ln\u00f6k duzzaszt\u00f3g\u00e1t<\/span><\/li>\n<\/ol>\n<ul>\n<li><span style=\"font-family: georgia, palatino, serif;\">Ki- \u00e9s besz\u00e1ll\u00f3pont kialak\u00edt\u00e1sa<\/span><\/li>\n<li><span style=\"font-family: georgia, palatino, serif;\">Ki \u00e9s besz\u00e1ll\u00f3pont k\u00f6z\u00f6tti \u00fatvonalon stabiliz\u00e1lt \u00fat kialak\u00edt\u00e1sa<\/span><\/li>\n<li><span style=\"font-family: georgia, palatino, serif;\">A t\u00faraeszk\u00f6z\u00f6k sz\u00e1ll\u00edt\u00e1s\u00e1t megk\u00f6nny\u00edt\u0151 sz\u00e1ll\u00edt\u00f3eszk\u00f6z\u00f6k (k\u00e9zikocsik) beszerz\u00e9se, illetve ezek t\u00e1rol\u00e1s\u00e1hoz sz\u00fcks\u00e9ges infrastrukt\u00fara kialak\u00edt\u00e1sa<\/span><\/li>\n<li><span style=\"font-family: georgia, palatino, serif;\">Meg\u00e1ll\u00f3pont megk\u00f6zel\u00edt\u00e9s\u00e9nek biztos\u00edt\u00e1sa \u00e9rdek\u00e9ben a telep\u00fcl\u00e9s hat\u00e1ra \u00e9s a duzzaszt\u00f3m\u0171 k\u00f6z\u00f6tti mez\u0151gazdas\u00e1gi \u00fat rendbet\u00e9tele<\/span><\/li>\n<\/ul>\n<ol start=\"2\">\n<li><span style=\"font-family: georgia, palatino, serif;\"> Meg\u00e1ll\u00f3pont: Szentgotth\u00e1rd \u2013 duzzaszt\u00f3m\u0171<\/span><\/li>\n<\/ol>\n<ul>\n<li><span style=\"font-family: georgia, palatino, serif;\">K\u0151sarkanty\u00fa \u00e9p\u00edt\u00e9se a cs\u00f3nakcs\u00faszda folyamatos \u00e1tj\u00e1rhat\u00f3s\u00e1g\u00e1nak biztos\u00edt\u00e1s\u00e1hoz<\/span><\/li>\n<\/ul>\n<ol start=\"3\">\n<li><span style=\"font-family: georgia, palatino, serif;\"> Meg\u00e1ll\u00f3pont: Szentgotth\u00e1rd \u2013 R\u00e1ba \u00e9s Lapincs \u00f6sszefoly\u00e1s<\/span><\/li>\n<\/ol>\n<ul>\n<li><span style=\"font-family: georgia, palatino, serif;\">Ki- \u00e9s besz\u00e1ll\u00f3pont kialak\u00edt\u00e1sa<\/span><\/li>\n<li><span style=\"font-family: georgia, palatino, serif;\">Ki- \u00e9s besz\u00e1ll\u00f3pont megk\u00f6zel\u00edt\u00e9s\u00e9hez megk\u00f6nny\u00edt\u0151 \u00fatvonal kialak\u00edt\u00e1sa<\/span><\/li>\n<li><span style=\"font-family: georgia, palatino, serif;\">Cs\u00f3nakh\u00e1z \u00e9p\u00fclet\u00e9nek fel\u00faj\u00edt\u00e1sa<\/span><\/li>\n<li><span style=\"font-family: georgia, palatino, serif;\">A t\u00faraeszk\u00f6z\u00f6k sz\u00e1ll\u00edt\u00e1s\u00e1t megk\u00f6nny\u00edt\u0151 sz\u00e1ll\u00edt\u00f3eszk\u00f6z\u00f6k (k\u00e9zikocsik) beszerz\u00e9se, illetve ezek t\u00e1rol\u00e1s\u00e1hoz sz\u00fcks\u00e9ges infrastrukt\u00fara kialak\u00edt\u00e1sa<\/span><\/li>\n<\/ul>\n<ol start=\"4\">\n<li><span style=\"font-family: georgia, palatino, serif;\"> Meg\u00e1ll\u00f3pont: Magyarlak \u2013 duzzaszt\u00f3m\u0171<\/span><\/li>\n<\/ol>\n<ul>\n<li><span style=\"font-family: georgia, palatino, serif;\">Ki- \u00e9s besz\u00e1ll\u00f3pont kialak\u00edt\u00e1sa<\/span><\/li>\n<li><span style=\"font-family: georgia, palatino, serif;\">Ki \u00e9s besz\u00e1ll\u00f3pont k\u00f6z\u00f6tti \u00fatvonalon stabiliz\u00e1lt \u00fat kialak\u00edt\u00e1sa<\/span><\/li>\n<\/ul>\n<ol start=\"5\">\n<li><span style=\"font-family: georgia, palatino, serif;\"> Meg\u00e1ll\u00f3pont: Cs\u00f6r\u00f6tnek<\/span><\/li>\n<\/ol>\n<ul>\n<li><span style=\"font-family: georgia, palatino, serif;\">Ki- \u00e9s besz\u00e1ll\u00f3pont kialak\u00edt\u00e1sa<\/span><\/li>\n<li><span style=\"font-family: georgia, palatino, serif;\">\u00datvonal biztons\u00e1gos \u00e1tj\u00e1rhat\u00f3s\u00e1g\u00e1nak biztos\u00edt\u00e1sa \u00e9rdek\u00e9ben vezet\u0151m\u0171, bek\u00f6t\u0151 keresztg\u00e1tak \u00e9p\u00edt\u00e9se, valamint partv\u00e9d\u0151 \u00e9p\u00edt\u00e9se<\/span><\/li>\n<\/ul>\n<ol start=\"6\">\n<li><span style=\"font-family: georgia, palatino, serif;\"> Meg\u00e1ll\u00f3pont: Cs\u00e1k\u00e1nydoroszl\u00f3<\/span><\/li>\n<\/ol>\n<ul>\n<li><span style=\"font-family: georgia, palatino, serif;\">Megl\u00e9v\u0151 v\u00edziturisztikai pihen\u0151pont, infrastruktur\u00e1lis fejleszt\u00e9s nem tervezett<\/span><\/li>\n<\/ul>\n<ol start=\"7\">\n<li><span style=\"font-family: georgia, palatino, serif;\"> Meg\u00e1ll\u00f3pont: K\u00f6rmend \u2013 duzzaszt\u00f3m\u0171<\/span><\/li>\n<\/ol>\n<ul>\n<li><span style=\"font-family: georgia, palatino, serif;\">A t\u00faraeszk\u00f6z\u00f6k sz\u00e1ll\u00edt\u00e1s\u00e1t megk\u00f6nny\u00edt\u0151 sz\u00e1ll\u00edt\u00f3eszk\u00f6z\u00f6k (k\u00e9zikocsik) beszerz\u00e9se, illetve ezek t\u00e1rol\u00e1s\u00e1hoz sz\u00fcks\u00e9ges infrastrukt\u00fara kialak\u00edt\u00e1sa<\/span><\/li>\n<li><span style=\"font-family: georgia, palatino, serif;\">Ki- \u00e9s besz\u00e1ll\u00f3pont k\u00f6z\u00f6tti \u00fatvonal kialak\u00edt\u00e1sa<\/span><\/li>\n<\/ul>\n<ol start=\"8\">\n<li><span style=\"font-family: georgia, palatino, serif;\"> Meg\u00e1ll\u00f3pont: Molnaszecs\u0151d<\/span><\/li>\n<\/ol>\n<ul>\n<li><span style=\"font-family: georgia, palatino, serif;\">Ki- \u00e9s besz\u00e1ll\u00f3pont kialak\u00edt\u00e1sa<\/span><\/li>\n<li><span style=\"font-family: georgia, palatino, serif;\">Megl\u00e9v\u0151 t\u0171zolt\u00f3szert\u00e1r \u00e9p\u00fclet\u00e9nek \u00e1talak\u00edt\u00e1sa<\/span><\/li>\n<\/ul>\n<ol start=\"9\">\n<li><span style=\"font-family: georgia, palatino, serif;\"> Meg\u00e1ll\u00f3pont: R\u00e1bah\u00eddv\u00e9g<\/span><\/li>\n<\/ol>\n<ul>\n<li><span style=\"font-family: georgia, palatino, serif;\">Ki- \u00e9s besz\u00e1ll\u00f3pont kialak\u00edt\u00e1sa<\/span><\/li>\n<\/ul>\n<p><span style=\"font-family: georgia, palatino, serif;\">A projekt r\u00e9sz\u00e9t k\u00e9pezi az akt\u00edv turisztikai \u00fatvonal infrastruktur\u00e1lis fejleszt\u00e9s\u00e9hez kapcsol\u00f3d\u00f3 marketingtev\u00e9kenys\u00e9g \u00e9s k\u00e9pz\u00e9si feladatok ell\u00e1t\u00e1sa is. A konzorciumvezet\u0151 Vas V\u00e1rmegye \u00d6nkorm\u00e1nyzata, a projektben konzorciumi tagk\u00e9nt r\u00e9szt vesz a Nyugat-dun\u00e1nt\u00fali V\u00edz\u00fcgyi Igazgat\u00f3s\u00e1g, Als\u00f3sz\u00f6ln\u00f6k K\u00f6zs\u00e9g \u00d6nkorm\u00e1nyzata, Szentgotth\u00e1rd V\u00e1ros \u00d6nkorm\u00e1nyzata, Molnaszecs\u0151d K\u00f6zs\u00e9g \u00d6nkorm\u00e1nyzata, az Akt\u00edv R\u00e1ba Sz\u00f6vets\u00e9g \u00e9s az Akt\u00edv- \u00e9s \u00d6koturisztikai Fejleszt\u00e9si K\u00f6zpont Nonprofit Kft.<\/span><\/p>\n<p><span style=\"font-family: georgia, palatino, serif;\">A projekt keret\u00e9ben tervezett beruh\u00e1z\u00e1sokat (kivitelez\u00e9si munk\u00e1latok) a konzorciumi tagok k\u00fcl\u00f6n-k\u00fcl\u00f6n, az adott konzorciumi tagn\u00e1l felmer\u00fcl\u0151 tev\u00e9kenys\u00e9ghez kapcsol\u00f3d\u00f3an val\u00f3s\u00edtj\u00e1k meg.<\/span><\/p>","protected":false},"excerpt":{"rendered":"A projekt az Eur\u00f3pai Uni\u00f3 \u00e1ltal biztos\u00edtott 600 milli\u00f3 forint vissza nem t\u00e9r\u00edtend\u0151 t\u00e1mogat\u00e1ssal, a Sz\u00e9chenyi Terv Plusz program keret\u00e9ben val\u00f3sul meg. A projekt keret\u00e9ben a R\u00e1ba foly\u00f3 magyarorsz\u00e1gi fels\u0151 szakasz\u00e1n, Als\u00f3sz\u00f6ln\u00f6k \u00e9s R\u00e1bah\u00eddv\u00e9g k\u00f6z\u00f6tt egy kilenc meg\u00e1ll\u00f3pontb\u00f3l \u00e1ll\u00f3 v\u00edzi turisztikai \u00fatvonalh\u00e1l\u00f3zat fejleszt\u00e9se val\u00f3sul meg. A projekt c\u00e9lja, hogy a R\u00e1ba fejleszt\u00e9ssel \u00e9rintett szakasza orsz\u00e1gos [...]","protected":false},"featured_media":16020,"parent":0,"menu_order":0,"template":"","szechenyi_terv_plusz":[606],"class_list":["post-24384","szechenyiterv-plusz","type-szechenyiterv-plusz","status-publish","has-post-thumbnail","hentry","szechenyi_terv_plusz-top_plusz-6-1-4-23-aktiv-turizmus-fejlesztese","floatton-article"],"ptb_metabox":{"ptb_kedvezmenyezett_neve_":"Vas V\u00e1rmegye \u00d6nkorm\u00e1nyzata","ptb_a_projekt_cime_":"V\u00edzi turizmus fejleszt\u00e9se a R\u00e1ba v\u00f6lgy\u00e9ben","ptb_szerzodott_tamogatas_osszege_":"600 000 000 Ft","ptb_a_tamogatas_merteke_":"100%","ptb_a_projekt_tervezett_befejezesi_datuma_":"2028.12.31.","ptb_projekt_azonositoszama_":"TOP_PLUSZ-6.1.4-23-VS2-2024-00001","ptb_let_lthet_file_ok_":{"url":[""],"title":[""]}},"ptb_taxonomy":{"szechenyi_terv_plusz":[{"term_id":606,"name":"TOP_Plusz-6.1.4-23 - Akt\u00edv turizmus fejleszt\u00e9se","slug":"top_plusz-6-1-4-23-aktiv-turizmus-fejlesztese","term_group":0,"term_taxonomy_id":606,"taxonomy":"szechenyi_terv_plusz","description":"","parent":0,"count":4,"filter":"raw","term_order":"0"}]},"ptb_featured_image":{"url":"https:\/\/www.vasmegye.hu\/wp-content\/uploads\/2022\/04\/sztervplusz.jpg","title":"sztervplusz","caption":""},"_links":{"self":[{"href":"https:\/\/www.vasmegye.hu\/en\/wp-json\/wp\/v2\/szechenyiterv-plusz\/24384","targetHints":{"allow":["GET"]}}],"collection":[{"href":"https:\/\/www.vasmegye.hu\/en\/wp-json\/wp\/v2\/szechenyiterv-plusz"}],"about":[{"href":"https:\/\/www.vasmegye.hu\/en\/wp-json\/wp\/v2\/types\/szechenyiterv-plusz"}],"version-history":[{"count":5,"href":"https:\/\/www.vasmegye.hu\/en\/wp-json\/wp\/v2\/szechenyiterv-plusz\/24384\/revisions"}],"predecessor-version":[{"id":24549,"href":"https:\/\/www.vasmegye.hu\/en\/wp-json\/wp\/v2\/szechenyiterv-plusz\/24384\/revisions\/24549"}],"wp:featuredmedia":[{"embeddable":true,"href":"https:\/\/www.vasmegye.hu\/en\/wp-json\/wp\/v2\/media\/16020"}],"wp:attachment":[{"href":"https:\/\/www.vasmegye.hu\/en\/wp-json\/wp\/v2\/media?parent=24384"}],"wp:term":[{"taxonomy":"szechenyi_terv_plusz","embeddable":true,"href":"https:\/\/www.vasmegye.hu\/en\/wp-json\/wp\/v2\/szechenyi_terv_plusz?post=24384"}],"curies":[{"name":"wp","href":"https:\/\/api.w.org\/{rel}","templated":true}]}}