{"id":17810,"date":"2023-05-12T12:18:16","date_gmt":"2023-05-12T10:18:16","guid":{"rendered":"https:\/\/www.vasmegye.hu\/?post_type=szechenyiterv-plusz&#038;p=17810"},"modified":"2025-11-24T10:39:24","modified_gmt":"2025-11-24T08:39:24","slug":"kerekparos-turisztikai-fejlesztesek-sarvaron","status":"publish","type":"szechenyiterv-plusz","link":"https:\/\/www.vasmegye.hu\/en\/szechenyiterv-plusz\/kerekparos-turisztikai-fejlesztesek-sarvaron\/","title":{"rendered":"Ker\u00e9kp\u00e1ros-turisztikai fejleszt\u00e9sek S\u00e1rv\u00e1ron"},"content":{"rendered":"<p style=\"text-align: justify;\"><span style=\"font-family: georgia, palatino, serif; font-size: 16px;\"><!--more--><\/span><\/p>\n<p style=\"text-align: justify;\"><span style=\"font-family: georgia, palatino, serif; font-size: 16px;\">A projekt az Eur\u00f3pai Uni\u00f3 \u00e1ltal biztos\u00edtott 374 milli\u00f3 forint vissza nem t\u00e9r\u00edtend\u0151 t\u00e1mogat\u00e1ssal, a Sz\u00e9chenyi Terv Plusz program keret\u00e9ben val\u00f3sul meg.<\/span><\/p>\n<p style=\"text-align: justify;\"><span style=\"font-family: georgia, palatino, serif; font-size: 16px;\">A projekt akt\u00edv turizmushoz kapcsol\u00f3d\u00f3 fejleszt\u00e9seket c\u00e9loz meg. Ennek keret\u00e9ben \u00f6n\u00e1ll\u00f3an t\u00e1mogathat\u00f3 tev\u00e9kenys\u00e9gk\u00e9nt tervezett a ker\u00e9kp\u00e1ros turizmus fejleszt\u00e9se.<\/span><\/p>\n<p style=\"text-align: justify;\"><span style=\"font-family: georgia, palatino, serif; font-size: 16px;\">A ker\u00e9kp\u00e1ros-turisztikai fejleszt\u00e9s f\u0151bb c\u00e9lja: ker\u00e9kp\u00e1r\u00fat l\u00e9tes\u00edt\u00e9se a Gy\u00f6ngy\u00f6s-m\u0171csatorna \u00e9szaki partj\u00e1val p\u00e1rhuzamos nyomvonalon a Vadkert krt. \u00e9s a Zuhog\u00f3 utca k\u00f6z\u00f6tt, csatlakozva a TOP-1.2.1-15-VS1-2019-00008 azonos\u00edt\u00f3 sz\u00e1m\u00fa projekt keret\u00e9ben megval\u00f3s\u00edtott turisztikai ker\u00e9kp\u00e1r\u00fathoz. K\u00f6zforgalm\u00fa, g\u00e9pj\u00e1rm\u0171forgalom sz\u00e1m\u00e1ra megnyitott, kijel\u00f6lt ker\u00e9kp\u00e1ros \u00fatvonal fel\u00faj\u00edt\u00e1sa keret\u00e9ben a kisforgalm\u00fa, meglev\u0151 turisztikai ker\u00e9kp\u00e1r\u00fat k\u00e9t szakasz\u00e1t \u00f6sszek\u00f6t\u0151 Tizenh\u00e1romv\u00e1ros utca fel\u00faj\u00edt\u00e1sa.<\/span><\/p>\n<p style=\"text-align: justify;\"><span style=\"font-family: georgia, palatino, serif; font-size: 16px;\">A tervezett m\u0171szaki tartalom: A projektben tervezett \u00faj ker\u00e9kp\u00e1r\u00fat l\u00e9tes\u00edt\u00e9se a Gy\u00f6ngy\u00f6s-m\u0171csatorna \u00e9szaki partj\u00e1val p\u00e1rhuzamos nyomvonalon a Vadkert krt. \u00e9s a Zuhog\u00f3 utca k\u00f6z\u00f6tt. \u00c9p\u00edtend\u0151 hossz cca. 1015 m. Tervezett aszfalt \u00fatburkolat sz\u00e9less\u00e9ge 2,55 m, k\u00e9toldali 0,5-0,5 m sz\u00e9les nemes\u00edtett padk\u00e1val. Oldales\u00e9s 2,0% k\u00e9toldali.\u00a0 A tervezett szakaszon \u00f6n\u00e1ll\u00f3 m\u0171t\u00e1rgy \u00e9p\u00edt\u00e9s\u00e9re nincs sz\u00fcks\u00e9g.<\/span><\/p>\n<p style=\"text-align: justify;\"><span style=\"font-family: georgia, palatino, serif; font-size: 16px;\">A projektben a Tizenh\u00e1romv\u00e1ros utca &#8211; mint k\u00f6zforgalm\u00fa, g\u00e9pj\u00e1rm\u0171forgalom sz\u00e1m\u00e1ra megnyitott, kijel\u00f6lt ker\u00e9kp\u00e1ros \u00fatvonal &#8211; \u00fatburkolat\u00e1nak fel\u00faj\u00edt\u00e1sa tervezett 196 m hosszban. A tervezett burkolater\u0151s\u00edt\u00e9s sor\u00e1n a Tizenh\u00e1romv\u00e1ros utc\u00e1ban 5,5 m sz\u00e9les \u00fatp\u00e1lya k\u00e9sz\u00fcl hideg remix technol\u00f3gia alkalmaz\u00e1s\u00e1val. A tervezett szakaszon \u00f6n\u00e1ll\u00f3 m\u0171t\u00e1rgy \u00e9p\u00edt\u00e9s\u00e9re nincs sz\u00fcks\u00e9g.<\/span><\/p>\n<p style=\"text-align: justify;\"><span style=\"font-family: georgia, palatino, serif; font-size: 16px;\">A projekt infrastruktur\u00e1lis eredm\u00e9nyeit r\u00e9szletes piacelemz\u00e9sen, valamint ig\u00e9nyfelm\u00e9r\u00e9sen alapul\u00f3, c\u00e9lzott \u00e9s \u00f6sszehangolt, a v\u00e1ros marketing-strat\u00e9gi\u00e1j\u00e1hoz illeszked\u0151 marketing-tev\u00e9kenys\u00e9g teszi teljess\u00e9. A megc\u00e9lzott marketing-tev\u00e9kenys\u00e9gek a c\u00e9lcsoportok ig\u00e9nyeihez, az \u00e9rintett turisztikai attrakci\u00f3k \u00e9s szolg\u00e1ltat\u00e1sok saj\u00e1toss\u00e1gaihoz fognak igazodni. S\u00e1rv\u00e1ron a ker\u00e9kp\u00e1ros turizmus, mint term\u00e9k elad\u00e1sa nagy lehet\u0151s\u00e9geket jelent a meglev\u0151 turisztikai attrakci\u00f3k, k\u00f6zpontok sz\u00e1m\u00e1ra, amelyhez kapcsol\u00f3d\u00f3 marketing-tev\u00e9kenys\u00e9g els\u0151dleges m\u00f3don szak\u00e9rt\u0151 bevon\u00e1s\u00e1val val\u00f3sul meg, de amelyben k\u00f6zvetetten a helyi TDM-szervezet is r\u00e9szt tud v\u00e1llalni.<\/span><\/p>\n<p style=\"text-align: justify;\"><span style=\"font-family: georgia, palatino, serif; font-size: 16px;\">A marketing tev\u00e9kenys\u00e9g r\u00e9sz\u00e9t k\u00e9pezik a Google Ads \u00e9s a Facebook rendszer\u00e9t egyar\u00e1nt haszn\u00e1l\u00f3 marketing hirdet\u00e9sek, illetve S\u00e1rv\u00e1r v\u00e1ros weboldal\u00e1n, valamint Facebook-oldal\u00e1n megjelen\u0151 tartalmak. Az online fel\u00fcleteken megjelen\u0151 kommunik\u00e1ci\u00f3s tev\u00e9kenys\u00e9gek mellett S\u00e1rv\u00e1r turisztikai attrakci\u00f3ir\u00f3l sz\u00f3r\u00f3anyagok (t\u00e9rk\u00e9pes kiadv\u00e1ny \u00e9s akt\u00edv turisztikai lehet\u0151s\u00e9geket bemutat\u00f3 b\u0151vebb kiadv\u00e1ny) gy\u00e1rt\u00e1sa t\u00f6rt\u00e9nik meg, amelyek a fejleszt\u00e9ssel \u00e9rintett ter\u00fclet k\u00f6rnyezet\u00e9ben m\u0171k\u00f6d\u0151 turisztikai szolg\u00e1ltat\u00f3kn\u00e1l ker\u00fclnek kihelyez\u00e9sre. A v\u00e1ros ker\u00e9kp\u00e1r\u00fat-h\u00e1l\u00f3zat\u00e1t bemutat\u00f3 ker\u00e9kp\u00e1ros t\u00e9rk\u00e9p meg\u00faj\u00edt\u00e1sa is megt\u00f6rt\u00e9nik, a projekt keret\u00e9ben meg\u00e9p\u00fcl\u0151, \u00e9s az id\u0151k\u00f6zben egy\u00e9b forr\u00e1sb\u00f3l k\u00e9sz\u00fclt szakaszok jel\u00f6l\u00e9s\u00e9vel. A marketing-tev\u00e9kenys\u00e9g\u00e9rt a Vas Megyei \u00d6nkorm\u00e1nyzati Hivatal a felel\u0151s.<\/span><\/p>\n<p style=\"text-align: justify;\"><span style=\"font-family: georgia, palatino, serif; font-size: 16px;\">A tervezett projekt hozz\u00e1j\u00e1rul a S\u00e1rv\u00e1rra \u00e9s a t\u00e9rs\u00e9gbe \u00e9rkez\u0151 l\u00e1togat\u00f3k sz\u00e1m\u00e1nak, tart\u00f3zkod\u00e1si idej\u00fck \u00e9s k\u00f6lt\u00e9s\u00fck n\u00f6veked\u00e9s\u00e9hez, mivel a projekt a a tart\u00f3zkod\u00e1si id\u0151 min\u0151s\u00e9gi, m\u00e9g sokr\u00e9t\u0171bb programokkal t\u00f6rt\u00e9n\u0151 elt\u00f6lt\u00e9s\u00e9t szolg\u00e1lja. A hazai \u00e9s nemzetk\u00f6zi tapasztalok is azt mutatj\u00e1k, hogy egy-egy jelent\u0151sebb turisztikai fejleszt\u00e9s egy\u00e9b fejleszt\u00e9seket is gener\u00e1l, amelyek \u00faj javak \u00e9s szolg\u00e1ltat\u00e1sok kibocs\u00e1t\u00e1s\u00e1hoz vezetnek. A projekt \u00e1ltal l\u00e9trehozott turisztikai ker\u00e9kp\u00e1rforgalmi l\u00e9tes\u00edtm\u00e9nyeket megl\u00e1togat\u00f3k egy\u00e9b, nem a projekthez kapcsol\u00f3d\u00f3 k\u00f6lt\u00e9sei S\u00e1rv\u00e1ron \u00e9s a k\u00f6rny\u00e9ken szint\u00e9n kedvez\u0151 hat\u00e1ssal lesznek a helyi v\u00e1llalkoz\u00e1sokra. A fenti hasznok realiz\u00e1l\u00e1sa szint\u00e9n hozz\u00e1j\u00e1rulhat a t\u00e1rsadalmi j\u00f3l\u00e9t n\u00f6vel\u00e9s\u00e9hez.<\/span><\/p>\n<p style=\"text-align: justify;\" data-anim=\"slide-up\"><span style=\"font-family: georgia, palatino, serif; font-size: 16px;\">Az \u00fcnnepi nyit\u00f3 rendezv\u00e9ny:<\/span><\/p>\n<div id='gallery-1' class='gallery galleryid-17810 gallery-columns-1 gallery-size-medium'><figure class='gallery-item'>\n\t\t\t<div class='gallery-icon landscape'>\n\t\t\t\t<a href='https:\/\/www.vasmegye.hu\/en\/szechenyiterv-plusz\/kerekparos-turisztikai-fejlesztesek-sarvaron\/sv2724\/'><img loading=\"lazy\" decoding=\"async\" width=\"300\" height=\"225\" src=\"https:\/\/www.vasmegye.hu\/wp-content\/uploads\/2023\/05\/sv2724-300x225.jpg\" class=\"attachment-medium size-medium\" alt=\"\" srcset=\"https:\/\/www.vasmegye.hu\/wp-content\/uploads\/2023\/05\/sv2724-300x225.jpg 300w, https:\/\/www.vasmegye.hu\/wp-content\/uploads\/2023\/05\/sv2724-1024x767.jpg 1024w, https:\/\/www.vasmegye.hu\/wp-content\/uploads\/2023\/05\/sv2724-768x575.jpg 768w, https:\/\/www.vasmegye.hu\/wp-content\/uploads\/2023\/05\/sv2724-16x12.jpg 16w, https:\/\/www.vasmegye.hu\/wp-content\/uploads\/2023\/05\/sv2724-800x600.jpg 800w, https:\/\/www.vasmegye.hu\/wp-content\/uploads\/2023\/05\/sv2724-50x37.jpg 50w, https:\/\/www.vasmegye.hu\/wp-content\/uploads\/2023\/05\/sv2724-100x75.jpg 100w, https:\/\/www.vasmegye.hu\/wp-content\/uploads\/2023\/05\/sv2724-500x375.jpg 500w, https:\/\/www.vasmegye.hu\/wp-content\/uploads\/2023\/05\/sv2724.jpg 1200w\" sizes=\"auto, (max-width: 300px) 100vw, 300px\" \/><\/a>\n\t\t\t<\/div><\/figure>\n\t\t<\/div>\n\n<div class=\"wp-block-image\" style=\"text-align: justify;\"><\/div>\n<p style=\"text-align: justify;\" data-anim=\"slide-up\"><span style=\"font-family: georgia, palatino, serif; font-size: 16px;\">A Tizeh\u00e1romv\u00e1ros utca burkolat\u00e1nak fel\u00faj\u00edt\u00e1s\u00e1nak \u00e9s ker\u00e9kp\u00e1ros nyom kijel\u00f6l\u00e9s\u00e9nek f\u00e9nyk\u00e9pei:<\/span><\/p>\n<div id='gallery-2' class='gallery galleryid-17810 gallery-columns-1 gallery-size-medium'><figure class='gallery-item'>\n\t\t\t<div class='gallery-icon landscape'>\n\t\t\t\t<a href='https:\/\/www.vasmegye.hu\/en\/szechenyiterv-plusz\/kerekparos-turisztikai-fejlesztesek-sarvaron\/sv2726\/'><img loading=\"lazy\" decoding=\"async\" width=\"300\" height=\"227\" src=\"https:\/\/www.vasmegye.hu\/wp-content\/uploads\/2023\/05\/sv2726-300x227.jpg\" class=\"attachment-medium size-medium\" alt=\"\" srcset=\"https:\/\/www.vasmegye.hu\/wp-content\/uploads\/2023\/05\/sv2726-300x227.jpg 300w, https:\/\/www.vasmegye.hu\/wp-content\/uploads\/2023\/05\/sv2726-1024x773.jpg 1024w, https:\/\/www.vasmegye.hu\/wp-content\/uploads\/2023\/05\/sv2726-768x580.jpg 768w, https:\/\/www.vasmegye.hu\/wp-content\/uploads\/2023\/05\/sv2726-16x12.jpg 16w, https:\/\/www.vasmegye.hu\/wp-content\/uploads\/2023\/05\/sv2726-50x38.jpg 50w, https:\/\/www.vasmegye.hu\/wp-content\/uploads\/2023\/05\/sv2726-100x76.jpg 100w, https:\/\/www.vasmegye.hu\/wp-content\/uploads\/2023\/05\/sv2726-500x378.jpg 500w, https:\/\/www.vasmegye.hu\/wp-content\/uploads\/2023\/05\/sv2726.jpg 1200w\" sizes=\"auto, (max-width: 300px) 100vw, 300px\" \/><\/a>\n\t\t\t<\/div><\/figure>\n\t\t<\/div>\n\n<div><\/div>\n<div class=\"wp-block-image\" style=\"text-align: justify;\"><span style=\"font-family: georgia, palatino, serif; font-size: 16px;\">\u00daj ker\u00e9kp\u00e1r\u00fat \u00e9p\u00edt\u00e9se a Vadkert k\u00f6r\u00fat \u00e9s a Zuhog\u00f3 utca k\u00f6z\u00f6tt a Gy\u00f6ngy\u00f6s m\u0171csatorna \u00e9szaki oldal\u00e1n haladva:<\/span><\/div>\n<div><\/div>\n<div><\/div>\n<div>\n<div id='gallery-3' class='gallery galleryid-17810 gallery-columns-1 gallery-size-medium'><figure class='gallery-item'>\n\t\t\t<div class='gallery-icon landscape'>\n\t\t\t\t<a href='https:\/\/www.vasmegye.hu\/wp-content\/uploads\/2025\/11\/Sarvar_kerekparut_foto1.jpg'><img loading=\"lazy\" decoding=\"async\" width=\"300\" height=\"66\" src=\"https:\/\/www.vasmegye.hu\/wp-content\/uploads\/2025\/11\/Sarvar_kerekparut_foto1-300x66.jpg\" class=\"attachment-medium size-medium\" alt=\"\" srcset=\"https:\/\/www.vasmegye.hu\/wp-content\/uploads\/2025\/11\/Sarvar_kerekparut_foto1-300x66.jpg 300w, https:\/\/www.vasmegye.hu\/wp-content\/uploads\/2025\/11\/Sarvar_kerekparut_foto1-1024x224.jpg 1024w, https:\/\/www.vasmegye.hu\/wp-content\/uploads\/2025\/11\/Sarvar_kerekparut_foto1-768x168.jpg 768w, https:\/\/www.vasmegye.hu\/wp-content\/uploads\/2025\/11\/Sarvar_kerekparut_foto1-18x4.jpg 18w, https:\/\/www.vasmegye.hu\/wp-content\/uploads\/2025\/11\/Sarvar_kerekparut_foto1-50x11.jpg 50w, https:\/\/www.vasmegye.hu\/wp-content\/uploads\/2025\/11\/Sarvar_kerekparut_foto1-100x22.jpg 100w, https:\/\/www.vasmegye.hu\/wp-content\/uploads\/2025\/11\/Sarvar_kerekparut_foto1-500x109.jpg 500w, https:\/\/www.vasmegye.hu\/wp-content\/uploads\/2025\/11\/Sarvar_kerekparut_foto1.jpg 1200w\" sizes=\"auto, (max-width: 300px) 100vw, 300px\" \/><\/a>\n\t\t\t<\/div><\/figure>\n\t\t<\/div>\n\n<\/div>\n<div><\/div>\n<div><span style=\"font-family: georgia, palatino, serif; font-size: 16px;\">Ker\u00e9kp\u00e1ros bej\u00e1r\u00e1s keret\u00e9ben adt\u00e1k \u00e1t a kertv\u00e1rosi ker\u00e9kp\u00e1rutat okt\u00f3ber 24-\u00e9n. A kertv\u00e1rosi ker\u00e9kp\u00e1r\u00fat \u00e9p\u00edt\u00e9s\u00e9re a Gy\u00f6ngy\u00f6s-m\u0171csatorna \u00e9szaki oldal\u00e1n, a Vadkert k\u00f6r\u00fat \u00e9s a Zuhog\u00f3 utca k\u00f6z\u00f6tt ker\u00fclt sor p\u00e1ly\u00e1zati forr\u00e1sb\u00f3l. R\u00f6vid id\u0151 alatt nagyon n\u00e9pszer\u0171 lett vil\u00e1g\u00edt\u00f3 aszfaltj\u00e1val a s\u00e1rv\u00e1riak k\u00f6r\u00e9ben.<\/span><\/div>\n<div><\/div>\n<div><\/div>\n<div>\n<div id='gallery-4' class='gallery galleryid-17810 gallery-columns-1 gallery-size-medium'><figure class='gallery-item'>\n\t\t\t<div class='gallery-icon landscape'>\n\t\t\t\t<a href='https:\/\/www.vasmegye.hu\/wp-content\/uploads\/2025\/11\/Sarvar_kerekparut_foto3.jpg'><img loading=\"lazy\" decoding=\"async\" width=\"300\" height=\"149\" src=\"https:\/\/www.vasmegye.hu\/wp-content\/uploads\/2025\/11\/Sarvar_kerekparut_foto3-300x149.jpg\" class=\"attachment-medium size-medium\" alt=\"\" srcset=\"https:\/\/www.vasmegye.hu\/wp-content\/uploads\/2025\/11\/Sarvar_kerekparut_foto3-300x149.jpg 300w, https:\/\/www.vasmegye.hu\/wp-content\/uploads\/2025\/11\/Sarvar_kerekparut_foto3-1024x509.jpg 1024w, https:\/\/www.vasmegye.hu\/wp-content\/uploads\/2025\/11\/Sarvar_kerekparut_foto3-768x382.jpg 768w, https:\/\/www.vasmegye.hu\/wp-content\/uploads\/2025\/11\/Sarvar_kerekparut_foto3-18x9.jpg 18w, https:\/\/www.vasmegye.hu\/wp-content\/uploads\/2025\/11\/Sarvar_kerekparut_foto3-640x320.jpg 640w, https:\/\/www.vasmegye.hu\/wp-content\/uploads\/2025\/11\/Sarvar_kerekparut_foto3-50x25.jpg 50w, https:\/\/www.vasmegye.hu\/wp-content\/uploads\/2025\/11\/Sarvar_kerekparut_foto3-100x50.jpg 100w, https:\/\/www.vasmegye.hu\/wp-content\/uploads\/2025\/11\/Sarvar_kerekparut_foto3-500x249.jpg 500w, https:\/\/www.vasmegye.hu\/wp-content\/uploads\/2025\/11\/Sarvar_kerekparut_foto3.jpg 1200w\" sizes=\"auto, (max-width: 300px) 100vw, 300px\" \/><\/a>\n\t\t\t<\/div><\/figure>\n\t\t<\/div>\n\n<\/div>\n<p style=\"text-align: justify;\"><span style=\"font-family: georgia, palatino, serif; font-size: 16px;\">A p\u00e1ly\u00e1zat projektmenedzsmentje a Vas V\u00e1rmegyei \u00d6nkorm\u00e1nyzati Hivatallal k\u00f6z\u00f6sen, annak konzorciumi partners\u00e9ge mellett val\u00f3sul meg.<\/span><\/p>","protected":false},"excerpt":{"rendered":"A projekt az Eur\u00f3pai Uni\u00f3 \u00e1ltal biztos\u00edtott 374 milli\u00f3 forint vissza nem t\u00e9r\u00edtend\u0151 t\u00e1mogat\u00e1ssal, a Sz\u00e9chenyi Terv Plusz program keret\u00e9ben val\u00f3sul meg. A projekt akt\u00edv turizmushoz kapcsol\u00f3d\u00f3 fejleszt\u00e9seket c\u00e9loz meg. Ennek keret\u00e9ben \u00f6n\u00e1ll\u00f3an t\u00e1mogathat\u00f3 tev\u00e9kenys\u00e9gk\u00e9nt tervezett a ker\u00e9kp\u00e1ros turizmus fejleszt\u00e9se. A ker\u00e9kp\u00e1ros-turisztikai fejleszt\u00e9s f\u0151bb c\u00e9lja: ker\u00e9kp\u00e1r\u00fat l\u00e9tes\u00edt\u00e9se a Gy\u00f6ngy\u00f6s-m\u0171csatorna \u00e9szaki partj\u00e1val p\u00e1rhuzamos nyomvonalon a Vadkert [...]","protected":false},"featured_media":16057,"parent":0,"menu_order":0,"template":"","szechenyi_terv_plusz":[342],"class_list":["post-17810","szechenyiterv-plusz","type-szechenyiterv-plusz","status-publish","has-post-thumbnail","hentry","szechenyi_terv_plusz-top_plusz-1-1-3-21-helyi-es-tersegi-turizmusfejlesztes","floatton-article"],"ptb_metabox":{"ptb_kedvezmenyezett_neve_":"S\u00e1rv\u00e1r V\u00e1ros \u00d6nkorm\u00e1nyzata","ptb_a_projekt_cime_":"Ker\u00e9kp\u00e1ros-turisztikai fejleszt\u00e9sek S\u00e1rv\u00e1ron","ptb_szerzodott_tamogatas_osszege_":"374 999 998 Ft","ptb_a_tamogatas_merteke_":"100%","ptb_a_projekt_tervezett_befejezesi_datuma_":"2024.09.30.","ptb_projekt_azonositoszama_":"TOP_PLUSZ-1.1.3-21-VS1-2022-00001","ptb_let_lthet_file_ok_":{"url":[""],"title":[""]}},"ptb_taxonomy":{"szechenyi_terv_plusz":[{"term_id":342,"name":"TOP_Plusz-1.1.3-21 Helyi \u00e9s t\u00e9rs\u00e9gi turizmusfejleszt\u00e9s","slug":"top_plusz-1-1-3-21-helyi-es-tersegi-turizmusfejlesztes","term_group":0,"term_taxonomy_id":342,"taxonomy":"szechenyi_terv_plusz","description":"","parent":0,"count":3,"filter":"raw","term_order":"0"}]},"ptb_featured_image":{"url":"https:\/\/www.vasmegye.hu\/wp-content\/uploads\/2022\/04\/MFF-kedvezmenyezetti-infoblokk-keretes-1.jpg","title":"MFF kedvezm\u00e9nyezetti inf\u00f3blokk keretes-1","caption":""},"_links":{"self":[{"href":"https:\/\/www.vasmegye.hu\/en\/wp-json\/wp\/v2\/szechenyiterv-plusz\/17810","targetHints":{"allow":["GET"]}}],"collection":[{"href":"https:\/\/www.vasmegye.hu\/en\/wp-json\/wp\/v2\/szechenyiterv-plusz"}],"about":[{"href":"https:\/\/www.vasmegye.hu\/en\/wp-json\/wp\/v2\/types\/szechenyiterv-plusz"}],"version-history":[{"count":15,"href":"https:\/\/www.vasmegye.hu\/en\/wp-json\/wp\/v2\/szechenyiterv-plusz\/17810\/revisions"}],"predecessor-version":[{"id":26353,"href":"https:\/\/www.vasmegye.hu\/en\/wp-json\/wp\/v2\/szechenyiterv-plusz\/17810\/revisions\/26353"}],"wp:featuredmedia":[{"embeddable":true,"href":"https:\/\/www.vasmegye.hu\/en\/wp-json\/wp\/v2\/media\/16057"}],"wp:attachment":[{"href":"https:\/\/www.vasmegye.hu\/en\/wp-json\/wp\/v2\/media?parent=17810"}],"wp:term":[{"taxonomy":"szechenyi_terv_plusz","embeddable":true,"href":"https:\/\/www.vasmegye.hu\/en\/wp-json\/wp\/v2\/szechenyi_terv_plusz?post=17810"}],"curies":[{"name":"wp","href":"https:\/\/api.w.org\/{rel}","templated":true}]}}