{"id":17102,"date":"2023-05-12T10:33:25","date_gmt":"2023-05-12T08:33:25","guid":{"rendered":"https:\/\/www.vasmegye.hu\/?post_type=szechenyiterv-plusz&#038;p=17102"},"modified":"2025-07-16T09:23:53","modified_gmt":"2025-07-16T07:23:53","slug":"orallo-termeszeti-kilato-es-az-orseg-arpadkori-epitett-oroksegeit-bemutato-tanosveny","status":"publish","type":"szechenyiterv-plusz","link":"https:\/\/www.vasmegye.hu\/en\/szechenyiterv-plusz\/orallo-termeszeti-kilato-es-az-orseg-arpadkori-epitett-oroksegeit-bemutato-tanosveny\/","title":{"rendered":"\u201e\u0150r\u00e1ll\u00f3\u201d term\u00e9szeti kil\u00e1t\u00f3 \u00e9s az \u0150rs\u00e9g \u00e1rp\u00e1dkori \u00e9p\u00edtett \u00f6r\u00f6ks\u00e9geit bemutat\u00f3 tan\u00f6sv\u00e9ny"},"content":{"rendered":"<p style=\"text-align: justify;\"><span style=\"font-family: georgia, palatino, serif;\"><!--more--><\/span><\/p>\n<p style=\"text-align: justify;\"><span style=\"font-family: georgia, palatino, serif;\">A projekt az Eur\u00f3pai Uni\u00f3 \u00e1ltal biztos\u00edtott 199 994 815 forint vissza nem t\u00e9r\u00edtend\u0151 t\u00e1mogat\u00e1ssal, a Sz\u00e9chenyi Terv Plusz program keret\u00e9ben val\u00f3sul meg.<\/span><\/p>\n<p style=\"text-align: justify;\"><span style=\"font-family: georgia, palatino, serif;\">A projekt els\u0151 sz\u00e1m\u00fa c\u00e9lja \u0150riszentp\u00e9teren bel\u00fcl az akt\u00edv \u00e9s kultur\u00e1lis turizmus fejleszt\u00e9se egy term\u00e9szeti kil\u00e1t\u00f3, egy kultur\u00e1lis tan\u00f6sv\u00e9ny, gyalogutak \u00e9s kiszolg\u00e1l\u00f3 l\u00e9tes\u00edtm\u00e9nyek kialak\u00edt\u00e1s\u00e1val, illetve az ig\u00e9nybe vehet\u0151 szolg\u00e1ltat\u00e1sok sz\u00e1m\u00e1nak n\u00f6vel\u00e9se \u00e9s min\u0151s\u00e9g\u00e9nek jav\u00edt\u00e1sa a t\u00e9rs\u00e9gi turisztikai k\u00edn\u00e1latban val\u00f3 megjelen\u00edt\u00e9se, akt\u00edv turisztikai kiaj\u00e1nl\u00f3 szolg\u00e1ltat\u00e1s, egys\u00e9ges arculat kialak\u00edt\u00e1sa.<\/span><\/p>\n<p style=\"text-align: justify;\"><span style=\"font-family: georgia, palatino, serif;\">A projekt tov\u00e1bbi c\u00e9lkit\u0171z\u00e9se a term\u00e9szetj\u00e1r\u00f3 \u00e9s a ker\u00e9kp\u00e1ros akt\u00edv turizmus, valamint a kultur\u00e1lis turizmus harmonikus \u00f6sszek\u00f6t\u00e9se, a k\u00e9t turisztikai c\u00e9lcsoport k\u00f6lcs\u00f6n\u00f6s er\u0151s\u00edt\u00e9se. A tervezett \u0150r\u00e1ll\u00f3 kil\u00e1t\u00f3 \u00e9s az azt k\u00f6r\u00fclvev\u0151 gyalogos tan\u00f6sv\u00e9ny lehet\u0151s\u00e9get ny\u00fajt az al\u00e1bbi c\u00e9lok el\u00e9r\u00e9s\u00e9re:<\/span><\/p>\n<ul style=\"text-align: justify;\">\n<li><span style=\"font-family: georgia, palatino, serif;\">a hagyom\u00e1nyos t\u00fara\u00fatvonal kultur\u00e1lis t\u00f6bblettartalommal val\u00f3 felt\u00f6lt\u00e9se;<\/span><\/li>\n<li><span style=\"font-family: georgia, palatino, serif;\">konkr\u00e9t gyalogos t\u00fara\u00fatvonalak \u00e9s tematikus (\u00e9p\u00edtett \u00e9s term\u00e9szeti \u00f6r\u00f6ks\u00e9g) desztin\u00e1ci\u00f3k kiaj\u00e1nl\u00e1sa;<\/span><\/li>\n<li><span style=\"font-family: georgia, palatino, serif;\">ker\u00e9kp\u00e1rt\u00fara \u00fatvonalon, \u00e9rkez\u00e9si ponton egy ingyenes v\u00edzv\u00e9teli lehet\u0151s\u00e9get \u00e9s szerv\u00edzoszlopot is mag\u00e1ban foglal\u00f3 ker\u00e9kp\u00e1ros meg\u00e1ll\u00f3hely kialak\u00edt\u00e1sa;<\/span><\/li>\n<li><span style=\"font-family: georgia, palatino, serif;\">akad\u00e1lymentes mozg\u00e1skorl\u00e1tozott parkol\u00f3 kialak\u00edt\u00e1sa;<\/span><\/li>\n<li><span style=\"font-family: georgia, palatino, serif;\">konkr\u00e9t tematikus (\u00e9p\u00edtett \u00e9s term\u00e9szeti \u00f6r\u00f6ks\u00e9g) ker\u00e9kp\u00e1ros t\u00fara\u00fatvonalak kiaj\u00e1nl\u00e1sa;<\/span><\/li>\n<li><span style=\"font-family: georgia, palatino, serif;\">a csaknem 20 m\u00e9ter magas, fa szerkezet\u0171 kil\u00e1t\u00f3 l\u00e9tes\u00edt\u00e9se, mely \u00e1ltal a term\u00e9szeti \u00e9rt\u00e9kek \u00e9s a k\u00f6rnyez\u0151 t\u00e1j mad\u00e1rt\u00e1vlatb\u00f3l mutathat\u00f3 be;<\/span><\/li>\n<li><span style=\"font-family: georgia, palatino, serif;\">gyalogos \u00fatvonal \u00e9s ezen bel\u00fcl h\u00edd kialak\u00edt\u00e1sa a templomdomb \u00e9s a gyalogos\u00f6sv\u00e9ny k\u00f6z\u00f6tt, \u00e1t\u00edvelve a v\u00e1r\u00e1rkot;<\/span><\/li>\n<li><span style=\"font-family: georgia, palatino, serif;\">az akad\u00e1lymentes parkol\u00f3t\u00f3l a szint\u00e9n akad\u00e1lymentes\u00edtett vizesblokkig egy akad\u00e1lymentes gyalog\u00fat kialak\u00edt\u00e1sa \u00e1thidal\u00e1ssal egy\u00fctt;<\/span><\/li>\n<li><span style=\"font-family: georgia, palatino, serif;\">a megl\u00e9v\u0151 vizesblokk fel\u00faj\u00edt\u00e1sa \u00e9s akad\u00e1lymentes\u00edt\u00e9se.<\/span><\/li>\n<\/ul>\n<p style=\"text-align: justify;\"><span style=\"font-family: georgia, palatino, serif;\">Az akt\u00edv turizmus \u00e9rdek\u00e9ben a tervezett g\u00e9pj\u00e1rm\u0171parkol\u00f3 mellett egy ker\u00e9kp\u00e1r t\u00e1rol\u00f3, a t\u00fara\u00fatvonalon pedig t\u00f6bb pihen\u0151hely is kialak\u00edt\u00e1sra ker\u00fcl. A term\u00e9szetj\u00e1r\u00f3 turizmust er\u0151s\u00edtend\u0151 mag\u00e1t a tematikus \u00f6sv\u00e9nyt, a Keser\u0171szerr\u0151l indul\u00f3 t\u00fara\u00fatvonalba illeszten\u00e9nk, \u00edgy az integr\u00e1ns r\u00e9sz\u00e9v\u00e9 v\u00e1lik a k\u00f6rnyez\u0151 \u00fatvonalaknak.<\/span><\/p>\n<p style=\"text-align: justify;\"><span style=\"font-family: georgia, palatino, serif;\">A projekt keret\u00e9ben tervezett kil\u00e1t\u00f3 enged\u00e9lyes- \u00e9s kiviteli szint\u0171 tervdokument\u00e1ci\u00f3ja elk\u00e9sz\u00fclt, valamint a sz\u00fcks\u00e9ges \u00e9p\u00edt\u00e9si enged\u00e9lyt az illet\u00e9kes \u00e9p\u00edt\u00e9s\u00fcgyi hat\u00f3s\u00e1g ki\u00e1ll\u00edtotta.<\/span><\/p>\n<p style=\"text-align: justify;\"><span style=\"font-family: georgia, palatino, serif;\">A Vas V\u00e1rmegyei \u00d6nkorm\u00e1nyzati Hivatal, mint konzorciumi tag l\u00e1tja el a projektmenedzsmenti feladatokat saj\u00e1t teljes\u00edt\u00e9sben.<\/span><\/p>","protected":false},"excerpt":{"rendered":"A projekt az Eur\u00f3pai Uni\u00f3 \u00e1ltal biztos\u00edtott 199 994 815 forint vissza nem t\u00e9r\u00edtend\u0151 t\u00e1mogat\u00e1ssal, a Sz\u00e9chenyi Terv Plusz program keret\u00e9ben val\u00f3sul meg. A projekt els\u0151 sz\u00e1m\u00fa c\u00e9lja \u0150riszentp\u00e9teren bel\u00fcl az akt\u00edv \u00e9s kultur\u00e1lis turizmus fejleszt\u00e9se egy term\u00e9szeti kil\u00e1t\u00f3, egy kultur\u00e1lis tan\u00f6sv\u00e9ny, gyalogutak \u00e9s kiszolg\u00e1l\u00f3 l\u00e9tes\u00edtm\u00e9nyek kialak\u00edt\u00e1s\u00e1val, illetve az ig\u00e9nybe vehet\u0151 szolg\u00e1ltat\u00e1sok sz\u00e1m\u00e1nak n\u00f6vel\u00e9se \u00e9s [...]","protected":false},"featured_media":16057,"parent":0,"menu_order":0,"template":"","szechenyi_terv_plusz":[342],"class_list":["post-17102","szechenyiterv-plusz","type-szechenyiterv-plusz","status-publish","has-post-thumbnail","hentry","szechenyi_terv_plusz-top_plusz-1-1-3-21-helyi-es-tersegi-turizmusfejlesztes","floatton-article"],"ptb_metabox":{"ptb_kedvezmenyezett_neve_":"\u0150riszentp\u00e9ter V\u00e1ros \u00d6nkorm\u00e1nyzata","ptb_a_projekt_cime_":"\u201e\u0150r\u00e1ll\u00f3\u201d term\u00e9szeti kil\u00e1t\u00f3 \u00e9s az \u0150rs\u00e9g \u00e1rp\u00e1dkori \u00e9p\u00edtett \u00f6r\u00f6ks\u00e9geit bemutat\u00f3 tan\u00f6sv\u00e9ny","ptb_szerzodott_tamogatas_osszege_":"199 994 815 Ft","ptb_a_tamogatas_merteke_":"100%","ptb_a_projekt_tervezett_befejezesi_datuma_":"2026.01.31.","ptb_projekt_azonositoszama_":"TOP_PLUSZ-1.1.3-21-VS1-2022-00010","ptb_let_lthet_file_ok_":{"url":[""],"title":[""]}},"ptb_taxonomy":{"szechenyi_terv_plusz":[{"term_id":342,"name":"TOP_Plusz-1.1.3-21 Helyi \u00e9s t\u00e9rs\u00e9gi turizmusfejleszt\u00e9s","slug":"top_plusz-1-1-3-21-helyi-es-tersegi-turizmusfejlesztes","term_group":0,"term_taxonomy_id":342,"taxonomy":"szechenyi_terv_plusz","description":"","parent":0,"count":3,"filter":"raw","term_order":"0"}]},"ptb_featured_image":{"url":"https:\/\/www.vasmegye.hu\/wp-content\/uploads\/2022\/04\/MFF-kedvezmenyezetti-infoblokk-keretes-1.jpg","title":"MFF kedvezm\u00e9nyezetti inf\u00f3blokk keretes-1","caption":""},"_links":{"self":[{"href":"https:\/\/www.vasmegye.hu\/en\/wp-json\/wp\/v2\/szechenyiterv-plusz\/17102","targetHints":{"allow":["GET"]}}],"collection":[{"href":"https:\/\/www.vasmegye.hu\/en\/wp-json\/wp\/v2\/szechenyiterv-plusz"}],"about":[{"href":"https:\/\/www.vasmegye.hu\/en\/wp-json\/wp\/v2\/types\/szechenyiterv-plusz"}],"version-history":[{"count":7,"href":"https:\/\/www.vasmegye.hu\/en\/wp-json\/wp\/v2\/szechenyiterv-plusz\/17102\/revisions"}],"predecessor-version":[{"id":25475,"href":"https:\/\/www.vasmegye.hu\/en\/wp-json\/wp\/v2\/szechenyiterv-plusz\/17102\/revisions\/25475"}],"wp:featuredmedia":[{"embeddable":true,"href":"https:\/\/www.vasmegye.hu\/en\/wp-json\/wp\/v2\/media\/16057"}],"wp:attachment":[{"href":"https:\/\/www.vasmegye.hu\/en\/wp-json\/wp\/v2\/media?parent=17102"}],"wp:term":[{"taxonomy":"szechenyi_terv_plusz","embeddable":true,"href":"https:\/\/www.vasmegye.hu\/en\/wp-json\/wp\/v2\/szechenyi_terv_plusz?post=17102"}],"curies":[{"name":"wp","href":"https:\/\/api.w.org\/{rel}","templated":true}]}}