{"id":17092,"date":"2023-03-09T10:46:47","date_gmt":"2023-03-09T08:46:47","guid":{"rendered":"https:\/\/www.vasmegye.hu\/?post_type=szechenyiterv-plusz&#038;p=17092"},"modified":"2025-12-16T16:17:42","modified_gmt":"2025-12-16T14:17:42","slug":"a-vasszecsenyi-betegellatasi-kozpont-fejlesztese","status":"publish","type":"szechenyiterv-plusz","link":"https:\/\/www.vasmegye.hu\/en\/szechenyiterv-plusz\/a-vasszecsenyi-betegellatasi-kozpont-fejlesztese\/","title":{"rendered":"A vassz\u00e9csenyi betegell\u00e1t\u00e1si k\u00f6zpont fejleszt\u00e9se"},"content":{"rendered":"<p style=\"text-align: justify;\"><span style=\"font-family: georgia, palatino, serif; font-size: 16px;\"><!--more--><\/span><\/p>\n<p style=\"text-align: justify;\"><span style=\"font-family: georgia, palatino, serif; font-size: 16px;\">A projekt az Eur\u00f3pai Uni\u00f3 \u00e1ltal biztos\u00edtott 200 milli\u00f3 forint vissza nem t\u00e9r\u00edtend\u0151 t\u00e1mogat\u00e1ssal, a Sz\u00e9chenyi Terv Plusz program keret\u00e9ben val\u00f3sult meg.<\/span><\/p>\n<p style=\"text-align: justify;\"><span style=\"font-family: georgia, palatino, serif; font-size: 16px;\">A projekt c\u00e9lja Vassz\u00e9cseny k\u00f6zs\u00e9g \u00e9s a vonz\u00e1sk\u00f6rzet\u00e9t ad\u00f3 Csempeszkop\u00e1cs \u00e9s Tanakajd k\u00f6zs\u00e9gek eg\u00e9szs\u00e9g\u00fcgyi alapell\u00e1t\u00e1sainak szolg\u00e1ltat\u00e1sfejleszt\u00e9se a telep\u00fcl\u00e9s volt orvosi rendel\u0151j\u00e9nek fel\u00faj\u00edt\u00e1sa, korszer\u0171s\u00edt\u00e9se r\u00e9v\u00e9n. A beruh\u00e1z\u00e1s nemcsak az eg\u00e9szs\u00e9g\u00fcgyi ell\u00e1t\u00e1s min\u0151s\u00e9g\u00e9nek jav\u00edt\u00e1s\u00e1t szolg\u00e1lja, hanem hozz\u00e1j\u00e1rul a t\u00e9rs\u00e9g lakoss\u00e1g\u00e1nak helyben tart\u00e1s\u00e1hoz is. A korszer\u0171bb infrastrukt\u00fara er\u0151s\u00edti a helyi k\u00f6z\u00f6ss\u00e9gek \u00f6sszetart\u00e1s\u00e1t, \u00e9s hossz\u00fa t\u00e1von t\u00e1mogatja a telep\u00fcl\u00e9sek \u00e9lhet\u0151s\u00e9g\u00e9nek n\u00f6vel\u00e9s\u00e9t.<\/span><\/p>\n<p style=\"text-align: justify;\"><span style=\"font-family: georgia, palatino, serif; font-size: 16px;\">A projektnek k\u00f6sz\u00f6nhet\u0151en meg\u00fajul a Sz\u00e9chenyi utca 25. sz\u00e1m alatt tal\u00e1lhat\u00f3 vassz\u00e9csenyi Eg\u00e9szs\u00e9gh\u00e1z \u00e9p\u00fclete, amely a 2010-es \u00e9vek k\u00f6zep\u00e9ig tudott helyet biztos\u00edtani a telep\u00fcl\u00e9sen el\u00e9rhet\u0151 eg\u00e9sz\u00e9szs\u00e9g\u00fcgyi alapszolg\u00e1ltat\u00e1soknak. Az \u00e1talak\u00edt\u00e1st k\u00f6vet\u0151en az \u00e9p\u00fcletben kap helyet a h\u00e1zi- \u00e9s gyermekorvosi rendel\u0151, v\u00e9rv\u00e9teli helyis\u00e9g, n\u00e9gyszemk\u00f6zti helyis\u00e9g, v\u00e9d\u0151n\u0151i tan\u00e1csad\u00f3 \u00e9s az adminisztr\u00e1ci\u00f3s \u00e9s egy\u00e9b kiszolg\u00e1l\u00f3 helyis\u00e9gek. Az ell\u00e1t\u00e1sra \u00e9rkez\u0151k sz\u00e1m\u00e1ra k\u00e9t v\u00e1r\u00f3helyis\u00e9g, akad\u00e1lymentes\u00edtett helyis\u00e9gek, a gyermekes csal\u00e1dok r\u00e9sz\u00e9re j\u00e1tsz\u00f3sarok \u00e1ll rendelkez\u00e9sre.<\/span><\/p>\n<p style=\"text-align: justify;\"><span style=\"font-family: georgia, palatino, serif; font-size: 16px;\">A beruh\u00e1z\u00e1s eredm\u00e9nyek\u00e9ppen Vassz\u00e9cseny \u00e9s vonz\u00e1sk\u00f6rzete lakoss\u00e1ga egy \u00faj, akad\u00e1lymentes\u00edtett \u00e9s energetikailag korszer\u0171s\u00edtett eg\u00e9szs\u00e9gh\u00e1z \u00e9p\u00fclet\u00e9ben \u00e9rheti el a feln\u0151tt- \u00e9s gyermekorvosi ell\u00e1t\u00e1st \u00e9s a v\u00e9d\u0151n\u0151i szolg\u00e1latot.<\/span><\/p>\n<p style=\"text-align: justify;\"><span style=\"font-family: georgia, palatino, serif; font-size: 16px;\">Vassz\u00e9cseny K\u00f6zs\u00e9g \u00d6nkorm\u00e1nyzata eredm\u00e9nyes k\u00f6zbeszerz\u00e9si elj\u00e1r\u00e1st folytatott le betegell\u00e1t\u00e1si k\u00f6zpont fejleszt\u00e9se t\u00e1rgy\u00e1ban. A nyertes aj\u00e1nlattev\u0151 LE-KO \u00c9p\u00edt\u0151ipari Kft-vel 2024. j\u00falius 15-\u00e9n k\u00f6t\u00f6tt szerz\u0151d\u00e9st az \u00f6nkorm\u00e1nyzat, ezzel egyidej\u0171leg a beruh\u00e1z\u00e1s lebonyol\u00edt\u00e1sa is megkezd\u0151d\u00f6tt. <\/span><\/p>\n<div id='gallery-1' class='gallery galleryid-17092 gallery-columns-4 gallery-size-thumbnail'><figure class='gallery-item'>\n\t\t\t<div class='gallery-icon landscape'>\n\t\t\t\t<a href='https:\/\/www.vasmegye.hu\/en\/szechenyiterv-plusz\/a-vasszecsenyi-betegellatasi-kozpont-fejlesztese\/20240321_134516_kommunikacio\/'><img loading=\"lazy\" decoding=\"async\" width=\"150\" height=\"150\" src=\"https:\/\/www.vasmegye.hu\/wp-content\/uploads\/2023\/03\/20240321_134516_kommunikacio-150x150.jpg\" class=\"attachment-thumbnail size-thumbnail\" alt=\"\" srcset=\"https:\/\/www.vasmegye.hu\/wp-content\/uploads\/2023\/03\/20240321_134516_kommunikacio-150x150.jpg 150w, https:\/\/www.vasmegye.hu\/wp-content\/uploads\/2023\/03\/20240321_134516_kommunikacio-260x260.jpg 260w, https:\/\/www.vasmegye.hu\/wp-content\/uploads\/2023\/03\/20240321_134516_kommunikacio-300x300.jpg 300w, https:\/\/www.vasmegye.hu\/wp-content\/uploads\/2023\/03\/20240321_134516_kommunikacio-640x640.jpg 640w, https:\/\/www.vasmegye.hu\/wp-content\/uploads\/2023\/03\/20240321_134516_kommunikacio-800x800.jpg 800w, https:\/\/www.vasmegye.hu\/wp-content\/uploads\/2023\/03\/20240321_134516_kommunikacio-45x45.jpg 45w\" sizes=\"auto, (max-width: 150px) 100vw, 150px\" \/><\/a>\n\t\t\t<\/div><\/figure><figure class='gallery-item'>\n\t\t\t<div class='gallery-icon landscape'>\n\t\t\t\t<a href='https:\/\/www.vasmegye.hu\/en\/szechenyiterv-plusz\/a-vasszecsenyi-betegellatasi-kozpont-fejlesztese\/20240321_134700_kommunikacio\/'><img loading=\"lazy\" decoding=\"async\" width=\"150\" height=\"150\" src=\"https:\/\/www.vasmegye.hu\/wp-content\/uploads\/2023\/03\/20240321_134700_kommunikacio-150x150.jpg\" class=\"attachment-thumbnail size-thumbnail\" alt=\"\" srcset=\"https:\/\/www.vasmegye.hu\/wp-content\/uploads\/2023\/03\/20240321_134700_kommunikacio-150x150.jpg 150w, https:\/\/www.vasmegye.hu\/wp-content\/uploads\/2023\/03\/20240321_134700_kommunikacio-260x260.jpg 260w, https:\/\/www.vasmegye.hu\/wp-content\/uploads\/2023\/03\/20240321_134700_kommunikacio-300x300.jpg 300w, https:\/\/www.vasmegye.hu\/wp-content\/uploads\/2023\/03\/20240321_134700_kommunikacio-640x640.jpg 640w, https:\/\/www.vasmegye.hu\/wp-content\/uploads\/2023\/03\/20240321_134700_kommunikacio-800x800.jpg 800w, https:\/\/www.vasmegye.hu\/wp-content\/uploads\/2023\/03\/20240321_134700_kommunikacio-45x45.jpg 45w\" sizes=\"auto, (max-width: 150px) 100vw, 150px\" \/><\/a>\n\t\t\t<\/div><\/figure><figure class='gallery-item'>\n\t\t\t<div class='gallery-icon landscape'>\n\t\t\t\t<a href='https:\/\/www.vasmegye.hu\/en\/szechenyiterv-plusz\/a-vasszecsenyi-betegellatasi-kozpont-fejlesztese\/20240321_134736_kommunikacio\/'><img loading=\"lazy\" decoding=\"async\" width=\"150\" height=\"150\" src=\"https:\/\/www.vasmegye.hu\/wp-content\/uploads\/2023\/03\/20240321_134736_kommunikacio-150x150.jpg\" class=\"attachment-thumbnail size-thumbnail\" alt=\"\" srcset=\"https:\/\/www.vasmegye.hu\/wp-content\/uploads\/2023\/03\/20240321_134736_kommunikacio-150x150.jpg 150w, https:\/\/www.vasmegye.hu\/wp-content\/uploads\/2023\/03\/20240321_134736_kommunikacio-260x260.jpg 260w, https:\/\/www.vasmegye.hu\/wp-content\/uploads\/2023\/03\/20240321_134736_kommunikacio-300x300.jpg 300w, https:\/\/www.vasmegye.hu\/wp-content\/uploads\/2023\/03\/20240321_134736_kommunikacio-640x640.jpg 640w, https:\/\/www.vasmegye.hu\/wp-content\/uploads\/2023\/03\/20240321_134736_kommunikacio-800x800.jpg 800w, https:\/\/www.vasmegye.hu\/wp-content\/uploads\/2023\/03\/20240321_134736_kommunikacio-45x45.jpg 45w\" sizes=\"auto, (max-width: 150px) 100vw, 150px\" \/><\/a>\n\t\t\t<\/div><\/figure><figure class='gallery-item'>\n\t\t\t<div class='gallery-icon landscape'>\n\t\t\t\t<a href='https:\/\/www.vasmegye.hu\/en\/szechenyiterv-plusz\/a-vasszecsenyi-betegellatasi-kozpont-fejlesztese\/20240321_134827_kommunikacio\/'><img loading=\"lazy\" decoding=\"async\" width=\"150\" height=\"150\" src=\"https:\/\/www.vasmegye.hu\/wp-content\/uploads\/2023\/03\/20240321_134827_kommunikacio-150x150.jpg\" class=\"attachment-thumbnail size-thumbnail\" alt=\"\" srcset=\"https:\/\/www.vasmegye.hu\/wp-content\/uploads\/2023\/03\/20240321_134827_kommunikacio-150x150.jpg 150w, https:\/\/www.vasmegye.hu\/wp-content\/uploads\/2023\/03\/20240321_134827_kommunikacio-260x260.jpg 260w, https:\/\/www.vasmegye.hu\/wp-content\/uploads\/2023\/03\/20240321_134827_kommunikacio-300x300.jpg 300w, https:\/\/www.vasmegye.hu\/wp-content\/uploads\/2023\/03\/20240321_134827_kommunikacio-640x640.jpg 640w, https:\/\/www.vasmegye.hu\/wp-content\/uploads\/2023\/03\/20240321_134827_kommunikacio-800x800.jpg 800w, https:\/\/www.vasmegye.hu\/wp-content\/uploads\/2023\/03\/20240321_134827_kommunikacio-45x45.jpg 45w\" sizes=\"auto, (max-width: 150px) 100vw, 150px\" \/><\/a>\n\t\t\t<\/div><\/figure>\n\t\t<\/div>\n\n<p>A kivitelez\u00e9si munk\u00e1k a tervezett \u00fctemez\u00e9s szerint haladtak.<\/p>\n<div id='gallery-2' class='gallery galleryid-17092 gallery-columns-4 gallery-size-thumbnail'><figure class='gallery-item'>\n\t\t\t<div class='gallery-icon landscape'>\n\t\t\t\t<a href='https:\/\/www.vasmegye.hu\/en\/szechenyiterv-plusz\/a-vasszecsenyi-betegellatasi-kozpont-fejlesztese\/20241009_101603_kommunikacio\/'><img loading=\"lazy\" decoding=\"async\" width=\"150\" height=\"150\" src=\"https:\/\/www.vasmegye.hu\/wp-content\/uploads\/2023\/03\/20241009_101603_kommunikacio-150x150.jpg\" class=\"attachment-thumbnail size-thumbnail\" alt=\"\" srcset=\"https:\/\/www.vasmegye.hu\/wp-content\/uploads\/2023\/03\/20241009_101603_kommunikacio-150x150.jpg 150w, https:\/\/www.vasmegye.hu\/wp-content\/uploads\/2023\/03\/20241009_101603_kommunikacio-260x260.jpg 260w, https:\/\/www.vasmegye.hu\/wp-content\/uploads\/2023\/03\/20241009_101603_kommunikacio-300x300.jpg 300w, https:\/\/www.vasmegye.hu\/wp-content\/uploads\/2023\/03\/20241009_101603_kommunikacio-640x640.jpg 640w, https:\/\/www.vasmegye.hu\/wp-content\/uploads\/2023\/03\/20241009_101603_kommunikacio-800x800.jpg 800w, https:\/\/www.vasmegye.hu\/wp-content\/uploads\/2023\/03\/20241009_101603_kommunikacio-45x45.jpg 45w\" sizes=\"auto, (max-width: 150px) 100vw, 150px\" \/><\/a>\n\t\t\t<\/div><\/figure><figure class='gallery-item'>\n\t\t\t<div class='gallery-icon portrait'>\n\t\t\t\t<a href='https:\/\/www.vasmegye.hu\/en\/szechenyiterv-plusz\/a-vasszecsenyi-betegellatasi-kozpont-fejlesztese\/20241009_101623_kommunikacio\/'><img loading=\"lazy\" decoding=\"async\" width=\"150\" height=\"150\" src=\"https:\/\/www.vasmegye.hu\/wp-content\/uploads\/2023\/03\/20241009_101623_kommunikacio-150x150.jpg\" class=\"attachment-thumbnail size-thumbnail\" alt=\"\" srcset=\"https:\/\/www.vasmegye.hu\/wp-content\/uploads\/2023\/03\/20241009_101623_kommunikacio-150x150.jpg 150w, https:\/\/www.vasmegye.hu\/wp-content\/uploads\/2023\/03\/20241009_101623_kommunikacio-260x260.jpg 260w, https:\/\/www.vasmegye.hu\/wp-content\/uploads\/2023\/03\/20241009_101623_kommunikacio-300x300.jpg 300w, https:\/\/www.vasmegye.hu\/wp-content\/uploads\/2023\/03\/20241009_101623_kommunikacio-640x640.jpg 640w, https:\/\/www.vasmegye.hu\/wp-content\/uploads\/2023\/03\/20241009_101623_kommunikacio-800x800.jpg 800w, https:\/\/www.vasmegye.hu\/wp-content\/uploads\/2023\/03\/20241009_101623_kommunikacio-45x45.jpg 45w\" sizes=\"auto, (max-width: 150px) 100vw, 150px\" \/><\/a>\n\t\t\t<\/div><\/figure><figure class='gallery-item'>\n\t\t\t<div class='gallery-icon landscape'>\n\t\t\t\t<a href='https:\/\/www.vasmegye.hu\/en\/szechenyiterv-plusz\/a-vasszecsenyi-betegellatasi-kozpont-fejlesztese\/20241009_104048_kommunikacio\/'><img loading=\"lazy\" decoding=\"async\" width=\"150\" height=\"150\" src=\"https:\/\/www.vasmegye.hu\/wp-content\/uploads\/2023\/03\/20241009_104048_kommunikacio-150x150.jpg\" class=\"attachment-thumbnail size-thumbnail\" alt=\"\" srcset=\"https:\/\/www.vasmegye.hu\/wp-content\/uploads\/2023\/03\/20241009_104048_kommunikacio-150x150.jpg 150w, https:\/\/www.vasmegye.hu\/wp-content\/uploads\/2023\/03\/20241009_104048_kommunikacio-260x260.jpg 260w, https:\/\/www.vasmegye.hu\/wp-content\/uploads\/2023\/03\/20241009_104048_kommunikacio-300x300.jpg 300w, https:\/\/www.vasmegye.hu\/wp-content\/uploads\/2023\/03\/20241009_104048_kommunikacio-640x640.jpg 640w, https:\/\/www.vasmegye.hu\/wp-content\/uploads\/2023\/03\/20241009_104048_kommunikacio-800x800.jpg 800w, https:\/\/www.vasmegye.hu\/wp-content\/uploads\/2023\/03\/20241009_104048_kommunikacio-45x45.jpg 45w\" sizes=\"auto, (max-width: 150px) 100vw, 150px\" \/><\/a>\n\t\t\t<\/div><\/figure><figure class='gallery-item'>\n\t\t\t<div class='gallery-icon landscape'>\n\t\t\t\t<a href='https:\/\/www.vasmegye.hu\/en\/szechenyiterv-plusz\/a-vasszecsenyi-betegellatasi-kozpont-fejlesztese\/20241009_105058_kommunikacio\/'><img loading=\"lazy\" decoding=\"async\" width=\"150\" height=\"150\" src=\"https:\/\/www.vasmegye.hu\/wp-content\/uploads\/2023\/03\/20241009_105058_kommunikacio-150x150.jpg\" class=\"attachment-thumbnail size-thumbnail\" alt=\"\" srcset=\"https:\/\/www.vasmegye.hu\/wp-content\/uploads\/2023\/03\/20241009_105058_kommunikacio-150x150.jpg 150w, https:\/\/www.vasmegye.hu\/wp-content\/uploads\/2023\/03\/20241009_105058_kommunikacio-260x260.jpg 260w, https:\/\/www.vasmegye.hu\/wp-content\/uploads\/2023\/03\/20241009_105058_kommunikacio-300x300.jpg 300w, https:\/\/www.vasmegye.hu\/wp-content\/uploads\/2023\/03\/20241009_105058_kommunikacio-640x640.jpg 640w, https:\/\/www.vasmegye.hu\/wp-content\/uploads\/2023\/03\/20241009_105058_kommunikacio-800x800.jpg 800w, https:\/\/www.vasmegye.hu\/wp-content\/uploads\/2023\/03\/20241009_105058_kommunikacio-45x45.jpg 45w\" sizes=\"auto, (max-width: 150px) 100vw, 150px\" \/><\/a>\n\t\t\t<\/div><\/figure><figure class='gallery-item'>\n\t\t\t<div class='gallery-icon portrait'>\n\t\t\t\t<a href='https:\/\/www.vasmegye.hu\/en\/szechenyiterv-plusz\/a-vasszecsenyi-betegellatasi-kozpont-fejlesztese\/20241114_141031_kommunikacio\/'><img loading=\"lazy\" decoding=\"async\" width=\"150\" height=\"150\" src=\"https:\/\/www.vasmegye.hu\/wp-content\/uploads\/2023\/03\/20241114_141031_kommunikacio-150x150.jpg\" class=\"attachment-thumbnail size-thumbnail\" alt=\"\" srcset=\"https:\/\/www.vasmegye.hu\/wp-content\/uploads\/2023\/03\/20241114_141031_kommunikacio-150x150.jpg 150w, https:\/\/www.vasmegye.hu\/wp-content\/uploads\/2023\/03\/20241114_141031_kommunikacio-260x260.jpg 260w, https:\/\/www.vasmegye.hu\/wp-content\/uploads\/2023\/03\/20241114_141031_kommunikacio-300x300.jpg 300w, https:\/\/www.vasmegye.hu\/wp-content\/uploads\/2023\/03\/20241114_141031_kommunikacio-640x640.jpg 640w, https:\/\/www.vasmegye.hu\/wp-content\/uploads\/2023\/03\/20241114_141031_kommunikacio-800x800.jpg 800w, https:\/\/www.vasmegye.hu\/wp-content\/uploads\/2023\/03\/20241114_141031_kommunikacio-45x45.jpg 45w\" sizes=\"auto, (max-width: 150px) 100vw, 150px\" \/><\/a>\n\t\t\t<\/div><\/figure><figure class='gallery-item'>\n\t\t\t<div class='gallery-icon landscape'>\n\t\t\t\t<a href='https:\/\/www.vasmegye.hu\/en\/szechenyiterv-plusz\/a-vasszecsenyi-betegellatasi-kozpont-fejlesztese\/20241114_141139_kommunikacio\/'><img loading=\"lazy\" decoding=\"async\" width=\"150\" height=\"150\" src=\"https:\/\/www.vasmegye.hu\/wp-content\/uploads\/2023\/03\/20241114_141139_kommunikacio-150x150.jpg\" class=\"attachment-thumbnail size-thumbnail\" alt=\"\" srcset=\"https:\/\/www.vasmegye.hu\/wp-content\/uploads\/2023\/03\/20241114_141139_kommunikacio-150x150.jpg 150w, https:\/\/www.vasmegye.hu\/wp-content\/uploads\/2023\/03\/20241114_141139_kommunikacio-260x260.jpg 260w, https:\/\/www.vasmegye.hu\/wp-content\/uploads\/2023\/03\/20241114_141139_kommunikacio-300x300.jpg 300w, https:\/\/www.vasmegye.hu\/wp-content\/uploads\/2023\/03\/20241114_141139_kommunikacio-640x640.jpg 640w, https:\/\/www.vasmegye.hu\/wp-content\/uploads\/2023\/03\/20241114_141139_kommunikacio-800x800.jpg 800w, https:\/\/www.vasmegye.hu\/wp-content\/uploads\/2023\/03\/20241114_141139_kommunikacio-45x45.jpg 45w\" sizes=\"auto, (max-width: 150px) 100vw, 150px\" \/><\/a>\n\t\t\t<\/div><\/figure><figure class='gallery-item'>\n\t\t\t<div class='gallery-icon landscape'>\n\t\t\t\t<a href='https:\/\/www.vasmegye.hu\/en\/szechenyiterv-plusz\/a-vasszecsenyi-betegellatasi-kozpont-fejlesztese\/20241114_141511_kommunikacio\/'><img loading=\"lazy\" decoding=\"async\" width=\"150\" height=\"150\" src=\"https:\/\/www.vasmegye.hu\/wp-content\/uploads\/2023\/03\/20241114_141511_kommunikacio-150x150.jpg\" class=\"attachment-thumbnail size-thumbnail\" alt=\"\" srcset=\"https:\/\/www.vasmegye.hu\/wp-content\/uploads\/2023\/03\/20241114_141511_kommunikacio-150x150.jpg 150w, https:\/\/www.vasmegye.hu\/wp-content\/uploads\/2023\/03\/20241114_141511_kommunikacio-260x260.jpg 260w, https:\/\/www.vasmegye.hu\/wp-content\/uploads\/2023\/03\/20241114_141511_kommunikacio-300x300.jpg 300w, https:\/\/www.vasmegye.hu\/wp-content\/uploads\/2023\/03\/20241114_141511_kommunikacio-640x640.jpg 640w, https:\/\/www.vasmegye.hu\/wp-content\/uploads\/2023\/03\/20241114_141511_kommunikacio-800x800.jpg 800w, https:\/\/www.vasmegye.hu\/wp-content\/uploads\/2023\/03\/20241114_141511_kommunikacio-45x45.jpg 45w\" sizes=\"auto, (max-width: 150px) 100vw, 150px\" \/><\/a>\n\t\t\t<\/div><\/figure><figure class='gallery-item'>\n\t\t\t<div class='gallery-icon landscape'>\n\t\t\t\t<a href='https:\/\/www.vasmegye.hu\/en\/szechenyiterv-plusz\/a-vasszecsenyi-betegellatasi-kozpont-fejlesztese\/20241114_141757_kommunikacio\/'><img loading=\"lazy\" decoding=\"async\" width=\"150\" height=\"150\" src=\"https:\/\/www.vasmegye.hu\/wp-content\/uploads\/2023\/03\/20241114_141757_kommunikacio-150x150.jpg\" class=\"attachment-thumbnail size-thumbnail\" alt=\"\" srcset=\"https:\/\/www.vasmegye.hu\/wp-content\/uploads\/2023\/03\/20241114_141757_kommunikacio-150x150.jpg 150w, https:\/\/www.vasmegye.hu\/wp-content\/uploads\/2023\/03\/20241114_141757_kommunikacio-260x260.jpg 260w, https:\/\/www.vasmegye.hu\/wp-content\/uploads\/2023\/03\/20241114_141757_kommunikacio-300x300.jpg 300w, https:\/\/www.vasmegye.hu\/wp-content\/uploads\/2023\/03\/20241114_141757_kommunikacio-640x640.jpg 640w, https:\/\/www.vasmegye.hu\/wp-content\/uploads\/2023\/03\/20241114_141757_kommunikacio-800x800.jpg 800w, https:\/\/www.vasmegye.hu\/wp-content\/uploads\/2023\/03\/20241114_141757_kommunikacio-45x45.jpg 45w\" sizes=\"auto, (max-width: 150px) 100vw, 150px\" \/><\/a>\n\t\t\t<\/div><\/figure>\n\t\t<\/div>\n\n<p>A v\u00e1llalkoz\u00f3 a feladatokat hat\u00e1rid\u0151re elv\u00e9gezte. A m\u0171szaki \u00e1tad\u00e1s-\u00e1tv\u00e9teli elj\u00e1r\u00e1s 2025 m\u00e1rcius\u00e1ban sikeresen lez\u00e1rult.<\/p>\n<div id='gallery-3' class='gallery galleryid-17092 gallery-columns-4 gallery-size-thumbnail'><figure class='gallery-item'>\n\t\t\t<div class='gallery-icon landscape'>\n\t\t\t\t<a href='https:\/\/www.vasmegye.hu\/en\/szechenyiterv-plusz\/a-vasszecsenyi-betegellatasi-kozpont-fejlesztese\/3_kommunikacio\/'><img loading=\"lazy\" decoding=\"async\" width=\"150\" height=\"150\" src=\"https:\/\/www.vasmegye.hu\/wp-content\/uploads\/2023\/03\/3_kommunikacio-150x150.jpg\" class=\"attachment-thumbnail size-thumbnail\" alt=\"\" srcset=\"https:\/\/www.vasmegye.hu\/wp-content\/uploads\/2023\/03\/3_kommunikacio-150x150.jpg 150w, https:\/\/www.vasmegye.hu\/wp-content\/uploads\/2023\/03\/3_kommunikacio-260x260.jpg 260w, https:\/\/www.vasmegye.hu\/wp-content\/uploads\/2023\/03\/3_kommunikacio-300x300.jpg 300w, https:\/\/www.vasmegye.hu\/wp-content\/uploads\/2023\/03\/3_kommunikacio-640x640.jpg 640w, https:\/\/www.vasmegye.hu\/wp-content\/uploads\/2023\/03\/3_kommunikacio-800x800.jpg 800w, https:\/\/www.vasmegye.hu\/wp-content\/uploads\/2023\/03\/3_kommunikacio-45x45.jpg 45w\" sizes=\"auto, (max-width: 150px) 100vw, 150px\" \/><\/a>\n\t\t\t<\/div><\/figure><figure class='gallery-item'>\n\t\t\t<div class='gallery-icon landscape'>\n\t\t\t\t<a href='https:\/\/www.vasmegye.hu\/en\/szechenyiterv-plusz\/a-vasszecsenyi-betegellatasi-kozpont-fejlesztese\/20250307_095958_kommunikacio-2\/'><img loading=\"lazy\" decoding=\"async\" width=\"150\" height=\"150\" src=\"https:\/\/www.vasmegye.hu\/wp-content\/uploads\/2023\/03\/20250307_095958_kommunikacio-1-150x150.jpg\" class=\"attachment-thumbnail size-thumbnail\" alt=\"\" srcset=\"https:\/\/www.vasmegye.hu\/wp-content\/uploads\/2023\/03\/20250307_095958_kommunikacio-1-150x150.jpg 150w, https:\/\/www.vasmegye.hu\/wp-content\/uploads\/2023\/03\/20250307_095958_kommunikacio-1-260x260.jpg 260w, https:\/\/www.vasmegye.hu\/wp-content\/uploads\/2023\/03\/20250307_095958_kommunikacio-1-300x300.jpg 300w, https:\/\/www.vasmegye.hu\/wp-content\/uploads\/2023\/03\/20250307_095958_kommunikacio-1-640x640.jpg 640w, https:\/\/www.vasmegye.hu\/wp-content\/uploads\/2023\/03\/20250307_095958_kommunikacio-1-800x800.jpg 800w, https:\/\/www.vasmegye.hu\/wp-content\/uploads\/2023\/03\/20250307_095958_kommunikacio-1-45x45.jpg 45w\" sizes=\"auto, (max-width: 150px) 100vw, 150px\" \/><\/a>\n\t\t\t<\/div><\/figure><figure class='gallery-item'>\n\t\t\t<div class='gallery-icon portrait'>\n\t\t\t\t<a href='https:\/\/www.vasmegye.hu\/en\/szechenyiterv-plusz\/a-vasszecsenyi-betegellatasi-kozpont-fejlesztese\/20250307_100332_kommunikacio-2\/'><img loading=\"lazy\" decoding=\"async\" width=\"150\" height=\"150\" src=\"https:\/\/www.vasmegye.hu\/wp-content\/uploads\/2023\/03\/20250307_100332_kommunikacio-1-150x150.jpg\" class=\"attachment-thumbnail size-thumbnail\" alt=\"\" srcset=\"https:\/\/www.vasmegye.hu\/wp-content\/uploads\/2023\/03\/20250307_100332_kommunikacio-1-150x150.jpg 150w, https:\/\/www.vasmegye.hu\/wp-content\/uploads\/2023\/03\/20250307_100332_kommunikacio-1-260x260.jpg 260w, https:\/\/www.vasmegye.hu\/wp-content\/uploads\/2023\/03\/20250307_100332_kommunikacio-1-300x300.jpg 300w, https:\/\/www.vasmegye.hu\/wp-content\/uploads\/2023\/03\/20250307_100332_kommunikacio-1-640x640.jpg 640w, https:\/\/www.vasmegye.hu\/wp-content\/uploads\/2023\/03\/20250307_100332_kommunikacio-1-800x800.jpg 800w, https:\/\/www.vasmegye.hu\/wp-content\/uploads\/2023\/03\/20250307_100332_kommunikacio-1-45x45.jpg 45w\" sizes=\"auto, (max-width: 150px) 100vw, 150px\" \/><\/a>\n\t\t\t<\/div><\/figure><figure class='gallery-item'>\n\t\t\t<div class='gallery-icon landscape'>\n\t\t\t\t<a href='https:\/\/www.vasmegye.hu\/en\/szechenyiterv-plusz\/a-vasszecsenyi-betegellatasi-kozpont-fejlesztese\/20251216_130017_kommunikacio\/'><img loading=\"lazy\" decoding=\"async\" width=\"150\" height=\"150\" src=\"https:\/\/www.vasmegye.hu\/wp-content\/uploads\/2023\/03\/20251216_130017_kommunikacio-150x150.jpg\" class=\"attachment-thumbnail size-thumbnail\" alt=\"\" srcset=\"https:\/\/www.vasmegye.hu\/wp-content\/uploads\/2023\/03\/20251216_130017_kommunikacio-150x150.jpg 150w, https:\/\/www.vasmegye.hu\/wp-content\/uploads\/2023\/03\/20251216_130017_kommunikacio-260x260.jpg 260w, https:\/\/www.vasmegye.hu\/wp-content\/uploads\/2023\/03\/20251216_130017_kommunikacio-300x300.jpg 300w, https:\/\/www.vasmegye.hu\/wp-content\/uploads\/2023\/03\/20251216_130017_kommunikacio-640x640.jpg 640w, https:\/\/www.vasmegye.hu\/wp-content\/uploads\/2023\/03\/20251216_130017_kommunikacio-800x800.jpg 800w, https:\/\/www.vasmegye.hu\/wp-content\/uploads\/2023\/03\/20251216_130017_kommunikacio-45x45.jpg 45w\" sizes=\"auto, (max-width: 150px) 100vw, 150px\" \/><\/a>\n\t\t\t<\/div><\/figure><figure class='gallery-item'>\n\t\t\t<div class='gallery-icon landscape'>\n\t\t\t\t<a href='https:\/\/www.vasmegye.hu\/en\/szechenyiterv-plusz\/a-vasszecsenyi-betegellatasi-kozpont-fejlesztese\/20251216_130034_kommunikacio\/'><img loading=\"lazy\" decoding=\"async\" width=\"150\" height=\"150\" src=\"https:\/\/www.vasmegye.hu\/wp-content\/uploads\/2023\/03\/20251216_130034_kommunikacio-150x150.jpg\" class=\"attachment-thumbnail size-thumbnail\" alt=\"\" srcset=\"https:\/\/www.vasmegye.hu\/wp-content\/uploads\/2023\/03\/20251216_130034_kommunikacio-150x150.jpg 150w, https:\/\/www.vasmegye.hu\/wp-content\/uploads\/2023\/03\/20251216_130034_kommunikacio-260x260.jpg 260w, https:\/\/www.vasmegye.hu\/wp-content\/uploads\/2023\/03\/20251216_130034_kommunikacio-300x300.jpg 300w, https:\/\/www.vasmegye.hu\/wp-content\/uploads\/2023\/03\/20251216_130034_kommunikacio-640x640.jpg 640w, https:\/\/www.vasmegye.hu\/wp-content\/uploads\/2023\/03\/20251216_130034_kommunikacio-800x800.jpg 800w, https:\/\/www.vasmegye.hu\/wp-content\/uploads\/2023\/03\/20251216_130034_kommunikacio-45x45.jpg 45w\" sizes=\"auto, (max-width: 150px) 100vw, 150px\" \/><\/a>\n\t\t\t<\/div><\/figure><figure class='gallery-item'>\n\t\t\t<div class='gallery-icon landscape'>\n\t\t\t\t<a href='https:\/\/www.vasmegye.hu\/en\/szechenyiterv-plusz\/a-vasszecsenyi-betegellatasi-kozpont-fejlesztese\/20251216_130147_kommunikacio\/'><img loading=\"lazy\" decoding=\"async\" width=\"150\" height=\"150\" src=\"https:\/\/www.vasmegye.hu\/wp-content\/uploads\/2023\/03\/20251216_130147_kommunikacio-150x150.jpg\" class=\"attachment-thumbnail size-thumbnail\" alt=\"\" srcset=\"https:\/\/www.vasmegye.hu\/wp-content\/uploads\/2023\/03\/20251216_130147_kommunikacio-150x150.jpg 150w, https:\/\/www.vasmegye.hu\/wp-content\/uploads\/2023\/03\/20251216_130147_kommunikacio-260x260.jpg 260w, https:\/\/www.vasmegye.hu\/wp-content\/uploads\/2023\/03\/20251216_130147_kommunikacio-300x300.jpg 300w, https:\/\/www.vasmegye.hu\/wp-content\/uploads\/2023\/03\/20251216_130147_kommunikacio-640x640.jpg 640w, https:\/\/www.vasmegye.hu\/wp-content\/uploads\/2023\/03\/20251216_130147_kommunikacio-800x800.jpg 800w, https:\/\/www.vasmegye.hu\/wp-content\/uploads\/2023\/03\/20251216_130147_kommunikacio-45x45.jpg 45w\" sizes=\"auto, (max-width: 150px) 100vw, 150px\" \/><\/a>\n\t\t\t<\/div><\/figure><figure class='gallery-item'>\n\t\t\t<div class='gallery-icon landscape'>\n\t\t\t\t<a href='https:\/\/www.vasmegye.hu\/en\/szechenyiterv-plusz\/a-vasszecsenyi-betegellatasi-kozpont-fejlesztese\/20251216_130259_kommunikacio\/'><img loading=\"lazy\" decoding=\"async\" width=\"150\" height=\"150\" src=\"https:\/\/www.vasmegye.hu\/wp-content\/uploads\/2023\/03\/20251216_130259_kommunikacio-150x150.jpg\" class=\"attachment-thumbnail size-thumbnail\" alt=\"\" srcset=\"https:\/\/www.vasmegye.hu\/wp-content\/uploads\/2023\/03\/20251216_130259_kommunikacio-150x150.jpg 150w, https:\/\/www.vasmegye.hu\/wp-content\/uploads\/2023\/03\/20251216_130259_kommunikacio-260x260.jpg 260w, https:\/\/www.vasmegye.hu\/wp-content\/uploads\/2023\/03\/20251216_130259_kommunikacio-300x300.jpg 300w, https:\/\/www.vasmegye.hu\/wp-content\/uploads\/2023\/03\/20251216_130259_kommunikacio-640x640.jpg 640w, https:\/\/www.vasmegye.hu\/wp-content\/uploads\/2023\/03\/20251216_130259_kommunikacio-800x800.jpg 800w, https:\/\/www.vasmegye.hu\/wp-content\/uploads\/2023\/03\/20251216_130259_kommunikacio-45x45.jpg 45w\" sizes=\"auto, (max-width: 150px) 100vw, 150px\" \/><\/a>\n\t\t\t<\/div><\/figure><figure class='gallery-item'>\n\t\t\t<div class='gallery-icon landscape'>\n\t\t\t\t<a href='https:\/\/www.vasmegye.hu\/en\/szechenyiterv-plusz\/a-vasszecsenyi-betegellatasi-kozpont-fejlesztese\/20251216_130526_kommunikacio\/'><img loading=\"lazy\" decoding=\"async\" width=\"150\" height=\"150\" src=\"https:\/\/www.vasmegye.hu\/wp-content\/uploads\/2023\/03\/20251216_130526_kommunikacio-150x150.jpg\" class=\"attachment-thumbnail size-thumbnail\" alt=\"\" srcset=\"https:\/\/www.vasmegye.hu\/wp-content\/uploads\/2023\/03\/20251216_130526_kommunikacio-150x150.jpg 150w, https:\/\/www.vasmegye.hu\/wp-content\/uploads\/2023\/03\/20251216_130526_kommunikacio-260x260.jpg 260w, https:\/\/www.vasmegye.hu\/wp-content\/uploads\/2023\/03\/20251216_130526_kommunikacio-300x300.jpg 300w, https:\/\/www.vasmegye.hu\/wp-content\/uploads\/2023\/03\/20251216_130526_kommunikacio-640x640.jpg 640w, https:\/\/www.vasmegye.hu\/wp-content\/uploads\/2023\/03\/20251216_130526_kommunikacio-800x800.jpg 800w, https:\/\/www.vasmegye.hu\/wp-content\/uploads\/2023\/03\/20251216_130526_kommunikacio-45x45.jpg 45w\" sizes=\"auto, (max-width: 150px) 100vw, 150px\" \/><\/a>\n\t\t\t<\/div><\/figure>\n\t\t<\/div>\n\n<p>A Vas V\u00e1rmegyei \u00d6nkorm\u00e1nyzati Hivatal, mint konzorciumi tag l\u00e1tja el a projektmenedzsmenti feladatokat, valamint a k\u00f6telez\u0151 t\u00e1j\u00e9koztat\u00e1s \u00e9s nyilv\u00e1noss\u00e1g biztos\u00edt\u00e1sa \u00e9rdek\u00e9ben felmer\u00fcl\u0151 tev\u00e9kenys\u00e9geket. A nyilv\u00e1noss\u00e1gi feladatok keret\u00e9ben a projekt el\u0151k\u00e9sz\u00edt\u00e9si szakasz\u00e1ban t\u00e1j\u00e9koztat\u00f3 sz\u00f3r\u00f3lap k\u00e9sz\u00fclt elektronikus form\u00e1ban, valamint 100 nyomtatott p\u00e9ld\u00e1nyban, valamint kik\u00fcld\u00e9sre ker\u00fclt a sajt\u00f3k\u00f6zlem\u00e9ny a projekt ind\u00edt\u00e1s\u00e1r\u00f3l.<\/p>\n<p>A projekt eredm\u00e9nyek\u00e9nt a telep\u00fcl\u00e9s korszer\u0171bb \u00e9s magasabb sz\u00ednvonal\u00fa betegell\u00e1t\u00e1st biztos\u00edt\u00f3 k\u00f6zponttal gazdagodott.<\/p>\n<p><a href=\"https:\/\/www.vasmegye.hu\/szechenyiterv-plusz\/a-vasszecsenyi-betegellatasi-kozpont-fejlesztese\/sajtokozlemeny-4\/\" rel=\"attachment wp-att-26532\">Sajt\u00f3k\u00f6zlem\u00e9ny<\/a><\/p>","protected":false},"excerpt":{"rendered":"A projekt az Eur\u00f3pai Uni\u00f3 \u00e1ltal biztos\u00edtott 200 milli\u00f3 forint vissza nem t\u00e9r\u00edtend\u0151 t\u00e1mogat\u00e1ssal, a Sz\u00e9chenyi Terv Plusz program keret\u00e9ben val\u00f3sult meg. A projekt c\u00e9lja Vassz\u00e9cseny k\u00f6zs\u00e9g \u00e9s a vonz\u00e1sk\u00f6rzet\u00e9t ad\u00f3 Csempeszkop\u00e1cs \u00e9s Tanakajd k\u00f6zs\u00e9gek eg\u00e9szs\u00e9g\u00fcgyi alapell\u00e1t\u00e1sainak szolg\u00e1ltat\u00e1sfejleszt\u00e9se a telep\u00fcl\u00e9s volt orvosi rendel\u0151j\u00e9nek fel\u00faj\u00edt\u00e1sa, korszer\u0171s\u00edt\u00e9se r\u00e9v\u00e9n. A beruh\u00e1z\u00e1s nemcsak az eg\u00e9szs\u00e9g\u00fcgyi ell\u00e1t\u00e1s min\u0151s\u00e9g\u00e9nek jav\u00edt\u00e1s\u00e1t szolg\u00e1lja, [...]","protected":false},"featured_media":16057,"parent":0,"menu_order":0,"template":"","szechenyi_terv_plusz":[340],"class_list":["post-17092","szechenyiterv-plusz","type-szechenyiterv-plusz","status-publish","has-post-thumbnail","hentry","szechenyi_terv_plusz-top_plusz-3-3-2-21-helyi-egeszsegugyi-es-szocialis-infrastruktura-fejlesztese","floatton-article"],"ptb_metabox":{"ptb_kedvezmenyezett_neve_":"Vassz\u00e9cseny K\u00f6zs\u00e9g \u00d6nkorm\u00e1nyzata","ptb_a_projekt_cime_":"A vassz\u00e9csenyi betegell\u00e1t\u00e1si k\u00f6zpont fejleszt\u00e9se","ptb_szerzodott_tamogatas_osszege_":"200 000 000 Ft","ptb_a_tamogatas_merteke_":"100%","ptb_a_projekt_tervezett_befejezesi_datuma_":"2026.05.31.","ptb_projekt_azonositoszama_":"TOP_PLUSZ-3.3.2-21-VS1-2022-00014","ptb_let_lthet_file_ok_":{"url":["http:\/\/www.vasmegye.hu\/wp-content\/uploads\/2023\/03\/Szorolap_Vasszecseny.pdf"],"title":["Sz\u00f3r\u00f3lap Vassz\u00e9cseny"]}},"ptb_taxonomy":{"szechenyi_terv_plusz":[{"term_id":340,"name":"TOP_Plusz-3.3.2-21 - Helyi eg\u00e9szs\u00e9g\u00fcgyi \u00e9s szoci\u00e1lis infrastrukt\u00fara fejleszt\u00e9se","slug":"top_plusz-3-3-2-21-helyi-egeszsegugyi-es-szocialis-infrastruktura-fejlesztese","term_group":0,"term_taxonomy_id":340,"taxonomy":"szechenyi_terv_plusz","description":"","parent":0,"count":3,"filter":"raw","term_order":"0"}]},"ptb_featured_image":{"url":"https:\/\/www.vasmegye.hu\/wp-content\/uploads\/2022\/04\/MFF-kedvezmenyezetti-infoblokk-keretes-1.jpg","title":"MFF kedvezm\u00e9nyezetti inf\u00f3blokk keretes-1","caption":""},"_links":{"self":[{"href":"https:\/\/www.vasmegye.hu\/en\/wp-json\/wp\/v2\/szechenyiterv-plusz\/17092","targetHints":{"allow":["GET"]}}],"collection":[{"href":"https:\/\/www.vasmegye.hu\/en\/wp-json\/wp\/v2\/szechenyiterv-plusz"}],"about":[{"href":"https:\/\/www.vasmegye.hu\/en\/wp-json\/wp\/v2\/types\/szechenyiterv-plusz"}],"version-history":[{"count":7,"href":"https:\/\/www.vasmegye.hu\/en\/wp-json\/wp\/v2\/szechenyiterv-plusz\/17092\/revisions"}],"predecessor-version":[{"id":26533,"href":"https:\/\/www.vasmegye.hu\/en\/wp-json\/wp\/v2\/szechenyiterv-plusz\/17092\/revisions\/26533"}],"wp:featuredmedia":[{"embeddable":true,"href":"https:\/\/www.vasmegye.hu\/en\/wp-json\/wp\/v2\/media\/16057"}],"wp:attachment":[{"href":"https:\/\/www.vasmegye.hu\/en\/wp-json\/wp\/v2\/media?parent=17092"}],"wp:term":[{"taxonomy":"szechenyi_terv_plusz","embeddable":true,"href":"https:\/\/www.vasmegye.hu\/en\/wp-json\/wp\/v2\/szechenyi_terv_plusz?post=17092"}],"curies":[{"name":"wp","href":"https:\/\/api.w.org\/{rel}","templated":true}]}}