{"id":9991,"date":"2019-02-16T15:09:11","date_gmt":"2019-02-16T13:09:11","guid":{"rendered":"https:\/\/www.vasmegye.hu\/?page_id=9991"},"modified":"2023-10-01T15:00:23","modified_gmt":"2023-10-01T13:00:23","slug":"ket-kereken","status":"publish","type":"page","link":"https:\/\/www.vasmegye.hu\/en\/ket-kereken\/","title":{"rendered":"K\u00e9t ker\u00e9ken"},"content":{"rendered":"<section class=\"wpb-content-wrapper\"><div class=\"vc_row wpb_row vc_row-fluid\"><div class=\"wpb_column vc_column_container vc_col-sm-12\"><div class=\"vc_column-inner\"><div class=\"wpb_wrapper\">\n\t<div class=\"wpb_text_column wpb_content_element\" >\n\t\t<div class=\"wpb_wrapper\">\n\t\t\t<div id='gallery-1' class='gallery galleryid-9991 gallery-columns-2 gallery-size-medium'><figure class='gallery-item'>\n\t\t\t<div class='gallery-icon landscape'>\n\t\t\t\t<a href='https:\/\/www.vasmegye.hu\/en\/tematikus-utak\/ket-kereken\/infoblokk_kedv_final_felso_cmyk_erfa-2\/'><img loading=\"lazy\" decoding=\"async\" width=\"300\" height=\"207\" src=\"https:\/\/www.vasmegye.hu\/wp-content\/uploads\/2018\/08\/infoblokk_kedv_final_felso_cmyk_ERFA-1-300x207.jpg\" class=\"attachment-medium size-medium\" alt=\"\" srcset=\"https:\/\/www.vasmegye.hu\/wp-content\/uploads\/2018\/08\/infoblokk_kedv_final_felso_cmyk_ERFA-1-300x207.jpg 300w, https:\/\/www.vasmegye.hu\/wp-content\/uploads\/2018\/08\/infoblokk_kedv_final_felso_cmyk_ERFA-1-768x531.jpg 768w, https:\/\/www.vasmegye.hu\/wp-content\/uploads\/2018\/08\/infoblokk_kedv_final_felso_cmyk_ERFA-1-1024x708.jpg 1024w, https:\/\/www.vasmegye.hu\/wp-content\/uploads\/2018\/08\/infoblokk_kedv_final_felso_cmyk_ERFA-1-500x345.jpg 500w, https:\/\/www.vasmegye.hu\/wp-content\/uploads\/2018\/08\/infoblokk_kedv_final_felso_cmyk_ERFA-1.jpg 1453w\" sizes=\"auto, (max-width: 300px) 100vw, 300px\" \/><\/a>\n\t\t\t<\/div><\/figure>\n\t\t<\/div>\n\n<h1><\/h1>\n<h1>Ker\u00e9kp\u00e1ros turizmus fejleszt\u00e9se Vas megy\u00e9ben<\/h1>\n<p style=\"text-align: justify;\">Az eg\u00e9szs\u00e9ges \u00e9letm\u00f3dhoz hozz\u00e1tartozik az akt\u00edv pihen\u00e9s, kikapcsol\u00f3d\u00e1s is. Vas megye gy\u00f3gyf\u00fcrd\u0151i lehet\u0151s\u00e9get adnak arra, hogy mik\u00f6zben pihen\u00fcnk, felt\u00f6lt\u0151d\u00fcnk, ak\u00e1r kisebb-nagyobb bajainkat is orvosoljuk. Ennek a rekre\u00e1ci\u00f3s folyamatnak lehet nagyon fontos kieg\u00e9sz\u00edt\u00e9se a Term\u00e1l Ker\u00e9kp\u00e1ros T\u00fara\u00fat, az ahhoz kidolgozott \u00fatvonalak, programcsomagok helysz\u00edneinek bej\u00e1r\u00e1sa <strong>k\u00e9t ker\u00e9ken<\/strong>. Ugyanilyen vonz\u00f3 lehet a turist\u00e1k &#8211; belf\u00f6ldi \u00e9s k\u00fclf\u00f6ldi utaz\u00f3k &#8211; sz\u00e1m\u00e1ra a kellemes k\u00f6rnyezetben vezet\u0151 \u00fatvonalak bej\u00e1r\u00e1sa, a m\u0171eml\u00e9kek, az \u00e9p\u00edtett l\u00e1tnival\u00f3k \u00e9s term\u00e9szeti kincsek felfedez\u00e9se. A kidolgozott t\u00fara\u00fatvonalak a ker\u00e9kp\u00e1roz\u00f3k sz\u00e1m\u00e1ra nagy \u00e9lm\u00e9nyt jelentenek &#8211; minden koroszt\u00e1ly sz\u00e1m\u00e1ra k\u00edn\u00e1lnak programaj\u00e1nlatot -, \u00e9s a projekt megval\u00f3s\u00edt\u00e1s\u00e1val rem\u00e9lj\u00fck, hogy min\u00e9l t\u00f6bben v\u00e1lasztj\u00e1k a gy\u00f3gyf\u00fcrd\u0151k felkeres\u00e9s\u00e9t k\u00e9t ker\u00e9ken.<\/p>\n<p style=\"text-align: justify;\">A projekt keret\u00e9ben k\u00e9sz\u00fclt el S\u00e1rv\u00e1r V\u00e1ros Ker\u00e9kp\u00e1rforgalmi H\u00e1l\u00f3zati Terve. Fontos c\u00e9l a ker\u00e9kp\u00e1ros k\u00f6zleked\u00e9s felt\u00e9teleinek jav\u00edt\u00e1sa, fejleszt\u00e9se \u00e9s annak t\u00e1mogat\u00e1sa, mert ezek t\u00e1rsadalmi szinten megt\u00e9r\u00fcl\u0151, hasznot termel\u0151 beruh\u00e1z\u00e1sok. A ker\u00e9kp\u00e1ros k\u00f6zleked\u00e9snek sok el\u0151nye van: k\u00f6rnyezetk\u00edm\u00e9l\u0151 \u00e9s fenntarthat\u00f3, (sem leveg\u0151-, sem zajszennyez\u00e9s\u00e9vel, sem k\u00e1rosanyag-kibocs\u00e1t\u00e1ssal nem terheli a k\u00f6rnyezet\u00e9t). Egy\u00e9rtelm\u0171en gazdas\u00e1g\u00e9l\u00e9nk\u00edt\u0151 t\u00e9nyez\u0151 is, hiszen a Term\u00e1l Ker\u00e9kp\u00e1ros T\u00fara\u00fat tov\u00e1bbi l\u00e1togat\u00f3kat vonz. N\u00f6veli a turizmus erej\u00e9t \u2013 ami S\u00e1rv\u00e1r \u00e9s a t\u00f6bbi gy\u00f3gyf\u00fcrd\u0151vel rendelkez\u0151 telep\u00fcl\u00e9s eset\u00e9ben kiemelt jelent\u0151s\u00e9ggel b\u00edr \u2013, a kereskedelmi \u00e9s a szolg\u00e1ltat\u00f3 szektor kihaszn\u00e1lts\u00e1g\u00e1t. Nagy el\u0151nye, hogy a ker\u00e9kp\u00e1ros k\u00f6zleked\u00e9s ter\u00fclethaszn\u00e1lata j\u00f3val csek\u00e9lyebb a szem\u00e9lyaut\u00f3s k\u00f6zleked\u00e9si m\u00f3dn\u00e1l, \u00edgy mind a forgalmi, mind pedig parkol\u00e1si szempontb\u00f3l kisebb infrastrukt\u00fara ig\u00e9ny\u0171. Az eg\u00e9szs\u00e9ges \u00e9letm\u00f3d el\u00e9r\u00e9s\u00e9hez is hozz\u00e1j\u00e1rul a ker\u00e9kp\u00e1roz\u00e1s. A ker\u00e9kp\u00e1rral k\u00f6zleked\u00e9snek &#8211; legyen sz\u00f3 munk\u00e1ba vagy iskol\u00e1ba j\u00e1r\u00e1sr\u00f3l -, vagy kir\u00e1ndul\u00e1sr\u00f3l, turizmusr\u00f3l egy\u00e9rtelm\u0171en csak pozit\u00edv hat\u00e1sai vannak, mind a k\u00f6rnyezetre, mind a gazdas\u00e1gra \u00e9s az \u00e9letmin\u0151s\u00e9gre.<\/p>\n<p><strong>T\u00e1j\u00e9koz\u00f3djon, inform\u00e1l\u00f3djon \u00d6n is a ker\u00e9kp\u00e1ros lehet\u0151s\u00e9gekr\u0151l!<\/strong><\/p>\n<p><strong>K\u00e9t ker\u00e9ken Vas megy\u00e9ben!<\/strong><\/p>\n<p><a href=\"https:\/\/www.facebook.com\/termalkerekparut\/\">https:\/\/www.facebook.com\/termalkerekparut\/<\/a><\/p>\n<p>&nbsp;<\/p>\n<div id='gallery-2' class='gallery galleryid-9991 gallery-columns-2 gallery-size-medium'><figure class='gallery-item'>\n\t\t\t<div class='gallery-icon landscape'>\n\t\t\t\t<a href='https:\/\/www.vasmegye.hu\/en\/kepgaleria\/ket-kereken\/_h8a7331-2\/'><img loading=\"lazy\" decoding=\"async\" width=\"300\" height=\"200\" src=\"https:\/\/www.vasmegye.hu\/wp-content\/uploads\/2019\/05\/H8A7331-1-300x200.jpg\" class=\"attachment-medium size-medium\" alt=\"\" srcset=\"https:\/\/www.vasmegye.hu\/wp-content\/uploads\/2019\/05\/H8A7331-1-300x200.jpg 300w, https:\/\/www.vasmegye.hu\/wp-content\/uploads\/2019\/05\/H8A7331-1-768x512.jpg 768w, https:\/\/www.vasmegye.hu\/wp-content\/uploads\/2019\/05\/H8A7331-1-1024x683.jpg 1024w, https:\/\/www.vasmegye.hu\/wp-content\/uploads\/2019\/05\/H8A7331-1-500x333.jpg 500w\" sizes=\"auto, (max-width: 300px) 100vw, 300px\" \/><\/a>\n\t\t\t<\/div><\/figure><figure class='gallery-item'>\n\t\t\t<div class='gallery-icon landscape'>\n\t\t\t\t<a href='https:\/\/www.vasmegye.hu\/en\/kepgaleria\/ket-kereken\/mtl-1185735-r_-_2008-07-20\/'><img loading=\"lazy\" decoding=\"async\" width=\"300\" height=\"200\" src=\"https:\/\/www.vasmegye.hu\/wp-content\/uploads\/2019\/05\/MTL-1185735-R_-_2008-07-20-300x200.jpg\" class=\"attachment-medium size-medium\" alt=\"\" srcset=\"https:\/\/www.vasmegye.hu\/wp-content\/uploads\/2019\/05\/MTL-1185735-R_-_2008-07-20-300x200.jpg 300w, https:\/\/www.vasmegye.hu\/wp-content\/uploads\/2019\/05\/MTL-1185735-R_-_2008-07-20-768x512.jpg 768w, https:\/\/www.vasmegye.hu\/wp-content\/uploads\/2019\/05\/MTL-1185735-R_-_2008-07-20-1024x683.jpg 1024w, https:\/\/www.vasmegye.hu\/wp-content\/uploads\/2019\/05\/MTL-1185735-R_-_2008-07-20-500x333.jpg 500w\" sizes=\"auto, (max-width: 300px) 100vw, 300px\" \/><\/a>\n\t\t\t<\/div><\/figure>\n\t\t<\/div>\n\n<p>&nbsp;<\/p>\n<p><strong><span style=\"color: #ff9900;\">Biciklis kir\u00e1ndul\u00e1s \u00e9s gy\u00f3gyvizes f\u00fcrd\u0151z\u00e9s a Term\u00e1l Ker\u00e9kp\u00e1ros T\u00fara\u00faton<\/span><\/strong><\/p>\n<p style=\"text-align: justify;\">A Term\u00e1l Ker\u00e9kp\u00e1ros T\u00fara\u00fat \u00f6t nagyszer\u0171 f\u00fcrd\u0151komplexumot \u00e9rint Vas megy\u00e9ben. Mindegyik helysz\u00edn rendelkezik gy\u00f3gyvizes medenc\u00e9vel \u00e9s olyan szolg\u00e1ltat\u00e1sokkal, melyek teljess\u00e9 tehetik az \u00d6n pihen\u00e9s\u00e9t, regener\u00e1l\u00f3d\u00e1s\u00e1t.<br \/>\nA gy\u00f3gyvizek \u00e9rt\u00e9k\u00e9t a magas \u00e1sv\u00e1nyi anyag tartalmuk ny\u00fajtja. Haszn\u00e1latuk egyar\u00e1nt fontos gy\u00f3gy\u00e1szati c\u00e9lokkal, de eg\u00e9szs\u00e9gmeg\u0151rz\u0151 c\u00e9llal, ak\u00e1r medical wellness szolg\u00e1ltat\u00e1sk\u00e9nt is. S\u0151t m\u00e1r a prevenci\u00f3, azaz a betegs\u00e9gek megel\u0151z\u00e9se, az eg\u00e9szs\u00e9g meg\u0151rz\u00e9se ter\u00e9n is kiemelt szerep jut a gy\u00f3gyvizes wellness f\u00fcrd\u0151z\u00e9snek.<br \/>\nA b\u00fckf\u00fcrd\u0151i &#8211; alk\u00e1li-hidrog\u00e9nkarbon\u00e1tos, magas kalcium-, magn\u00e9zium- \u00e9s fluortartalm\u00fa \u2013 \u00f6sszet\u00e9tel\u0171 gy\u00f3gyv\u00edznek nagyon magas az \u00e1sv\u00e1nyi anyag tartalma. Elemei j\u00f3 hat\u00e1ssal vannak a csont anyagcser\u00e9j\u00e9re, az izomm\u0171k\u00f6d\u00e9sre (ez ker\u00e9kp\u00e1roz\u00e1sn\u00e1l igen hasznos lehet!), a kering\u00e9sre, mozg\u00e1sszervi betegs\u00e9gekre (meszesed\u00e9s, porckop\u00e1s, csontritkul\u00e1s, lumb\u00e1g\u00f3, k\u00f6szv\u00e9ny) \u00e9s m\u00e9g gyullad\u00e1scs\u00f6kkent\u0151 hat\u00e1suk is van.<br \/>\nA S\u00e1rv\u00e1ri Gy\u00f3gyf\u00fcrd\u0151 medenc\u00e9iben az alk\u00e1li hidrog\u00e9nkarbon\u00e1tos gy\u00f3gyv\u00edz \u00e1ld\u00e1sos hat\u00e1s\u00e1t \u00e9lvezhetik. A k\u00fcls\u0151 \u00e9s bels\u0151 medenc\u00e9k v\u00edzh\u0151foka 32 \u00e9s 38 Celsius fok k\u00f6z\u00f6tt van \u00e9s az \u00e9lm\u00e9nymedenc\u00e9kben v\u00edzbuzg\u00e1r, v\u00e1llmassz\u00edroz\u00f3 \u00e9s sodr\u00f3folyos\u00f3 teszi teljess\u00e9 a medenc\u00e9s \u00e9lm\u00e9nyt. S\u00e1rv\u00e1r k\u00e9t gy\u00f3gyvize k\u00f6z\u00fcl az egyiknek magas s\u00f3tartalma is van.<br \/>\nA celld\u00f6m\u00f6lki Celli Vulk\u00e1n Gy\u00f3gyv\u00edz n\u00e1trium-hidrog\u00e9nkarbon\u00e1tos-, kloridos t\u00edpus\u00fa, l\u00e1gy (csak igen csek\u00e9ly mennyis\u00e9g\u0171 kalciumot \u00e9s magn\u00e9ziumot tartalmaz\u00f3), kev\u00e9ss\u00e9 szulfidos meleg v\u00edz \u00e9s kiv\u00e1l\u00f3an alkalmas mozg\u00e1sszervi betegs\u00e9gek kezel\u00e9s\u00e9re, a panaszok enyh\u00edt\u00e9s\u00e9re.<br \/>\nA Mesteri Term\u00e1l gy\u00f3gyvize a hidrog\u00e9n karbon\u00e1tos \u2013 f\u00f6ldes-meszes \u2013 term\u00e1lvizek csoportj\u00e1ba\u00a0 tartozik. Magas sz\u00e9nsav tartalm\u00e1nak k\u00f6sz\u00f6nhet\u0151en kedvez\u0151 hat\u00e1ssal van a v\u00e9rkering\u00e9si zavarokra.<\/p>\n<p style=\"text-align: justify;\">Pihenjen ak\u00e1r csak az egyik f\u00fcrd\u0151ben, de haszn\u00e1lja ki az itt t\u00f6lt\u00f6tt id\u0151t \u00e9s j\u00e1rja be a Term\u00e1l Ker\u00e9kp\u00e1ros T\u00fara\u00fat \u00e1ltal \u00e9rintett telep\u00fcl\u00e9seket. Fedezze fel a r\u00e9gi\u00f3 \u00e9p\u00edtett \u00e9s term\u00e9szeti \u00e9rt\u00e9keit, vagy l\u00e1togasson \u00e1t egy m\u00e1sik f\u00fcrd\u0151be! A ker\u00e9kp\u00e1ros kir\u00e1ndul\u00e1sokhoz biciklit b\u00e9relhet a helyi Tourinform irod\u00e1kban. Egy kellemes pancsol\u00e1s ut\u00e1n m\u00e9g a ker\u00e9kp\u00e1r teker\u00e9se is eg\u00e9szen m\u00e1shogy fog menni! K\u00e9t ker\u00e9ken Vas megy\u00e9ben.<\/p>\n<p>&nbsp;<\/p>\n<p><img loading=\"lazy\" decoding=\"async\" class=\"alignnone size-medium wp-image-10772 aligncenter\" src=\"https:\/\/www.vasmegye.hu\/wp-content\/uploads\/2019\/05\/Furdo17_Tibu_202-300x200.jpg\" alt=\"\" width=\"300\" height=\"200\" srcset=\"https:\/\/www.vasmegye.hu\/wp-content\/uploads\/2019\/05\/Furdo17_Tibu_202-300x200.jpg 300w, https:\/\/www.vasmegye.hu\/wp-content\/uploads\/2019\/05\/Furdo17_Tibu_202-768x512.jpg 768w, https:\/\/www.vasmegye.hu\/wp-content\/uploads\/2019\/05\/Furdo17_Tibu_202-1024x683.jpg 1024w, https:\/\/www.vasmegye.hu\/wp-content\/uploads\/2019\/05\/Furdo17_Tibu_202-500x333.jpg 500w\" sizes=\"auto, (max-width: 300px) 100vw, 300px\" \/><\/p>\n<p>&nbsp;<\/p>\n<p>&nbsp;<\/p>\n<p><span style=\"background-color: #ffffff; color: #ff9900; font-size: 24px;\"><strong><span style=\"background-color: #ffffff;\">A Term\u00e1l Ker\u00e9kp\u00e1ros T\u00fara\u00fat f\u00fcrd\u0151i <\/span><\/strong><\/span><\/p>\n<p><span style=\"background-color: #ffffff; color: #ff9900;\"><strong><span style=\"font-size: 16px; background-color: #ffffff;\">Borg\u00e1ta Term\u00e1lf\u00fcrd\u0151<\/span><\/strong><\/span><\/p>\n<p style=\"text-align: justify;\">Borg\u00e1ta szezon\u00e1lisan nyitva tart\u00f3 term\u00e1lf\u00fcrd\u0151je a nyugalom szigete. A Kis-Somly\u00f3 hegy k\u00f6zel\u00e9ben ki\u00e9p\u00fclt f\u00fcrd\u0151centrum \u00f6t medenc\u00e9vel \u00e9s 28-38 fokos, \u00e1sv\u00e1nyi anyagokban gazdag term\u00e1lv\u00edzzel &#8211; term\u00e1l- \u00e9s strandmedenc\u00e9vel &#8211; v\u00e1rja a pihenni, sz\u00f3rakozni \u00e9s gy\u00f3gyulni v\u00e1gy\u00f3kat.<br \/>\nBorg\u00e1t\u00e1n sz\u00e1ll\u00e1slehet\u0151s\u00e9ggel is v\u00e1rj\u00e1k azokat, akik t\u00f6bb napot is sz\u00edvesen elt\u00f6lten\u00e9nek a telep\u00fcl\u00e9sen. Nyaral\u00e1suk k\u00f6zben pedig pattanjanak k\u00e9t ker\u00e9kre \u00e9s j\u00e1rj\u00e1k be a Term\u00e1l Ker\u00e9kp\u00e1ros T\u00farautat, melyen tov\u00e1bbi n\u00e9gy term\u00e1lf\u00fcrd\u0151t fedezhetnek fel, sz\u00e1mos \u00e9p\u00edtett l\u00e1tnival\u00f3 &#8211; m\u0171eml\u00e9k &#8211; \u00e9s term\u00e9szeti \u00e9rt\u00e9ke mellett.<br \/>\nA Kis-Somly\u00f3 hegy &#8211; a S\u00e1g hegyhez hasonl\u00f3an &#8211; vulkanikus eredet\u0171 \u00e9s r\u00e9sze a Soml\u00f3i borvid\u00e9knek.<\/p>\n<p><u><a href=\"https:\/\/www.borgatafurdo.hu\/\">https:\/\/www.borgatafurdo.hu\/<\/a><\/u><\/p>\n<div id='gallery-3' class='gallery galleryid-9991 gallery-columns-2 gallery-size-medium'><figure class='gallery-item'>\n\t\t\t<div class='gallery-icon landscape'>\n\t\t\t\t<a href='https:\/\/www.vasmegye.hu\/en\/kepgaleria\/ket-kereken\/olympus-digital-camera-13\/'><img loading=\"lazy\" decoding=\"async\" width=\"300\" height=\"225\" src=\"https:\/\/www.vasmegye.hu\/wp-content\/uploads\/2019\/05\/13-300x225.jpg\" class=\"attachment-medium size-medium\" alt=\"\" srcset=\"https:\/\/www.vasmegye.hu\/wp-content\/uploads\/2019\/05\/13-300x225.jpg 300w, https:\/\/www.vasmegye.hu\/wp-content\/uploads\/2019\/05\/13-768x576.jpg 768w, https:\/\/www.vasmegye.hu\/wp-content\/uploads\/2019\/05\/13-1024x768.jpg 1024w, https:\/\/www.vasmegye.hu\/wp-content\/uploads\/2019\/05\/13-800x600.jpg 800w, https:\/\/www.vasmegye.hu\/wp-content\/uploads\/2019\/05\/13-500x375.jpg 500w, https:\/\/www.vasmegye.hu\/wp-content\/uploads\/2019\/05\/13.jpg 1280w\" sizes=\"auto, (max-width: 300px) 100vw, 300px\" \/><\/a>\n\t\t\t<\/div><\/figure><figure class='gallery-item'>\n\t\t\t<div class='gallery-icon landscape'>\n\t\t\t\t<a href='https:\/\/www.vasmegye.hu\/en\/kepgaleria\/ket-kereken\/olympus-digital-camera-12\/'><img loading=\"lazy\" decoding=\"async\" width=\"300\" height=\"225\" src=\"https:\/\/www.vasmegye.hu\/wp-content\/uploads\/2019\/05\/8-300x225.jpg\" class=\"attachment-medium size-medium\" alt=\"\" srcset=\"https:\/\/www.vasmegye.hu\/wp-content\/uploads\/2019\/05\/8-300x225.jpg 300w, https:\/\/www.vasmegye.hu\/wp-content\/uploads\/2019\/05\/8-768x576.jpg 768w, https:\/\/www.vasmegye.hu\/wp-content\/uploads\/2019\/05\/8-1024x768.jpg 1024w, https:\/\/www.vasmegye.hu\/wp-content\/uploads\/2019\/05\/8-800x600.jpg 800w, https:\/\/www.vasmegye.hu\/wp-content\/uploads\/2019\/05\/8-500x375.jpg 500w, https:\/\/www.vasmegye.hu\/wp-content\/uploads\/2019\/05\/8.jpg 1280w\" sizes=\"auto, (max-width: 300px) 100vw, 300px\" \/><\/a>\n\t\t\t<\/div><\/figure>\n\t\t<\/div>\n\n<p>&nbsp;<\/p>\n<p><span style=\"color: #ff9900;\"><strong>Mesteri Term\u00e1l<\/strong><\/span><\/p>\n<p style=\"text-align: justify;\"><strong>Mad\u00e1rf\u00fctty, csend \u00e9s harm\u00f3nia<\/strong>, ezt \u00edg\u00e9ri a Mesteri Term\u00e1l honlapja azoknak, akik szeretn\u00e9nek p\u00e1r napot &#8211; vagy p\u00e1r \u00f3r\u00e1t &#8211; nyugodt k\u00f6r\u00fclm\u00e9nyek k\u00f6z\u00f6tt, kellemes k\u00f6rnyezetben elt\u00f6lteni. Mesteri az egyik f\u00fcrd\u0151helysz\u00edn, melyet \u00e9rint a Term\u00e1l Ker\u00e9kp\u00e1ros T\u00fara\u00fat.<br \/>\n1964-ben leltek r\u00e1 az 1800 m\u00e9teres m\u00e9lys\u00e9gb\u0151l felt\u00f6r\u0151 72 fokos term\u00e1lv\u00edzre, melynek \u00e9rt\u00e9keit a csal\u00e1dias hangulat\u00fa term\u00e1lf\u00fcrd\u0151 haszn\u00e1lat\u00e1val tudj\u00e1k a legjobban kiakn\u00e1zni.<\/p>\n<p style=\"text-align: justify;\">Az itteni v\u00edz\u00a0a kalcium &#8211; magn\u00e9zium &#8211; hidrog\u00e9n-karbon\u00e1tos term\u00e1lvizek csoportj\u00e1ba tartozik, magyar sz\u00f3haszn\u00e1lattal &#8211; f\u00f6ldes-meszes- vizeknek nevezz\u00fck. A t\u00f6bb, mint h\u00e1rom \u00e9vtizedes\u00a0tapasztalat alapj\u00e1n a v\u00edz nagyon kedvez\u0151en befoly\u00e1solja a mozg\u00e1sszervi, reum\u00e1s panaszokat. Magas sz\u00e9nsav tartalma r\u00e9v\u00e9n kedvez\u0151en hat a v\u00e9rkering\u00e9si zavarokra is. A f\u00fcrd\u0151ter\u00fcletnek, mint rekre\u00e1ci\u00f3s k\u00f6rnyezetnek szembet\u0171n\u0151 \u00e9rt\u00e9ke gazdag n\u00f6v\u00e9ny\u00e1llom\u00e1nya.<br \/>\nMesteri lehet az utaz\u00e1suk sz\u00e1ll\u00e1shelysz\u00edne is, de az is lehet, hogy csak \u00fatba ejtik a Term\u00e1l Ker\u00e9kp\u00e1ros T\u00fara\u00fat bej\u00e1r\u00e1sa sor\u00e1n is. A term\u00e1lf\u00fcrd\u0151z\u00e9st pedig \u00f6sszekapcsolhatj\u00e1k egy kellemes eb\u00e9d elfogyaszt\u00e1s\u00e1val is.<\/p>\n<p><u><a href=\"https:\/\/www.mesteritermal.hu\/\">https:\/\/www.mesteritermal.hu\/<\/a><\/u><\/p>\n<div id='gallery-4' class='gallery galleryid-9991 gallery-columns-3 gallery-size-medium'><figure class='gallery-item'>\n\t\t\t<div class='gallery-icon landscape'>\n\t\t\t\t<a href='https:\/\/www.vasmegye.hu\/en\/kepgaleria\/ket-kereken\/484814_451223324932968_1778783974_n\/'><img loading=\"lazy\" decoding=\"async\" width=\"300\" height=\"188\" src=\"https:\/\/www.vasmegye.hu\/wp-content\/uploads\/2019\/05\/484814_451223324932968_1778783974_n-300x188.jpg\" class=\"attachment-medium size-medium\" alt=\"\" srcset=\"https:\/\/www.vasmegye.hu\/wp-content\/uploads\/2019\/05\/484814_451223324932968_1778783974_n-300x188.jpg 300w, https:\/\/www.vasmegye.hu\/wp-content\/uploads\/2019\/05\/484814_451223324932968_1778783974_n-768x480.jpg 768w, https:\/\/www.vasmegye.hu\/wp-content\/uploads\/2019\/05\/484814_451223324932968_1778783974_n-500x313.jpg 500w, https:\/\/www.vasmegye.hu\/wp-content\/uploads\/2019\/05\/484814_451223324932968_1778783974_n-800x500.jpg 800w, https:\/\/www.vasmegye.hu\/wp-content\/uploads\/2019\/05\/484814_451223324932968_1778783974_n.jpg 900w\" sizes=\"auto, (max-width: 300px) 100vw, 300px\" \/><\/a>\n\t\t\t<\/div><\/figure><figure class='gallery-item'>\n\t\t\t<div class='gallery-icon landscape'>\n\t\t\t\t<a href='https:\/\/www.vasmegye.hu\/en\/kepgaleria\/ket-kereken\/mesteri_fu%cc%88rdo%cc%8b\/'><img loading=\"lazy\" decoding=\"async\" width=\"300\" height=\"200\" src=\"https:\/\/www.vasmegye.hu\/wp-content\/uploads\/2019\/05\/mesteri_fu\u0308rdo\u030b-300x200.jpeg\" class=\"attachment-medium size-medium\" alt=\"\" srcset=\"https:\/\/www.vasmegye.hu\/wp-content\/uploads\/2019\/05\/mesteri_fu\u0308rdo\u030b-300x200.jpeg 300w, https:\/\/www.vasmegye.hu\/wp-content\/uploads\/2019\/05\/mesteri_fu\u0308rdo\u030b.jpeg 640w, https:\/\/www.vasmegye.hu\/wp-content\/uploads\/2019\/05\/mesteri_fu\u0308rdo\u030b-500x334.jpeg 500w\" sizes=\"auto, (max-width: 300px) 100vw, 300px\" \/><\/a>\n\t\t\t<\/div><\/figure><figure class='gallery-item'>\n\t\t\t<div class='gallery-icon landscape'>\n\t\t\t\t<a href='https:\/\/www.vasmegye.hu\/en\/kepgaleria\/ket-kereken\/428143_451224098266224_155658281_n\/'><img loading=\"lazy\" decoding=\"async\" width=\"300\" height=\"200\" src=\"https:\/\/www.vasmegye.hu\/wp-content\/uploads\/2019\/05\/428143_451224098266224_155658281_n-300x200.jpg\" class=\"attachment-medium size-medium\" alt=\"\" srcset=\"https:\/\/www.vasmegye.hu\/wp-content\/uploads\/2019\/05\/428143_451224098266224_155658281_n-300x200.jpg 300w, https:\/\/www.vasmegye.hu\/wp-content\/uploads\/2019\/05\/428143_451224098266224_155658281_n-768x512.jpg 768w, https:\/\/www.vasmegye.hu\/wp-content\/uploads\/2019\/05\/428143_451224098266224_155658281_n-500x333.jpg 500w, https:\/\/www.vasmegye.hu\/wp-content\/uploads\/2019\/05\/428143_451224098266224_155658281_n.jpg 900w\" sizes=\"auto, (max-width: 300px) 100vw, 300px\" \/><\/a>\n\t\t\t<\/div><\/figure>\n\t\t<\/div>\n\n<p>&nbsp;<\/p>\n<p style=\"text-align: justify;\"><span style=\"color: #ff9900;\"><strong>Gy\u00f3gy- \u00e9s Wellnessf\u00fcrd\u0151 S\u00e1rv\u00e1r<\/strong><\/span><\/p>\n<p style=\"text-align: justify;\">S\u00e1rv\u00e1r a N\u00e1dasdy-csal\u00e1d r\u00e9v\u00e9n \u00edrta be mag\u00e1t a magyar t\u00f6rt\u00e9nelem legszebb lapjaira, hiszen itteni birtokl\u00e1suk idej\u00e9n a v\u00e1ros a kult\u00fara egyik fellegv\u00e1ra volt. Tev\u00e9kenys\u00e9g\u00fckre ma is eml\u00e9keztetnek a N\u00e1dasdy-v\u00e1r \u00e9s a N\u00e1dasdy Ferenc M\u00fazeum ki\u00e1ll\u00edt\u00e1sai.<br \/>\nB\u00fckf\u00fcrd\u0151h\u00f6z hasonl\u00f3an itt (S\u00e1rv\u00e1r) is az 1960-as \u00e9vek elej\u00e9n indult el telep\u00fcl\u00e9s a f\u00fcrd\u0151v\u00e1ross\u00e1 fejl\u0151d\u00e9s \u00fatj\u00e1n. Napjainkban m\u00e1r igen jelent\u0151s szerepe van a turizmusnak S\u00e1rv\u00e1r \u00e9let\u00e9ben \u00e9s az ide l\u00e1togat\u00f3k legnagyobb r\u00e9sze a h\u00edres Gy\u00f3gy- \u00e9s Wellnessf\u00fcrd\u0151t keresi fel, ahol wellness-, gy\u00f3gy- \u00e9s beauty kezel\u00e9seken is r\u00e9szt vehetnek, hogy teljesen felfriss\u00fclve \u00e9s megsz\u00e9p\u00fclve, eg\u00e9szs\u00e9gesebben t\u00e9rjenek vissza a h\u00e9tk\u00f6znapokba.<br \/>\nA gy\u00f3gyf\u00fcrd\u0151 r\u00e9sznek otthont ad\u00f3 sz\u00e1rny teljesen elk\u00fcl\u00f6n\u00fcl a csal\u00e1di sz\u00e1rnyt\u00f3l, hogy itt a pihen\u00e9s\u00e9 lehessen a f\u0151szerep. A vend\u00e9gek \u00edgy zavartalanul \u00e9lvezhetik a gy\u00f3gyvizes \u00e9s \u00e9lm\u00e9nymedenc\u00e9k k\u00edn\u00e1lta szolg\u00e1ltat\u00e1sokat.<br \/>\nA kiv\u00e1l\u00f3 min\u0151s\u00e9g\u0171 s\u00e1rv\u00e1ri gy\u00f3gyv\u00edzzel t\u00f6lt\u00f6tt medenc\u00e9kben a selymes v\u00edz \u00e1tj\u00e1rja a testet \u00e9s lelket, feledtetve a h\u00e9tk\u00f6znapok gondjait, gy\u00f3gy\u00edrt jelentve a f\u00e1j\u00f3 \u00edz\u00fcletekre, reumatikus panaszokra. Az \u00e9lm\u00e9nymedence v\u00edzbuzg\u00e1rja, a v\u00e1llmassz\u00edroz\u00f3ja, sodr\u00f3folyos\u00f3ja t\u00f6k\u00e9letes kikapcsol\u00f3d\u00e1st k\u00edn\u00e1l.<br \/>\nK\u00fcl\u00f6nb\u00f6z\u0151 m\u00e9lys\u00e9gb\u0151l, elt\u00e9r\u0151 h\u0151m\u00e9rs\u00e9klet\u0171, k\u00e9t fajta \u00f6sszet\u00e9tel\u0171 gy\u00f3gyv\u00edz t\u00f6r a felsz\u00ednre.<br \/>\nA 83\u00b0C-os gy\u00f3gyv\u00edz fontos alkot\u00f3r\u00e9sze a n\u00e1trium-klorid, a hidrog\u00e9n-karbon\u00e1t, a j\u00f3d, a br\u00f3m, a fluor, \u00e9s sz\u00e1mos nyomelem. A magas s\u00f3tartalm\u00fa gy\u00f3gyv\u00edzb\u0151l lep\u00e1rl\u00e1ssal \u00e1ll\u00edtott\u00e1k el\u0151 a h\u00edres S\u00e1rv\u00e1ri Term\u00e1lkrist\u00e1lyt.\u00a0A 43\u00b0C-os alk\u00e1li- hidrog\u00e9nkarbon\u00e1tos gy\u00f3gyv\u00edz f\u0151k\u00e9nt n\u00e1trium-kloridot, hidrog\u00e9n-karbon\u00e1tot, nyomelemeket tartalmaz, k\u00e9nt \u00e9s radont azonban nem. Kiv\u00e1l\u00f3an alkalmas mozg\u00e1sszervi megbeteged\u00e9sek gy\u00f3gykezel\u00e9s\u00e9re, rehabilit\u00e1ci\u00f3ra, sports\u00e9r\u00fcl\u00e9sek ut\u00f3kezel\u00e9s\u00e9re, neurol\u00f3giai t\u00fcnet egy\u00fcttesekre, izomlaz\u00edt\u00f3 f\u00fcrd\u00e9sre. A gy\u00f3gyf\u00fcrd\u0151 medenc\u00e9iben az ut\u00f3bbi &#8211; alk\u00e1li hidrog\u00e9nkarbon\u00e1tos &#8211; gy\u00f3gyv\u00edz tal\u00e1lhat\u00f3.<br \/>\nA f\u00fcrd\u0151z\u00e9s mellett S\u00e1rv\u00e1r sz\u00e1mos kultur\u00e1lis programlehet\u0151s\u00e9geket is k\u00edn\u00e1l, valamint van kalandpark, cs\u00f3nak\u00e1z\u00f3t\u00f3, arbor\u00e9tum. \u00c9rkezzen S\u00e1rv\u00e1rra b\u00e1rmilyen turisztikai c\u00e9llal, haszn\u00e1lja ki a f\u00fcrd\u0151 szolg\u00e1ltat\u00e1sai mellett a Term\u00e1l Ker\u00e9kp\u00e1ros T\u00fara\u00fat \u00e1ltal k\u00edn\u00e1lt \u00fati c\u00e9lokat is \u00e9s fedezze fel Vas megye eme r\u00e9gi\u00f3j\u00e1t k\u00e9t ker\u00e9ken.<\/p>\n<p><u><a href=\"https:\/\/www.sarvarfurdo.hu\/\">https:\/\/www.sarvarfurdo.hu\/<\/a><\/u><\/p>\n<p><img loading=\"lazy\" decoding=\"async\" class=\"alignnone size-medium wp-image-10765 aligncenter\" src=\"https:\/\/www.vasmegye.hu\/wp-content\/uploads\/2019\/05\/H8A8666-300x200.jpg\" alt=\"\" width=\"300\" height=\"200\" srcset=\"https:\/\/www.vasmegye.hu\/wp-content\/uploads\/2019\/05\/H8A8666-300x200.jpg 300w, https:\/\/www.vasmegye.hu\/wp-content\/uploads\/2019\/05\/H8A8666-768x512.jpg 768w, https:\/\/www.vasmegye.hu\/wp-content\/uploads\/2019\/05\/H8A8666-1024x683.jpg 1024w, https:\/\/www.vasmegye.hu\/wp-content\/uploads\/2019\/05\/H8A8666-500x333.jpg 500w\" sizes=\"auto, (max-width: 300px) 100vw, 300px\" \/><\/p>\n<p>&nbsp;<\/p>\n<p>&nbsp;<\/p>\n<p style=\"text-align: justify;\"><strong><span style=\"color: #ff9900;\">Vulk\u00e1n Gy\u00f3gy- \u00e9s \u00c9lm\u00e9nyf\u00fcrd\u0151, Celld\u00f6m\u00f6lk<\/span><\/strong><\/p>\n<p style=\"text-align: justify;\">B\u00e1r m\u00e1r nem p\u00f6f\u00f6gnek akt\u00edv vulk\u00e1nok a Celld\u00f6m\u00f6lk melletti S\u00e1g hegyen, az\u00e9rt kellemesen meleg term\u00e1lv\u00edzre m\u00e9g lelhetnek az itt megpihen\u0151 turist\u00e1k a Vulk\u00e1n F\u00fcrd\u0151ben, melynek szlogenje: a vulk\u00e1n erej\u00e9vel.<br \/>\nCelld\u00f6m\u00f6lk, Kemenesalja k\u00f6zpontja, jelent\u0151s b\u00facs\u00faj\u00e1r\u00f3hely. M\u00e1r a k\u00f6z\u00e9pkori benc\u00e9s ap\u00e1ts\u00e1got &#8211; melynek romjai megtekinthet\u0151ek m\u00e9g napjainkban is &#8211; is Sz\u0171z M\u00e1ria tisztelet\u00e9re szentelt\u00e9k fel, majd a m\u00e1riazelli templom mint\u00e1j\u00e1ra fel\u00e9p\u00fclt a M\u00e1ria-kegytemplom (Nagyboldogasszony templom).<br \/>\nA Vulk\u00e1n Gy\u00f3gy- \u00e9s \u00c9lm\u00e9nyf\u00fcrd\u0151ben nyolc medence \u00e9s sz\u00e1mos szolg\u00e1ltat\u00e1s v\u00e1rja a f\u00fcrd\u0151zni, felfriss\u00fclni, \u00fajj\u00e1sz\u00fcletni v\u00e1gy\u00f3kat. Az itteni\u00a0gy\u00f3gyv\u00edz n\u00e1trium-hidrog\u00e9nkarbon\u00e1tos-, kloridos t\u00edpus\u00fa, l\u00e1gy (csak igen csek\u00e9ly mennyis\u00e9g\u0171 kalciumot \u00e9s magn\u00e9ziumot tartalmaz\u00f3), nagy fluorid tartalm\u00fa (6,5 mg\/l) kev\u00e9ss\u00e9 szulfidos meleg v\u00edz. J\u00f3 hat\u00e1ssal van a\u00a0korral egy\u00fctt j\u00e1r\u00f3 el\u00f6reged\u00e9si folyamatok k\u00f6vetkezm\u00e9nyek\u00e9nt a gerincben \u00e9s az \u00edz\u00fcletekben kialakult id\u00fclt porckop\u00e1sok enyh\u00edt\u00e9s\u00e9ben, az \u00edz\u00fcleteket k\u00f6rbevev\u0151 izmok \u00e9s inak f\u00e1jdalm\u00e1nak cs\u00f6kkent\u00e9s\u00e9ben \u00e9s a traumatol\u00f3giai m\u0171t\u00e9tet k\u00f6vet\u0151 rehabilit\u00e1ci\u00f3 sor\u00e1n, der\u00e9kf\u00e1j\u00e1s, der\u00e9kb\u00f3l kisug\u00e1rz\u00f3 f\u00e1jdalmak; statikai zavarok, tart\u00e1si rendelleness\u00e9gek (gerincferd\u00fcl\u00e9s), stressz, t\u00falterhelts\u00e9g gy\u00f3gy\u00edt\u00e1s\u00e1ban.<br \/>\nA f\u00fcrd\u0151z\u00e9s mellett h\u00f3d\u00edts\u00e1k meg a S\u00e1g hegy vulkanikus k\u00fapjait, ismerj\u00e9k meg a Kemenes Vulk\u00e1n Park \u00e9s a S\u00e1ghegyi M\u00fazeum ki\u00e1ll\u00edt\u00e1sai r\u00e9v\u00e9n a hegy geol\u00f3giai m\u00faltj\u00e1t, \u00e9s n\u00e9zzenek be egy-k\u00e9t borospinc\u00e9be is. \u00c9rkezzen Celld\u00f6m\u00f6lkre b\u00e1rmilyen turisztikai c\u00e9llal, a f\u00fcrd\u0151 megl\u00e1togat\u00e1sa mellett j\u00e1rja be a Term\u00e1l Ker\u00e9kp\u00e1ros T\u00fara\u00fat \u00e1ltal k\u00edn\u00e1lt \u00fati c\u00e9lokat is, \u00e9s fedezze fel Vas megye eme r\u00e9gi\u00f3j\u00e1t k\u00e9t ker\u00e9ken.<\/p>\n<p><u><a href=\"http:\/\/vulkanfurdo.hu\/\">http:\/\/vulkanfurdo.hu\/<\/a><\/u><\/p>\n<div id='gallery-5' class='gallery galleryid-9991 gallery-columns-2 gallery-size-medium'><figure class='gallery-item'>\n\t\t\t<div class='gallery-icon landscape'>\n\t\t\t\t<a href='https:\/\/www.vasmegye.hu\/en\/kepgaleria\/ket-kereken\/vulkanfurdo\/'><img loading=\"lazy\" decoding=\"async\" width=\"300\" height=\"225\" src=\"https:\/\/www.vasmegye.hu\/wp-content\/uploads\/2019\/05\/vulkanfurdo-300x225.jpg\" class=\"attachment-medium size-medium\" alt=\"\" srcset=\"https:\/\/www.vasmegye.hu\/wp-content\/uploads\/2019\/05\/vulkanfurdo-300x225.jpg 300w, https:\/\/www.vasmegye.hu\/wp-content\/uploads\/2019\/05\/vulkanfurdo-768x576.jpg 768w, https:\/\/www.vasmegye.hu\/wp-content\/uploads\/2019\/05\/vulkanfurdo-500x375.jpg 500w, https:\/\/www.vasmegye.hu\/wp-content\/uploads\/2019\/05\/vulkanfurdo.jpg 800w\" sizes=\"auto, (max-width: 300px) 100vw, 300px\" \/><\/a>\n\t\t\t<\/div><\/figure><figure class='gallery-item'>\n\t\t\t<div class='gallery-icon landscape'>\n\t\t\t\t<a href='https:\/\/www.vasmegye.hu\/en\/kepgaleria\/ket-kereken\/furdo__044\/'><img loading=\"lazy\" decoding=\"async\" width=\"300\" height=\"201\" src=\"https:\/\/www.vasmegye.hu\/wp-content\/uploads\/2019\/05\/F\u00fcrd\u0151__044-300x201.jpg\" class=\"attachment-medium size-medium\" alt=\"\" srcset=\"https:\/\/www.vasmegye.hu\/wp-content\/uploads\/2019\/05\/F\u00fcrd\u0151__044-300x201.jpg 300w, https:\/\/www.vasmegye.hu\/wp-content\/uploads\/2019\/05\/F\u00fcrd\u0151__044-768x515.jpg 768w, https:\/\/www.vasmegye.hu\/wp-content\/uploads\/2019\/05\/F\u00fcrd\u0151__044-500x336.jpg 500w, https:\/\/www.vasmegye.hu\/wp-content\/uploads\/2019\/05\/F\u00fcrd\u0151__044.jpg 900w\" sizes=\"auto, (max-width: 300px) 100vw, 300px\" \/><\/a>\n\t\t\t<\/div><\/figure>\n\t\t<\/div>\n\n<p>&nbsp;<\/p>\n<p style=\"text-align: justify;\"><strong><span style=\"color: #ff9900;\">B\u00fckf\u00fcrd\u0151 Term\u00e1l &amp; Spa<\/span><\/strong><\/p>\n<p style=\"text-align: justify;\">Haz\u00e1nk egyik legn\u00e9pszer\u0171bb f\u00fcrd\u0151v\u00e1rosa B\u00fckf\u00fcrd\u0151. Az itteni szolg\u00e1ltat\u00e1sok messze f\u00f6ldr\u0151l &#8211; a hat\u00e1rainkon t\u00falr\u00f3l is &#8211; vonzz\u00e1k ide a pihenni, felt\u00f6lt\u0151dni, kikapcsol\u00f3dni v\u00e1gy\u00f3kat. A b\u00fcki term\u00e1lv\u00edz ar\u00e1nylag fiatal, hiszen csak az 1950-es \u00e9vek v\u00e9g\u00e9n tal\u00e1ltak r\u00e1 a f\u00f6ld m\u00e9ly\u00e9n megb\u00fav\u00f3 meleg v\u00edzre, viszont ezt k\u00f6vet\u0151en el\u00e9g hamar felismert\u00e9k gy\u00f3gy\u00e1szati jelent\u0151s\u00e9g\u00e9t \u00e9s m\u00e1r 1965-ben megkapta a gy\u00f3gyv\u00edz min\u0151s\u00edt\u00e9st.<br \/>\nAz\u00f3ta egy nagyon komoly szolg\u00e1ltat\u00f3 rendszer \u00e9p\u00fclt ki arra, hogy az ide\u00e9rkez\u0151k pihen\u00e9se teljes k\u00f6r\u0171 legyen. Van B\u00fckf\u00fcrd\u0151n kalandpark, golfp\u00e1lya, Kneipp \u00e9s Nordic walking Park, de ahov\u00e1 biztos, hogy mindenki elmegy az itt t\u00f6lt\u00f6tt id\u0151 alatt, az a term\u00e1lf\u00fcrd\u0151, melynek gy\u00f3gyvize nem csak gy\u00f3gy\u00e1szati c\u00e9lt szolg\u00e1lhat, hanem fontos szerepet t\u00f6lt be az eg\u00e9szs\u00e9gmeg\u0151rz\u00e9sben is (\u00e1ltal\u00e1nos k\u00f6z\u00e9rzet jav\u00edt\u00f3 szerepe is ismert).<br \/>\nA B\u00fckf\u00fcrd\u0151i Term\u00e1l &amp; Spa rendelkezik k\u00fclt\u00e9ri \u00e9s belt\u00e9ri medenc\u00e9kkel, \u00e9lm\u00e9nyf\u00fcrd\u0151 r\u00e9sszel \u00e9s cs\u00faszd\u00e1kkal, wellness \u00e9s gy\u00f3gy\u00e1szati r\u00e9szleggel.<br \/>\nA b\u00fckf\u00fcrd\u0151i term\u00e1lv\u00edz &#8211; gy\u00f3gyv\u00edz &#8211;\u00a0egyedi \u00f6sszet\u00e9tel\u0171 \u2013 alk\u00e1li-hidrog\u00e9nkarbon\u00e1tos, magas kalcium-, magn\u00e9zium- \u00e9s fluortartalm\u00fa \u2013, nemzetk\u00f6zi \u00f6sszehasonl\u00edt\u00e1sban is rendk\u00edv\u00fcl magas, t\u00f6bb mint 15000 mg\/l \u00e1sv\u00e1nyi anyag tartalommal rendelkezik, \u00edgy egyed\u00fcl\u00e1ll\u00f3an kedvez\u0151 hat\u00e1st fejt ki a szervezetre. A b\u00fckf\u00fcrd\u0151i gy\u00f3gyv\u00edz ide\u00e1lis\u00a0szinte valamennyi mozg\u00e1sszervi betegs\u00e9g kezel\u00e9s\u00e9re, hat\u00e9konyan alkalmazhat\u00f3: meszesed\u00e9s (spondylosis), porckop\u00e1s (arthrosis), csontritkul\u00e1s (osteoporosis), discopathia, lumb\u00e1g\u00f3, Bechterew-k\u00f3r, kr\u00f3nikus iz\u00fcleti gyullad\u00e1s, k\u00f6szv\u00e9ny, l\u00e1gyr\u00e9sz reumatizmus, ortop\u00e9diai \u00e9s idegseb\u00e9szeti m\u0171t\u00e9tek ut\u00e1ni rehabilit\u00e1ci\u00f3, baleseti ut\u00f3kezel\u00e9s, kr\u00f3nikus n\u0151gy\u00f3gy\u00e1szati \u00e9s urol\u00f3giai gyullad\u00e1sok, kr\u00f3nikus gyomorhurut, fek\u00e9lybetegs\u00e9g, em\u00e9szt\u00e9si zavarok eset\u00e9n. Tov\u00e1bb\u00e1\u00a0iv\u00f3k\u00fara form\u00e1j\u00e1ban is seg\u00edt a kr\u00f3nikus gyomorhurut, a fek\u00e9lybetegs\u00e9g \u00e9s em\u00e9szt\u00e9si zavarok gy\u00f3gy\u00edt\u00e1s\u00e1n\u00e1l, az osteoporosis megel\u0151z\u00e9s\u00e9re, kezel\u00e9s\u00e9re.<br \/>\n\u00c9rkezzen B\u00fckre b\u00e1rmilyen c\u00e9llal, haszn\u00e1lja ki a f\u00fcrd\u0151 szolg\u00e1ltat\u00e1sai mellett a Term\u00e1l Ker\u00e9kp\u00e1ros T\u00fara\u00fat \u00e1ltal k\u00edn\u00e1lt \u00fati c\u00e9lokat is \u00e9s fedezze fel Vas megye eme r\u00e9gi\u00f3j\u00e1t k\u00e9t ker\u00e9ken.<\/p>\n<p><u><a href=\"https:\/\/www.bukfurdo.hu\/\">https:\/\/www.bukfurdo.hu\/<\/a><\/u><\/p>\n<p>&nbsp;<\/p>\n<p><img loading=\"lazy\" decoding=\"async\" class=\"size-medium wp-image-10768 aligncenter\" src=\"https:\/\/www.vasmegye.hu\/wp-content\/uploads\/2019\/05\/Furdo17_Tibu_203-300x200.jpg\" alt=\"\" width=\"300\" height=\"200\" srcset=\"https:\/\/www.vasmegye.hu\/wp-content\/uploads\/2019\/05\/Furdo17_Tibu_203-300x200.jpg 300w, https:\/\/www.vasmegye.hu\/wp-content\/uploads\/2019\/05\/Furdo17_Tibu_203-768x512.jpg 768w, https:\/\/www.vasmegye.hu\/wp-content\/uploads\/2019\/05\/Furdo17_Tibu_203-1024x683.jpg 1024w, https:\/\/www.vasmegye.hu\/wp-content\/uploads\/2019\/05\/Furdo17_Tibu_203-500x333.jpg 500w\" sizes=\"auto, (max-width: 300px) 100vw, 300px\" \/><\/p>\n<p>&nbsp;<\/p>\n<p>&nbsp;<\/p>\n<p>&nbsp;<\/p>\n<p>Ha tervezi a ny\u00e1ri kerekez\u00e9st Vas megy\u00e9ben &#8211; <strong><span style=\"color: #ff9900;\">Termel\u0151i piacok, \u0151stermel\u0151k a Term\u00e1l Ker\u00e9kp\u00e1ros T\u00fara\u00fat mellett<\/span><\/strong><\/p>\n<p style=\"text-align: justify;\">Vid\u00e9ken m\u00e9g napjainkban is n\u00e9pszer\u0171 k\u00f6zleked\u00e9si eszk\u00f6z a ker\u00e9kp\u00e1r. B\u00e1rmerre j\u00e1r, csak n\u00e9zzen k\u00f6r\u00fcl a vas\u00fat\u00e1llom\u00e1sn\u00e1l, gy\u00e1rak bej\u00e1rat\u00e1n\u00e1l vagy a piacn\u00e1l, biztosan sok biciklit fog l\u00e1tni a ker\u00e9kp\u00e1r t\u00e1rol\u00f3kban.<br \/>\nNyaral\u00e1sa k\u00f6zben \u00f6n is felveheti a helyiek \u00e9letritmus\u00e1t, p\u00e9ld\u00e1ul ha b\u00e9rel egy ker\u00e9kp\u00e1rt \u00e9s azzal megy a strandra, kir\u00e1ndulni vagy \u00e9ppen bev\u00e1s\u00e1rolni (a helyi Tourinform irod\u00e1ban pedig ker\u00e9kp\u00e1rt is tudnak k\u00f6lcs\u00f6n\u00f6zni). Termel\u0151i piacot B\u00fckf\u00fcrd\u0151n tal\u00e1lnak, amely \u00e1prilis v\u00e9ge \u00e9s okt\u00f3ber k\u00f6zepe k\u00f6z\u00f6tt van nyitva, a kor\u00e1bbi busz\u00e1llom\u00e1s ter\u00e9n tal\u00e1lhat\u00f3. Reggel kitekernek a piacra \u00e9s beszerezhetnek mindenf\u00e9le friss finoms\u00e1got a helyi \u00e9s k\u00f6rny\u00e9kbeli termel\u0151k k\u00edn\u00e1lat\u00e1b\u00f3l.<br \/>\nA Term\u00e1l Ker\u00e9kp\u00e1ros T\u00fara\u00fat bej\u00e1r\u00e1sa &#8211; v\u00e9gig bicikliz\u00e9se &#8211; arra is nagyon j\u00f3 lehet\u0151s\u00e9g, hogy felfedezz\u00e9k a r\u00e9gi\u00f3 k\u00e9zm\u0171ves term\u00e9keit, jellegzetes n\u00f6v\u00e9nyeit, gy\u00fcm\u00f6lcseit. \u00c9s azut\u00e1n, ha hazafel\u00e9 tartanak a gy\u00fcm\u00f6lcs\u00f6kkel, megpihenhetnek valamelyik ker\u00e9kp\u00e1ros pihen\u0151helyen \u00e9s meg\u00edzlelhetik Vas megye zamatos term\u00e9seit.<\/p>\n<p><img loading=\"lazy\" decoding=\"async\" class=\"alignnone size-medium wp-image-10769 aligncenter\" src=\"https:\/\/www.vasmegye.hu\/wp-content\/uploads\/2019\/05\/termeloipiac_bukfurdoe15560932791501024x683-300x200.jpg\" alt=\"\" width=\"300\" height=\"200\" srcset=\"https:\/\/www.vasmegye.hu\/wp-content\/uploads\/2019\/05\/termeloipiac_bukfurdoe15560932791501024x683-300x200.jpg 300w, https:\/\/www.vasmegye.hu\/wp-content\/uploads\/2019\/05\/termeloipiac_bukfurdoe15560932791501024x683-768x512.jpg 768w, https:\/\/www.vasmegye.hu\/wp-content\/uploads\/2019\/05\/termeloipiac_bukfurdoe15560932791501024x683.jpg 1024w, https:\/\/www.vasmegye.hu\/wp-content\/uploads\/2019\/05\/termeloipiac_bukfurdoe15560932791501024x683-500x333.jpg 500w\" sizes=\"auto, (max-width: 300px) 100vw, 300px\" \/><\/p>\n<p>&nbsp;<\/p>\n<p>&nbsp;<\/p>\n<p style=\"text-align: justify;\"><strong><span style=\"color: #ff9900;\">Kempingez\u00e9s a Term\u00e1l Ker\u00e9kp\u00e1ros T\u00fara\u00fat f\u00fcrd\u0151v\u00e1rosaiban<\/span><\/strong><\/p>\n<p style=\"text-align: justify;\">A Term\u00e1l Ker\u00e9kp\u00e1ros T\u00fara\u00fat \u00f6t wellnessf\u00fcrd\u0151vel rendelkez\u0151 \u00e1llom\u00e1s\u00e1n sz\u00ednvonalas sz\u00e1ll\u00e1slehet\u0151s\u00e9gek v\u00e1rj\u00e1k a pihenni, nyaralni v\u00e1gy\u00f3kat. Azonban azok is megtal\u00e1lj\u00e1k a sz\u00e1mukra megfelel\u0151 megold\u00e1st, akik a szabadabb, laz\u00e1bb megold\u00e1st\u00a0kedvelik, hiszen mindegyik helysz\u00ednen a f\u00fcrd\u0151 k\u00f6zel\u00e9ben &#8211; vagy \u00e9ppen \u00f6sszek\u00f6ttet\u00e9sben vele &#8211; minden ig\u00e9nyt kiel\u00e9g\u00edt\u0151 kempingek tal\u00e1lhat\u00f3ak. Akik lak\u00f3aut\u00f3val k\u00f6zlekednek, azok rendszerint magukkal viszik a ker\u00e9kp\u00e1rjukat is. \u00cdgy sz\u00e1mukra teljesen k\u00e9zenfekv\u0151 a k\u00f6rny\u00e9k felfedez\u00e9se k\u00e9t ker\u00e9ken, de azoknak sem kell lemondaniuk err\u0151l a nagyszer\u0171 lehet\u0151s\u00e9gr\u0151l, akik nem rendelkeznek saj\u00e1t biciklivel, mert a helyi Tourinform irod\u00e1kban lehet\u0151s\u00e9g van ker\u00e9kp\u00e1r \u00e9s pedelec b\u00e9rl\u00e9s\u00e9re is. \u00c9ljenek a Term\u00e1l Ker\u00e9kp\u00e1ros T\u00fara\u00fat nagyszer\u0171 helysz\u00edn aj\u00e1nlataival \u00e9s fedezz\u00e9k fel Vas megye eme r\u00e9gi\u00f3j\u00e1t ker\u00e9kp\u00e1ron.<\/p>\n<p><img loading=\"lazy\" decoding=\"async\" class=\"size-medium wp-image-10770 aligncenter\" src=\"https:\/\/www.vasmegye.hu\/wp-content\/uploads\/2019\/05\/borgata_camping-300x183.jpg\" alt=\"\" width=\"300\" height=\"183\" srcset=\"https:\/\/www.vasmegye.hu\/wp-content\/uploads\/2019\/05\/borgata_camping-300x183.jpg 300w, https:\/\/www.vasmegye.hu\/wp-content\/uploads\/2019\/05\/borgata_camping-768x469.jpg 768w, https:\/\/www.vasmegye.hu\/wp-content\/uploads\/2019\/05\/borgata_camping-1024x626.jpg 1024w, https:\/\/www.vasmegye.hu\/wp-content\/uploads\/2019\/05\/borgata_camping-500x306.jpg 500w, https:\/\/www.vasmegye.hu\/wp-content\/uploads\/2019\/05\/borgata_camping.jpg 1276w\" sizes=\"auto, (max-width: 300px) 100vw, 300px\" \/><\/p>\n<p>&nbsp;<\/p>\n<p><strong><span style=\"color: #ff9900;\">\u00c1ll\u00edtsd a ker\u00e9kp\u00e1rod korm\u00e1ny\u00e1t B\u00fckf\u00fcrd\u0151 ir\u00e1ny\u00e1ba<\/span><\/strong><\/p>\n<p style=\"text-align: justify;\">Szombathelyr\u0151l 33 kilom\u00e9terre van B\u00fckf\u00fcrd\u0151, ha ker\u00e9kp\u00e1rral szeretn\u00e9nk megtenni az utat. Ez a t\u00e1vols\u00e1g egy gyakorlott bicajoz\u00f3 sz\u00e1m\u00e1ra &#8211; miut\u00e1n s\u00edk terepet kell csak legy\u0151zni &#8211; nem gond, \u00e9ppen egy kellemes teker\u00e9snyi t\u00e1vols\u00e1g.<br \/>\n\u00c9s az \u00fat v\u00e9g\u00e9n v\u00e1r mindenkit a meg\u00e9rdemelt jutalom, azaz csobban\u00e1s a f\u00fcrd\u0151 v\u00edz\u00e9ben, napoz\u00e1s a medence partj\u00e1n. A vasi megyesz\u00e9khelyen pedig egyh\u00e1zi, r\u00f3mai kori eml\u00e9keket n\u00e9zhet\u00fcnk meg, \u00fatk\u00f6zben sz\u0151l\u0151dombok k\u00f6z\u00f6tt \u00e9s patakparton visz az \u00fat, Gy\u00f6ngy\u00f6sfaluban a Kalandparkban technikai seg\u00edts\u00e9get is kaphatnak a bring\u00e1sok, vagy kipr\u00f3b\u00e1lhatj\u00e1k az Montenbike (MTB) p\u00e1ly\u00e1t is. A ker\u00e9kp\u00e1ros \u00fatvonal \u00e9rinti Csepreget, ahol megpihenhet az utaz\u00f3 egy kicsit. Cs\u00e1b\u00edt\u00f3 \u00fatiterv, ide\u00e1lis napi program egy kellemes ker\u00e9kp\u00e1rt\u00far\u00e1hoz, melyet f\u00fcrd\u0151z\u00e9ssel k\u00f6thet \u00f6ssze a v\u00e1ndor.<\/p>\n<p>&nbsp;<\/p>\n<p><img loading=\"lazy\" decoding=\"async\" class=\"alignnone size-medium wp-image-10774 aligncenter\" src=\"https:\/\/www.vasmegye.hu\/wp-content\/uploads\/2019\/05\/Furdo17_Tibu_116-300x200.jpg\" alt=\"\" width=\"300\" height=\"200\" srcset=\"https:\/\/www.vasmegye.hu\/wp-content\/uploads\/2019\/05\/Furdo17_Tibu_116-300x200.jpg 300w, https:\/\/www.vasmegye.hu\/wp-content\/uploads\/2019\/05\/Furdo17_Tibu_116-768x512.jpg 768w, https:\/\/www.vasmegye.hu\/wp-content\/uploads\/2019\/05\/Furdo17_Tibu_116-1024x683.jpg 1024w, https:\/\/www.vasmegye.hu\/wp-content\/uploads\/2019\/05\/Furdo17_Tibu_116-500x333.jpg 500w\" sizes=\"auto, (max-width: 300px) 100vw, 300px\" \/><\/p>\n<p>&nbsp;<\/p>\n<p>&nbsp;<\/p>\n<p><strong><span style=\"color: #ff9900;\">Csepregi l\u00e1tnival\u00f3k biciklivel bej\u00e1rva<\/span><\/strong><\/p>\n<p style=\"text-align: justify;\">A R\u00e9pce parti v\u00e1rost sz\u0151l\u0151hegyek \u00e9s kir\u00e1ndul\u00e1sra alkalmas erd\u0151k veszik k\u00f6rbe. Ak\u00e1r azokat is bej\u00e1rhatjuk ker\u00e9kp\u00e1rral, ha a Term\u00e1l Ker\u00e9kp\u00e1ros T\u00fara\u00faton haladunk.<br \/>\nJelent\u0151s m\u0171eml\u00e9ke a Szent Mikl\u00f3s \u00e9s a Szent Katalin-templom, valamint a N\u00e1dasdy (Sch\u00f6ller) &#8211; kast\u00e9ly. \u00c9rinti a M\u00e1ria-\u00fat egyik szakasz\u00e1t is. \u00c9rdemes felkeresni a Falum\u00fazeum helyt\u00f6rt\u00e9neti ki\u00e1ll\u00edt\u00e1s\u00e1t is.<\/p>\n<p>&nbsp;<\/p>\n<p><img loading=\"lazy\" decoding=\"async\" class=\"alignnone size-medium wp-image-10775 aligncenter\" src=\"https:\/\/www.vasmegye.hu\/wp-content\/uploads\/2019\/05\/016-Boldogasszony-2018-11-02-300x188.jpg\" alt=\"\" width=\"300\" height=\"188\" srcset=\"https:\/\/www.vasmegye.hu\/wp-content\/uploads\/2019\/05\/016-Boldogasszony-2018-11-02-300x188.jpg 300w, https:\/\/www.vasmegye.hu\/wp-content\/uploads\/2019\/05\/016-Boldogasszony-2018-11-02-768x481.jpg 768w, https:\/\/www.vasmegye.hu\/wp-content\/uploads\/2019\/05\/016-Boldogasszony-2018-11-02-1024x642.jpg 1024w, https:\/\/www.vasmegye.hu\/wp-content\/uploads\/2019\/05\/016-Boldogasszony-2018-11-02-500x313.jpg 500w, https:\/\/www.vasmegye.hu\/wp-content\/uploads\/2019\/05\/016-Boldogasszony-2018-11-02-800x500.jpg 800w, https:\/\/www.vasmegye.hu\/wp-content\/uploads\/2019\/05\/016-Boldogasszony-2018-11-02.jpg 1540w\" sizes=\"auto, (max-width: 300px) 100vw, 300px\" \/><\/p>\n\n\t\t<\/div>\n\t<\/div>\n<\/div><\/div><\/div><\/div>\n<\/section>","protected":false},"excerpt":{"rendered":"Ker\u00e9kp\u00e1ros turizmus fejleszt\u00e9se Vas megy\u00e9ben Az eg\u00e9szs\u00e9ges \u00e9letm\u00f3dhoz hozz\u00e1tartozik az akt\u00edv pihen\u00e9s, kikapcsol\u00f3d\u00e1s is. Vas megye gy\u00f3gyf\u00fcrd\u0151i lehet\u0151s\u00e9get adnak arra, hogy mik\u00f6zben pihen\u00fcnk, felt\u00f6lt\u0151d\u00fcnk, ak\u00e1r kisebb-nagyobb bajainkat is orvosoljuk. Ennek a rekre\u00e1ci\u00f3s folyamatnak lehet nagyon fontos kieg\u00e9sz\u00edt\u00e9se a Term\u00e1l Ker\u00e9kp\u00e1ros T\u00fara\u00fat, az ahhoz kidolgozott \u00fatvonalak, programcsomagok helysz\u00edneinek bej\u00e1r\u00e1sa k\u00e9t ker\u00e9ken. Ugyanilyen vonz\u00f3 lehet a turist\u00e1k [...]","protected":false},"author":1,"featured_media":0,"parent":0,"menu_order":15,"comment_status":"closed","ping_status":"closed","template":"","meta":{"_exactmetrics_skip_tracking":false,"_exactmetrics_sitenote_active":false,"_exactmetrics_sitenote_note":"","_exactmetrics_sitenote_category":0,"footnotes":""},"class_list":["post-9991","page","type-page","status-publish","hentry","floatton-article"],"_links":{"self":[{"href":"https:\/\/www.vasmegye.hu\/en\/wp-json\/wp\/v2\/pages\/9991","targetHints":{"allow":["GET"]}}],"collection":[{"href":"https:\/\/www.vasmegye.hu\/en\/wp-json\/wp\/v2\/pages"}],"about":[{"href":"https:\/\/www.vasmegye.hu\/en\/wp-json\/wp\/v2\/types\/page"}],"author":[{"embeddable":true,"href":"https:\/\/www.vasmegye.hu\/en\/wp-json\/wp\/v2\/users\/1"}],"replies":[{"embeddable":true,"href":"https:\/\/www.vasmegye.hu\/en\/wp-json\/wp\/v2\/comments?post=9991"}],"version-history":[{"count":0,"href":"https:\/\/www.vasmegye.hu\/en\/wp-json\/wp\/v2\/pages\/9991\/revisions"}],"wp:attachment":[{"href":"https:\/\/www.vasmegye.hu\/en\/wp-json\/wp\/v2\/media?parent=9991"}],"curies":[{"name":"wp","href":"https:\/\/api.w.org\/{rel}","templated":true}]}}