{"id":748,"date":"2018-05-30T16:27:59","date_gmt":"2018-05-30T14:27:59","guid":{"rendered":"https:\/\/www.vasmegye.hu\/?page_id=748"},"modified":"2018-08-03T11:46:22","modified_gmt":"2018-08-03T09:46:22","slug":"cimer","status":"publish","type":"page","link":"https:\/\/www.vasmegye.hu\/en\/megye\/jelkepek\/cimer\/","title":{"rendered":"C\u00edmer"},"content":{"rendered":"<h2 style=\"text-align: center;\" align=\"center\"><span style=\"color: #f97000;\"><strong>Vas megye c\u00edmere<\/strong><\/span><\/h2>\n<p style=\"text-align: justify;\"><img decoding=\"async\" class=\"alignleft\" src=\"https:\/\/www.vasmegye.hu\/webimages\/images\/megye\/cimer.gif\" alt=\"\" \/><\/p>\n<p style=\"text-align: justify;\">Kort\u00e1rs nyugati kr\u00f3nik\u00e1sok tan\u00fabizonys\u00e1ga szerint az augsburgi csat\u00e1t (955) k\u00f6vet\u0151en a magyarok l\u00f3hal\u00e1l\u00e1ban kezdt\u00e9k meger\u0151s\u00edteni nyugati hat\u00e1raikat. Foly\u00f3k, tavak, mocsarak, mesters\u00e9gesen el\u00e1rasztott ter\u00fcletek ment\u00e9n \u00e9p\u00fclt ki ez a v\u00e9delmi rendszer.<\/p>\n<p style=\"text-align: justify;\">Ahol nem t\u00e1maszkodhatott vizekre, ott s\u00e1ncrendszert \u00e9p\u00edtettek ki, hatalmas f\u00e1k kid\u00f6nt\u00e9s\u00e9vel akad\u00e1lyokat, csapd\u00e1kat, \u00fatelz\u00e1r\u00e1sokat k\u00e9sz\u00edtettek, melyeken az \u00e1tj\u00e1r\u00e1st szigor\u00faan \u0151rz\u00f6tt kapuk \u00e9s er\u0151d\u00f6k biztos\u00edtott\u00e1k. Ennek a szervezetnek \u00f3ri\u00e1si volt a vassz\u00fcks\u00e9glete. Amikor ezt a v\u00e9delmi vonalat m\u00e9lys\u00e9g\u00e9ben is tagolt\u00e1k, megteremt\u0151d\u00f6tt a hat\u00e1rv\u00e1rmegy\u00e9k \u00e9letreh\u00edv\u00e1s\u00e1nak lehet\u0151s\u00e9ge. Szent Istv\u00e1n nev\u00e9hez k\u00f6thet\u0151 Vas v\u00e1rmegye megalap\u00edt\u00e1sa, amelynek k\u00f6zponti er\u0151ss\u00e9ge, egyben a korabeli hadiipar (a vasm\u0171vess\u00e9g) k\u00f6zpontja is Vasv\u00e1r (Castrum Ferreum) lett. A v\u00e9delmi feladatokat felder\u00edt\u0151k (exploratores), \u0151r\u00f6k (speculatores), \u00edj\u00e1szok (sagittarii), vigy\u00e1z\u00f3k (custodles), kapu\u0151r\u00f6k (ianitores), h\u00edrviv\u0151k (Praecones) l\u00e1tt\u00e1k el, \u00e9l\u00fck\u00f6n \u0151rnaggyal (maior speculatorum), aki a vasv\u00e1ri isp\u00e1nnak volt al\u00e1rendelve. Ezek egy r\u00e9sz\u00e9t katonai seg\u00e9dn\u00e9pekb\u0151l \u00e1ll\u00edtott\u00e1k ki (az \u0150rs\u00e9gben sz\u00e9kely telep\u00edtettekkel, m\u00e1sutt oroszokkal, beseny\u0151kkel), akik tev\u00e9kenys\u00e9g\u00fck\u00e9rt k\u00fcl\u00f6nf\u00e9le kiv\u00e1lts\u00e1gokban r\u00e9szes\u00fcltek.<\/p>\n<p style=\"text-align: justify;\">Anonymus m\u00e1r a honfoglal\u00e1s kapcs\u00e1n eml\u00edti Vasv\u00e1rt, melynek lakosait\u00f3l a magyarok t\u00faszokat szednek, Salamon kir\u00e1ly pedig egy \u00edzben a szomsz\u00e9dos Ikerv\u00e1rott (Geminum Castellum) \u00fcli meg a kar\u00e1csonyt.<\/p>\n<p style=\"text-align: justify;\">Hat\u00e1rbeli helyzete miatt gyakran volt tr\u00f3nk\u00f6vetel\u0151k (postumus Istv\u00e1n, III. Endre) kiindul\u00e1si b\u00e1zisa, vagy a t\u00f6rv\u00e9nyes kir\u00e1ly (IV. B\u00e9la, K\u00e1roly R\u00f3bert, M\u00e1ty\u00e1s) elleni l\u00e1zad\u00e1sok t\u0171zf\u00e9szke. A t\u00f6r\u00f6k id\u0151kben is jelent\u0151s v\u00e9delmi funkci\u00f3t l\u00e1tott el (K\u0151szeg 1532., Szentgotthard 1664., stb.). A megye sz\u00e9khelye 1579 \u00f3ta Vasv\u00e1r helyett de facto Szombathely lett, \u00e1m hivatalosan csak 1774-t\u0151l. A kuruc id\u0151kben B\u00e9ri Balog \u00c1d\u00e1m \u00e9s Botty\u00e1n J\u00e1nos gener\u00e1lis hadai j\u00e1rt\u00e1k. A trianoni v\u00e9gz\u00e9s (1920) k\u00f6vetkezt\u00e9ben nyugati r\u00e9sz\u00e9t Ausztri\u00e1hoz, a d\u00e9lit pedig Jugoszl\u00e1vi\u00e1hoz csatolt\u00e1k.<\/p>\n<p style=\"text-align: justify;\">A v\u00e1rmegye korai pecs\u00e9thaszn\u00e1lat\u00e1ra nincs adatunk, val\u00f3sz\u00edn\u0171leg az 1550. \u00e9vi 62. articulus megjelen\u00e9se ut\u00e1n k\u00e9sz\u00edtettek typariumot, de a pecs\u00e9tk\u00e9p kifejezetten az Anjou-korra utal a patk\u00f3t tart\u00f3 struccal.<\/p>\n<p style=\"text-align: justify;\">A fennmaradt pecs\u00e9tlenyomatok nehezen \u00e9rtelmezhet\u0151k (a pecs\u00e9tnyom\u00f3 k\u00e9s\u0151bb elveszett), a k\u00f6riratuk: SIGILLVM COMITATVS CASTRI FERREI.<\/p>\n<p style=\"text-align: justify;\">Egy 18. sz\u00e1zad elej\u00e9n k\u00e9sz\u00fclt le\u00edr\u00e1s szerint: \u201cVasv\u00e1r v\u00e1rmegye nyugatr\u00f3l Ausztria, keletr\u0151l Veszpr\u00e9m, \u00e9szakr\u00f3l Sopron, d\u00e9lr\u0151l Zala r\u00e9gi\u00f3kkal hat\u00e1ros. Elnevez\u00e9s\u00e9t az egykor \u00e9s ma is jelent\u0151sebb nev\u0171 v\u00e1rosr\u00f3l a v\u00e1rr\u00f3l nyerte, melyet latinul Castrum Ferreum-nak, magyarul Vasv\u00e1rnak mondanak.\u201d C\u00edmere: \u2019A v\u00e1r vas b\u00e1sty\u00e1j\u00e1n vagy m\u00e1sk\u00e9ppen a Vas kapu (mely a v\u00e1rral azonos) b\u00e1sty\u00e1j\u00e1n a pecs\u00e9t fels\u0151 r\u00e9sz\u00e9ben helyet foglalva strucc mad\u00e1r jelenik meg. A mad\u00e1r cs\u0151re egy vas l\u00f3patk\u00f3 k\u00f6z\u00e9ps\u0151 r\u00e9sz\u00e9t (partem solae equinae ferreae mediam) ragadja meg. Ez\u00e9rt (c\u00edmere) neve alapjelent\u00e9s\u00e9nek minden t\u00f6k\u00e9letesen megfelel.\u201d<\/p>\n<p style=\"text-align: justify;\">Ezt a pecs\u00e9tet 1836-ban a megye magyar felirattal k\u00edv\u00e1nta ell\u00e1tni, amit az uralkod\u00f3 a k\u00f6vetkez\u0151 \u00e9vben enged\u00e9lyezett, \u00edgy 1838 febru\u00e1rj\u00e1t\u00f3l m\u00e1r \u00edgy haszn\u00e1lt\u00e1k.<\/p>\n<p style=\"text-align: justify;\">A megye mai c\u00edmere (rendeleti sz\u00f6vet): \u201ck\u00e9k sz\u00edn\u0171 t\u00e1rcsapajzsban, ormozott ez\u00fcst b\u00e1sty\u00e1n jobbra l\u00e9p\u0151, cs\u0151r\u00e9ben patk\u00f3t tart\u00f3 ez\u00fcst struccmad\u00e1r. A pajzsot jobbr\u00f3l \u00e9s balr\u00f3l \u2013 a megye t\u00f6rt\u00e9nelme sor\u00e1n kialakult \u00e9s a t\u00f6rv\u00e9nyhat\u00f3s\u00e1gok \u00e1ltal kor\u00e1bban megalkotott c\u00edmernek megfelel\u0151en k\u00e9k \u2013 ez\u00fcst foszlad\u00e9k \u00f6vezi.\u201d<\/p>\n<p style=\"text-align: justify;\">Tov\u00e1bbi inform\u00e1ci\u00f3k Magyarorsz\u00e1g c\u00edmereir\u0151l\u00a0<a title=\"Magyar c\u00edmerek honlap el\u00e9rhet\u0151s\u00e9ge\" href=\"https:\/\/magyarcimerek.hu\/cimerek\" target=\"_blank\" rel=\"noopener\">itt<\/a>\u00a0\u00e9rhet\u0151ek el.<\/p>\n<h1 style=\"text-align: justify;\"><\/h1>","protected":false},"excerpt":{"rendered":"<p>Vas megye c\u00edmere Kort\u00e1rs nyugati kr\u00f3nik\u00e1sok tan\u00fabizonys\u00e1ga szerint az augsburgi csat\u00e1t (955) k\u00f6vet\u0151en a magyarok l\u00f3hal\u00e1l\u00e1ban kezdt\u00e9k meger\u0151s\u00edteni nyugati hat\u00e1raikat. Foly\u00f3k, tavak, mocsarak, mesters\u00e9gesen el\u00e1rasztott ter\u00fcletek ment\u00e9n \u00e9p\u00fclt ki ez a v\u00e9delmi rendszer. Ahol nem t\u00e1maszkodhatott vizekre, ott s\u00e1ncrendszert \u00e9p\u00edtettek ki, hatalmas f\u00e1k kid\u00f6nt\u00e9s\u00e9vel akad\u00e1lyokat, csapd\u00e1kat, \u00fatelz\u00e1r\u00e1sokat k\u00e9sz\u00edtettek, melyeken az \u00e1tj\u00e1r\u00e1st szigor\u00faan \u0151rz\u00f6tt kapuk \u00e9s [&hellip;]<\/p>","protected":false},"author":1,"featured_media":0,"parent":494,"menu_order":100,"comment_status":"closed","ping_status":"closed","template":"","meta":{"_exactmetrics_skip_tracking":false,"_exactmetrics_sitenote_active":false,"_exactmetrics_sitenote_note":"","_exactmetrics_sitenote_category":0,"footnotes":""},"class_list":["post-748","page","type-page","status-publish","hentry","floatton-article"],"_links":{"self":[{"href":"https:\/\/www.vasmegye.hu\/en\/wp-json\/wp\/v2\/pages\/748","targetHints":{"allow":["GET"]}}],"collection":[{"href":"https:\/\/www.vasmegye.hu\/en\/wp-json\/wp\/v2\/pages"}],"about":[{"href":"https:\/\/www.vasmegye.hu\/en\/wp-json\/wp\/v2\/types\/page"}],"author":[{"embeddable":true,"href":"https:\/\/www.vasmegye.hu\/en\/wp-json\/wp\/v2\/users\/1"}],"replies":[{"embeddable":true,"href":"https:\/\/www.vasmegye.hu\/en\/wp-json\/wp\/v2\/comments?post=748"}],"version-history":[{"count":0,"href":"https:\/\/www.vasmegye.hu\/en\/wp-json\/wp\/v2\/pages\/748\/revisions"}],"up":[{"embeddable":true,"href":"https:\/\/www.vasmegye.hu\/en\/wp-json\/wp\/v2\/pages\/494"}],"wp:attachment":[{"href":"https:\/\/www.vasmegye.hu\/en\/wp-json\/wp\/v2\/media?parent=748"}],"curies":[{"name":"wp","href":"https:\/\/api.w.org\/{rel}","templated":true}]}}