{"id":649,"date":"2018-05-30T15:48:35","date_gmt":"2018-05-30T13:48:35","guid":{"rendered":"https:\/\/www.vasmegye.hu\/?page_id=649"},"modified":"2026-03-11T12:15:49","modified_gmt":"2026-03-11T10:15:49","slug":"felepites","status":"publish","type":"page","link":"https:\/\/www.vasmegye.hu\/en\/hivatal\/felepites\/","title":{"rendered":"Fel\u00e9p\u00edt\u00e9s"},"content":{"rendered":"<section class=\"wpb-content-wrapper\"><div class=\"vc_row wpb_row vc_row-fluid\"><div class=\"wpb_column vc_column_container vc_col-sm-12\"><div class=\"vc_column-inner\"><div class=\"wpb_wrapper\"><div class=\"vc_tta-container\" data-vc-action=\"collapse\"><div class=\"vc_general vc_tta vc_tta-tabs vc_tta-color-orange vc_tta-style-modern vc_tta-shape-rounded vc_tta-spacing-4 vc_tta-gap-4 vc_tta-tabs-position-top vc_tta-controls-align-left\"><div class=\"vc_tta-tabs-container\"><ul class=\"vc_tta-tabs-list\"><li class=\"vc_tta-tab vc_active\" data-vc-tab><a href=\"#1532943674157-3920514f-7083\" data-vc-tabs data-vc-container=\".vc_tta\"><span class=\"vc_tta-title-text\">Hivatali fel\u00e9p\u00edt\u00e9s<\/span><\/a><\/li><\/ul><\/div><div class=\"vc_tta-panels-container\"><div class=\"vc_tta-panels\"><div class=\"vc_tta-panel vc_active\" id=\"1532943674157-3920514f-7083\" data-vc-content=\".vc_tta-panel-body\"><div class=\"vc_tta-panel-heading\"><h4 class=\"vc_tta-panel-title\"><a href=\"#1532943674157-3920514f-7083\" data-vc-accordion data-vc-container=\".vc_tta-container\"><span class=\"vc_tta-title-text\">Hivatali fel\u00e9p\u00edt\u00e9s<\/span><\/a><\/h4><\/div><div class=\"vc_tta-panel-body\">\n\t<div class=\"wpb_text_column wpb_content_element\" >\n\t\t<div class=\"wpb_wrapper\">\n\t\t\t<table style=\"width: 100%; border-collapse: collapse; height: 9671px;\" border=\"0\">\n<tbody>\n<tr style=\"height: 253px;\">\n<td style=\"width: 19.5636%; height: 253px; text-align: justify;\"><a href=\"http:\/\/www.vasmegye.hu\/wp-content\/uploads\/2018\/09\/Bal\u00e1zsy-P\u00e9ter-1.jpg\"><span style=\"color: #333333;\"><span style=\"color: #333333;\"><span style=\"color: #333333;\"><span style=\"color: #333333;\"><span style=\"color: #333333;\"><span style=\"color: #333333;\"><span style=\"color: #333333;\"><img loading=\"lazy\" decoding=\"async\" class=\"wp-image-7718 size-medium alignleft\" src=\"http:\/\/www.vasmegye.hu\/wp-content\/uploads\/2018\/09\/Bal\u00e1zsy-P\u00e9ter-1-215x300.jpg\" alt=\"\" width=\"200\" height=\"300\" \/><\/span><\/span><\/span><\/span><\/span><\/span><\/span><\/a><\/td>\n<td style=\"width: 28.6682%; height: 253px;\">\n<p style=\"text-align: center;\"><strong><span style=\"font-size: 20px;\">dr. Bal\u00e1zsy P\u00e9ter<\/span><\/strong><\/p>\n<p style=\"text-align: center;\"><em>v\u00e1rmegyei jegyz\u0151<\/em><\/p>\n<p style=\"text-align: center;\">balazsy.peter[kukac]vasmegye.hu<\/p>\n<p style=\"text-align: center;\">+36 94 515-710<\/p>\n<\/td>\n<\/tr>\n<tr style=\"height: 324px;\">\n<td style=\"width: 19.5636%; height: 324px;\">\u00a0<a href=\"http:\/\/www.vasmegye.hu\/wp-content\/uploads\/2024\/02\/DSC5909_Bakucz.jpg\"><img loading=\"lazy\" decoding=\"async\" class=\"size-medium wp-image-19678 alignleft\" src=\"http:\/\/www.vasmegye.hu\/wp-content\/uploads\/2024\/02\/DSC5909_Bakucz-200x300.jpg\" alt=\"\" width=\"200\" height=\"300\" srcset=\"https:\/\/www.vasmegye.hu\/wp-content\/uploads\/2024\/02\/DSC5909_Bakucz-200x300.jpg 200w, https:\/\/www.vasmegye.hu\/wp-content\/uploads\/2024\/02\/DSC5909_Bakucz-8x12.jpg 8w, https:\/\/www.vasmegye.hu\/wp-content\/uploads\/2024\/02\/DSC5909_Bakucz-320x480.jpg 320w, https:\/\/www.vasmegye.hu\/wp-content\/uploads\/2024\/02\/DSC5909_Bakucz-33x50.jpg 33w, https:\/\/www.vasmegye.hu\/wp-content\/uploads\/2024\/02\/DSC5909_Bakucz-67x100.jpg 67w, https:\/\/www.vasmegye.hu\/wp-content\/uploads\/2024\/02\/DSC5909_Bakucz-500x752.jpg 500w, https:\/\/www.vasmegye.hu\/wp-content\/uploads\/2024\/02\/DSC5909_Bakucz.jpg 681w\" sizes=\"auto, (max-width: 200px) 100vw, 200px\" \/><\/a><\/td>\n<td style=\"width: 28.6682%; text-align: center; height: 324px;\">\n<p><strong><span style=\"font-size: 20px;\">Bakucz Andr\u00e1s<\/span><\/strong><\/p>\n<p><em>t\u00e9rs\u00e9gi f\u0151m\u00e9rn\u00f6k<\/em><\/p>\n<p>foepitesz[kukac]vasmegye.hu<\/p>\n<p>fomernok[kukac]vasmegye.hu<\/p>\n<p>+36 30 411 7852<\/td>\n<\/tr>\n<tr style=\"height: 300px;\">\n<td style=\"width: 19.5636%; height: 300px;\">\n<div class=\"wp-block-image\"><a href=\"http:\/\/www.vasmegye.hu\/wp-content\/uploads\/2024\/01\/47_231207_MegyehazaFotozas_5T2A9377.jpg\"><img loading=\"lazy\" decoding=\"async\" class=\"wp-image-19663 size-medium alignleft\" src=\"http:\/\/www.vasmegye.hu\/wp-content\/uploads\/2024\/01\/47_231207_MegyehazaFotozas_5T2A9377-200x300.jpg\" alt=\"\" width=\"200\" height=\"300\" srcset=\"https:\/\/www.vasmegye.hu\/wp-content\/uploads\/2024\/01\/47_231207_MegyehazaFotozas_5T2A9377-200x300.jpg 200w, https:\/\/www.vasmegye.hu\/wp-content\/uploads\/2024\/01\/47_231207_MegyehazaFotozas_5T2A9377-682x1024.jpg 682w, https:\/\/www.vasmegye.hu\/wp-content\/uploads\/2024\/01\/47_231207_MegyehazaFotozas_5T2A9377-768x1152.jpg 768w, https:\/\/www.vasmegye.hu\/wp-content\/uploads\/2024\/01\/47_231207_MegyehazaFotozas_5T2A9377-1024x1536.jpg 1024w, https:\/\/www.vasmegye.hu\/wp-content\/uploads\/2024\/01\/47_231207_MegyehazaFotozas_5T2A9377-8x12.jpg 8w, https:\/\/www.vasmegye.hu\/wp-content\/uploads\/2024\/01\/47_231207_MegyehazaFotozas_5T2A9377-320x480.jpg 320w, https:\/\/www.vasmegye.hu\/wp-content\/uploads\/2024\/01\/47_231207_MegyehazaFotozas_5T2A9377-33x50.jpg 33w, https:\/\/www.vasmegye.hu\/wp-content\/uploads\/2024\/01\/47_231207_MegyehazaFotozas_5T2A9377-67x100.jpg 67w, https:\/\/www.vasmegye.hu\/wp-content\/uploads\/2024\/01\/47_231207_MegyehazaFotozas_5T2A9377-500x750.jpg 500w, https:\/\/www.vasmegye.hu\/wp-content\/uploads\/2024\/01\/47_231207_MegyehazaFotozas_5T2A9377.jpg 1333w\" sizes=\"auto, (max-width: 200px) 100vw, 200px\" \/><\/a><\/div>\n<\/td>\n<td style=\"width: 28.6682%; text-align: center; height: 300px;\">\n<p><strong><span style=\"font-size: 20px;\">Bariska-Horv\u00e1th Kinga<\/span><\/strong><\/p>\n<p><em>projektmenedzser<\/em><\/p>\n<p>bariska.kinga[kukac]vasmegye.hu<\/p>\n<p>+36 30 011-5672<\/td>\n<\/tr>\n<tr style=\"height: 300px;\">\n<td style=\"width: 19.5636%; height: 300px;\">\n<div class=\"wp-block-image\"><a href=\"http:\/\/www.vasmegye.hu\/wp-content\/uploads\/2024\/02\/18_231207_MegyehazaFotozas_5T2A9294.jpg\"><img loading=\"lazy\" decoding=\"async\" class=\"wp-image-19681 size-medium alignleft\" src=\"http:\/\/www.vasmegye.hu\/wp-content\/uploads\/2024\/02\/18_231207_MegyehazaFotozas_5T2A9294-200x300.jpg\" alt=\"\" width=\"200\" height=\"300\" srcset=\"https:\/\/www.vasmegye.hu\/wp-content\/uploads\/2024\/02\/18_231207_MegyehazaFotozas_5T2A9294-200x300.jpg 200w, https:\/\/www.vasmegye.hu\/wp-content\/uploads\/2024\/02\/18_231207_MegyehazaFotozas_5T2A9294-682x1024.jpg 682w, https:\/\/www.vasmegye.hu\/wp-content\/uploads\/2024\/02\/18_231207_MegyehazaFotozas_5T2A9294-768x1152.jpg 768w, https:\/\/www.vasmegye.hu\/wp-content\/uploads\/2024\/02\/18_231207_MegyehazaFotozas_5T2A9294-1024x1536.jpg 1024w, https:\/\/www.vasmegye.hu\/wp-content\/uploads\/2024\/02\/18_231207_MegyehazaFotozas_5T2A9294-8x12.jpg 8w, https:\/\/www.vasmegye.hu\/wp-content\/uploads\/2024\/02\/18_231207_MegyehazaFotozas_5T2A9294-320x480.jpg 320w, https:\/\/www.vasmegye.hu\/wp-content\/uploads\/2024\/02\/18_231207_MegyehazaFotozas_5T2A9294-33x50.jpg 33w, https:\/\/www.vasmegye.hu\/wp-content\/uploads\/2024\/02\/18_231207_MegyehazaFotozas_5T2A9294-67x100.jpg 67w, https:\/\/www.vasmegye.hu\/wp-content\/uploads\/2024\/02\/18_231207_MegyehazaFotozas_5T2A9294-500x750.jpg 500w, https:\/\/www.vasmegye.hu\/wp-content\/uploads\/2024\/02\/18_231207_MegyehazaFotozas_5T2A9294.jpg 1333w\" sizes=\"auto, (max-width: 200px) 100vw, 200px\" \/><\/a><\/div>\n<\/td>\n<td style=\"width: 28.6682%; text-align: center; height: 300px;\">\n<p><strong><span style=\"font-size: 20px;\">B\u00e1lint Anita<\/span><\/strong><\/p>\n<p><em>projektmenedzser<\/em><\/p>\n<p>balint.anita[kukac]vasmegye.hu<\/p>\n<p>+36 30 304 0026<\/td>\n<\/tr>\n<tr style=\"height: 300px;\">\n<td style=\"width: 19.5636%; height: 300px;\">\n<div class=\"wp-block-image\"><a href=\"http:\/\/www.vasmegye.hu\/wp-content\/uploads\/2024\/01\/24_231207_MegyehazaFotozas_5T2A9307-scaled.jpg\"><img loading=\"lazy\" decoding=\"async\" class=\"wp-image-19652 size-medium alignleft\" src=\"http:\/\/www.vasmegye.hu\/wp-content\/uploads\/2024\/01\/24_231207_MegyehazaFotozas_5T2A9307-200x300.jpg\" alt=\"\" width=\"200\" height=\"300\" srcset=\"https:\/\/www.vasmegye.hu\/wp-content\/uploads\/2024\/01\/24_231207_MegyehazaFotozas_5T2A9307-200x300.jpg 200w, https:\/\/www.vasmegye.hu\/wp-content\/uploads\/2024\/01\/24_231207_MegyehazaFotozas_5T2A9307-683x1024.jpg 683w, https:\/\/www.vasmegye.hu\/wp-content\/uploads\/2024\/01\/24_231207_MegyehazaFotozas_5T2A9307-768x1152.jpg 768w, https:\/\/www.vasmegye.hu\/wp-content\/uploads\/2024\/01\/24_231207_MegyehazaFotozas_5T2A9307-1024x1536.jpg 1024w, https:\/\/www.vasmegye.hu\/wp-content\/uploads\/2024\/01\/24_231207_MegyehazaFotozas_5T2A9307-1365x2048.jpg 1365w, https:\/\/www.vasmegye.hu\/wp-content\/uploads\/2024\/01\/24_231207_MegyehazaFotozas_5T2A9307-8x12.jpg 8w, https:\/\/www.vasmegye.hu\/wp-content\/uploads\/2024\/01\/24_231207_MegyehazaFotozas_5T2A9307-320x480.jpg 320w, https:\/\/www.vasmegye.hu\/wp-content\/uploads\/2024\/01\/24_231207_MegyehazaFotozas_5T2A9307-33x50.jpg 33w, https:\/\/www.vasmegye.hu\/wp-content\/uploads\/2024\/01\/24_231207_MegyehazaFotozas_5T2A9307-67x100.jpg 67w, https:\/\/www.vasmegye.hu\/wp-content\/uploads\/2024\/01\/24_231207_MegyehazaFotozas_5T2A9307-500x750.jpg 500w, https:\/\/www.vasmegye.hu\/wp-content\/uploads\/2024\/01\/24_231207_MegyehazaFotozas_5T2A9307-scaled.jpg 1707w\" sizes=\"auto, (max-width: 200px) 100vw, 200px\" \/><\/a><\/div>\n<\/td>\n<td style=\"width: 28.6682%; text-align: center; height: 300px;\">\n<p><strong><span style=\"font-size: 20px;\">B\u00e1novits Judit<\/span><\/strong><\/p>\n<p><em>nemzetk\u00f6zi referens<\/em><\/p>\n<p>banovits.judit[kukac]vasmegye.hu<\/p>\n<p>+36 30 570 1684<\/td>\n<\/tr>\n<tr style=\"height: 324px;\">\n<td style=\"width: 19.5636%; height: 324px;\">\u00a0<a href=\"http:\/\/www.vasmegye.hu\/wp-content\/uploads\/2024\/01\/BMZS.jpg\"><img loading=\"lazy\" decoding=\"async\" class=\"size-medium wp-image-19661 alignleft\" src=\"http:\/\/www.vasmegye.hu\/wp-content\/uploads\/2024\/01\/BMZS-200x300.jpg\" alt=\"\" width=\"200\" height=\"300\" srcset=\"https:\/\/www.vasmegye.hu\/wp-content\/uploads\/2024\/01\/BMZS-200x300.jpg 200w, https:\/\/www.vasmegye.hu\/wp-content\/uploads\/2024\/01\/BMZS-683x1024.jpg 683w, https:\/\/www.vasmegye.hu\/wp-content\/uploads\/2024\/01\/BMZS-768x1152.jpg 768w, https:\/\/www.vasmegye.hu\/wp-content\/uploads\/2024\/01\/BMZS-1024x1536.jpg 1024w, https:\/\/www.vasmegye.hu\/wp-content\/uploads\/2024\/01\/BMZS-8x12.jpg 8w, https:\/\/www.vasmegye.hu\/wp-content\/uploads\/2024\/01\/BMZS-320x480.jpg 320w, https:\/\/www.vasmegye.hu\/wp-content\/uploads\/2024\/01\/BMZS-33x50.jpg 33w, https:\/\/www.vasmegye.hu\/wp-content\/uploads\/2024\/01\/BMZS-67x100.jpg 67w, https:\/\/www.vasmegye.hu\/wp-content\/uploads\/2024\/01\/BMZS-500x750.jpg 500w, https:\/\/www.vasmegye.hu\/wp-content\/uploads\/2024\/01\/BMZS.jpg 1280w\" sizes=\"auto, (max-width: 200px) 100vw, 200px\" \/><\/a><\/td>\n<td style=\"width: 28.6682%; text-align: center; height: 324px;\">\n<p><span style=\"font-size: 20px;\"><strong>dr. Biroszn\u00e9 M\u00f3ritz Zsuzsanna<\/strong><\/span><\/p>\n<p><em>szakmai vezet\u0151<\/em><\/p>\n<p>birosz.zsuzsa[kukac]vasmegye.hu<\/p>\n<p>+36 30 286-3492<\/td>\n<\/tr>\n<tr style=\"height: 300px;\">\n<td style=\"width: 19.5636%; height: 300px;\">\n<div class=\"wp-block-image\"><a href=\"http:\/\/www.vasmegye.hu\/wp-content\/uploads\/2024\/01\/88_231207_MegyehazaFotozas_5T2A9516_BLK.jpg\"><img loading=\"lazy\" decoding=\"async\" class=\"wp-image-19660 size-medium alignleft\" src=\"http:\/\/www.vasmegye.hu\/wp-content\/uploads\/2024\/01\/88_231207_MegyehazaFotozas_5T2A9516_BLK-200x300.jpg\" alt=\"\" width=\"200\" height=\"300\" srcset=\"https:\/\/www.vasmegye.hu\/wp-content\/uploads\/2024\/01\/88_231207_MegyehazaFotozas_5T2A9516_BLK-200x300.jpg 200w, https:\/\/www.vasmegye.hu\/wp-content\/uploads\/2024\/01\/88_231207_MegyehazaFotozas_5T2A9516_BLK-682x1024.jpg 682w, https:\/\/www.vasmegye.hu\/wp-content\/uploads\/2024\/01\/88_231207_MegyehazaFotozas_5T2A9516_BLK-768x1152.jpg 768w, https:\/\/www.vasmegye.hu\/wp-content\/uploads\/2024\/01\/88_231207_MegyehazaFotozas_5T2A9516_BLK-1024x1536.jpg 1024w, https:\/\/www.vasmegye.hu\/wp-content\/uploads\/2024\/01\/88_231207_MegyehazaFotozas_5T2A9516_BLK-8x12.jpg 8w, https:\/\/www.vasmegye.hu\/wp-content\/uploads\/2024\/01\/88_231207_MegyehazaFotozas_5T2A9516_BLK-320x480.jpg 320w, https:\/\/www.vasmegye.hu\/wp-content\/uploads\/2024\/01\/88_231207_MegyehazaFotozas_5T2A9516_BLK-33x50.jpg 33w, https:\/\/www.vasmegye.hu\/wp-content\/uploads\/2024\/01\/88_231207_MegyehazaFotozas_5T2A9516_BLK-67x100.jpg 67w, https:\/\/www.vasmegye.hu\/wp-content\/uploads\/2024\/01\/88_231207_MegyehazaFotozas_5T2A9516_BLK-500x750.jpg 500w, https:\/\/www.vasmegye.hu\/wp-content\/uploads\/2024\/01\/88_231207_MegyehazaFotozas_5T2A9516_BLK.jpg 1333w\" sizes=\"auto, (max-width: 200px) 100vw, 200px\" \/><\/a><\/div>\n<\/td>\n<td style=\"width: 28.6682%; text-align: center; height: 300px;\">\n<p><strong><span style=\"font-size: 20px;\">Borsos-Lajos Krisztina<\/span><\/strong><\/p>\n<p><em>projektmenedzser<\/em><\/p>\n<p>lajos.krisztina[kukac]vasmegye.hu<\/p>\n<p>+36 30 205-3250<\/td>\n<\/tr>\n<tr style=\"height: 300px;\">\n<td style=\"width: 19.5636%; height: 300px;\">\n<div class=\"wp-block-image\"><a href=\"http:\/\/www.vasmegye.hu\/wp-content\/uploads\/2024\/01\/62_231207_MegyehazaFotozas_5T2A9432.jpg\"><img loading=\"lazy\" decoding=\"async\" class=\"wp-image-19642 size-medium alignleft\" src=\"http:\/\/www.vasmegye.hu\/wp-content\/uploads\/2024\/01\/62_231207_MegyehazaFotozas_5T2A9432-200x300.jpg\" alt=\"\" width=\"200\" height=\"300\" srcset=\"https:\/\/www.vasmegye.hu\/wp-content\/uploads\/2024\/01\/62_231207_MegyehazaFotozas_5T2A9432-200x300.jpg 200w, https:\/\/www.vasmegye.hu\/wp-content\/uploads\/2024\/01\/62_231207_MegyehazaFotozas_5T2A9432-682x1024.jpg 682w, https:\/\/www.vasmegye.hu\/wp-content\/uploads\/2024\/01\/62_231207_MegyehazaFotozas_5T2A9432-768x1152.jpg 768w, https:\/\/www.vasmegye.hu\/wp-content\/uploads\/2024\/01\/62_231207_MegyehazaFotozas_5T2A9432-1024x1536.jpg 1024w, https:\/\/www.vasmegye.hu\/wp-content\/uploads\/2024\/01\/62_231207_MegyehazaFotozas_5T2A9432-8x12.jpg 8w, https:\/\/www.vasmegye.hu\/wp-content\/uploads\/2024\/01\/62_231207_MegyehazaFotozas_5T2A9432-320x480.jpg 320w, https:\/\/www.vasmegye.hu\/wp-content\/uploads\/2024\/01\/62_231207_MegyehazaFotozas_5T2A9432-33x50.jpg 33w, https:\/\/www.vasmegye.hu\/wp-content\/uploads\/2024\/01\/62_231207_MegyehazaFotozas_5T2A9432-67x100.jpg 67w, https:\/\/www.vasmegye.hu\/wp-content\/uploads\/2024\/01\/62_231207_MegyehazaFotozas_5T2A9432-500x750.jpg 500w, https:\/\/www.vasmegye.hu\/wp-content\/uploads\/2024\/01\/62_231207_MegyehazaFotozas_5T2A9432.jpg 1333w\" sizes=\"auto, (max-width: 200px) 100vw, 200px\" \/><\/a><\/div>\n<\/td>\n<td style=\"width: 28.6682%; text-align: center; height: 300px;\">\n<p><span style=\"font-size: 20px;\"><strong>B\u00fckin\u00e9 Feiner M\u00f3nika<\/strong><\/span><\/p>\n<p><em>szervez\u00e9si munkat\u00e1rs, projektben k\u00f6zrem\u0171k\u00f6d\u0151 munkat\u00e1rs<\/em><\/p>\n<p>bukine.monika[kukac]vasmegye.hu<\/p>\n<p>+36 30 137 8086<\/td>\n<\/tr>\n<tr>\n<td style=\"width: 19.5636%;\">\n<div class=\"wp-block-image\"><\/div>\n<\/td>\n<td style=\"width: 28.6682%; text-align: center;\">\n<p><span style=\"font-size: 20px;\"><strong>Csap\u00f3 Andrea<\/strong><\/span><\/p>\n<p><em>k\u00f6lts\u00e9gvet\u00e9si munkat\u00e1rs, projektben k\u00f6zrem\u0171k\u00f6d\u0151 munkat\u00e1rs<\/em><\/p>\n<p>horvath.andrea[kukac]vasmegye.hu<\/p>\n<p>+36 30 513-0917<\/p>\n<p><span style=\"font-size: 20px;\"><strong>\u00a0<\/strong><\/span><\/td>\n<\/tr>\n<tr style=\"height: 324px;\">\n<td style=\"width: 19.5636%; height: 324px;\">\u00a0<a href=\"http:\/\/www.vasmegye.hu\/wp-content\/uploads\/2024\/01\/50_231207_MegyehazaFotozas_5T2A9388.jpg\"><img loading=\"lazy\" decoding=\"async\" class=\"size-medium wp-image-19659 alignleft\" src=\"http:\/\/www.vasmegye.hu\/wp-content\/uploads\/2024\/01\/50_231207_MegyehazaFotozas_5T2A9388-200x300.jpg\" alt=\"\" width=\"200\" height=\"300\" srcset=\"https:\/\/www.vasmegye.hu\/wp-content\/uploads\/2024\/01\/50_231207_MegyehazaFotozas_5T2A9388-200x300.jpg 200w, https:\/\/www.vasmegye.hu\/wp-content\/uploads\/2024\/01\/50_231207_MegyehazaFotozas_5T2A9388-682x1024.jpg 682w, https:\/\/www.vasmegye.hu\/wp-content\/uploads\/2024\/01\/50_231207_MegyehazaFotozas_5T2A9388-768x1152.jpg 768w, https:\/\/www.vasmegye.hu\/wp-content\/uploads\/2024\/01\/50_231207_MegyehazaFotozas_5T2A9388-1024x1536.jpg 1024w, https:\/\/www.vasmegye.hu\/wp-content\/uploads\/2024\/01\/50_231207_MegyehazaFotozas_5T2A9388-8x12.jpg 8w, https:\/\/www.vasmegye.hu\/wp-content\/uploads\/2024\/01\/50_231207_MegyehazaFotozas_5T2A9388-320x480.jpg 320w, https:\/\/www.vasmegye.hu\/wp-content\/uploads\/2024\/01\/50_231207_MegyehazaFotozas_5T2A9388-33x50.jpg 33w, https:\/\/www.vasmegye.hu\/wp-content\/uploads\/2024\/01\/50_231207_MegyehazaFotozas_5T2A9388-67x100.jpg 67w, https:\/\/www.vasmegye.hu\/wp-content\/uploads\/2024\/01\/50_231207_MegyehazaFotozas_5T2A9388-500x750.jpg 500w, https:\/\/www.vasmegye.hu\/wp-content\/uploads\/2024\/01\/50_231207_MegyehazaFotozas_5T2A9388.jpg 1333w\" sizes=\"auto, (max-width: 200px) 100vw, 200px\" \/><\/a><\/td>\n<td style=\"width: 28.6682%; text-align: center; height: 324px;\">\n<p><strong><span style=\"font-size: 20px;\">Csatl\u00f3sn\u00e9 Ga\u00e1l Enik\u0151<\/span><\/strong><\/p>\n<p><em>projekt p\u00e9nz\u00fcgyi \u00e9s menedzsment munkat\u00e1rs<\/em><\/p>\n<p>gaal.eniko[kukac]vasmegye.hu<\/p>\n<p>+36 30\/083-3891<\/td>\n<\/tr>\n<tr style=\"height: 348px;\">\n<td style=\"width: 19.5636%; height: 348px;\">\n<div class=\"wp-block-image\"><a href=\"http:\/\/www.vasmegye.hu\/wp-content\/uploads\/2024\/01\/41_231207_MegyehazaFotozas_5T2A9355a-scaled.jpg\"><img loading=\"lazy\" decoding=\"async\" class=\"wp-image-19657 size-medium alignleft\" src=\"http:\/\/www.vasmegye.hu\/wp-content\/uploads\/2024\/01\/41_231207_MegyehazaFotozas_5T2A9355a-200x300.jpg\" alt=\"\" width=\"200\" height=\"300\" srcset=\"https:\/\/www.vasmegye.hu\/wp-content\/uploads\/2024\/01\/41_231207_MegyehazaFotozas_5T2A9355a-200x300.jpg 200w, https:\/\/www.vasmegye.hu\/wp-content\/uploads\/2024\/01\/41_231207_MegyehazaFotozas_5T2A9355a-683x1024.jpg 683w, https:\/\/www.vasmegye.hu\/wp-content\/uploads\/2024\/01\/41_231207_MegyehazaFotozas_5T2A9355a-768x1152.jpg 768w, https:\/\/www.vasmegye.hu\/wp-content\/uploads\/2024\/01\/41_231207_MegyehazaFotozas_5T2A9355a-1024x1536.jpg 1024w, https:\/\/www.vasmegye.hu\/wp-content\/uploads\/2024\/01\/41_231207_MegyehazaFotozas_5T2A9355a-1365x2048.jpg 1365w, https:\/\/www.vasmegye.hu\/wp-content\/uploads\/2024\/01\/41_231207_MegyehazaFotozas_5T2A9355a-8x12.jpg 8w, https:\/\/www.vasmegye.hu\/wp-content\/uploads\/2024\/01\/41_231207_MegyehazaFotozas_5T2A9355a-320x480.jpg 320w, https:\/\/www.vasmegye.hu\/wp-content\/uploads\/2024\/01\/41_231207_MegyehazaFotozas_5T2A9355a-33x50.jpg 33w, https:\/\/www.vasmegye.hu\/wp-content\/uploads\/2024\/01\/41_231207_MegyehazaFotozas_5T2A9355a-67x100.jpg 67w, https:\/\/www.vasmegye.hu\/wp-content\/uploads\/2024\/01\/41_231207_MegyehazaFotozas_5T2A9355a-500x750.jpg 500w, https:\/\/www.vasmegye.hu\/wp-content\/uploads\/2024\/01\/41_231207_MegyehazaFotozas_5T2A9355a-scaled.jpg 1707w\" sizes=\"auto, (max-width: 200px) 100vw, 200px\" \/><\/a><\/div>\n<\/td>\n<td style=\"width: 28.6682%; text-align: center; height: 348px;\">\n<p><strong><span style=\"font-size: 20px;\">D\u00f3ka Csilla<\/span><\/strong><\/p>\n<p><em>csoportvezet\u0151<\/em><\/p>\n<p>doka.csilla[kukac]vasmegye.hu<\/p>\n<p>+36 30 131-5831<\/td>\n<\/tr>\n<tr style=\"height: 324px;\">\n<td style=\"width: 19.5636%; height: 324px;\">\u00a0<a href=\"http:\/\/www.vasmegye.hu\/wp-content\/uploads\/2024\/02\/79_231207_MegyehazaFotozas_5T2A9476.jpg\"><img loading=\"lazy\" decoding=\"async\" class=\"size-medium wp-image-19688 alignleft\" src=\"http:\/\/www.vasmegye.hu\/wp-content\/uploads\/2024\/02\/79_231207_MegyehazaFotozas_5T2A9476-200x300.jpg\" alt=\"\" width=\"200\" height=\"300\" srcset=\"https:\/\/www.vasmegye.hu\/wp-content\/uploads\/2024\/02\/79_231207_MegyehazaFotozas_5T2A9476-200x300.jpg 200w, https:\/\/www.vasmegye.hu\/wp-content\/uploads\/2024\/02\/79_231207_MegyehazaFotozas_5T2A9476-682x1024.jpg 682w, https:\/\/www.vasmegye.hu\/wp-content\/uploads\/2024\/02\/79_231207_MegyehazaFotozas_5T2A9476-768x1152.jpg 768w, https:\/\/www.vasmegye.hu\/wp-content\/uploads\/2024\/02\/79_231207_MegyehazaFotozas_5T2A9476-1024x1536.jpg 1024w, https:\/\/www.vasmegye.hu\/wp-content\/uploads\/2024\/02\/79_231207_MegyehazaFotozas_5T2A9476-8x12.jpg 8w, https:\/\/www.vasmegye.hu\/wp-content\/uploads\/2024\/02\/79_231207_MegyehazaFotozas_5T2A9476-320x480.jpg 320w, https:\/\/www.vasmegye.hu\/wp-content\/uploads\/2024\/02\/79_231207_MegyehazaFotozas_5T2A9476-33x50.jpg 33w, https:\/\/www.vasmegye.hu\/wp-content\/uploads\/2024\/02\/79_231207_MegyehazaFotozas_5T2A9476-67x100.jpg 67w, https:\/\/www.vasmegye.hu\/wp-content\/uploads\/2024\/02\/79_231207_MegyehazaFotozas_5T2A9476-500x750.jpg 500w, https:\/\/www.vasmegye.hu\/wp-content\/uploads\/2024\/02\/79_231207_MegyehazaFotozas_5T2A9476.jpg 1333w\" sizes=\"auto, (max-width: 200px) 100vw, 200px\" \/><\/a><\/td>\n<td style=\"width: 28.6682%; text-align: center; height: 324px;\">\n<p><span style=\"font-size: 20px;\"><strong>Fut\u00f3 Marianna<\/strong><\/span><\/p>\n<p><em>p\u00e9nz\u00fcgyi csoportvezet\u0151, projektben k\u00f6zrem\u0171k\u00f6d\u0151 munkat\u00e1rs<\/em><\/p>\n<p>koltsegvetes[kukac]vasmegye.hu<\/p>\n<p>futo.marianna[kukac]vasmegye.hu<\/p>\n<p>+36 30 394-9084<\/td>\n<\/tr>\n<tr style=\"height: 188px;\">\n<td style=\"width: 19.5636%; height: 188px;\"><\/td>\n<td style=\"width: 28.6682%; text-align: center; height: 188px;\">\n<p><span style=\"font-size: 20px;\"><strong>Gerg\u00e1czn\u00e9 N\u00e9meth Zsuzsanna<\/strong><\/span><\/p>\n<p><em>projektmenedzser<\/em><\/p>\n<p>gergaczne.nemeth.zsuzsanna[kukac]vasmegye.hu<\/p>\n<p>+36 30 459 7859<\/p>\n<p>&nbsp;<\/td>\n<\/tr>\n<tr style=\"height: 324px;\">\n<td style=\"width: 19.5636%; height: 324px;\">\u00a0<a href=\"http:\/\/www.vasmegye.hu\/wp-content\/uploads\/2024\/01\/36_231207_MegyehazaFotozas_5T2A9343.jpg\"><img loading=\"lazy\" decoding=\"async\" class=\"size-medium wp-image-19653 alignleft\" src=\"http:\/\/www.vasmegye.hu\/wp-content\/uploads\/2024\/01\/36_231207_MegyehazaFotozas_5T2A9343-200x300.jpg\" alt=\"\" width=\"200\" height=\"300\" srcset=\"https:\/\/www.vasmegye.hu\/wp-content\/uploads\/2024\/01\/36_231207_MegyehazaFotozas_5T2A9343-200x300.jpg 200w, https:\/\/www.vasmegye.hu\/wp-content\/uploads\/2024\/01\/36_231207_MegyehazaFotozas_5T2A9343-682x1024.jpg 682w, https:\/\/www.vasmegye.hu\/wp-content\/uploads\/2024\/01\/36_231207_MegyehazaFotozas_5T2A9343-768x1152.jpg 768w, https:\/\/www.vasmegye.hu\/wp-content\/uploads\/2024\/01\/36_231207_MegyehazaFotozas_5T2A9343-1024x1536.jpg 1024w, https:\/\/www.vasmegye.hu\/wp-content\/uploads\/2024\/01\/36_231207_MegyehazaFotozas_5T2A9343-8x12.jpg 8w, https:\/\/www.vasmegye.hu\/wp-content\/uploads\/2024\/01\/36_231207_MegyehazaFotozas_5T2A9343-320x480.jpg 320w, https:\/\/www.vasmegye.hu\/wp-content\/uploads\/2024\/01\/36_231207_MegyehazaFotozas_5T2A9343-33x50.jpg 33w, https:\/\/www.vasmegye.hu\/wp-content\/uploads\/2024\/01\/36_231207_MegyehazaFotozas_5T2A9343-67x100.jpg 67w, https:\/\/www.vasmegye.hu\/wp-content\/uploads\/2024\/01\/36_231207_MegyehazaFotozas_5T2A9343-500x750.jpg 500w, https:\/\/www.vasmegye.hu\/wp-content\/uploads\/2024\/01\/36_231207_MegyehazaFotozas_5T2A9343.jpg 1333w\" sizes=\"auto, (max-width: 200px) 100vw, 200px\" \/><\/a><\/td>\n<td style=\"width: 28.6682%; text-align: center; height: 324px;\">\n<p><span style=\"font-size: 20px;\"><strong>Horv\u00e1th Ervin<\/strong><\/span><\/p>\n<p><em>projektmenedzser<\/em><\/p>\n<p>horvath.ervin[kukac]vasmegye.hu<\/p>\n<p>+36 30 131-5794<\/td>\n<\/tr>\n<tr style=\"height: 324px;\">\n<td style=\"width: 19.5636%; height: 324px;\">\u00a0<a href=\"http:\/\/www.vasmegye.hu\/wp-content\/uploads\/2024\/02\/45_231207_MegyehazaFotozas_5T2A9365.jpg\"><img loading=\"lazy\" decoding=\"async\" class=\"size-medium wp-image-19689 alignleft\" src=\"http:\/\/www.vasmegye.hu\/wp-content\/uploads\/2024\/02\/45_231207_MegyehazaFotozas_5T2A9365-200x300.jpg\" alt=\"\" width=\"200\" height=\"300\" srcset=\"https:\/\/www.vasmegye.hu\/wp-content\/uploads\/2024\/02\/45_231207_MegyehazaFotozas_5T2A9365-200x300.jpg 200w, https:\/\/www.vasmegye.hu\/wp-content\/uploads\/2024\/02\/45_231207_MegyehazaFotozas_5T2A9365-682x1024.jpg 682w, https:\/\/www.vasmegye.hu\/wp-content\/uploads\/2024\/02\/45_231207_MegyehazaFotozas_5T2A9365-768x1152.jpg 768w, https:\/\/www.vasmegye.hu\/wp-content\/uploads\/2024\/02\/45_231207_MegyehazaFotozas_5T2A9365-1024x1536.jpg 1024w, https:\/\/www.vasmegye.hu\/wp-content\/uploads\/2024\/02\/45_231207_MegyehazaFotozas_5T2A9365-8x12.jpg 8w, https:\/\/www.vasmegye.hu\/wp-content\/uploads\/2024\/02\/45_231207_MegyehazaFotozas_5T2A9365-320x480.jpg 320w, https:\/\/www.vasmegye.hu\/wp-content\/uploads\/2024\/02\/45_231207_MegyehazaFotozas_5T2A9365-33x50.jpg 33w, https:\/\/www.vasmegye.hu\/wp-content\/uploads\/2024\/02\/45_231207_MegyehazaFotozas_5T2A9365-67x100.jpg 67w, https:\/\/www.vasmegye.hu\/wp-content\/uploads\/2024\/02\/45_231207_MegyehazaFotozas_5T2A9365-500x750.jpg 500w, https:\/\/www.vasmegye.hu\/wp-content\/uploads\/2024\/02\/45_231207_MegyehazaFotozas_5T2A9365.jpg 1333w\" sizes=\"auto, (max-width: 200px) 100vw, 200px\" \/><\/a><\/td>\n<td style=\"width: 28.6682%; text-align: center; height: 324px;\">\n<p><span style=\"font-size: 20px;\"><strong>Katona-Kiss Klaudia<\/strong><\/span><\/p>\n<p><em>p\u00e9nz\u00fcgyi menedzser<\/em><\/p>\n<p>katona-kiss.klaudia[kukac]vasmegye.hu<\/p>\n<p>+36 30 289-0690<\/td>\n<\/tr>\n<tr style=\"height: 228px;\">\n<td style=\"width: 19.5636%; height: 228px;\">\n<div class=\"wp-block-image\"><span style=\"color: #333333;\"><span style=\"color: #333333;\"><span style=\"color: #333333;\">\u00a0<\/span><\/span><\/span><\/div>\n<\/td>\n<td style=\"width: 28.6682%; text-align: center; height: 228px;\">\n<p><strong><span style=\"font-size: 20px;\">Keringer Klaudia<\/span><\/strong><\/p>\n<p><em>projektmenedzser<\/em><\/p>\n<p>keringer.klaudia[kukac]vasmegye.hu<\/p>\n<p>+36 30 137 9586<\/td>\n<\/tr>\n<tr style=\"height: 300px;\">\n<td style=\"width: 19.5636%; height: 300px;\">\n<div class=\"wp-block-image\"><a href=\"http:\/\/www.vasmegye.hu\/wp-content\/uploads\/2024\/01\/27_231207_MegyehazaFotozas_5T2A9317.jpg\"><img loading=\"lazy\" decoding=\"async\" class=\"wp-image-19640 size-medium alignleft\" src=\"http:\/\/www.vasmegye.hu\/wp-content\/uploads\/2024\/01\/27_231207_MegyehazaFotozas_5T2A9317-200x300.jpg\" alt=\"\" width=\"200\" height=\"300\" srcset=\"https:\/\/www.vasmegye.hu\/wp-content\/uploads\/2024\/01\/27_231207_MegyehazaFotozas_5T2A9317-200x300.jpg 200w, https:\/\/www.vasmegye.hu\/wp-content\/uploads\/2024\/01\/27_231207_MegyehazaFotozas_5T2A9317-682x1024.jpg 682w, https:\/\/www.vasmegye.hu\/wp-content\/uploads\/2024\/01\/27_231207_MegyehazaFotozas_5T2A9317-768x1152.jpg 768w, https:\/\/www.vasmegye.hu\/wp-content\/uploads\/2024\/01\/27_231207_MegyehazaFotozas_5T2A9317-1024x1536.jpg 1024w, https:\/\/www.vasmegye.hu\/wp-content\/uploads\/2024\/01\/27_231207_MegyehazaFotozas_5T2A9317-8x12.jpg 8w, https:\/\/www.vasmegye.hu\/wp-content\/uploads\/2024\/01\/27_231207_MegyehazaFotozas_5T2A9317-320x480.jpg 320w, https:\/\/www.vasmegye.hu\/wp-content\/uploads\/2024\/01\/27_231207_MegyehazaFotozas_5T2A9317-33x50.jpg 33w, https:\/\/www.vasmegye.hu\/wp-content\/uploads\/2024\/01\/27_231207_MegyehazaFotozas_5T2A9317-67x100.jpg 67w, https:\/\/www.vasmegye.hu\/wp-content\/uploads\/2024\/01\/27_231207_MegyehazaFotozas_5T2A9317-500x750.jpg 500w, https:\/\/www.vasmegye.hu\/wp-content\/uploads\/2024\/01\/27_231207_MegyehazaFotozas_5T2A9317.jpg 1333w\" sizes=\"auto, (max-width: 200px) 100vw, 200px\" \/><\/a><\/div>\n<\/td>\n<td style=\"width: 28.6682%; text-align: center; height: 300px;\">\n<p><span style=\"font-size: 20px;\"><strong>K\u00f6k\u00f6sy-N\u00e9meth Adrienn<\/strong><\/span><\/p>\n<p><em>csoportvezet\u0151-helyettes, projektmenedzser<\/em><\/p>\n<p>nemeth.adrienn[kukac]vasmegye.hu<\/p>\n<p>+36 30 218 7469<\/td>\n<\/tr>\n<tr style=\"height: 228px;\">\n<td style=\"width: 19.5636%; height: 228px;\">\n<div class=\"wp-block-image\"><span style=\"color: #333333;\"><span style=\"color: #333333;\"><span style=\"color: #333333;\"><span style=\"color: #333333;\">\u00a0<\/span><\/span><\/span><\/span><\/div>\n<\/td>\n<td style=\"width: 28.6682%; text-align: center; height: 228px;\">\n<p><strong><span style=\"font-size: 20px;\">Kov\u00e1csovics Edina<\/span><\/strong><\/p>\n<p><em>projektmenedzser<\/em><\/p>\n<p>kovacsovics.edina[kukac]vasmegye.hu<\/p>\n<p>+36 30 218 7469<\/p>\n<p><span style=\"font-size: 20px;\"><strong>\u00a0<\/strong><\/span><\/td>\n<\/tr>\n<tr style=\"height: 322px;\">\n<td style=\"width: 19.5636%; height: 322px;\">\n<div class=\"wp-block-image\"><a href=\"http:\/\/www.vasmegye.hu\/wp-content\/uploads\/2018\/08\/Mar\u00e1czi-Ren\u00e1ta.jpg\"><img loading=\"lazy\" decoding=\"async\" class=\"wp-image-7109 size-medium alignleft\" src=\"http:\/\/www.vasmegye.hu\/wp-content\/uploads\/2018\/08\/Mar\u00e1czi-Ren\u00e1ta-300x298.jpg\" alt=\"\" width=\"300\" height=\"298\" srcset=\"https:\/\/www.vasmegye.hu\/wp-content\/uploads\/2018\/08\/Mar\u00e1czi-Ren\u00e1ta-300x298.jpg 300w, https:\/\/www.vasmegye.hu\/wp-content\/uploads\/2018\/08\/Mar\u00e1czi-Ren\u00e1ta-150x150.jpg 150w, https:\/\/www.vasmegye.hu\/wp-content\/uploads\/2018\/08\/Mar\u00e1czi-Ren\u00e1ta-768x763.jpg 768w, https:\/\/www.vasmegye.hu\/wp-content\/uploads\/2018\/08\/Mar\u00e1czi-Ren\u00e1ta-500x497.jpg 500w, https:\/\/www.vasmegye.hu\/wp-content\/uploads\/2018\/08\/Mar\u00e1czi-Ren\u00e1ta-45x45.jpg 45w, https:\/\/www.vasmegye.hu\/wp-content\/uploads\/2018\/08\/Mar\u00e1czi-Ren\u00e1ta.jpg 773w\" sizes=\"auto, (max-width: 300px) 100vw, 300px\" \/><\/a><\/div>\n<\/td>\n<td style=\"width: 28.6682%; text-align: center; height: 322px;\">\n<p><span style=\"font-size: 20px;\"><strong>Mar\u00e1czi Ren\u00e1ta<\/strong><\/span><\/p>\n<p><em>projektmenedzser<\/em><\/p>\n<p>maraczi.renata[kukac]vasmegye.hu<\/p>\n<p>+36 30 161-4694<\/td>\n<\/tr>\n<tr style=\"height: 324px;\">\n<td style=\"width: 19.5636%; height: 324px;\">\u00a0<a href=\"http:\/\/www.vasmegye.hu\/wp-content\/uploads\/2024\/01\/75_231207_MegyehazaFotozas_5T2A9467.jpg\"><img loading=\"lazy\" decoding=\"async\" class=\"size-medium wp-image-19631 alignleft\" src=\"http:\/\/www.vasmegye.hu\/wp-content\/uploads\/2024\/01\/75_231207_MegyehazaFotozas_5T2A9467-200x300.jpg\" alt=\"\" width=\"200\" height=\"300\" srcset=\"https:\/\/www.vasmegye.hu\/wp-content\/uploads\/2024\/01\/75_231207_MegyehazaFotozas_5T2A9467-200x300.jpg 200w, https:\/\/www.vasmegye.hu\/wp-content\/uploads\/2024\/01\/75_231207_MegyehazaFotozas_5T2A9467-682x1024.jpg 682w, https:\/\/www.vasmegye.hu\/wp-content\/uploads\/2024\/01\/75_231207_MegyehazaFotozas_5T2A9467-768x1152.jpg 768w, https:\/\/www.vasmegye.hu\/wp-content\/uploads\/2024\/01\/75_231207_MegyehazaFotozas_5T2A9467-1024x1536.jpg 1024w, https:\/\/www.vasmegye.hu\/wp-content\/uploads\/2024\/01\/75_231207_MegyehazaFotozas_5T2A9467-8x12.jpg 8w, https:\/\/www.vasmegye.hu\/wp-content\/uploads\/2024\/01\/75_231207_MegyehazaFotozas_5T2A9467-320x480.jpg 320w, https:\/\/www.vasmegye.hu\/wp-content\/uploads\/2024\/01\/75_231207_MegyehazaFotozas_5T2A9467-33x50.jpg 33w, https:\/\/www.vasmegye.hu\/wp-content\/uploads\/2024\/01\/75_231207_MegyehazaFotozas_5T2A9467-67x100.jpg 67w, https:\/\/www.vasmegye.hu\/wp-content\/uploads\/2024\/01\/75_231207_MegyehazaFotozas_5T2A9467-500x750.jpg 500w, https:\/\/www.vasmegye.hu\/wp-content\/uploads\/2024\/01\/75_231207_MegyehazaFotozas_5T2A9467.jpg 1333w\" sizes=\"auto, (max-width: 200px) 100vw, 200px\" \/><\/a><\/td>\n<td style=\"width: 28.6682%; text-align: center; height: 324px;\">\n<p><span style=\"font-size: 20px;\"><strong>Marton Bence<\/strong><\/span><\/p>\n<p><em>projektasszisztens<\/em><\/p>\n<p>marton.bence[kukac]vasmegye.hu<\/p>\n<p>+36 30 854-0516<\/td>\n<\/tr>\n<tr>\n<td style=\"width: 19.5636%;\">\n<div class=\"wp-block-image\"><\/div>\n<\/td>\n<td style=\"width: 28.6682%; text-align: center;\">\n<p><strong><span style=\"font-size: 20px;\">M\u00f3ger T\u00edmea<\/span><\/strong><\/p>\n<p><em>projektmenedzser<\/em><\/p>\n<p>moger.timea[kukac]vasmegye.hu<\/p>\n<p>+36 30 017 9910<\/td>\n<\/tr>\n<tr style=\"height: 324px;\">\n<td style=\"width: 19.5636%; height: 324px;\">\n<div class=\"wp-block-image\"><a href=\"http:\/\/www.vasmegye.hu\/wp-content\/uploads\/2024\/01\/31_231207_MegyehazaFotozas_5T2A9330-scaled.jpg\"><img loading=\"lazy\" decoding=\"async\" class=\"wp-image-19635 size-medium alignleft\" src=\"http:\/\/www.vasmegye.hu\/wp-content\/uploads\/2024\/01\/31_231207_MegyehazaFotozas_5T2A9330-200x300.jpg\" alt=\"\" width=\"200\" height=\"300\" srcset=\"https:\/\/www.vasmegye.hu\/wp-content\/uploads\/2024\/01\/31_231207_MegyehazaFotozas_5T2A9330-200x300.jpg 200w, https:\/\/www.vasmegye.hu\/wp-content\/uploads\/2024\/01\/31_231207_MegyehazaFotozas_5T2A9330-683x1024.jpg 683w, https:\/\/www.vasmegye.hu\/wp-content\/uploads\/2024\/01\/31_231207_MegyehazaFotozas_5T2A9330-768x1152.jpg 768w, https:\/\/www.vasmegye.hu\/wp-content\/uploads\/2024\/01\/31_231207_MegyehazaFotozas_5T2A9330-1024x1536.jpg 1024w, https:\/\/www.vasmegye.hu\/wp-content\/uploads\/2024\/01\/31_231207_MegyehazaFotozas_5T2A9330-1365x2048.jpg 1365w, https:\/\/www.vasmegye.hu\/wp-content\/uploads\/2024\/01\/31_231207_MegyehazaFotozas_5T2A9330-8x12.jpg 8w, https:\/\/www.vasmegye.hu\/wp-content\/uploads\/2024\/01\/31_231207_MegyehazaFotozas_5T2A9330-320x480.jpg 320w, https:\/\/www.vasmegye.hu\/wp-content\/uploads\/2024\/01\/31_231207_MegyehazaFotozas_5T2A9330-33x50.jpg 33w, https:\/\/www.vasmegye.hu\/wp-content\/uploads\/2024\/01\/31_231207_MegyehazaFotozas_5T2A9330-67x100.jpg 67w, https:\/\/www.vasmegye.hu\/wp-content\/uploads\/2024\/01\/31_231207_MegyehazaFotozas_5T2A9330-500x750.jpg 500w, https:\/\/www.vasmegye.hu\/wp-content\/uploads\/2024\/01\/31_231207_MegyehazaFotozas_5T2A9330-scaled.jpg 1707w\" sizes=\"auto, (max-width: 200px) 100vw, 200px\" \/><\/a><\/div>\n<\/td>\n<td style=\"width: 28.6682%; text-align: center; height: 324px;\">\n<p><span style=\"font-size: 20px;\"><strong>Nagy Brigitta<\/strong><\/span><\/p>\n<p><em>p\u00e9nz\u00fcgyi menedzser<\/em><\/p>\n<p>nagy.brigitta[kukac]vasmegye.hu<\/p>\n<p>+36 30 302 8985<\/td>\n<\/tr>\n<tr style=\"height: 300px;\">\n<td style=\"width: 19.5636%; height: 300px;\"><img loading=\"lazy\" decoding=\"async\" class=\"wp-image-20240 size-medium alignleft\" src=\"http:\/\/www.vasmegye.hu\/wp-content\/uploads\/2024\/04\/1-139x300.jpg\" alt=\"\" width=\"139\" height=\"300\" srcset=\"https:\/\/www.vasmegye.hu\/wp-content\/uploads\/2024\/04\/1-139x300.jpg 139w, https:\/\/www.vasmegye.hu\/wp-content\/uploads\/2024\/04\/1-473x1024.jpg 473w, https:\/\/www.vasmegye.hu\/wp-content\/uploads\/2024\/04\/1-6x12.jpg 6w, https:\/\/www.vasmegye.hu\/wp-content\/uploads\/2024\/04\/1-23x50.jpg 23w, https:\/\/www.vasmegye.hu\/wp-content\/uploads\/2024\/04\/1-46x100.jpg 46w, https:\/\/www.vasmegye.hu\/wp-content\/uploads\/2024\/04\/1-500x1082.jpg 500w, https:\/\/www.vasmegye.hu\/wp-content\/uploads\/2024\/04\/1.jpg 679w\" sizes=\"auto, (max-width: 139px) 100vw, 139px\" \/><\/td>\n<td style=\"width: 28.6682%; text-align: center; height: 300px;\">\n<p><strong><span style=\"font-size: 20px;\">N\u00e9meth Zsuzsa<\/span><\/strong><\/p>\n<p><em>aleln\u00f6ki titk\u00e1r<\/em><\/p>\n<p>nemeth.zsuzsa[kukac]vasmegye.hu<\/p>\n<p>+36 30 513 0935<\/td>\n<\/tr>\n<tr style=\"height: 300px;\">\n<td style=\"width: 19.5636%; height: 300px;\">\n<div class=\"wp-block-image\"><a href=\"http:\/\/www.vasmegye.hu\/wp-content\/uploads\/2024\/01\/17_231207_MegyehazaFotozas_5T2A9293_Neuvirthne.jpg\"><img loading=\"lazy\" decoding=\"async\" class=\"wp-image-19651 size-medium alignleft\" src=\"http:\/\/www.vasmegye.hu\/wp-content\/uploads\/2024\/01\/17_231207_MegyehazaFotozas_5T2A9293_Neuvirthne-200x300.jpg\" alt=\"\" width=\"200\" height=\"300\" srcset=\"https:\/\/www.vasmegye.hu\/wp-content\/uploads\/2024\/01\/17_231207_MegyehazaFotozas_5T2A9293_Neuvirthne-200x300.jpg 200w, https:\/\/www.vasmegye.hu\/wp-content\/uploads\/2024\/01\/17_231207_MegyehazaFotozas_5T2A9293_Neuvirthne-682x1024.jpg 682w, https:\/\/www.vasmegye.hu\/wp-content\/uploads\/2024\/01\/17_231207_MegyehazaFotozas_5T2A9293_Neuvirthne-768x1152.jpg 768w, https:\/\/www.vasmegye.hu\/wp-content\/uploads\/2024\/01\/17_231207_MegyehazaFotozas_5T2A9293_Neuvirthne-1024x1536.jpg 1024w, https:\/\/www.vasmegye.hu\/wp-content\/uploads\/2024\/01\/17_231207_MegyehazaFotozas_5T2A9293_Neuvirthne-8x12.jpg 8w, https:\/\/www.vasmegye.hu\/wp-content\/uploads\/2024\/01\/17_231207_MegyehazaFotozas_5T2A9293_Neuvirthne-320x480.jpg 320w, https:\/\/www.vasmegye.hu\/wp-content\/uploads\/2024\/01\/17_231207_MegyehazaFotozas_5T2A9293_Neuvirthne-33x50.jpg 33w, https:\/\/www.vasmegye.hu\/wp-content\/uploads\/2024\/01\/17_231207_MegyehazaFotozas_5T2A9293_Neuvirthne-67x100.jpg 67w, https:\/\/www.vasmegye.hu\/wp-content\/uploads\/2024\/01\/17_231207_MegyehazaFotozas_5T2A9293_Neuvirthne-500x750.jpg 500w, https:\/\/www.vasmegye.hu\/wp-content\/uploads\/2024\/01\/17_231207_MegyehazaFotozas_5T2A9293_Neuvirthne.jpg 1333w\" sizes=\"auto, (max-width: 200px) 100vw, 200px\" \/><\/a><\/div>\n<\/td>\n<td style=\"width: 28.6682%; text-align: center; height: 300px;\">\n<p><span style=\"font-size: 20px;\"><strong>Neuvirthn\u00e9 Bilics Anik\u00f3<\/strong><\/span><\/p>\n<p><em>csoportvezet\u0151<\/em><\/p>\n<p>neuvirthne.aniko[kukac]vasmegye.hu<\/p>\n<p>+36 30 299 4487<\/td>\n<\/tr>\n<tr style=\"height: 275px;\">\n<td style=\"width: 19.5636%; height: 275px;\">\u00a0<a href=\"http:\/\/www.vasmegye.hu\/wp-content\/uploads\/2018\/08\/\u0150ri-Istv\u00e1nn\u00e9.jpg\"><img loading=\"lazy\" decoding=\"async\" class=\"size-medium wp-image-6909 alignleft\" src=\"http:\/\/www.vasmegye.hu\/wp-content\/uploads\/2018\/08\/\u0150ri-Istv\u00e1nn\u00e9-239x300.jpg\" alt=\"\" width=\"200\" height=\"300\" \/><\/a><\/td>\n<td style=\"width: 28.6682%; text-align: center; height: 275px;\">\n<div class=\"wp-block-image\"><\/div>\n<p><span style=\"font-size: 20px;\"><strong>\u0150ri Istv\u00e1nn\u00e9<\/strong><\/span><\/p>\n<p><em>eln\u00f6ki titk\u00e1r<\/em><\/p>\n<p>oriistvanne[kukac]vasmegye.hu<\/p>\n<p>+36 94 515-702<\/td>\n<\/tr>\n<tr style=\"height: 314px;\">\n<td style=\"width: 19.5636%; height: 314px;\">\n<div class=\"wp-block-image\"><a href=\"http:\/\/www.vasmegye.hu\/wp-content\/uploads\/2024\/02\/PP.png\"><img loading=\"lazy\" decoding=\"async\" class=\"wp-image-19696 size-medium alignleft\" src=\"http:\/\/www.vasmegye.hu\/wp-content\/uploads\/2024\/02\/PP-300x290.png\" alt=\"\" width=\"300\" height=\"290\" srcset=\"https:\/\/www.vasmegye.hu\/wp-content\/uploads\/2024\/02\/PP-300x290.png 300w, https:\/\/www.vasmegye.hu\/wp-content\/uploads\/2024\/02\/PP-12x12.png 12w, https:\/\/www.vasmegye.hu\/wp-content\/uploads\/2024\/02\/PP-50x48.png 50w, https:\/\/www.vasmegye.hu\/wp-content\/uploads\/2024\/02\/PP-100x97.png 100w, https:\/\/www.vasmegye.hu\/wp-content\/uploads\/2024\/02\/PP-45x45.png 45w, https:\/\/www.vasmegye.hu\/wp-content\/uploads\/2024\/02\/PP.png 376w\" sizes=\"auto, (max-width: 300px) 100vw, 300px\" \/><\/a><\/div>\n<\/td>\n<td style=\"width: 28.6682%; text-align: center; height: 314px;\">\n<p><span style=\"font-size: 20px;\"><strong>dr. Palotai P\u00e9ter<\/strong><\/span><\/p>\n<p><em>csoportvezet\u0151, projektben k\u00f6zrem\u0171k\u00f6d\u0151 munkat\u00e1rs, Hivatalvezet\u0151-helyettes<\/em><\/p>\n<p>drpalotaipeter[kukac]vasmegye.hu<\/p>\n<p>+36 30 409 9283<\/td>\n<\/tr>\n<tr style=\"height: 268px;\">\n<td style=\"width: 19.5636%; height: 268px;\"><\/td>\n<td style=\"width: 28.6682%; text-align: center; height: 268px;\">\n<div>\n<p>&nbsp;<\/p>\n<p><span style=\"font-size: 20px;\"><strong>Rieglern\u00e9 Pimmer Izabella<\/strong><\/span><\/p>\n<p><em>projektmenedzser<\/em><\/p>\n<p>rieglerne.pimmer.izabella[kukac]vasmegye.hu<\/p>\n<p>+36 30 095 4637<\/p>\n<p><strong><span style=\"font-size: 20px;\">\u00a0<\/span><\/strong><\/p>\n<\/div>\n<\/td>\n<\/tr>\n<tr style=\"height: 324px;\">\n<td style=\"width: 19.5636%; height: 324px;\">\u00a0<a href=\"http:\/\/www.vasmegye.hu\/wp-content\/uploads\/2024\/02\/29_231207_MegyehazaFotozas_5T2A9323.jpg\"><img loading=\"lazy\" decoding=\"async\" class=\"size-medium wp-image-19682 alignleft\" src=\"http:\/\/www.vasmegye.hu\/wp-content\/uploads\/2024\/02\/29_231207_MegyehazaFotozas_5T2A9323-200x300.jpg\" alt=\"\" width=\"200\" height=\"300\" srcset=\"https:\/\/www.vasmegye.hu\/wp-content\/uploads\/2024\/02\/29_231207_MegyehazaFotozas_5T2A9323-200x300.jpg 200w, https:\/\/www.vasmegye.hu\/wp-content\/uploads\/2024\/02\/29_231207_MegyehazaFotozas_5T2A9323-682x1024.jpg 682w, https:\/\/www.vasmegye.hu\/wp-content\/uploads\/2024\/02\/29_231207_MegyehazaFotozas_5T2A9323-768x1152.jpg 768w, https:\/\/www.vasmegye.hu\/wp-content\/uploads\/2024\/02\/29_231207_MegyehazaFotozas_5T2A9323-1024x1536.jpg 1024w, https:\/\/www.vasmegye.hu\/wp-content\/uploads\/2024\/02\/29_231207_MegyehazaFotozas_5T2A9323-8x12.jpg 8w, https:\/\/www.vasmegye.hu\/wp-content\/uploads\/2024\/02\/29_231207_MegyehazaFotozas_5T2A9323-320x480.jpg 320w, https:\/\/www.vasmegye.hu\/wp-content\/uploads\/2024\/02\/29_231207_MegyehazaFotozas_5T2A9323-33x50.jpg 33w, https:\/\/www.vasmegye.hu\/wp-content\/uploads\/2024\/02\/29_231207_MegyehazaFotozas_5T2A9323-67x100.jpg 67w, https:\/\/www.vasmegye.hu\/wp-content\/uploads\/2024\/02\/29_231207_MegyehazaFotozas_5T2A9323-500x750.jpg 500w, https:\/\/www.vasmegye.hu\/wp-content\/uploads\/2024\/02\/29_231207_MegyehazaFotozas_5T2A9323.jpg 1333w\" sizes=\"auto, (max-width: 200px) 100vw, 200px\" \/><\/a><\/td>\n<td style=\"width: 28.6682%; text-align: center; height: 324px;\">\n<p><span style=\"font-size: 20px;\"><strong>Rim\u00e1nyi Krisztina<\/strong><\/span><\/p>\n<p><em>nemzetk\u00f6zi referens<\/em><\/p>\n<p>rimanyi.krisztina[kukac]vasmegye.hu<\/p>\n<p>nemzetkozi[kukac]vasmegye.hu<\/p>\n<p>+36 30 277 5703<\/td>\n<\/tr>\n<tr style=\"height: 268px;\">\n<td style=\"width: 19.5636%; height: 268px;\"><\/td>\n<td style=\"width: 28.6682%; text-align: center; height: 268px;\">\n<p>&nbsp;<\/p>\n<p><span style=\"font-size: 20px;\"><strong>Rosta-Peth\u0151 Regina<\/strong><\/span><\/p>\n<p><em>projektmenedzser<\/em><\/p>\n<p>petho.regina[kukac]vasmegye.hu<\/p>\n<p>+36 30 120 8734<\/p>\n<p><strong><span style=\"font-size: 20px;\">\u00a0<\/span><\/strong><\/td>\n<\/tr>\n<tr style=\"height: 300px;\">\n<td style=\"width: 19.5636%; height: 300px;\">\n<div class=\"wp-block-image\"><a href=\"http:\/\/www.vasmegye.hu\/wp-content\/uploads\/2024\/01\/21_231207_MegyehazaFotozas_5T2A9300.jpg\"><img loading=\"lazy\" decoding=\"async\" class=\"wp-image-19634 size-medium alignleft\" src=\"http:\/\/www.vasmegye.hu\/wp-content\/uploads\/2024\/01\/21_231207_MegyehazaFotozas_5T2A9300-200x300.jpg\" alt=\"\" width=\"200\" height=\"300\" srcset=\"https:\/\/www.vasmegye.hu\/wp-content\/uploads\/2024\/01\/21_231207_MegyehazaFotozas_5T2A9300-200x300.jpg 200w, https:\/\/www.vasmegye.hu\/wp-content\/uploads\/2024\/01\/21_231207_MegyehazaFotozas_5T2A9300-682x1024.jpg 682w, https:\/\/www.vasmegye.hu\/wp-content\/uploads\/2024\/01\/21_231207_MegyehazaFotozas_5T2A9300-768x1152.jpg 768w, https:\/\/www.vasmegye.hu\/wp-content\/uploads\/2024\/01\/21_231207_MegyehazaFotozas_5T2A9300-1024x1536.jpg 1024w, https:\/\/www.vasmegye.hu\/wp-content\/uploads\/2024\/01\/21_231207_MegyehazaFotozas_5T2A9300-8x12.jpg 8w, https:\/\/www.vasmegye.hu\/wp-content\/uploads\/2024\/01\/21_231207_MegyehazaFotozas_5T2A9300-320x480.jpg 320w, https:\/\/www.vasmegye.hu\/wp-content\/uploads\/2024\/01\/21_231207_MegyehazaFotozas_5T2A9300-33x50.jpg 33w, https:\/\/www.vasmegye.hu\/wp-content\/uploads\/2024\/01\/21_231207_MegyehazaFotozas_5T2A9300-67x100.jpg 67w, https:\/\/www.vasmegye.hu\/wp-content\/uploads\/2024\/01\/21_231207_MegyehazaFotozas_5T2A9300-500x750.jpg 500w, https:\/\/www.vasmegye.hu\/wp-content\/uploads\/2024\/01\/21_231207_MegyehazaFotozas_5T2A9300.jpg 1333w\" sizes=\"auto, (max-width: 200px) 100vw, 200px\" \/><\/a><\/div>\n<\/td>\n<td style=\"width: 28.6682%; text-align: center; height: 300px;\">\n<p><span style=\"font-size: 20px;\"><strong>Sali Bernadett<\/strong><\/span><\/p>\n<p><em>projektmenedzser<\/em><\/p>\n<p>sali.bernadett[kukac]vasmegye.hu<\/p>\n<p>+36 30 259 9055<\/td>\n<\/tr>\n<tr style=\"height: 228px;\">\n<td style=\"width: 19.5636%; height: 228px;\"><\/td>\n<td style=\"width: 28.6682%; text-align: center; height: 228px;\">\n<p><span style=\"font-size: 20px;\"><strong>S\u00fcle-Moln\u00e1r Krisztina<\/strong><\/span><\/p>\n<p><em>projektmenedzser<\/em><\/p>\n<p>sule-molnar.krisztina[kukac]vasmegye.hu<\/p>\n<p>&nbsp;<\/p>\n<p><span style=\"font-size: 20px;\"><strong>\u00a0<\/strong><\/span><\/td>\n<\/tr>\n<tr style=\"height: 324px;\">\n<td style=\"width: 19.5636%; height: 324px;\">\u00a0<a href=\"http:\/\/www.vasmegye.hu\/wp-content\/uploads\/2024\/01\/66_231207_MegyehazaFotozas_5T2A9443.jpg\"><img loading=\"lazy\" decoding=\"async\" class=\"size-medium wp-image-19627 alignleft\" src=\"http:\/\/www.vasmegye.hu\/wp-content\/uploads\/2024\/01\/66_231207_MegyehazaFotozas_5T2A9443-200x300.jpg\" alt=\"\" width=\"200\" height=\"300\" srcset=\"https:\/\/www.vasmegye.hu\/wp-content\/uploads\/2024\/01\/66_231207_MegyehazaFotozas_5T2A9443-200x300.jpg 200w, https:\/\/www.vasmegye.hu\/wp-content\/uploads\/2024\/01\/66_231207_MegyehazaFotozas_5T2A9443-682x1024.jpg 682w, https:\/\/www.vasmegye.hu\/wp-content\/uploads\/2024\/01\/66_231207_MegyehazaFotozas_5T2A9443-768x1152.jpg 768w, https:\/\/www.vasmegye.hu\/wp-content\/uploads\/2024\/01\/66_231207_MegyehazaFotozas_5T2A9443-1024x1536.jpg 1024w, https:\/\/www.vasmegye.hu\/wp-content\/uploads\/2024\/01\/66_231207_MegyehazaFotozas_5T2A9443-8x12.jpg 8w, https:\/\/www.vasmegye.hu\/wp-content\/uploads\/2024\/01\/66_231207_MegyehazaFotozas_5T2A9443-320x480.jpg 320w, https:\/\/www.vasmegye.hu\/wp-content\/uploads\/2024\/01\/66_231207_MegyehazaFotozas_5T2A9443-33x50.jpg 33w, https:\/\/www.vasmegye.hu\/wp-content\/uploads\/2024\/01\/66_231207_MegyehazaFotozas_5T2A9443-67x100.jpg 67w, https:\/\/www.vasmegye.hu\/wp-content\/uploads\/2024\/01\/66_231207_MegyehazaFotozas_5T2A9443-500x750.jpg 500w, https:\/\/www.vasmegye.hu\/wp-content\/uploads\/2024\/01\/66_231207_MegyehazaFotozas_5T2A9443.jpg 1333w\" sizes=\"auto, (max-width: 200px) 100vw, 200px\" \/><\/a><\/td>\n<td style=\"width: 28.6682%; text-align: center; height: 324px;\">\n<p><span style=\"font-size: 20px;\"><strong>Szab\u00f3 Szabolcs<\/strong><\/span><\/p>\n<p><em>h\u00e1l\u00f3zat-\u00fczemeltet\u00e9si informatikai munkat\u00e1rs, projektben k\u00f6zrem\u0171k\u00f6d\u0151 munkat\u00e1rs<\/em><\/p>\n<p>szabo.szabolcs[kukac]vasmegye.hu<\/p>\n<p>informatika[kukac]vasmegye.hu<\/p>\n<p>+36 30 665 8994<\/td>\n<\/tr>\n<tr style=\"height: 324px;\">\n<td style=\"width: 19.5636%; height: 324px;\">\u00a0<a href=\"http:\/\/www.vasmegye.hu\/wp-content\/uploads\/2024\/01\/44_231207_MegyehazaFotozas_5T2A9364.jpg\"><img loading=\"lazy\" decoding=\"async\" class=\"size-medium wp-image-19658 alignleft\" src=\"http:\/\/www.vasmegye.hu\/wp-content\/uploads\/2024\/01\/44_231207_MegyehazaFotozas_5T2A9364-200x300.jpg\" alt=\"\" width=\"200\" height=\"300\" srcset=\"https:\/\/www.vasmegye.hu\/wp-content\/uploads\/2024\/01\/44_231207_MegyehazaFotozas_5T2A9364-200x300.jpg 200w, https:\/\/www.vasmegye.hu\/wp-content\/uploads\/2024\/01\/44_231207_MegyehazaFotozas_5T2A9364-682x1024.jpg 682w, https:\/\/www.vasmegye.hu\/wp-content\/uploads\/2024\/01\/44_231207_MegyehazaFotozas_5T2A9364-768x1152.jpg 768w, https:\/\/www.vasmegye.hu\/wp-content\/uploads\/2024\/01\/44_231207_MegyehazaFotozas_5T2A9364-1024x1536.jpg 1024w, https:\/\/www.vasmegye.hu\/wp-content\/uploads\/2024\/01\/44_231207_MegyehazaFotozas_5T2A9364-8x12.jpg 8w, https:\/\/www.vasmegye.hu\/wp-content\/uploads\/2024\/01\/44_231207_MegyehazaFotozas_5T2A9364-320x480.jpg 320w, https:\/\/www.vasmegye.hu\/wp-content\/uploads\/2024\/01\/44_231207_MegyehazaFotozas_5T2A9364-33x50.jpg 33w, https:\/\/www.vasmegye.hu\/wp-content\/uploads\/2024\/01\/44_231207_MegyehazaFotozas_5T2A9364-67x100.jpg 67w, https:\/\/www.vasmegye.hu\/wp-content\/uploads\/2024\/01\/44_231207_MegyehazaFotozas_5T2A9364-500x750.jpg 500w, https:\/\/www.vasmegye.hu\/wp-content\/uploads\/2024\/01\/44_231207_MegyehazaFotozas_5T2A9364.jpg 1333w\" sizes=\"auto, (max-width: 200px) 100vw, 200px\" \/><\/a><\/td>\n<td style=\"width: 28.6682%; text-align: center; height: 324px;\">\n<p><span style=\"font-size: 20px;\"><strong>Szek\u00e9r Gabriella<\/strong><\/span><\/p>\n<p><em>projektmenedzser<\/em><\/p>\n<p>szeker.gabriella[kukac]vasmegye.hu<\/p>\n<p>+36 30 454-1552<\/td>\n<\/tr>\n<tr style=\"height: 228px;\">\n<td style=\"width: 19.5636%; height: 228px;\"><\/td>\n<td style=\"width: 28.6682%; text-align: center; height: 228px;\">\n<p><span style=\"font-size: 20px;\"><strong>Tar\u00f3din\u00e9 Doma Merc\u00e9desz<\/strong><\/span><\/p>\n<p><em>k\u00f6lts\u00e9gvet\u00e9si munkat\u00e1rs<\/em><\/p>\n<p>tarodine.doma.mercedesz[kukac]vasmegye.hu<\/p>\n<p>+36 30 513-0839<\/p>\n<p><span style=\"font-size: 20px;\"><strong>\u00a0<\/strong><\/span><\/td>\n<\/tr>\n<\/tbody>\n<\/table>\n\n\t\t<\/div>\n\t<\/div>\n<\/div><\/div><\/div><\/div><\/div><\/div><\/div><\/div><\/div><\/div>\n<\/section>","protected":false},"excerpt":{"rendered":"Hivatali fel\u00e9p\u00edt\u00e9sHivatali fel\u00e9p\u00edt\u00e9s dr. Bal\u00e1zsy P\u00e9ter v\u00e1rmegyei jegyz\u0151 balazsy.peter[kukac]vasmegye.hu +36 94 515-710 \u00a0 Bakucz Andr\u00e1s t\u00e9rs\u00e9gi f\u0151m\u00e9rn\u00f6k foepitesz[kukac]vasmegye.hu fomernok[kukac]vasmegye.hu +36 30 411 7852 Bariska-Horv\u00e1th Kinga projektmenedzser bariska.kinga[kukac]vasmegye.hu +36 30 011-5672 B\u00e1lint Anita projektmenedzser balint.anita[kukac]vasmegye.hu +36 30 304 0026 B\u00e1novits Judit nemzetk\u00f6zi referens banovits.judit[kukac]vasmegye.hu +36 30 570 1684 \u00a0 dr. Biroszn\u00e9 M\u00f3ritz Zsuzsanna szakmai vezet\u0151 birosz.zsuzsa[kukac]vasmegye.hu [...]","protected":false},"author":1,"featured_media":0,"parent":645,"menu_order":85,"comment_status":"closed","ping_status":"closed","template":"","meta":{"_exactmetrics_skip_tracking":false,"_exactmetrics_sitenote_active":false,"_exactmetrics_sitenote_note":"","_exactmetrics_sitenote_category":0,"footnotes":""},"class_list":["post-649","page","type-page","status-publish","hentry","floatton-article"],"_links":{"self":[{"href":"https:\/\/www.vasmegye.hu\/en\/wp-json\/wp\/v2\/pages\/649","targetHints":{"allow":["GET"]}}],"collection":[{"href":"https:\/\/www.vasmegye.hu\/en\/wp-json\/wp\/v2\/pages"}],"about":[{"href":"https:\/\/www.vasmegye.hu\/en\/wp-json\/wp\/v2\/types\/page"}],"author":[{"embeddable":true,"href":"https:\/\/www.vasmegye.hu\/en\/wp-json\/wp\/v2\/users\/1"}],"replies":[{"embeddable":true,"href":"https:\/\/www.vasmegye.hu\/en\/wp-json\/wp\/v2\/comments?post=649"}],"version-history":[{"count":68,"href":"https:\/\/www.vasmegye.hu\/en\/wp-json\/wp\/v2\/pages\/649\/revisions"}],"predecessor-version":[{"id":27939,"href":"https:\/\/www.vasmegye.hu\/en\/wp-json\/wp\/v2\/pages\/649\/revisions\/27939"}],"up":[{"embeddable":true,"href":"https:\/\/www.vasmegye.hu\/en\/wp-json\/wp\/v2\/pages\/645"}],"wp:attachment":[{"href":"https:\/\/www.vasmegye.hu\/en\/wp-json\/wp\/v2\/media?parent=649"}],"curies":[{"name":"wp","href":"https:\/\/api.w.org\/{rel}","templated":true}]}}