{"id":496,"date":"2018-05-30T10:05:09","date_gmt":"2018-05-30T08:05:09","guid":{"rendered":"https:\/\/www.vasmegye.hu\/?page_id=496"},"modified":"2018-08-14T11:22:03","modified_gmt":"2018-08-14T09:22:03","slug":"tortenet","status":"publish","type":"page","link":"https:\/\/www.vasmegye.hu\/en\/megye\/tortenet\/","title":{"rendered":"T\u00f6rt\u00e9net"},"content":{"rendered":"<section class=\"wpb-content-wrapper\"><div class=\"vc_row wpb_row vc_row-fluid\"><\/div><div class=\"wpb_column vc_column_container vc_col-sm-12\"><div class=\"vc_column-inner\"><div class=\"wpb_wrapper\"><\/div><\/div><\/div>\n\t<div class=\"wpb_text_column wpb_content_element\" >\n\t\t<div class=\"wpb_wrapper\">\n\t\t\t\n\t\t<\/div>\n\t<\/div>\n\n<p style=\"text-align: justify;\"><span style=\"font-size: 16px;\"><strong>\u00c9vezredek<\/strong>\u00a0\u00fczenete \u00e9s \u00e9vsz\u00e1zadok hist\u00f3ri\u00e1ja sug\u00e1rzik a m\u00falt felbecs\u00fclhetetlen \u00e9rt\u00e9keib\u0151l, az \u00edrott \u00e9s \u00edratlan t\u00f6rt\u00e9neti forr\u00e1sokb\u00f3l. A r\u00e9g\u00e9szeti kutat\u00e1sok egy\u00e9rtelm\u0171en igazolt\u00e1k, hogy Vas megy\u00e9ben a neolitikum idej\u00e9n a mai S\u00e9 ter\u00fclet\u00e9n, a bronzkorban G\u00f3rban \u00e9s a S\u00e1ghegyen, a bronz- \u00e9s a vaskorban pedig a velemi Szent Vid hegyen olyan jelent\u0151s politikai, gazdas\u00e1gi \u00e9s kultur\u00e1lis funkci\u00f3kat ell\u00e1t\u00f3 telep\u00fcl\u00e9se l\u00e9teztek, amelyek t\u00e1gabb k\u00f6rnyezet\u00fckre is hat\u00e1st gyakoroltak. A r\u00f3mai birodalom keleti hat\u00e1rait Augustus cs\u00e1sz\u00e1r az i.e. I. \u00e9vtized fordul\u00f3ja t\u00e1j\u00e1n a Dun\u00e1ig terjesztette ki.<\/span><\/p>\n<p><img loading=\"lazy\" decoding=\"async\" class=\"alignright\" src=\"https:\/\/www.vasmegye.hu\/webimages\/images\/megye\/tortenet1.jpg\" alt=\"\" width=\"213\" height=\"293\" \/><\/p>\n<p style=\"text-align: justify;\"><span style=\"font-size: 16px;\">Az \u00faj, Pann\u00f3ni\u00e1nak nevezett provinci\u00e1n vezetett \u00e1t a Borosty\u00e1nk\u0151 \u00fat. Az egym\u00e1st\u00f3l alapvet\u0151en elt\u00e9r\u0151 vall\u00e1si \u00e9s kultur\u00e1lis \u00e1ramlatokat is k\u00f6zvet\u00edt\u0151 Borosty\u00e1nk\u0151 \u00fat melletti telep\u00fcl\u00e9sek k\u00f6z\u00fcl a mai Szombathely antik \u0151s\u00e9nek tekinthet\u0151 Savaria kiemelked\u0151 szerepet t\u00f6lt\u00f6tt be, hiszen egyben Fels\u0151-Pann\u00f3nia igazgat\u00e1si, kereskedelmi \u00e9s vall\u00e1si k\u00f6zpontja is volt. A v\u00e1ros F\u00f3rum\u00e1n \u00e1tvezet\u0151 \u00fat \u00e9s \u00e9p\u00fcleteinek impoz\u00e1ns maradv\u00e1nyai ugyan \u00fagy csod\u00e1t \u00e9bresztenek, mint a n\u00e9h\u00e1ny sz\u00e1z m\u00e9terrel t\u00e1volabbi, Eur\u00f3pa leg\u00e9szakibb Isis szent\u00e9lye.<\/span><\/p>\n<div class=\"center-column left\" style=\"text-align: justify;\">\n<div id=\"text\">\n<div class=\"szoveg\">\n<p><span style=\"font-size: 16px;\">Az eur\u00f3pai kereszt\u00e9nys\u00e9get is gazdag\u00edtotta ez a v\u00e1ros, a k\u00f6z\u00e9pkor egyik legn\u00e9pszer\u0171bb szentje, a mintegy 1600 \u00e9vvel ezel\u0151tt elhunyt Szent M\u00e1rton, a Tours-i p\u00fcsp\u00f6k Sav\u00e1ri\u00e1ban sz\u00fcletett. A Dun\u00e1nt\u00fal nyugati fele az i. sz. V. sz\u00e1zad els\u0151 harmad\u00e1t\u00f3l kezd\u0151d\u0151en el\u0151bb hun, k\u00e9s\u0151bb g\u00f3t, majd pedig longob\u00e1rd, a VI. sz\u00e1zad m\u00e1sodik fel\u00e9ben avar, v\u00e9g\u00fcl\u00a0a IX. sz\u00e1zadban frank uralom al\u00e1 ker\u00fclt. A magyar kalandoz\u00e1sok befejez\u0151d\u00e9se ut\u00e1n az orsz\u00e1g nyugati r\u00e9sze \u00fan. gyep\u0171vid\u00e9k lett, ahol k\u00fcl\u00f6nf\u00e9le hat\u00e1r\u0151r n\u00e9pek \u00e9ltek. Ett\u0151l kezd\u0151d\u0151en mind a mai napig Vas megye nyugati hat\u00e1ra egyben Magyarorsz\u00e1g nyugati hat\u00e1ra. A magyar feud\u00e1lis \u00e1llam megalap\u00edt\u00e1sa nyom\u00e1n Vas megye mai ter\u00fclet\u00e9n t\u00f6bb fontosabb v\u00e1r \u2013 pl. a k\u0151szegi \u00e9s s\u00e1rv\u00e1ri- is \u00e9p\u00fclt, \u00e9s k\u00e9t jelent\u0151sebb v\u00e1risp\u00e1ns\u00e1g \u2013 a karak\u00f3i \u00e9s a vasv\u00e1ri \u2013 igyekezett biztos\u00edtani a kir\u00e1lyi hatalom \u00e9rdekeinek \u00e9rv\u00e9nyes\u00fcl\u00e9s\u00e9t.<\/span><\/p>\n<p><span style=\"font-size: 16px;\"><img loading=\"lazy\" decoding=\"async\" class=\"alignleft\" src=\"https:\/\/www.vasmegye.hu\/webimages\/images\/megye\/tortenet3.jpg\" alt=\"\" width=\"234\" height=\"179\" \/>A XIII. sz\u00e1zad m\u00e1sodik fel\u00e9ben a felboml\u00f3 kir\u00e1lyi v\u00e1rmegy\u00e9k hely\u00e9n l\u00e9trej\u00f6tt a nemesi v\u00e1rmegy\u00e9k rendszere. L\u00e9nyeg\u00e9ben ez a k\u00f6zigazgat\u00e1si keret k\u00f6zel h\u00e9t \u00e9vsz\u00e1zadon \u00e1t biztos\u00edtotta Vas megye hat\u00e1rait \u00e9s ter\u00fclet\u00e9t, amely hat\u00e1rmenti helyzet\u00e9b\u0151l ad\u00f3d\u00f3an m\u00e1r a XII. sz\u00e1zadt\u00f3l kezd\u0151d\u0151en szinte folyamatosan harcok, h\u00e1bor\u00faskod\u00e1sok sz\u00edntere volt.<\/span><\/p>\n<p><span style=\"font-size: 16px;\">A t\u00f6r\u00f6k birodalom XVI. sz\u00e1zadi Magyarorsz\u00e1got is el\u00e9r\u0151 terjeszked\u00e9se \u2013 b\u00e1r ter\u00fclete nem ker\u00fclt tart\u00f3san t\u00f6r\u00f6k uralom al\u00e1, m\u00e9gis \u2013 komoly hat\u00e1st gyakorolt Vas megye \u00e9let\u00e9re. Egyr\u00e9szt a magyar, a n\u00e9met \u00e9s a szlov\u00e9n lakoss\u00e1g mell\u00e9 a t\u00f6r\u00f6k el\u0151renyomul\u00e1sa k\u00f6vetkezt\u00e9ben jelent\u0151s sz\u00e1m\u00fa horv\u00e1tajk\u00fa n\u00e9pess\u00e9g telepedett le itt a XVI. sz\u00e1zadban.<\/span><\/p>\n<p><span style=\"font-size: 16px;\">A t\u00f6r\u00f6k vesz\u00e9ly miatt 1578-ban a vasv\u00e1ri k\u00e1ptalan Szombathelyre telep\u00fclt \u00e1t, s l\u00e9nyeg\u00e9ben ett\u0151l az id\u0151pontt\u00f3l kezd\u0151d\u0151en tekinthet\u0151 a v\u00e1ros Vas megye sz\u00e9khely\u00e9nek. A t\u00f6r\u00f6k h\u00e1bor\u00fak idej\u00e9n lezajlott hadiesem\u00e9nyek k\u00f6z\u00fcl k\u00e9t kiemelked\u0151 jelent\u0151s\u00e9g\u0171t tart sz\u00e1mon a t\u00f6rt\u00e9nelem. 1532-ben Jurisics Mikl\u00f3s parancsnoks\u00e1g\u00e1val K\u0151szeg v\u00e1rosa \u00e9s v\u00e1ra sikeresen \u00e1llt ellen a t\u00f6bbsz\u00f6r\u00f6s t\u00faler\u0151ben l\u00e9v\u0151 oszm\u00e1n hadaknak, 1664-ben pedig a Szentgotth\u00e1rd mellett lezajlott nagy \u00fctk\u00f6zetben gy\u0151zedelmeskedtek a kereszt\u00e9ny seregek a t\u00f6r\u00f6k felett.<\/span><\/p>\n<p><span style=\"font-size: 16px;\"><img loading=\"lazy\" decoding=\"async\" class=\"alignright\" src=\"https:\/\/www.vasmegye.hu\/webimages\/images\/megye\/tortenet4.jpg\" alt=\"\" width=\"230\" height=\"252\" \/>A feudalizmus fejlett \u00e9s k\u00e9sei szakasz\u00e1ban Vas megy\u00e9ben t\u00f6bb olyan f\u0151\u00fari csal\u00e1d is \u00e9lt vagy volt birtokos \u2013 \u00edgy a Batthy\u00e1nyak, az Erd\u0151dyek, az Eszterh\u00e1zyak, a Festeticsek, a N\u00e1dasdyak vagy a Sz\u00e9chenyiek \u2013 amelyek tagjai k\u00f6z\u00fcl t\u00f6bben fontos orsz\u00e1gos k\u00f6zfunkci\u00f3kat t\u00f6lt\u00f6ttek be, jeleskedtek a kult\u00fara \u00e9s a tudom\u00e1ny p\u00e1rtol\u00e1s\u00e1ban is. A XVIII. sz. \u00f6sszess\u00e9g\u00e9ben b\u00e9k\u00e9s \u00e9s kiegyens\u00falyozott fejl\u0151d\u00e9st hozott Vas megye v\u00e1rosai \u00e9s falvai sz\u00e1m\u00e1ra. Korszakos jelent\u0151s\u00e9g\u0171 esem\u00e9ny volt a megye \u00e9let\u00e9ben, hogy M\u00e1ria Ter\u00e9zia 1777-ben szombathelyi sz\u00e9khellyel \u00faj p\u00fcsp\u00f6ks\u00e9get alap\u00edtott. Az els\u0151 szombathelyi p\u00fcsp\u00f6k, Szily J\u00e1nos t\u00e1vlatokban gondolkod\u00f3, nagyform\u00e1tum\u00fa szem\u00e9lyis\u00e9g volt, akinek nev\u00e9hez t\u00f6bbek k\u00f6z\u00f6tt a papnevelde, a p\u00fcsp\u00f6ki palota \u00e9s a sz\u00e9kesegyh\u00e1z \u00e9p\u00edttet\u00e9se f\u0171z\u0151dik, \u00e9s \u0151 alap\u00edtotta meg az egyh\u00e1zmegye k\u00f6nyvt\u00e1r\u00e1t is.<\/span><\/p>\n<p><span style=\"font-size: 16px;\">A felvil\u00e1gosod\u00e1s \u00e9s a reformkor szellemi mozgalmai nem hagyt\u00e1k \u00e9rintetlen\u00fcl Vas megy\u00e9t sem. Ez az az id\u0151szak, amikor K\u0151szeg szerep\u00e9t \u00e1tv\u00e9ve Szombathely a megye, de tal\u00e1n az eg\u00e9sz t\u00e9rs\u00e9g legfontosabb kereskedelmi k\u00f6zpontj\u00e1v\u00e1 v\u00e1lt. Vas megy\u00e9ben volt birtokos a magyar reformkor egyik legkiemelked\u0151bb politikusa, Batthy\u00e1ny Lajos, akit 1848 m\u00e1rcius\u00e1ban az els\u0151 f\u00fcggetlen felel\u0151s magyar korm\u00e1ny minisztereln\u00f6k\u00e9v\u00e9 neveztek ki. Vas megye hat\u00e1rmenti fekv\u00e9s\u00e9b\u0151l fakad\u00f3, viszonylag kedvez\u0151 gazdas\u00e1gi \u00e9s kereskedelmi lehet\u0151s\u00e9gei m\u00e9g tov\u00e1bb javultak, amikor 1865-ben a Sopron-Szombathely-Nagykanizsa vas\u00fatvonal megnyit\u00e1s\u00e1val bekapcsol\u00f3dott az orsz\u00e1gos \u00e9s a nemzetk\u00f6zi vas\u00fath\u00e1l\u00f3zatba.<\/span><\/p>\n<p><span style=\"font-size: 16px;\"><img decoding=\"async\" class=\"alignleft\" src=\"https:\/\/www.vasmegye.hu\/webimages\/images\/megye\/tortenet5.jpg\" alt=\"\" \/>Az 1867. \u00e9vi kiegyez\u00e9st k\u00f6vet\u0151en megindult intenz\u00edv gazdas\u00e1gi fejl\u0151d\u00e9s j\u00f3t\u00e9kony hat\u00e1ssal volt Vas megye ipar\u00e1ra, mez\u0151gazdas\u00e1g\u00e1ra \u00e9s infrastrukt\u00far\u00e1j\u00e1ra. A sz\u00e1zadfordul\u00f3n m\u00e1r t\u00f6bb jelent\u0151s, els\u0151sorban g\u00e9p-, textil- \u00e9s malomipari \u00fczem m\u0171k\u00f6d\u00f6tt a megy\u00e9ben. A kapitaliz\u00e1l\u00f3d\u00f3, korszer\u0171s\u00f6d\u0151 k\u00f6z\u00e9p- \u00e9s nagybirtokok term\u00e9nyeinek \u00e9rt\u00e9kes\u00edt\u00e9s\u00e9t a megye kedvez\u0151 fekv\u00e9se \u00e9s j\u00f3 k\u00f6zleked\u00e9si viszonyai is el\u0151seg\u00edtett\u00e9k. Az urbaniz\u00e1ci\u00f3 \u00e9s a polg\u00e1rosod\u00e1s alapvet\u0151en alak\u00edtotta \u00e1t a v\u00e1rosok k\u00fcls\u0151 k\u00e9p\u00e9t, lak\u00f3ik \u00e9letm\u00f3dj\u00e1t \u00e9s mindennapjait.<\/span><\/p>\n<p><span style=\"font-size: 16px;\">A fejl\u0151d\u00e9s \u00fcteme k\u00fcl\u00f6n\u00f6sen Szombathelyen volt szembet\u0171n\u0151. V\u00e1rosrendez\u00e9si tervek alapj\u00e1n \u00faj v\u00e1rosr\u00e9szek j\u00f6ttek l\u00e9tre, nagyszab\u00e1s\u00fa k\u00f6z- \u00e9s mag\u00e1nc\u00e9l\u00fa \u00e9p\u00edtkez\u00e9sek, beruh\u00e1z\u00e1sok kezd\u0151dtek. A fejleszt\u00e9sekben kiemelked\u0151 szerepet j\u00e1tszott \u00c9hen Gyula, aki 1895 \u00e9s 1901 k\u00f6z\u00f6tt volt a v\u00e1ros polg\u00e1rmestere. A dualizmus id\u0151szak\u00e1ban Szombathely az orsz\u00e1g legmodernebb vid\u00e9ki v\u00e1rosainak egyike lett. Az els\u0151 vil\u00e1gh\u00e1bor\u00fat lez\u00e1r\u00f3 b\u00e9keszerz\u0151d\u00e9sek k\u00f6vetkezt\u00e9ben Vas megye &#8211; mik\u00e9nt az orsz\u00e1g \u2013 ter\u00fclet\u00e9nek \u00e9s lakoss\u00e1g\u00e1nak jelent\u0151s r\u00e9sz\u00e9t elvesztette. A Moson, Sopron \u00e9s Vas megy\u00e9kt\u0151l 1921-ben Ausztri\u00e1hoz csatolt ter\u00fcletekb\u0151l j\u00f6tt l\u00e9tre a mai Burgenland tartom\u00e1ny.<\/span><\/p>\n<p><span style=\"font-size: 16px;\">Az \u00faj orsz\u00e1g- \u00e9s megyehat\u00e1r k\u00f6vetkezt\u00e9ben Vas megye kor\u00e1bbi \u00e9s szerves fejl\u0151d\u00e9s eredm\u00e9nyek\u00e9nt l\u00e9trej\u00f6tt bel- \u00e9s k\u00fclf\u00f6ldi gazdas\u00e1gi, kereskedelmi \u00e9s infrastruktur\u00e1lis kapcsolatai igen h\u00e1tr\u00e1nyosan v\u00e1ltoztak meg. Ez d\u00f6nt\u0151en befoly\u00e1solta a megye k\u00e9t vil\u00e1gh\u00e1bor\u00fa k\u00f6z\u00f6tti, majd k\u00e9s\u0151bbi t\u00f6rt\u00e9net\u00e9t \u00e9s gazdas\u00e1gi lehet\u0151s\u00e9geit is.<\/span><\/p>\n<\/div>\n<\/div>\n<\/div>\n<p>Tov\u00e1bbi inform\u00e1ci\u00f3k tal\u00e1lhat\u00f3ak Vas megye t\u00f6rt\u00e9net\u00e9r\u0151l a <a href=\"http:\/\/mek.oszk.hu\/09500\/09536\/html\/0025\/10.html\" target=\"_blank\" rel=\"noopener\">Magyarorsz\u00e1g V\u00e1rmegy\u00e9i \u00e9s V\u00e1rosai<\/a> c\u00edm\u0171 kiadv\u00e1nyban.<\/p>\n<\/section>","protected":false},"excerpt":{"rendered":"<p>\u00c9vezredek\u00a0\u00fczenete \u00e9s \u00e9vsz\u00e1zadok hist\u00f3ri\u00e1ja sug\u00e1rzik a m\u00falt felbecs\u00fclhetetlen \u00e9rt\u00e9keib\u0151l, az \u00edrott \u00e9s \u00edratlan t\u00f6rt\u00e9neti forr\u00e1sokb\u00f3l. A r\u00e9g\u00e9szeti kutat\u00e1sok egy\u00e9rtelm\u0171en igazolt\u00e1k, hogy Vas megy\u00e9ben a neolitikum idej\u00e9n a mai S\u00e9 ter\u00fclet\u00e9n, a bronzkorban G\u00f3rban \u00e9s a S\u00e1ghegyen, a bronz- \u00e9s a vaskorban pedig a velemi Szent Vid hegyen olyan jelent\u0151s politikai, gazdas\u00e1gi \u00e9s kultur\u00e1lis funkci\u00f3kat ell\u00e1t\u00f3 [&hellip;]<\/p>","protected":false},"author":1,"featured_media":0,"parent":455,"menu_order":111,"comment_status":"closed","ping_status":"closed","template":"","meta":{"_exactmetrics_skip_tracking":false,"_exactmetrics_sitenote_active":false,"_exactmetrics_sitenote_note":"","_exactmetrics_sitenote_category":0,"footnotes":""},"class_list":["post-496","page","type-page","status-publish","hentry","floatton-article"],"_links":{"self":[{"href":"https:\/\/www.vasmegye.hu\/en\/wp-json\/wp\/v2\/pages\/496","targetHints":{"allow":["GET"]}}],"collection":[{"href":"https:\/\/www.vasmegye.hu\/en\/wp-json\/wp\/v2\/pages"}],"about":[{"href":"https:\/\/www.vasmegye.hu\/en\/wp-json\/wp\/v2\/types\/page"}],"author":[{"embeddable":true,"href":"https:\/\/www.vasmegye.hu\/en\/wp-json\/wp\/v2\/users\/1"}],"replies":[{"embeddable":true,"href":"https:\/\/www.vasmegye.hu\/en\/wp-json\/wp\/v2\/comments?post=496"}],"version-history":[{"count":0,"href":"https:\/\/www.vasmegye.hu\/en\/wp-json\/wp\/v2\/pages\/496\/revisions"}],"up":[{"embeddable":true,"href":"https:\/\/www.vasmegye.hu\/en\/wp-json\/wp\/v2\/pages\/455"}],"wp:attachment":[{"href":"https:\/\/www.vasmegye.hu\/en\/wp-json\/wp\/v2\/media?parent=496"}],"curies":[{"name":"wp","href":"https:\/\/api.w.org\/{rel}","templated":true}]}}