{"id":2359,"date":"2025-07-23T12:22:59","date_gmt":"2025-07-23T10:22:59","guid":{"rendered":"https:\/\/www.vasmegye.hu\/?page_id=2359"},"modified":"2025-07-23T19:05:37","modified_gmt":"2025-07-23T17:05:37","slug":"elnoki-koszonto","status":"publish","type":"page","link":"https:\/\/www.vasmegye.hu\/en\/elnoki-koszonto\/","title":{"rendered":"Eln\u00f6ki k\u00f6sz\u00f6nt\u0151"},"content":{"rendered":"<section class=\"wpb-content-wrapper\"><div class=\"vc_row wpb_row vc_row-fluid\"><div class=\"wpb_column vc_column_container vc_col-sm-12\"><div class=\"vc_column-inner\"><div class=\"wpb_wrapper\">\n\t<div class=\"wpb_text_column wpb_content_element\" >\n\t\t<div class=\"wpb_wrapper\">\n\t\t\t<figure id=\"attachment_1321\" aria-describedby=\"caption-attachment-1321\" style=\"width: 225px\" class=\"wp-caption alignright\"><img loading=\"lazy\" decoding=\"async\" class=\"wp-image-1321 size-full\" src=\"https:\/\/www.vasmegye.hu\/wp-content\/uploads\/2018\/06\/majthenyi_laszlo.jpg\" alt=\"\" width=\"225\" height=\"200\" \/><figcaption id=\"caption-attachment-1321\" class=\"wp-caption-text\"><center><strong>Majth\u00e9nyi L\u00e1szl\u00f3<\/strong> &#8211; a Vas V\u00e1rmegyei K\u00f6zgy\u0171l\u00e9s eln\u00f6ke<\/center><\/figcaption><\/figure>\n<p style=\"text-align: justify;\"><strong>Kedves Olvas\u00f3!<\/strong><\/p>\n<p style=\"text-align: justify;\">Vas v\u00e1rmegye \u2013 b\u00e1r haz\u00e1nk egyik legkisebb v\u00e1rmegy\u00e9je \u2013 p\u00e1ratlan sok term\u00e9szeti sz\u00e9ps\u00e9ggel b\u00edr. Az \u0150rs\u00e9g szel\u00edd lank\u00e1i, a S\u00e1g hegy \u00e9s a Kis-Somly\u00f3 szunnyad\u00f3 vulk\u00e1nja, az \u00cdrottk\u0151 rejt\u00e9lyes v\u00f6lgyei, a R\u00e1ba foly\u00f3 vadreg\u00e9nyes szakaszai, sejtelmes erdeink tiszta leveg\u0151je mind-mind kir\u00e1ndul\u00e1sra cs\u00e1b\u00edtanak.<\/p>\n<p align=\"JUSTIFY\">Az arbor\u00e9tumok \u00e9s kast\u00e9lykertek n\u00f6v\u00e9nycsod\u00e1i, t\u00fara\u00fatvonalaink, a falusi turizmus k\u00edn\u00e1lta kikapcsol\u00f3d\u00e1si lehet\u0151s\u00e9gek, csak er\u0151s\u00edtik a hitet az itt lak\u00f3kban, hogy \u00e9rdemes Vas v\u00e1rmegy\u00e9ben \u00e9lni. Ezek a kincsek vonzz\u00e1k az orsz\u00e1g, illetve a vil\u00e1g m\u00e1s r\u00e9szein \u00e9l\u0151ket, akik hozz\u00e1nk j\u00f6nnek pihenni. K\u00f6z\u00f6tt\u00fck egyre t\u00f6bb a visszat\u00e9r\u0151 vend\u00e9g, de jelent\u0151s sz\u00e1mban vannak olyanok is, akik itt telepednek le v\u00e9glegesen.<\/p>\n<p align=\"JUSTIFY\">Gy\u00f3gy- \u00e9s term\u00e1lvizekre telep\u00fclt f\u00fcrd\u0151ink kiemelt turisztikai vonzer\u0151t jelentenek. Eur\u00f3pai h\u00edr\u0171 \u00fcd\u00fcl\u0151k\u00f6zpontjaink \u2013 B\u00fck \u00e9s S\u00e1rv\u00e1r &#8211; folyamatosan fejlesztenek, b\u0151v\u00edtik k\u00edn\u00e1latukat annak \u00e9rdek\u00e9ben, hogy fel tudj\u00e1k venni a versenyt a hat\u00e1r t\u00faloldal\u00e1n l\u00e9v\u0151 osztr\u00e1k \u00e9s szlov\u00e9n konkurensekkel. A vasi f\u00fcrd\u0151k\u00edn\u00e1latnak fontos r\u00e9szei m\u00e9g a kisebb, csal\u00e1diasabb jelleg\u0171 f\u00fcrd\u0151k: Celld\u00f6m\u00f6lk, Szentgotth\u00e1rd, Mesteri, Borg\u00e1ta \u00e9s Vasv\u00e1r is. <span style=\"color: #ffffff;\"><a style=\"color: #ffffff;\" href=\"https:\/\/leeskitchenfranklin.com\/\" target=\"_blank\" rel=\"noopener\">sbobet88<\/a><\/span><\/p>\n<p align=\"JUSTIFY\">A turisztikai vonzer\u0151 r\u00e9sz\u00e9t k\u00e9pezik a t\u00f6rt\u00e9nelmi esem\u00e9nyekre, a n\u00e9phagyom\u00e1nyokra \u00e9s helyi term\u00e9kekre alapoz\u00f3 programjaink. Ezek k\u00f6z\u00e9 tartozik a szombathelyi Savaria T\u00f6rt\u00e9nelmi Karnev\u00e1l, a K\u0151szegi Ostromnapok, a s\u00e1rv\u00e1ri N\u00e1dasdy T\u00f6rt\u00e9nelmi Fesztiv\u00e1l, a celld\u00f6m\u00f6lki b\u00facs\u00faj\u00e1r\u00e1s, a velemi gesztenye- a b\u00fcki arat\u00f3\u00fcnnep, a vasv\u00e1ri r\u00e9tes-, az \u0151rs\u00e9gi t\u00f6k- \u00e9s a sitkei rockfesztiv\u00e1l. Megyeszerte rendeznek p\u00e1linka- \u00e9s sz\u00fcreti fesztiv\u00e1lokat \u00e9s sz\u00e1mos bor\u00fcnnepet.<\/p>\n<p align=\"JUSTIFY\">A t\u00f6bb mint 2000 \u00e9ves m\u00faltra visszatekint\u0151 Szombathely kiemelked\u0151 l\u00e1tnival\u00f3i k\u00f6z\u00e9 tartozik a Sz\u00e9kesegyh\u00e1z, az Iseum, a Romkert, a P\u00fcsp\u00f6ki Palota \u00e9s annak gazdag gy\u0171jtem\u00e9nye. Sok \u00e9rdekess\u00e9get k\u00edn\u00e1lnak a megyesz\u00e9khely m\u00fazeumai, \u00edgy a Savaria \u00e9s a Smidt M\u00fazeum. S\u00e1rv\u00e1ron a N\u00e1dasdy-, K\u0151szegen a Jurisics-v\u00e1r, K\u00f6rmenden pedig a Batthy\u00e1ny kast\u00e9ly egyed\u00fcl\u00e1ll\u00f3 l\u00e1tv\u00e1nyoss\u00e1g. De t\u00f6rt\u00e9nelmi-kultur\u00e1lis \u00f6r\u00f6ks\u00e9g\u00fcnk r\u00e9sz\u00e9t k\u00e9pezi a Szent M\u00e1rton, Boldog Batthy\u00e1ny-Strattmann L\u00e1szl\u00f3, Mindenszty J\u00f3zsef \u00e9s Boldog Brenner J\u00e1nos \u00e9letm\u0171ve, melyhez kapcsol\u00f3d\u00f3an kultur\u00e1lis programok, fesztiv\u00e1lok \u00e9s tov\u00e1bbi rendezv\u00e9nyek is k\u00f6t\u0151dnek v\u00e1rmegye szerte.<\/p>\n<p align=\"JUSTIFY\">Szakr\u00e1lis \u00e9p\u00edt\u00e9szeti \u00f6r\u00f6ks\u00e9g\u00fcnkb\u0151l kiemelkednek az \u00c1rp\u00e1d-h\u00e1zi kir\u00e1lyok kor\u00e1ig visszavezethet\u0151 templomaink &#8211; \u00edgy p\u00e9ld\u00e1ul a j\u00e1ki, a p\u00e1p\u00f3ci, a velem\u00e9ri \u00e9s a csempeszkop\u00e1csi &#8211; amelyek p\u00e1ratlan \u00e9lm\u00e9nyt ny\u00fajtanak a l\u00e1togat\u00f3knak.<\/p>\n<p align=\"JUSTIFY\">Vas v\u00e1rmegy\u00e9ben t\u00f6bb nemzetis\u00e9g \u00e9l egy\u00fctt. P\u00e9lda\u00e9rt\u00e9k\u0171 a v\u00e1rmegy\u00e9ben a kisebbs\u00e9gek hagyom\u00e1nyainak \u00e1pol\u00e1sa, ami egyed\u00fcl\u00e1ll\u00f3 sz\u00ednt visz a v\u00e1rmegye kultur\u00e1lis \u00e9let\u00e9be. A horv\u00e1t, a n\u00e9met, a cig\u00e1ny \u00e9s a szlov\u00e9n kisebbs\u00e9g folkl\u00f3r csoportokkal \u00e9s gazdag programokkal \u00e1polja n\u00e9pzenei \u00e9s n\u00e9pm\u0171v\u00e9szeti hagyat\u00e9k\u00e1t.<\/p>\n<p align=\"JUSTIFY\">B\u00fcszk\u00e9k lehet\u00fcnk azokra a m\u0171helymunk\u00e1kra, melyeknek k\u00f6sz\u00f6nhet\u0151en kultur\u00e1lis \u00e9let\u00fcnk h\u00edre nemcsak helyi \u00e9s orsz\u00e1gos, hanem nemzetk\u00f6zi szintre is eljut. A Savaria Szimfonikus Zenekar koncertk\u00edn\u00e1lata, a Szombathelyi K\u00e9pt\u00e1r id\u0151r\u0151l id\u0151re meg\u00fajul\u00f3 t\u00e1rlata \u00e9s a Jord\u00e1n Tam\u00e1s \u00e1ltal alap\u00edtott We\u00f6res S\u00e1ndor Sz\u00ednh\u00e1z reperto\u00e1rja az ide \u00e9rkez\u0151k szellemi \u00e9s lelki felt\u00f6lt\u0151d\u00e9s\u00e9t szolg\u00e1lja. \u00c9s ha mindez esetleg nem lenne el\u00e9g, t\u00f6rt\u00e9nelmi s\u00e9t\u00e1t tehet\u00fcnk Cs\u00f6ng\u00e9n We\u00f6res S\u00e1ndor \u00e9s K\u00e1rolyi Amy egykori otthon\u00e1ban, Egyh\u00e1zashety\u00e9n Berzsenyi D\u00e1niel sz\u00fcl\u0151h\u00e1z\u00e1n\u00e1l, Duk\u00e1n Dukai Tak\u00e1ch Judit s\u00edrj\u00e1n\u00e1l.<span style=\"color: #ffffff;\"><a style=\"color: #ffffff;\" href=\"https:\/\/trionkl.malaysiakl.com\/\" target=\"_blank\" rel=\"noopener\">slot<\/a><\/span> <\/p>\n<p align=\"JUSTIFY\"><strong>Kedves Olvas\u00f3!<\/strong><\/p>\n<p align=\"JUSTIFY\">Rem\u00e9lem, hogy siker\u00fclt \u00e9rdekl\u0151d\u00e9s\u00e9t felkeltenem, \u00e9s hamarosan ell\u00e1togat hozz\u00e1nk csal\u00e1dj\u00e1val vagy bar\u00e1taival, hogy szem\u00e9lyesen is megtapasztalj\u00e1k a vasi vend\u00e9gszeretetet.<\/p>\n<p><strong>Majth\u00e9nyi L\u00e1szl\u00f3<br \/>\na Vas V\u00e1rmegyei K\u00f6zgy\u0171l\u00e9s eln\u00f6ke\u00a0<\/strong><\/p>\n\n\t\t<\/div>\n\t<\/div>\n<\/div><\/div><\/div><\/div>\n<\/section>","protected":false},"excerpt":{"rendered":"Majth\u00e9nyi L\u00e1szl\u00f3 - a Vas V\u00e1rmegyei K\u00f6zgy\u0171l\u00e9s eln\u00f6ke Kedves Olvas\u00f3! Vas v\u00e1rmegye \u2013 b\u00e1r haz\u00e1nk egyik legkisebb v\u00e1rmegy\u00e9je \u2013 p\u00e1ratlan sok term\u00e9szeti sz\u00e9ps\u00e9ggel b\u00edr. Az \u0150rs\u00e9g szel\u00edd lank\u00e1i, a S\u00e1g hegy \u00e9s a Kis-Somly\u00f3 szunnyad\u00f3 vulk\u00e1nja, az \u00cdrottk\u0151 rejt\u00e9lyes v\u00f6lgyei, a R\u00e1ba foly\u00f3 vadreg\u00e9nyes szakaszai, sejtelmes erdeink tiszta leveg\u0151je mind-mind kir\u00e1ndul\u00e1sra cs\u00e1b\u00edtanak. Az arbor\u00e9tumok \u00e9s [...]","protected":false},"author":1,"featured_media":0,"parent":0,"menu_order":46,"comment_status":"closed","ping_status":"closed","template":"","meta":{"_exactmetrics_skip_tracking":false,"_exactmetrics_sitenote_active":false,"_exactmetrics_sitenote_note":"","_exactmetrics_sitenote_category":0,"footnotes":""},"class_list":["post-2359","page","type-page","status-publish","hentry","floatton-article"],"_links":{"self":[{"href":"https:\/\/www.vasmegye.hu\/en\/wp-json\/wp\/v2\/pages\/2359","targetHints":{"allow":["GET"]}}],"collection":[{"href":"https:\/\/www.vasmegye.hu\/en\/wp-json\/wp\/v2\/pages"}],"about":[{"href":"https:\/\/www.vasmegye.hu\/en\/wp-json\/wp\/v2\/types\/page"}],"author":[{"embeddable":true,"href":"https:\/\/www.vasmegye.hu\/en\/wp-json\/wp\/v2\/users\/1"}],"replies":[{"embeddable":true,"href":"https:\/\/www.vasmegye.hu\/en\/wp-json\/wp\/v2\/comments?post=2359"}],"version-history":[{"count":2,"href":"https:\/\/www.vasmegye.hu\/en\/wp-json\/wp\/v2\/pages\/2359\/revisions"}],"predecessor-version":[{"id":25524,"href":"https:\/\/www.vasmegye.hu\/en\/wp-json\/wp\/v2\/pages\/2359\/revisions\/25524"}],"wp:attachment":[{"href":"https:\/\/www.vasmegye.hu\/en\/wp-json\/wp\/v2\/media?parent=2359"}],"curies":[{"name":"wp","href":"https:\/\/api.w.org\/{rel}","templated":true}]}}