{"id":1739,"date":"2018-06-25T10:24:08","date_gmt":"2018-06-25T08:24:08","guid":{"rendered":"http:\/\/teszt.webromedia.hu\/?page_id=1722"},"modified":"2018-08-31T10:46:55","modified_gmt":"2018-08-31T08:46:55","slug":"kozerdeku-adatok-igenylese","status":"publish","type":"page","link":"https:\/\/www.vasmegye.hu\/en\/kozerdeku-adatok-igenylese\/","title":{"rendered":"K\u00f6z\u00e9rdek\u0171 adatok ig\u00e9nyl\u00e9se"},"content":{"rendered":"<p style=\"text-align: center;\"><strong>A k\u00f6z\u00e9rdek\u0171 adatok megismer\u00e9s\u00e9re ir\u00e1nyul\u00f3 ig\u00e9nyek<br \/>\nteljes\u00edt\u00e9s\u00e9nek rendj\u00e9r\u0151l sz\u00f3l\u00f3 szab\u00e1lyzat<\/strong><\/p>\n<p style=\"text-align: center;\"><strong>I.<\/strong><\/p>\n<p style=\"text-align: center;\"><strong>A szab\u00e1lyzat c\u00e9lja \u00e9s hat\u00e1lya<\/strong><\/p>\n<ol>\n<li style=\"text-align: justify;\">A Szab\u00e1lyzat c\u00e9lja, hogy a Vas Megyei \u00d6nkorm\u00e1nyzat Hivatala vonatkoz\u00e1s\u00e1ban meghat\u00e1rozza a <strong>k\u00f6z\u00e9rdek\u0171 adatok \u00e9s k\u00f6z\u00e9rdekb\u0151l nyilv\u00e1nos adatok<\/strong> megismer\u00e9s\u00e9re ir\u00e1nyul\u00f3 ig\u00e9nyek teljes\u00edt\u00e9s\u00e9nek rendj\u00e9t, valamint annak biztos\u00edt\u00e1sa, hogy az inform\u00e1ci\u00f3s \u00f6nrendelkez\u00e9si jogr\u00f3l \u00e9s az inform\u00e1ci\u00f3szabads\u00e1gr\u00f3l sz\u00f3l\u00f3 2011. \u00e9vi CXII. t\u00f6rv\u00e9ny (tov\u00e1bbiakban: Infotv.) keretei k\u00f6z\u00f6tt <strong>szem\u00e9lyes adat\u00e1val mindenki maga rendelkezzen<\/strong>, \u00e9s a k\u00f6z\u00e9rdek\u0171 adatokat mindenki megismerje. Az itt nem szab\u00e1lyozott r\u00e9szletekben az Infotv 26-31 \u00a7 el\u0151\u00edr\u00e1sait kell alkalmazni.<\/li>\n<li style=\"text-align: justify;\">A Szab\u00e1lyzat Vas Megye \u00d6nkorm\u00e1nyzati Hivatal, mint k\u00f6zfeladatot ell\u00e1t\u00f3 szerv feladatk\u00f6r\u00e9be tartoz\u00f3 k\u00f6z\u00e9rdek\u0171 adatokra, valamint a k\u00f6z\u00e9rdekb\u0151l nyilv\u00e1nos adatok k\u00f6r\u00e9re terjed ki, tov\u00e1bb\u00e1 szab\u00e1lyozza a szem\u00e9lyes adatokkal kapcsolatos elj\u00e1r\u00e1st, amennyiben az nem a k\u00f6zszolg\u00e1lati (bels\u0151) adatkezel\u00e9s \u00e9s adatv\u00e9delem k\u00f6r\u00e9be tartozik.<\/li>\n<li style=\"text-align: justify;\">A Szab\u00e1lyzat hat\u00e1lya <strong>nem terjed ki<\/strong> a k\u00f6zhitel\u0171 nyilv\u00e1ntart\u00e1sb\u00f3l t\u00f6rt\u00e9n\u0151 adatszolg\u00e1ltat\u00e1sra \u00e9s a hivatal munkat\u00e1rsainak szem\u00e9lyi adataira. A bels\u0151 k\u00f6zszolg\u00e1lati adatkezel\u00e9sre \u00e9s adatv\u00e9delemre a K\u00f6zszolg\u00e1lati adatv\u00e9delmi szab\u00e1lyzat rendelkezik.<strong><br \/>\n<\/strong><\/li>\n<\/ol>\n<ul>\n<li style=\"text-align: justify;\"><strong>K\u00f6z\u00e9rdek\u0171 adat<\/strong>: az \u00e1llami vagy helyi \u00f6nkorm\u00e1nyzati feladatot, valamint jogszab\u00e1lyban meghat\u00e1rozott egy\u00e9b k\u00f6zfeladatot ell\u00e1t\u00f3 szerv vagy szem\u00e9ly kezel\u00e9s\u00e9ben l\u00e9v\u0151, valamint a tev\u00e9kenys\u00e9g\u00e9re vonatkoz\u00f3, a szem\u00e9lyes adat fogalma al\u00e1 nem es\u0151, b\u00e1rmilyen m\u00f3don vagy form\u00e1ban r\u00f6gz\u00edtett inform\u00e1ci\u00f3 vagy ismeret, f\u00fcggetlen\u00fcl kezel\u00e9s\u00e9nek m\u00f3dj\u00e1t\u00f3l, \u00f6n\u00e1ll\u00f3 vagy gy\u0171jtem\u00e9nyes jelleg\u00e9t\u0151l. K\u00fcl\u00f6n\u00f6sen a hat\u00e1sk\u00f6rre, illet\u00e9kess\u00e9gre, szervezeti fel\u00e9p\u00edt\u00e9sre, szakmai tev\u00e9kenys\u00e9gre, annak eredm\u00e9nyess\u00e9g\u00e9re is kiterjed\u0151 \u00e9rt\u00e9kel\u00e9s\u00e9re, a birtokolt adatfajt\u00e1kra \u00e9s a m\u0171k\u00f6d\u00e9st szab\u00e1lyoz\u00f3 jogszab\u00e1lyokra, valamint a gazd\u00e1lkod\u00e1sra, a megk\u00f6t\u00f6tt szerz\u0151d\u00e9sekre vonatkoz\u00f3 adat. (Infotv 3. \u00a7)<\/li>\n<li style=\"text-align: justify;\"><strong>K\u00f6z\u00e9rdekb\u0151l nyilv\u00e1nos adat<\/strong>: a k\u00f6z\u00e9rdek\u0171 adat fogalma al\u00e1 nem tartoz\u00f3 minden olyan adat, amelynek nyilv\u00e1noss\u00e1gra hozatal\u00e1t, megismerhet\u0151s\u00e9g\u00e9t vagy hozz\u00e1f\u00e9rhet\u0151v\u00e9 t\u00e9tel\u00e9t t\u00f6rv\u00e9ny k\u00f6z\u00e9rdekb\u0151l elrendeli. (Infotv 3. \u00a7)<\/li>\n<li style=\"text-align: justify;\"><strong>Szem\u00e9lyes adat<\/strong>: b\u00e1rmely meghat\u00e1rozott (azonos\u00edtott vagy azonos\u00edthat\u00f3) term\u00e9szetes szem\u00e9llyel kapcsolatba hozhat\u00f3 adat, az adatb\u00f3l levonhat\u00f3, az \u00e9rintettre vonatkoz\u00f3 k\u00f6vetkeztet\u00e9s. (Infotv 3. \u00a7)<\/li>\n<li style=\"text-align: justify;\"><strong>K\u00fcl\u00f6nleges adat<\/strong>: a szem\u00e9lyes adatok azon r\u00e9sze, amelyet a jogalkot\u00f3 k\u00fcl\u00f6nleges v\u00e9delemben r\u00e9szes\u00edt. Ebbe a k\u00f6rbe tartoznak a faji eredetre, a nemzeti \u00e9s etnikai kisebbs\u00e9ghez tartoz\u00e1sra, a politikai v\u00e9lem\u00e9nyre vagy p\u00e1rt\u00e1ll\u00e1sra, a vall\u00e1sos vagy m\u00e1s vil\u00e1gn\u00e9zeti meggy\u0151z\u0151d\u00e9sre, az \u00e9rdekk\u00e9pviseleti szervezeti tags\u00e1gra, a szexu\u00e1lis \u00e9letre, az eg\u00e9szs\u00e9gi \u00e1llapotra, a k\u00f3ros szenved\u00e9lyre vonatkoz\u00f3 szem\u00e9lyes adatok, valamint a b\u0171n\u00fcgyi szem\u00e9lyes adat. Az ilyen adatok kezel\u00e9s\u00e9re a t\u00f6rv\u00e9ny szigor\u00fabb rendelkez\u00e9seket \u00edr el\u0151, \u00e9s a jogk\u00f6vetkezm\u00e9nyek ter\u00e9n is k\u00fcl\u00f6nbs\u00e9g mutatkozik. (Infotv. 3.\u00a7)<\/li>\n<li style=\"text-align: justify;\"><strong>\u00c9rintett<\/strong>: b\u00e1rmely meghat\u00e1rozott, szem\u00e9lyes adat alapj\u00e1n azonos\u00edtott vagy \u2013 k\u00f6zvetlen\u00fcl vagy k\u00f6zvetve \u2013 azonos\u00edthat\u00f3 term\u00e9szetes szem\u00e9ly (adatalany).<\/li>\n<li style=\"text-align: justify;\"><strong>Adatkezel\u0151<\/strong>: megyei k\u00f6zgy\u0171l\u00e9s eln\u00f6ke, a megyei jegyz\u0151, jogszab\u00e1lyban meghat\u00e1rozott esetben a k\u00f6ztisztvisel\u0151.<\/li>\n<\/ul>\n<p><strong>\u00a0<\/strong><\/p>\n<p style=\"text-align: center;\"><strong>II.<\/strong><\/p>\n<p style=\"text-align: center;\"><strong>A k\u00f6z\u00e9rdek\u0171 adatok k\u00f6re<\/strong><\/p>\n<p><strong>\u00a0<\/strong><\/p>\n<ol>\n<li style=\"text-align: justify;\">Az Adatkezel\u0151, mint helyi \u00f6nkorm\u00e1nyzati feladatot, valamint jogszab\u00e1lyban meghat\u00e1rozott egy\u00e9b k\u00f6zfeladatot ell\u00e1t\u00f3 szerv vagy szem\u00e9ly a feladatk\u00f6r\u00e9be tartoz\u00f3 \u00fcgyekben &#8211; \u00edgy k\u00fcl\u00f6n\u00f6sen az \u00e1llami \u00e9s \u00f6nkorm\u00e1nyzati k\u00f6lts\u00e9gvet\u00e9sre \u00e9s annak v\u00e9grehajt\u00e1s\u00e1ra, az \u00e1llami \u00e9s \u00f6nkorm\u00e1nyzati vagyon kezel\u00e9s\u00e9re, a k\u00f6zp\u00e9nzek felhaszn\u00e1l\u00e1s\u00e1ra \u00e9s az erre k\u00f6t\u00f6tt szerz\u0151d\u00e9sekre, a piaci szerepl\u0151k, a mag\u00e1nszervezetek \u00e9s -szem\u00e9lyek r\u00e9sz\u00e9re k\u00fcl\u00f6nleges vagy kiz\u00e1r\u00f3lagos jogok biztos\u00edt\u00e1s\u00e1ra vonatkoz\u00f3an &#8211; k\u00f6teles el\u0151seg\u00edteni \u00e9s biztos\u00edtani a k\u00f6zv\u00e9lem\u00e9ny pontos \u00e9s gyors t\u00e1j\u00e9koztat\u00e1s\u00e1t.<\/li>\n<li style=\"text-align: justify;\">Az Adatkezel\u0151 rendszeresen elektronikusan vagy m\u00e1s m\u00f3don k\u00f6zz\u00e9teszi, tov\u00e1bb\u00e1 erre ir\u00e1nyul\u00f3 ig\u00e9ny eset\u00e9n az Infotv. 20. \u00a7 rendelkez\u00e9sei szerint hozz\u00e1f\u00e9rhet\u0151v\u00e9 teszi a tev\u00e9kenys\u00e9g\u00e9vel kapcsolatos legfontosabb &#8211; \u00edgy k\u00fcl\u00f6n\u00f6sen a hat\u00e1sk\u00f6r\u00e9re, illet\u00e9kess\u00e9g\u00e9re, szervezeti fel\u00e9p\u00edt\u00e9s\u00e9re, szakmai tev\u00e9kenys\u00e9g\u00e9re, annak eredm\u00e9nyess\u00e9g\u00e9re is kiterjed\u0151 \u00e9rt\u00e9kel\u00e9s\u00e9re, a birtok\u00e1ban l\u00e9v\u0151 adatfajt\u00e1kra \u00e9s a m\u0171k\u00f6d\u00e9s\u00e9r\u0151l sz\u00f3l\u00f3 jogszab\u00e1lyokra, valamint a gazd\u00e1lkod\u00e1s\u00e1ra vonatkoz\u00f3 &#8211; adatokat. (K\u00f6z\u00e9rdek\u0171 adatok k\u00f6zz\u00e9t\u00e9teli szab\u00e1lyzata)<\/li>\n<li style=\"text-align: justify;\">Az Adatkezel\u0151nek lehet\u0151v\u00e9 kell tennie, hogy a kezel\u00e9s\u00e9ben l\u00e9v\u0151 k\u00f6z\u00e9rdek\u0171 adatot b\u00e1rki megismerhesse.<br \/>\n<strong>Kiv\u00e9telek:<\/strong> ha az adatot t\u00f6rv\u00e9ny alapj\u00e1n az arra jogosult szerv \u00e1llam- vagy szolg\u00e1lati titokk\u00e1 nyilv\u00e1n\u00edtotta, illetve ha az nemzetk\u00f6zi szerz\u0151d\u00e9sb\u0151l ered\u0151 k\u00f6telezetts\u00e9g alapj\u00e1n min\u0151s\u00edtett adat, tov\u00e1bb\u00e1, ha a k\u00f6z\u00e9rdek\u0171 adatok nyilv\u00e1noss\u00e1g\u00e1hoz val\u00f3 jogot &#8211; az adatfajt\u00e1k meghat\u00e1roz\u00e1s\u00e1val \u2013 t\u00f6rv\u00e9ny<br \/>\nhonv\u00e9delmi;<br \/>\nnemzetbiztons\u00e1gi;<br \/>\nb\u0171n\u00fcld\u00f6z\u00e9si vagy b\u0171nmegel\u0151z\u00e9si;<br \/>\nk\u00f6rnyezet- vagy term\u00e9szetv\u00e9delmi \u00e9rdekb\u0151l;<br \/>\nk\u00f6zponti p\u00e9nz\u00fcgyi vagy devizapolitikai \u00e9rdekb\u0151l;<br \/>\nk\u00fcl\u00fcgyi kapcsolatokra, nemzetk\u00f6zi szervezetekkel val\u00f3 kapcsolatokra;<br \/>\nb\u00edr\u00f3s\u00e1gi vagy k\u00f6zigazgat\u00e1si hat\u00f3s\u00e1gi elj\u00e1r\u00e1sra tekintettel;<br \/>\na szellemi tulajdonhoz f\u0171z\u0151d\u0151 jogra tekintettel korl\u00e1tozza.<\/li>\n<\/ol>\n<p>&nbsp;<\/p>\n<p>&nbsp;<\/p>\n<p style=\"text-align: center;\"><strong>III.<\/strong><\/p>\n<p style=\"text-align: center;\"><strong>\u00a0A k\u00f6z\u00e9rdek\u0171 adatok megismer\u00e9s\u00e9re ir\u00e1nyul\u00f3 ig\u00e9ny \u00e9s teljes\u00edt\u00e9se<\/strong><\/p>\n<p>&nbsp;<\/p>\n<ol>\n<li style=\"text-align: justify;\">A k\u00f6z\u00e9rdek\u0171 adatok megismer\u00e9s\u00e9re ir\u00e1nyul\u00f3 illet\u00e9kmentes ig\u00e9nyt a megyei jegyz\u0151 r\u00e9sz\u00e9re kell beny\u00fajtani. Az ig\u00e9nyeket <strong>postai lev\u00e9lben<\/strong> a Vas Megyei \u00d6nkorm\u00e1nyzat Hivatal\u00e1hoz c\u00edmezve, vagy <strong>elektronikus \u00faton a info&#64;vas&#109;&#101;&#103;&#121;&#101;&#46;&#104;&#117;<\/strong> e-mail c\u00edmre kell eljuttatni.<br \/>\n<strong>A sz\u00f3ban el\u0151terjesztett ig\u00e9nyr\u0151l feljegyz\u00e9st vagy jegyz\u0151k\u00f6nyvet kell k\u00e9sz\u00edteni \u00e9s azt \u2013 az \u00edr\u00e1sban \u00e9s elektronikus \u00faton beny\u00fajtott ig\u00e9nyhez hasonl\u00f3an \u2013 iktatni kell. Az ig\u00e9nyl\u0151 szem\u00e9lyes adatai k\u00f6z\u00fcl legfeljebb a n\u00e9v, a lakc\u00edm \u00e9s az el\u00e9rhet\u0151s\u00e9gre vonatoz\u00f3 adatokat k\u00fcl\u00f6n lapon kell felvenni. Ezeket az adatokat az ig\u00e9ny teljes\u00edt\u00e9s\u00e9t, illetve a k\u00f6lts\u00e9gek megfizet\u00e9s\u00e9t k\u00f6vet\u0151en az \u00fcgyiratb\u00f3l t\u00f6r\u00f6lni kell.<\/strong><\/li>\n<li style=\"text-align: justify;\">A megyei jegyz\u0151 a k\u00f6z\u00e9rdek\u0171 adat megismer\u00e9s\u00e9re ir\u00e1nyul\u00f3 ig\u00e9nynek a legr\u00f6videbb id\u0151 alatt, legfeljebb azonban 15 napon bel\u00fcl tesz eleget \u00edr\u00e1sban vagy elektronikus \u00faton. Az ig\u00e9ny teljes\u00edt\u00e9s\u00e9nek megtagad\u00e1s\u00e1r\u00f3l 8 napon bel\u00fcl \u00edr\u00e1sban vagy elektronikus \u00faton \u00e9rtes\u00edti az ig\u00e9ny beny\u00fajt\u00f3j\u00e1t. Ha a k\u00e9rt adatot nem az Adatkezel\u0151 kezeli, akkor err\u0151l a t\u00e9nyr\u0151l a lehet\u0151 legr\u00f6videbb id\u0151n bel\u00fcl, de legfeljebb 8 napon bel\u00fcl t\u00e1j\u00e9koztatja az ig\u00e9nyl\u0151t.<\/li>\n<li style=\"text-align: justify;\">A k\u00f6z\u00e9rdek\u0171 adatok megismer\u00e9s\u00e9re vonatkoz\u00f3 korl\u00e1toz\u00e1sokat az Infotv. 27. \u00a7 tartalmazza.<\/li>\n<li style=\"text-align: justify;\">Az elektronikus \u00faton \u00e9s pap\u00edralapon k\u00f6zz\u00e9tett adatok megismer\u00e9s\u00e9t regisztr\u00e1ci\u00f3hoz, szem\u00e9lyazonos\u00edt\u00f3 adatok k\u00f6zl\u00e9s\u00e9hez nem lehet k\u00f6tni. Az elektronikusan k\u00f6zz\u00e9tett k\u00f6z\u00e9rdek\u0171 adatokhoz t\u00f6rt\u00e9n\u0151 hozz\u00e1f\u00e9r\u00e9s biztos\u00edt\u00e1s\u00e1hoz szem\u00e9lyes adat csak annyiban kezelhet\u0151, amennyiben az technikailag elengedhetetlen\u00fcl sz\u00fcks\u00e9ges. A szem\u00e9lyes adatokat ezt k\u00f6vet\u0151en halad\u00e9ktalanul t\u00f6r\u00f6lni kell.<\/li>\n<li style=\"text-align: justify;\">Az Infotv. a k\u00f6z\u00e9rdek\u0171 adat ir\u00e1nti ig\u00e9ny beny\u00fajt\u00e1s\u00e1val kapcsolatban biztos\u00edtja az <strong>anyanyelvhaszn\u00e1lat<\/strong> jog\u00e1t. Az ig\u00e9ny el\u0151terjeszthet\u0151 az ig\u00e9nyl\u0151 anyanyelv\u00e9n, vagy az \u00e1ltala \u00e9rtett m\u00e1s nyelven, az adatszolg\u00e1ltat\u00e1st azonban magyar nyelven kell teljes\u00edteni. A ford\u00edt\u00e1sban, illetve a tolm\u00e1csol\u00e1sban \u2013 amennyiben lehet\u0151s\u00e9g van r\u00e1 \u2013 a Hivatalnak az adott nyelvben j\u00e1rtas k\u00f6ztisztvisel\u0151j\u00e9nek kell k\u00f6zrem\u0171k\u00f6dnie, ennek hi\u00e1ny\u00e1ban k\u00fcls\u0151 szakembert kell megb\u00edzni.<\/li>\n<li style=\"text-align: justify;\">Az ig\u00e9nyelt adatot abban az esetben is az ig\u00e9nyl\u0151 rendelkez\u00e9s\u00e9re kell bocs\u00e1tani, ha az a nyilv\u00e1noss\u00e1gra hozatala r\u00e9v\u00e9n egy\u00e9b m\u00f3don (pl. az \u00f6nkorm\u00e1nyzat honlapj\u00e1n) b\u00e1rki sz\u00e1m\u00e1ra hozz\u00e1f\u00e9rhet\u0151, kiv\u00e9ve ha az adat nyilv\u00e1noss\u00e1gra hozatal\u00e1nak m\u00f3dj\u00e1t jogszab\u00e1ly rendezi \u00e9s annak az \u00d6nkorm\u00e1nyzat \u00e9s Hivatala eleget tett. Ide tartozik a <strong>K\u00f6z\u00e9rdek\u0171 Adatok K\u00f6zz\u00e9t\u00e9teli Szab\u00e1lyzata \u00e9s a p\u00e1ly\u00e1zatok k\u00f6telez\u0151en k\u00f6zz\u00e9tett adatk\u00f6re<\/strong>, az adatig\u00e9nyl\u00e9s \u00fcgyint\u00e9z\u0151j\u00e9t ezeknek a szab\u00e1lyzatoknak megfelel\u0151en kell kijel\u00f6lni.<\/li>\n<li style=\"text-align: justify;\">A k\u00f6z\u00e9rdek\u0171 adatok szolg\u00e1ltat\u00e1s\u00e1ra kijel\u00f6lt felel\u0151s az ig\u00e9nyt &#8211; annak tartalma alapj\u00e1n &#8211; az iktat\u00e1st k\u00f6vet\u0151en megvizsg\u00e1lja abb\u00f3l a szempontb\u00f3l, hogy az adatok pontosan beazonos\u00edthat\u00f3ak-e, az ig\u00e9nyelt adatokat a c\u00edmzett kezeli-e, az ig\u00e9nyelt adatok k\u00f6z\u00e9rdek\u0171 adatnak min\u0151s\u00fclnek-e, az ig\u00e9nyl\u0151 el\u00e9rhet\u0151s\u00e9ge tiszt\u00e1zott-e, a t\u00e1j\u00e9koztat\u00e1st milyen form\u00e1ban k\u00e9ri, \u00e9s az teljes\u00edthet\u0151-e, az adatszolg\u00e1ltat\u00e1s okoz-e az Adatkezel\u0151nek t\u00f6bbletk\u00f6lts\u00e9get, \u00e9s ennek megt\u00e9r\u00edt\u00e9s\u00e9t v\u00e1llalja-e az ig\u00e9nyl\u0151.<\/li>\n<li style=\"text-align: justify;\">Ha az ig\u00e9ny a k\u00e9rt m\u00f3don nem teljes\u00edthet\u0151, az ig\u00e9nyl\u0151t a hi\u00e1nyz\u00f3 adatokra vonatkoz\u00f3an <strong>nyilatkozatt\u00e9telre<\/strong> kell felh\u00edvni. Amennyiben az ig\u00e9nyl\u0151 nem tudja a k\u00e9rt adatokat pontosan megjel\u00f6lni, vagy a megadott hat\u00e1rid\u0151n bel\u00fcl nem nyilatkozik, az Adatfelel\u0151s a rendelkez\u00e9sre \u00e1ll\u00f3 adatok alapj\u00e1n teljes\u00edti az ig\u00e9nyt.<\/li>\n<li style=\"text-align: justify;\">Az ig\u00e9nyl\u0151t nyilatkoztatni kell, hogy a k\u00f6lts\u00e9gek ismeret\u00e9ben fenntartja-e, vagy m\u00f3dos\u00edtja ig\u00e9ny\u00e9t. Amennyiben a k\u00f6lts\u00e9gek megt\u00e9r\u00edt\u00e9s\u00e9t nem v\u00e1llalja, k\u00f6z\u00f6lni kell, hogy az adatokr\u00f3l csak olyan form\u00e1ban \u00e9s m\u00f3don kaphat t\u00e1j\u00e9koztat\u00e1st, ami nem okoz meg nem t\u00e9r\u00fcl\u0151 k\u00f6lts\u00e9get az Adatkezel\u0151nek. Ha v\u00e1llalja a k\u00f6lts\u00e9gek megt\u00e9r\u00edt\u00e9s\u00e9t, k\u00f6z\u00f6lnie kell szem\u00e9lyazonos\u00edt\u00f3 adatait. A k\u00f6lts\u00e9gt\u00e9r\u00edt\u00e9s m\u00e9rt\u00e9k\u00e9t az p\u00e9nz\u00fcgyi csoporttal egyeztetve kell meg\u00e1llap\u00edtani.<\/li>\n<li style=\"text-align: justify;\">A k\u00f6z\u00e9rdek\u0171 adat hordoz\u00f3j\u00e1r\u00f3l m\u00e1solat ki\u00e1ll\u00edt\u00e1sa nem tagadhat\u00f3 meg azon az alapon, hogy az adathordoz\u00f3 nem k\u00f6z\u00e9rdek\u0171 vagy jogszer\u0171en nem megismerhet\u0151 k\u00f6z\u00e9rdek\u0171 adatot is tartalmaz. Ebben az esetben kiemelt figyelmet kell ford\u00edtani arra, hogy a meg nem ismerhet\u0151 adatot az Adatkezel\u0151 a m\u00e1solaton felismerhetetlenn\u00e9 tegye.<\/li>\n<li style=\"text-align: justify;\">Az Infotv. alapj\u00e1n a k\u00f6z\u00e9rdek\u0171 adat hordoz\u00f3j\u00e1r\u00f3l k\u00e9sz\u00edtett m\u00e1solat\u00e9rt k\u00f6lts\u00e9gt\u00e9r\u00edt\u00e9sk\u00e9nt legfeljebb a m\u00e1solat k\u00e9sz\u00edt\u00e9s\u00e9nek k\u00f6lts\u00e9ge sz\u00e1m\u00edthat\u00f3 fel, amelyet az ig\u00e9nyl\u0151 k\u00e9r\u00e9s\u00e9re el\u0151re k\u00f6z\u00f6lni kell.<\/li>\n<\/ol>\n<p>&nbsp;<\/p>\n<p style=\"text-align: center;\"><strong>IV.<\/strong><\/p>\n<p style=\"text-align: center;\"><strong>K\u00f6z\u00e9rdekb\u0151l nyilv\u00e1nos adatok megismer\u00e9s\u00e9nek rendje<\/strong><\/p>\n<p>&nbsp;<\/p>\n<ol>\n<li>A k\u00f6z\u00e9rdekb\u0151l nyilv\u00e1nos adat megismer\u00e9s\u00e9re a szab\u00e1lyzatnak a k\u00f6z\u00e9rdek\u0171 adatok megismer\u00e9s\u00e9re vonatkoz\u00f3 III. fejezet rendelkez\u00e9seit kell alkalmazni.<\/li>\n<\/ol>\n<p><strong>\u00a0<\/strong><\/p>\n<p style=\"text-align: center;\"><strong>V.<\/strong><\/p>\n<p style=\"text-align: center;\"><strong>Szem\u00e9lyes adatok kezel\u00e9se<\/strong><\/p>\n<p>&nbsp;<\/p>\n<p><strong>Az adatv\u00e9delem n\u00f6vekv\u0151 fontoss\u00e1ga.<\/strong> Az inform\u00e1ci\u00f3s \u00f6nrendelkez\u00e9si jog a szem\u00e9lyes adatok v\u00e9delm\u00e9t biztos\u00edtja. A haszn\u00e1latos adatt\u00e1rol\u00f3 eszk\u00f6z\u00f6k folyamatos fejl\u0151d\u00e9s\u00e9vel, b\u0151v\u00fcl\u00e9s\u00e9vel a <strong>t\u00e1rolt adatmennyis\u00e9g<\/strong> ugr\u00e1s-szer\u0171en n\u00f6vekszik az \u00d6nkorm\u00e1nyzatn\u00e1l is. Ugyanakkor az adatv\u00e9delemben \u00e9rintettek k\u00f6re is b\u0151v\u00fcl \u00e9s az \u00e1llampolg\u00e1rok <strong>biztons\u00e1gtudatos magatart\u00e1sa<\/strong> is fejl\u0151dik. Az <strong>adatkezel\u0151k jogk\u00f6vet\u0151 magatart\u00e1s\u00e1nak<\/strong> kik\u00e9nyszer\u00edt\u00e9s\u00e9re adatv\u00e9delmi hat\u00f3s\u00e1g fel\u00e1ll\u00edt\u00e1sara ker\u00fclt sor (Nemzeti Adatv\u00e9delmi \u00e9s Inform\u00e1ci\u00f3szabads\u00e1g Hat\u00f3s\u00e1g, NAIH, <a href=\"http:\/\/www.naih.hu\">www.naih.hu<\/a>). K\u00edv\u00e1natos a hat\u00f3s\u00e1gn\u00e1l k\u00f6zz\u00e9tett szab\u00e1lyoz\u00e1si \u00e9s aktu\u00e1lis informat\u00edv tartalom tanulm\u00e1nyoz\u00e1sa minden hivatali munkat\u00e1rs sz\u00e1m\u00e1ra.<\/p>\n<p>Az adatkezel\u00e9s alapvet\u0151 felt\u00e9telei:<\/p>\n<ol>\n<li>c\u00e9lhoz k\u00f6t\u00f6tts\u00e9g elve<\/li>\n<li>az adatkezel\u00e9s jogalapja<\/li>\n<li>egy\u00e9rtelm\u0171, r\u00e9szletes t\u00e1j\u00e9koztat\u00e1s<\/li>\n<li>adatv\u00e9delmi nyilv\u00e1ntart\u00e1s.<\/li>\n<\/ol>\n<p>&nbsp;<\/p>\n<ul>\n<li><strong>Az adatkezel\u00e9s jogalapja<\/strong><\/li>\n<\/ul>\n<p>Az adatkezel\u00e9s k\u00e9t m\u00f3don t\u00f6rt\u00e9nhet jogszer\u0171en: vagy az \u00e9rintett hozz\u00e1j\u00e1rul\u00e1sa alapj\u00e1n, vagy ha az adatkezel\u00e9st t\u00f6rv\u00e9ny rendeli el. Szem\u00e9lyes adat els\u0151dlegesen akkor kezelhet\u0151, ha ahhoz az \u00e9rintett \u2013 \u00f6nk\u00e9ntesen, megfelel\u0151 t\u00e1j\u00e9koztat\u00e1st k\u00f6vet\u0151en, hat\u00e1rozottan, f\u00e9lre\u00e9rthetetlen\u00fcl \u2013 hozz\u00e1j\u00e1rul. A hozz\u00e1j\u00e1rul\u00e1s megadhat\u00f3 sz\u00f3ban, \u00edr\u00e1sban vagy r\u00e1utal\u00f3 magatart\u00e1ssal. K\u00fcl\u00f6nleges adat kezel\u00e9se eset\u00e9n kiz\u00e1r\u00f3lag \u00edr\u00e1sban lehet az adatkezel\u00e9shez hozz\u00e1j\u00e1rulni.<\/p>\n<p>T\u00f6rv\u00e9ny illetve \u00f6nkorm\u00e1nyzati rendelet k\u00f6z\u00e9rdekb\u0151l elrendelheti az adatok kezel\u00e9s\u00e9t (k\u00f6telez\u0151 adatkezel\u00e9s). Ilyenkor ak\u00e1r az \u00e9rintett k\u00edv\u00e1ns\u00e1ga ellen\u00e9re is kezelhet\u0151k a szem\u00e9lyes adatai. Az adatkezel\u00e9s felt\u00e9teleit a jogszab\u00e1ly hat\u00e1rozza meg.<\/p>\n<ul>\n<li><strong>A kiskor\u00fa hozz\u00e1j\u00e1rul\u00e1sa<\/strong><\/li>\n<\/ul>\n<p>A t\u00f6rv\u00e9ny kimondja, hogy a 16. \u00e9let\u00e9v\u00e9t bet\u00f6lt\u00f6tt kiskor\u00fa szem\u00e9lyes adatai felett rendelkezhet, sz\u00fcl\u0151i beleegyez\u00e9s vagy ut\u00f3lagos j\u00f3v\u00e1hagy\u00e1s n\u00e9lk\u00fcl. A 14. \u00e9let\u00e9v\u00e9t bet\u00f6lt\u00f6tt, de a 16. \u00e9vet m\u00e9g el nem \u00e9r\u0151 kiskor\u00fa hozz\u00e1j\u00e1rul\u00f3 nyilatkozat\u00e1hoz t\u00f6rv\u00e9nyes k\u00e9pvisel\u0151j\u00e9nek beleegyez\u00e9s\u00e9re vagy ut\u00f3lagos j\u00f3v\u00e1hagy\u00e1s\u00e1ra van sz\u00fcks\u00e9g, kiv\u00e9ve p\u00e9ld\u00e1ul az olyan adatkezel\u00e9seket, amelyekkel kiz\u00e1r\u00f3lag el\u0151nyt szerezhet. 14 \u00e9v alatti gyermek nyilatkozata semmis. Adatai kezel\u00e9s\u00e9hez t\u00f6rv\u00e9nyes k\u00e9pvisel\u0151je tud hozz\u00e1j\u00e1rul\u00e1st adni.<\/p>\n<ul>\n<li><strong>V\u00e9lelmek<\/strong><\/li>\n<\/ul>\n<p>Ha valakinek a l\u00e9tfontoss\u00e1g\u00fa \u00e9rdeke v\u00e9delm\u00e9hez, szem\u00e9lyek \u00e9let\u00e9t, testi \u00e9ps\u00e9g\u00e9t vagy javait fenyeget\u0151 k\u00f6zvetlen vesz\u00e9ly elh\u00e1r\u00edt\u00e1sa vagy megel\u0151z\u00e9se \u00e9rdek\u00e9ben sz\u00fcks\u00e9ges az adatkezel\u00e9s, mindaddig kezelhet\u0151k az \u00e9rintett szem\u00e9lyes adatai, am\u00edg a hozz\u00e1j\u00e1rul\u00e1s\u00e1t nem tudja megadni. A t\u00f6rv\u00e9ny ugyanis v\u00e9lelmezi, hogy ha m\u00f3d lenne r\u00e1, az \u00e9rintett megadn\u00e1 a hozz\u00e1j\u00e1rul\u00e1s\u00e1t.<\/p>\n<p>Ha az \u00e9rintett k\u00e9relm\u00e9re, kezdem\u00e9nyez\u00e9s\u00e9re b\u00edr\u00f3s\u00e1gi vagy hat\u00f3s\u00e1gi elj\u00e1r\u00e1s indul, a sz\u00fcks\u00e9ges szem\u00e9lyes adatok tekintet\u00e9ben v\u00e9lelmezni kell a hozz\u00e1j\u00e1rul\u00e1s megad\u00e1s\u00e1t. Egy\u00e9b \u00fcgyekben kiz\u00e1r\u00f3lag az \u00e9rintett \u00e1ltal megadott adatok kezel\u00e9s\u00e9hez adott hozz\u00e1j\u00e1rul\u00e1st lehet v\u00e9lelmezni.<\/p>\n<p>Szint\u00e9n v\u00e9lelem \u00e1ll amellett, hogy a k\u00f6zszerepl\u0151 a k\u00f6zszerepl\u00e9se sor\u00e1n \u00e1ltala k\u00f6z\u00f6lt vagy nyilv\u00e1noss\u00e1gra hozatalra \u00e1ltala \u00e1tadott szem\u00e9lyes adatai kezel\u00e9s\u00e9hez hozz\u00e1j\u00e1rult.<\/p>\n<p>Szem\u00e9lyes adat kezelhet\u0151 akkor is, ha az \u00e9rintett hozz\u00e1j\u00e1rul\u00e1s\u00e1nak beszerz\u00e9se lehetetlen vagy ar\u00e1nytalan k\u00f6lts\u00e9ggel j\u00e1rna, \u00e9s a szem\u00e9lyes adat kezel\u00e9se<\/p>\n<ol style=\"list-style-type: lower-alpha;\">\n<li>az adatkezel\u0151re vonatkoz\u00f3 jogi k\u00f6telezetts\u00e9g teljes\u00edt\u00e9se c\u00e9lj\u00e1b\u00f3l sz\u00fcks\u00e9ges, vagy<\/li>\n<li>az adatkezel\u0151 vagy harmadik szem\u00e9ly jogos \u00e9rdek\u00e9nek \u00e9rv\u00e9nyes\u00edt\u00e9se c\u00e9lj\u00e1b\u00f3l sz\u00fcks\u00e9ges, \u00e9s ezen \u00e9rdek \u00e9rv\u00e9nyes\u00edt\u00e9se a szem\u00e9lyes adatok v\u00e9delm\u00e9hez f\u0171z\u0151d\u0151 jog korl\u00e1toz\u00e1s\u00e1val ar\u00e1nyban \u00e1ll. (Infotv. 6.\u00a7)<\/li>\n<\/ol>\n<ul>\n<li><strong>Kiv\u00e9telek<\/strong><\/li>\n<\/ul>\n<p>Ha a szem\u00e9lyes adat felv\u00e9tel\u00e9re az \u00e9rintett hozz\u00e1j\u00e1rul\u00e1s\u00e1val ker\u00fclt sor, az adatkezel\u0151 a felvett adatokat t\u00f6rv\u00e9ny elt\u00e9r\u0151 rendelkez\u00e9s\u00e9nek hi\u00e1ny\u00e1ban<\/p>\n<ol style=\"list-style-type: lower-alpha;\">\n<li>a r\u00e1 vonatkoz\u00f3 jogi k\u00f6telezetts\u00e9g teljes\u00edt\u00e9se c\u00e9lj\u00e1b\u00f3l, vagy<\/li>\n<li>az adatkezel\u0151 vagy harmadik szem\u00e9ly jogos \u00e9rdek\u00e9nek \u00e9rv\u00e9nyes\u00edt\u00e9se c\u00e9lj\u00e1b\u00f3l, ha ezen \u00e9rdek \u00e9rv\u00e9nyes\u00edt\u00e9se a szem\u00e9lyes adatok v\u00e9delm\u00e9hez f\u0171z\u0151d\u0151 jog korl\u00e1toz\u00e1s\u00e1val ar\u00e1nyban \u00e1ll<\/li>\n<\/ol>\n<p>tov\u00e1bbi k\u00fcl\u00f6n hozz\u00e1j\u00e1rul\u00e1s n\u00e9lk\u00fcl, valamint az \u00e9rintett hozz\u00e1j\u00e1rul\u00e1s\u00e1nak visszavon\u00e1s\u00e1t k\u00f6vet\u0151en is kezelheti. (Infotv. 6.\u00a7)<\/p>\n<p>.<\/p>\n<ul>\n<li><strong>A k\u00e9relem teljes\u00edt\u00e9se<\/strong><\/li>\n<\/ul>\n<p>Az Infotv. 14. \u00a7-a alapj\u00e1n az \u00e9rintett szem\u00e9ly vagy jogi k\u00e9pvisel\u0151je k\u00e9relmezheti az adatkezel\u0151n\u00e9l <strong>t\u00e1j\u00e9koztat\u00e1s\u00e1t<\/strong> szem\u00e9lyes adatai kezel\u00e9s\u00e9r\u0151l, szem\u00e9lyes adatainak <strong>helyesb\u00edt\u00e9s\u00e9t<\/strong>, valamint szem\u00e9lyes adatainak \u2013 a k\u00f6telez\u0151 adatkezel\u00e9s kiv\u00e9tel\u00e9vel \u2013 <strong>t\u00f6rl\u00e9s\u00e9t<\/strong> or <strong>z\u00e1rol\u00e1s\u00e1t<\/strong>. Az ilyen ir\u00e1ny\u00fa k\u00e9relmek \u00fcgyint\u00e9z\u00e9s\u00e9re a <strong>III. fejezet rendelkez\u00e9seit kell alkalmazni<\/strong>.<\/p>\n<p><strong>\u00a0<\/strong><\/p>\n<p><strong>\u00a0<\/strong><\/p>\n<p style=\"text-align: center;\"><strong>VI.<\/strong><\/p>\n<p style=\"text-align: center;\"><strong>Z\u00e1r\u00f3 rendelkez\u00e9sek<\/strong><\/p>\n<p><strong>\u00a0<\/strong><\/p>\n<ul>\n<li>A megyei jegyz\u0151 \u00e9vente \u00e9rtes\u00edti a Nemzeti Adatv\u00e9delmi \u00e9s Inform\u00e1ci\u00f3szabads\u00e1g Hat\u00f3s\u00e1got az elutas\u00edtott ig\u00e9nyekr\u0151l, valamint az elutas\u00edt\u00e1sok indokair\u00f3l.<\/li>\n<\/ul>","protected":false},"excerpt":{"rendered":"<p>A k\u00f6z\u00e9rdek\u0171 adatok megismer\u00e9s\u00e9re ir\u00e1nyul\u00f3 ig\u00e9nyek teljes\u00edt\u00e9s\u00e9nek rendj\u00e9r\u0151l sz\u00f3l\u00f3 szab\u00e1lyzat I. A szab\u00e1lyzat c\u00e9lja \u00e9s hat\u00e1lya A Szab\u00e1lyzat c\u00e9lja, hogy a Vas Megyei \u00d6nkorm\u00e1nyzat Hivatala vonatkoz\u00e1s\u00e1ban meghat\u00e1rozza a k\u00f6z\u00e9rdek\u0171 adatok \u00e9s k\u00f6z\u00e9rdekb\u0151l nyilv\u00e1nos adatok megismer\u00e9s\u00e9re ir\u00e1nyul\u00f3 ig\u00e9nyek teljes\u00edt\u00e9s\u00e9nek rendj\u00e9t, valamint annak biztos\u00edt\u00e1sa, hogy az inform\u00e1ci\u00f3s \u00f6nrendelkez\u00e9si jogr\u00f3l \u00e9s az inform\u00e1ci\u00f3szabads\u00e1gr\u00f3l sz\u00f3l\u00f3 2011. \u00e9vi CXII. t\u00f6rv\u00e9ny [&hellip;]<\/p>","protected":false},"author":1,"featured_media":0,"parent":0,"menu_order":64,"comment_status":"closed","ping_status":"closed","template":"","meta":{"_exactmetrics_skip_tracking":false,"_exactmetrics_sitenote_active":false,"_exactmetrics_sitenote_note":"","_exactmetrics_sitenote_category":0,"footnotes":""},"class_list":["post-1739","page","type-page","status-publish","hentry","floatton-article"],"_links":{"self":[{"href":"https:\/\/www.vasmegye.hu\/en\/wp-json\/wp\/v2\/pages\/1739","targetHints":{"allow":["GET"]}}],"collection":[{"href":"https:\/\/www.vasmegye.hu\/en\/wp-json\/wp\/v2\/pages"}],"about":[{"href":"https:\/\/www.vasmegye.hu\/en\/wp-json\/wp\/v2\/types\/page"}],"author":[{"embeddable":true,"href":"https:\/\/www.vasmegye.hu\/en\/wp-json\/wp\/v2\/users\/1"}],"replies":[{"embeddable":true,"href":"https:\/\/www.vasmegye.hu\/en\/wp-json\/wp\/v2\/comments?post=1739"}],"version-history":[{"count":0,"href":"https:\/\/www.vasmegye.hu\/en\/wp-json\/wp\/v2\/pages\/1739\/revisions"}],"wp:attachment":[{"href":"https:\/\/www.vasmegye.hu\/en\/wp-json\/wp\/v2\/media?parent=1739"}],"curies":[{"name":"wp","href":"https:\/\/api.w.org\/{rel}","templated":true}]}}