{"id":1726,"date":"2018-06-25T09:58:29","date_gmt":"2018-06-25T07:58:29","guid":{"rendered":"http:\/\/teszt.webromedia.hu\/?page_id=1672"},"modified":"2025-09-04T10:32:16","modified_gmt":"2025-09-04T08:32:16","slug":"gazdalkodo-szervezetek","status":"publish","type":"page","link":"https:\/\/www.vasmegye.hu\/en\/gazdalkodo-szervezetek\/","title":{"rendered":"Gazd\u00e1lkod\u00f3 szervezetek"},"content":{"rendered":"<section class=\"wpb-content-wrapper\"><div class=\"vc_row wpb_row vc_row-fluid\"><div class=\"wpb_column vc_column_container vc_col-sm-12\"><div class=\"vc_column-inner\"><div class=\"wpb_wrapper\">\n\t<div class=\"wpb_text_column wpb_content_element\" >\n\t\t<div class=\"wpb_wrapper\">\n\t\t\t<h3>Pannon Novum Nyugat-dun\u00e1nt\u00fali Region\u00e1lis Innov\u00e1ci\u00f3s Nonprofit Korl\u00e1tolt Felel\u0151ss\u00e9g\u0171 T\u00e1rsas\u00e1g<\/h3>\n<p>A Nemzeti Kutat\u00e1si \u00e9s Technol\u00f3giai Hivatal \u00e1ltal ki\u00edrt p\u00e1ly\u00e1zat elnyer\u00e9se ut\u00e1n 2008. augusztus 1-j\u00e9n elindult a Region\u00e1lis Innov\u00e1ci\u00f3s \u00dcgyn\u00f6ks\u00e9g \u00faj projektje, amely 3 \u00e9ves id\u0151tartam\u00fa. A Region\u00e1lis Innov\u00e1ci\u00f3s \u00dcgyn\u00f6ks\u00e9g (RI\u00dc) imm\u00e1r a Pannon Novum Nyugat-dun\u00e1nt\u00fali Region\u00e1lis Innov\u00e1ci\u00f3s Nonprofit Kft. keretei k\u00f6z\u00f6tt m\u0171k\u00f6dik. (Az \u00f6nkorm\u00e1nyzat tulajdoni r\u00e9szar\u00e1nnya 51%)<\/p>\n<table class=\"table\" style=\"height: 144px;\" width=\"100%\" cellspacing=\"1\" cellpadding=\"4\">\n<tbody>\n<tr style=\"height: 24px;\">\n<td class=\"c2\" style=\"height: 24px;\" width=\"15%\"><strong>C\u00edm<\/strong><\/td>\n<td class=\"c2\" style=\"height: 24px;\" width=\"100%\">9700 Szombathely, <span id=\"szoveg\">Berzsenyi D\u00e1niel t\u00e9r 2.<\/span><\/td>\n<\/tr>\n<tr style=\"height: 24px;\">\n<td class=\"c2\" style=\"height: 24px;\" width=\"15%\"><strong>Tel.:<\/strong><\/td>\n<td class=\"c2\" style=\"height: 24px;\" width=\"100%\">94\/501-418<\/td>\n<\/tr>\n<tr style=\"height: 24px;\">\n<td class=\"c2\" style=\"height: 24px;\" width=\"15%\"><strong>Fax:<\/strong><\/td>\n<td class=\"c2\" style=\"height: 24px;\" width=\"100%\">94\/501-419<\/td>\n<\/tr>\n<tr style=\"height: 24px;\">\n<td class=\"c2\" style=\"height: 24px;\"><strong>Webc\u00edm:<\/strong><\/td>\n<td class=\"c2\" style=\"height: 24px;\"><a href=\"http:\/\/www.pannonnovum.hu\" target=\"_blank\" rel=\"noopener\">www.pannonnovum.hu<\/a><\/td>\n<\/tr>\n<tr style=\"height: 24px;\">\n<td class=\"c2\" style=\"height: 24px;\"><strong>E-mail<\/strong><\/td>\n<td class=\"c2\" style=\"height: 24px;\"><a href=\"&#x6d;&#x61;&#x69;&#x6c;&#x74;&#x6f;&#x3a;&#x70;&#x61;&#x6e;&#x6e;&#111;&#110;&#110;&#111;&#118;&#117;&#109;&#64;panno&#x6e;&#x6e;&#x6f;&#x76;&#x75;&#x6d;&#x2e;&#x68;&#x75;\">pannonnovum kukac pannonnovum pont hu<\/a><\/td>\n<\/tr>\n<tr style=\"height: 24px;\">\n<td class=\"c2\" style=\"height: 24px;\" width=\"15%\"><strong>Vezet\u0151je<\/strong><\/td>\n<td class=\"c2\" style=\"height: 24px;\" width=\"100%\">Magyar D\u00e1niel \u00dcgyvezet\u0151<\/td>\n<\/tr>\n<\/tbody>\n<\/table>\n<div class=\"center-column left\">\n<div id=\"text\">\n<div id=\"text\">\n<table class=\"table\" width=\"100%\" cellspacing=\"1\" cellpadding=\"4\">\n<tbody>\n<tr>\n<td class=\"c1\" colspan=\"2\" width=\"100%\">\n<p><strong>\u00c1LTAL\u00c1NOS C\u00c9LOK<\/strong><\/p>\n<p style=\"padding-left: 30px;\">A r\u00e9gi\u00f3 innov\u00e1ci\u00f3s kapacit\u00e1s\u00e1nak tud\u00e1salap\u00fa meg\u00faj\u00edt\u00e1sa \u00e9s n\u00f6vel\u00e9se<br \/>\nA r\u00e9gi\u00f3 versenyk\u00e9pess\u00e9g\u00e9nek kutat\u00e1s-fejleszt\u00e9sen \u00e9s innov\u00e1ci\u00f3n alapul\u00f3 fejleszt\u00e9se<br \/>\nA kis-, \u00e9s k\u00f6zepes v\u00e1llalkoz\u00e1sok versenyk\u00e9pess\u00e9g\u00e9nek kiemelt fokoz\u00e1sa<\/p>\n<p><b>KONKR\u00c9T C\u00c9LOK<\/b><\/p>\n<p style=\"padding-left: 30px;\">A r\u00e9gi\u00f3 innov\u00e1ci\u00f3t \u00f6szt\u00f6nz\u0151 k\u00f6rnyezet\u00e9nek kialak\u00edt\u00e1sa<br \/>\nA r\u00e9gi\u00f3 tud\u00e1sb\u00e1zis\u00e1nak fejleszt\u00e9se, a tud\u00e1s terjed\u00e9s\u00e9nek \u00f6szt\u00f6nz\u00e9se<br \/>\nA r\u00e9gi\u00f3 innov\u00e1ci\u00f3s szolg\u00e1ltat\u00e1sainak kialak\u00edt\u00e1sa \u00e9s b\u0151v\u00edt\u00e9se<br \/>\nA r\u00e9gi\u00f3 innov\u00e1ci\u00f3s h\u00e1l\u00f3zati egy\u00fcttm\u0171k\u00f6d\u00e9s\u00e9nek er\u0151s\u00edt\u00e9se<\/p>\n<p>A mikro-, kis- \u00e9s k\u00f6z\u00e9pv\u00e1llalkoz\u00e1sok versenyk\u00e9pess\u00e9g\u00e9nek az innov\u00e1ci\u00f3s tev\u00e9kenys\u00e9g fokoz\u00e1s\u00e1val t\u00f6rt\u00e9n\u0151 n\u00f6vel\u00e9se r\u00e9v\u00e9n a P\u00e1ly\u00e1z\u00f3 \u00e9s partnerei ezen p\u00e1ly\u00e1zat megval\u00f3s\u00edt\u00e1sa sor\u00e1n el\u0151seg\u00edti a Nyugat-dun\u00e1nt\u00fali r\u00e9gi\u00f3 innov\u00e1ci\u00f3s rendszer\u00e9nek felz\u00e1rk\u00f3ztat\u00e1s\u00e1t, a region\u00e1lis innov\u00e1ci\u00f3t \u00f6szt\u00f6nz\u0151, seg\u00edt\u0151, innov\u00e1ci\u00f3bar\u00e1t k\u00f6rnyezet kialak\u00edt\u00e1s\u00e1t, a h\u00e1l\u00f3zati egy\u00fcttm\u0171k\u00f6d\u00e9st, valamint \u00fajabb innov\u00e1ci\u00f3s szolg\u00e1ltat\u00e1sok kialak\u00edt\u00e1s\u00e1t \u00e9s b\u0151v\u00edt\u00e9s\u00e9t az al\u00e1bbi n\u00e9gy c\u00e9lkit\u0171z\u00e9s \u00e9s tev\u00e9kenys\u00e9gi k\u00f6r\u00f6k megval\u00f3s\u00edt\u00e1s\u00e1val:<\/p>\n<p><b>I. c\u00e9lkit\u0171z\u00e9s:<\/b>\u00a0A r\u00e9gi\u00f3 innov\u00e1ci\u00f3t \u00f6szt\u00f6nz\u0151 k\u00f6rnyezet\u00e9nek kialak\u00edt\u00e1sa<\/p>\n<p style=\"padding-left: 30px;\">Region\u00e1lis, h\u00e1l\u00f3zati alapokon m\u0171k\u00f6d\u0151 innov\u00e1ci\u00f3s \u00fcgyn\u00f6ks\u00e9g l\u00e9trehoz\u00e1sa \u00e9s m\u0171k\u00f6dtet\u00e9se<br \/>\nAz innov\u00e1ci\u00f3s projektek gener\u00e1l\u00e1s\u00e1t \u00e9s megval\u00f3s\u00edt\u00e1s\u00e1t seg\u00edt\u0151 inform\u00e1ci\u00f3k biztos\u00edt\u00e1sa<br \/>\nAz innov\u00e1ci\u00f3s tev\u00e9kenys\u00e9gek felm\u00e9r\u00e9se, elemz\u00e9se \u00e9s \u00e9rt\u00e9kel\u00e9se<\/p>\n<p><b>II. c\u00e9lkit\u0171z\u00e9s:<\/b>\u00a0A r\u00e9gi\u00f3 tud\u00e1sb\u00e1zis\u00e1nak fejleszt\u00e9se, a tud\u00e1s terjed\u00e9s\u00e9nek \u00f6szt\u00f6nz\u00e9se<\/p>\n<p style=\"padding-left: 30px;\">Region\u00e1lis tud\u00e1s-adatb\u00e1zisok l\u00e9trehoz\u00e1sa \u00e9s m\u0171k\u00f6dtet\u00e9se<br \/>\nA &#8222;legjobb gyakorlatok&#8221; \u00e1tv\u00e9tele \u00e9s terjeszt\u00e9se<br \/>\nH\u00e1l\u00f3zati innov\u00e1ci\u00f3s menedzsment k\u00e9pz\u00e9sek<\/p>\n<p><b>III. c\u00e9lkit\u0171z\u00e9s:\u00a0<\/b>A r\u00e9gi\u00f3 innov\u00e1ci\u00f3s szolg\u00e1ltat\u00e1sainak kialak\u00edt\u00e1sa \u00e9s b\u0151v\u00edt\u00e9se<\/p>\n<p style=\"padding-left: 30px;\">A Region\u00e1lis Innov\u00e1ci\u00f3s Strat\u00e9gia tov\u00e1bbfejleszt\u00e9se<br \/>\nInnov\u00e1ci\u00f3s tan\u00e1csad\u00f3 szolg\u00e1ltat\u00e1sok (tan\u00e1csad\u00e1s \u00e9s tan\u00e1csad\u00f3 f\u00fczetek)<\/p>\n<p><b>IV. c\u00e9lkit\u0171z\u00e9s:<\/b>\u00a0A r\u00e9gi\u00f3 innov\u00e1ci\u00f3s h\u00e1l\u00f3zati egy\u00fcttm\u0171k\u00f6d\u00e9s\u00e9nek er\u0151s\u00edt\u00e9se<\/p>\n<p style=\"padding-left: 30px;\">Kapcsolattart\u00e1s az innov\u00e1ci\u00f3t t\u00e1mogat\u00f3 \u00e9s abban \u00e9rintett szervezetekkel<br \/>\nInterregion\u00e1lis innov\u00e1ci\u00f3s egy\u00fcttm\u0171k\u00f6d\u00e9sek koordin\u00e1l\u00e1sa<\/p>\n<\/td>\n<\/tr>\n<\/tbody>\n<\/table>\n<\/div>\n<\/div>\n<div align=\"center\"><\/div>\n<div class=\"appz\"><\/div>\n<\/div>\n\n\t\t<\/div>\n\t<\/div>\n<\/div><\/div><\/div><\/div>\n<\/section>","protected":false},"excerpt":{"rendered":"Pannon Novum Nyugat-dun\u00e1nt\u00fali Region\u00e1lis Innov\u00e1ci\u00f3s Nonprofit Korl\u00e1tolt Felel\u0151ss\u00e9g\u0171 T\u00e1rsas\u00e1g A Nemzeti Kutat\u00e1si \u00e9s Technol\u00f3giai Hivatal \u00e1ltal ki\u00edrt p\u00e1ly\u00e1zat elnyer\u00e9se ut\u00e1n 2008. augusztus 1-j\u00e9n elindult a Region\u00e1lis Innov\u00e1ci\u00f3s \u00dcgyn\u00f6ks\u00e9g \u00faj projektje, amely 3 \u00e9ves id\u0151tartam\u00fa. A Region\u00e1lis Innov\u00e1ci\u00f3s \u00dcgyn\u00f6ks\u00e9g (RI\u00dc) imm\u00e1r a Pannon Novum Nyugat-dun\u00e1nt\u00fali Region\u00e1lis Innov\u00e1ci\u00f3s Nonprofit Kft. keretei k\u00f6z\u00f6tt m\u0171k\u00f6dik. (Az \u00f6nkorm\u00e1nyzat tulajdoni r\u00e9szar\u00e1nnya [...]","protected":false},"author":1,"featured_media":0,"parent":0,"menu_order":90,"comment_status":"closed","ping_status":"closed","template":"","meta":{"_exactmetrics_skip_tracking":false,"_exactmetrics_sitenote_active":false,"_exactmetrics_sitenote_note":"","_exactmetrics_sitenote_category":0,"footnotes":""},"class_list":["post-1726","page","type-page","status-publish","hentry","floatton-article"],"_links":{"self":[{"href":"https:\/\/www.vasmegye.hu\/en\/wp-json\/wp\/v2\/pages\/1726","targetHints":{"allow":["GET"]}}],"collection":[{"href":"https:\/\/www.vasmegye.hu\/en\/wp-json\/wp\/v2\/pages"}],"about":[{"href":"https:\/\/www.vasmegye.hu\/en\/wp-json\/wp\/v2\/types\/page"}],"author":[{"embeddable":true,"href":"https:\/\/www.vasmegye.hu\/en\/wp-json\/wp\/v2\/users\/1"}],"replies":[{"embeddable":true,"href":"https:\/\/www.vasmegye.hu\/en\/wp-json\/wp\/v2\/comments?post=1726"}],"version-history":[{"count":1,"href":"https:\/\/www.vasmegye.hu\/en\/wp-json\/wp\/v2\/pages\/1726\/revisions"}],"predecessor-version":[{"id":25741,"href":"https:\/\/www.vasmegye.hu\/en\/wp-json\/wp\/v2\/pages\/1726\/revisions\/25741"}],"wp:attachment":[{"href":"https:\/\/www.vasmegye.hu\/en\/wp-json\/wp\/v2\/media?parent=1726"}],"curies":[{"name":"wp","href":"https:\/\/api.w.org\/{rel}","templated":true}]}}