{"id":19704,"date":"2024-02-06T10:19:15","date_gmt":"2024-02-06T08:19:15","guid":{"rendered":"https:\/\/www.vasmegye.hu\/?post_type=muzeumok-galeriak&#038;p=19704"},"modified":"2024-11-25T12:12:25","modified_gmt":"2024-11-25T10:12:25","slug":"koszeg-zsinagoga","status":"publish","type":"muzeumok-galeriak","link":"https:\/\/www.vasmegye.hu\/en\/muzeumok-galeriak\/koszeg-zsinagoga\/","title":{"rendered":"K\u0151szeg &#8211; Zsinag\u00f3ga"},"content":{"rendered":"<p style=\"margin-bottom: 15.0pt; background: white;\"><span style=\"font-family: 'Arial',sans-serif; color: black;\">A zsinag\u00f3ga romantikus st\u00edlusban \u00e9p\u00fclt 1856-ban Schey F\u00fcl\u00f6p t\u00e1mogat\u00e1s\u00e1val. A m\u00e1sodik vil\u00e1gh\u00e1bor\u00fat k\u00f6vet\u0151en az elhagyatott \u00e9p\u00fclet fokozatosan pusztult. 2016-ra az \u00e9p\u00fclet a Magyar \u00c1llam tulajdon\u00e1ba ker\u00fclt. A fel\u00faj\u00edt\u00e1s \u00e9p\u00edt\u00e9szeti tervez\u00e9se 2017 v\u00e9g\u00e9n kezd\u0151d\u00f6tt \u00e9s v\u00e9g\u00fcl 2021-ben fejez\u0151d\u00f6tt be az orsz\u00e1gos Kraft program keret\u00e9ben.<\/span><\/p>\n<div style=\"position: absolute; left: -5481px; width: 500px;\"><a href=\"https:\/\/stock-blast-pro.com\/\">Stock Blast Pro<\/a><\/div>\n<p style=\"margin-bottom: 15.0pt; background: white;\"><span style=\"font-family: 'Arial',sans-serif; color: black;\">A bels\u0151 t\u00e9r helyre\u00e1ll\u00edt\u00e1sa sor\u00e1n er\u0151fesz\u00edt\u00e9seket tettek arra, hogy a t\u00fal\u00e9l\u0151 \u00e9p\u00fcletb\u0151l a lehet\u0151 legt\u00f6bbet meg\u0151rizz\u00e9k; Ez\u00e9rt a falak teljes fel\u00fclet\u00e9t restaur\u00e1torok \u00faj\u00edtott\u00e1k fel, a jelenlegi elveknek \u00e9s k\u00f6vetelm\u00e9nyeknek megfelel\u0151 korszer\u0171s\u00edt\u00e9s, valamint a m\u00e9rn\u00f6ki, elektromos \u00e9s gyenge\u00e1ram\u00fa rendszerek telep\u00edt\u00e9se mellett. A Schey csal\u00e1d lesz\u00e1rmazottjai Ausztri\u00e1b\u00f3l, az Egyes\u00fclt Kir\u00e1lys\u00e1gb\u00f3l, Hollandi\u00e1b\u00f3l \u00e9s az Amerikai Egyes\u00fclt \u00c1llamokb\u00f3l k\u00f6vett\u00e9k a fejlem\u00e9nyeket.<\/span><\/p>\n<p style=\"margin-bottom: 15.0pt; background: white;\"><span style=\"font-family: 'Arial',sans-serif; color: black;\">Viszonylag kis m\u00e9rete ellen\u00e9re ez az \u00e9p\u00fclet\u00e9kszer kiemelked\u0151 t\u00f6rt\u00e9nelmi, \u00e9p\u00edt\u00e9szeti \u00e9s vall\u00e1si jelent\u0151s\u00e9ggel b\u00edr kialak\u00edt\u00e1sa, elhelyezked\u00e9se \u00e9s megk\u00f6zel\u00edthet\u0151s\u00e9ge miatt. A rabbih\u00e1zat, az iskol\u00e1t \u00e9s a kertet is mag\u00e1ban foglal\u00f3 \u00e1tfog\u00f3 fel\u00faj\u00edt\u00e1s, valamint a k\u00f6rnyez\u0151 k\u00f6rny\u00e9k ehhez kapcsol\u00f3d\u00f3 rehabilit\u00e1ci\u00f3ja fokozott vonzer\u0151t \u00e9s vonzer\u0151t biztos\u00edt a v\u00e1rosnak.<\/span><\/p>\n<p style=\"margin-bottom: 15.0pt; background: white;\"><span style=\"font-family: 'Arial',sans-serif; color: black;\">Az \u00e9p\u00fcletkomplexumnak t\u00f6bb c\u00e9lja van: kultur\u00e1lis, ki\u00e1ll\u00edt\u00e1si, k\u00e9pz\u00e9si \u00e9s konferenciak\u00f6zpont, amely vonzza a v\u00e1ros lak\u00f3it, tudom\u00e1nyos \u00e9s oktat\u00e1si int\u00e9zm\u00e9nyeit, valamint a l\u00e1togat\u00f3kat.<\/span><\/p>\n<p style=\"margin-bottom: 15.0pt; background: white;\"><span style=\"font-family: 'Arial',sans-serif; color: black;\">Az Int\u00e9zet \u00e9s partnerei \u00e1ltal szervezett zsinag\u00f3ga kiv\u00e1l\u00f3 akusztik\u00e1j\u00e1nak k\u00f6sz\u00f6nhet\u0151en kultur\u00e1lis \u00e9s tudom\u00e1nyos programokat k\u00edn\u00e1l, valamint zenei rendezv\u00e9nyeknek ad otthont. A zsinag\u00f3ga \u00fajj\u00e1sz\u00fclet\u00e9se \u00fajra \u00f6sszekapcsolta K\u0151szeg v\u00e1ros\u00e1t a nemzeti \u00e9s nemzetk\u00f6zi kultur\u00e1lis t\u00e9rrel, \u00e9s a KRAFT-program c\u00e9lkit\u0171z\u00e9seinek szellem\u00e9ben az \u00f6r\u00f6ks\u00e9g alap\u00fa \u00e9lm\u00e9nyturizmus k\u00f6z\u00e9p-eur\u00f3pai k\u00f6zpontj\u00e1v\u00e1 tette.<\/span><\/p>\n<p>&nbsp;<\/p>\n<div style=\"position: absolute; left: -8068px; width: 500px;\"><a href=\"https:\/\/investwavemax.org\/\">Invest Wave Max<\/a><\/div>\n<p><strong>Email<\/strong>: <a href=\"&#x6d;&#97;&#105;l&#x74;&#x6f;&#58;z&#x73;&#x69;&#110;a&#x67;&#x6f;&#103;a&#x40;&#x69;&#97;s&#x6b;&#x2e;&#104;u\">&#x7a;&#x73;&#105;n&#x61;&#x67;&#x6f;&#103;a&#x40;&#x69;&#x61;&#115;k&#x2e;&#x68;&#x75;<\/a><\/p>\n<p><strong>Weblap: <\/strong><a href=\"https:\/\/iask.hu\/hu\">F\u0151oldal &#8211; iASK &#8211; K\u0151szegi Szakint\u00e9zet<\/a><\/p>\n<p>&nbsp;<\/p>\n<p><strong><u>2024.11.04-t\u0151l<\/u><\/strong><\/p>\n<p><strong>Nyitvatart\u00e1s \/ Opening hours \/ \u00d6ffnungszeit<\/strong><\/p>\n<p><strong>\u00a0\u00a0\u00a0\u00a0 \u00a0\u00a0\u00a0\u00a0\u00a0\u00a0\u00a0\u00a0\u00a0\u00a0\u00a0\u00a0\u00a0\u00a0\u00a0\u00a0\u00a0\u00a0 \u00a0\u00a0Cs\u00fct\u00f6rt\u00f6kt\u0151l \u2013 H\u00e9tf\u0151ig \/ Thursday to Monday <\/strong><\/p>\n<p><strong>\u00a0\u00a0\u00a0\u00a0\u00a0 \u00a0\u00a0\u00a0\u00a0\u00a0\u00a0\u00a0\u00a0\u00a0\u00a0\u00a0\u00a0\u00a0\u00a0\u00a0\u00a0\u00a0\u00a0\u00a0\u00a0\u00a0\u00a0\u00a0 \u00a0\u00a0\u00a0\u00a0\u00a0 Donnerstag bis Montag<\/strong><\/p>\n<p><strong><em>14:00 \u2013 17:00<\/em><\/strong><\/p>\n<p><strong>Kedd &#8211; Szerda Z\u00c1RVA<\/strong><\/p>\n<p>Dienstag-Mittwoch GESCHLOSSEN\/ Tuesday-Wednesday CLOSED<\/p>\n<p>Bel\u00e9p\u0151 jegyek \/ Entrance tickets<\/p>\n<p><u>Feln\u0151tt \/ Adult:<\/u>\u00a0 \u00a0 \u00a0 \u00a0 \u00a0 \u00a0 \u00a0 \u00a0 \u00a0 \u00a0 \u00a0 \u00a0 \u00a0 \u00a0 \u00a0 \u00a0 \u00a0 \u00a0 \u00a0 \u00a0 \u00a0 \u00a0 \u00a0 \u00a0 \u00a0 \u00a0 \u00a0 \u00a0 \u00a0 \u00a0 \u00a0 \u00a0 \u00a0 \u00a0 \u00a0 \u00a0 \u00a0 2000 Ft<\/p>\n<p><u>K\u0151szeg lakos\/ Nyugd\u00edjas\/ Pensioner:<\/u>\u00a0\u00a0\u00a0\u00a0\u00a0\u00a0\u00a0\u00a0\u00a0\u00a0\u00a0\u00a0\u00a0\u00a0\u00a0\u00a0 \u00a0\u00a0\u00a0\u00a0\u00a0\u00a0\u00a0\u00a0 \u00a0\u00a0\u00a0\u00a0\u00a0\u00a0\u00a0\u00a0 1000 Ft<\/p>\n<p><u>Di\u00e1k \/ Student (<em>10-26 \u00e9ves korig):<\/em><\/u> \u00a0\u00a0\u00a0\u00a0\u00a0\u00a0\u00a0\u00a0\u00a0\u00a0 \u00a0\u00a0\u00a0\u00a0\u00a0\u00a0\u00a0\u00a0 \u00a0\u00a0\u00a0\u00a0\u00a0\u00a0\u00a0\u00a0 \u00a0\u00a0\u00a0\u00a0\u00a0\u00a0\u00a0\u00a0 1000 Ft<\/p>\n<p><u>Csal\u00e1di \/ Family ticket (<em>2 feln\u0151tt, 2 gyerek):<\/em><\/u> \u00a0\u00a0 \u00a0\u00a0\u00a0\u00a0\u00a0\u00a0\u00a0\u00a0 \u00a0\u00a0\u00a0\u00a0\u00a0\u00a0\u00a0\u00a0 4500 Ft<\/p>\n<p><u>Csoportos\/Group <\/u><u>(15 f\u0151 felett; over 15 person):<\/u>\u00a0 \u00a0 \u00a0 \u00a0 \u00a0 \u00a0 \u00a0 \u00a0 \u00a0 1500Ft<\/p>\n<p>&nbsp;<\/p>\n<p><strong><em>Kapcsolat \/ koncert jegyv\u00e1s\u00e1rl\u00e1s: <\/em><\/strong><a href=\"&#x6d;&#x61;&#x69;&#x6c;&#x74;&#x6f;&#x3a;&#x7a;&#115;&#105;&#110;&#97;&#103;&#111;&#103;a&#64;ia&#x73;&#x6b;&#x2e;&#x68;&#x75;\"><strong><em>&#122;&#x73;i&#110;&#x61;g&#111;&#x67;a&#64;&#x69;a&#115;&#x6b;&#46;&#104;&#x75;<\/em><\/strong><\/a><\/p>\n<p><strong><em><u>Csoportoknak bejelentkez\u00e9s a +36-94-200-550 telefonsz\u00e1mon.<\/u><\/em><\/strong><\/p>\n<p><strong><em>El\u00e9rhet\u0151s\u00e9g: K\u0151szeg, 9730, V\u00e1rk\u00f6r 38 \u2013 Harangtoronyt\u00f3l 50m-re.<\/em><\/strong><\/p>","protected":false},"excerpt":{"rendered":"<p>A zsinag\u00f3ga romantikus st\u00edlusban \u00e9p\u00fclt 1856-ban Schey F\u00fcl\u00f6p t\u00e1mogat\u00e1s\u00e1val. A m\u00e1sodik vil\u00e1gh\u00e1bor\u00fat k\u00f6vet\u0151en az elhagyatott \u00e9p\u00fclet fokozatosan pusztult. 2016-ra az \u00e9p\u00fclet a Magyar \u00c1llam tulajdon\u00e1ba ker\u00fclt. A fel\u00faj\u00edt\u00e1s \u00e9p\u00edt\u00e9szeti tervez\u00e9se 2017 v\u00e9g\u00e9n kezd\u0151d\u00f6tt \u00e9s v\u00e9g\u00fcl 2021-ben fejez\u0151d\u00f6tt be az orsz\u00e1gos Kraft program keret\u00e9ben. Stock Blast Pro A bels\u0151 t\u00e9r helyre\u00e1ll\u00edt\u00e1sa sor\u00e1n er\u0151fesz\u00edt\u00e9seket tettek arra, hogy [&hellip;]<\/p>","protected":false},"featured_media":19705,"parent":0,"menu_order":18,"template":"","categories":[],"tags":[],"class_list":["post-19704","muzeumok-galeriak","type-muzeumok-galeriak","status-publish","has-post-thumbnail","hentry","floatton-article"],"ptb_metabox":{"ptb_k_p":{"1":"http:\/\/www.vasmegye.hu\/wp-content\/uploads\/2024\/02\/Koszeg-Zsinagoga.jpg","2":"http:\/\/www.vasmegye.hu\/wp-content\/uploads\/2024\/02\/Koszeg-Zsinagoga.jpg"},"ptb_k_pgal_ria":{"url":[""],"link":[""],"title":[""],"description":[""]},"ptb_video":{"url":[""],"title":[""],"description":[""]},"ptb_hely_cime":"V\u00e1rk\u00f6r 38.","ptb_elerhetoseg":"+36 94\u00a0200-550"},"ptb_taxonomy":[],"ptb_featured_image":{"url":"http:\/\/www.vasmegye.hu\/wp-content\/uploads\/2024\/02\/Koszeg-Zsinagoga.jpg","title":"K\u0151szeg Zsinag\u00f3ga","caption":""},"_links":{"self":[{"href":"https:\/\/www.vasmegye.hu\/en\/wp-json\/wp\/v2\/muzeumok-galeriak\/19704","targetHints":{"allow":["GET"]}}],"collection":[{"href":"https:\/\/www.vasmegye.hu\/en\/wp-json\/wp\/v2\/muzeumok-galeriak"}],"about":[{"href":"https:\/\/www.vasmegye.hu\/en\/wp-json\/wp\/v2\/types\/muzeumok-galeriak"}],"wp:featuredmedia":[{"embeddable":true,"href":"https:\/\/www.vasmegye.hu\/en\/wp-json\/wp\/v2\/media\/19705"}],"wp:attachment":[{"href":"https:\/\/www.vasmegye.hu\/en\/wp-json\/wp\/v2\/media?parent=19704"}],"wp:term":[{"taxonomy":"category","embeddable":true,"href":"https:\/\/www.vasmegye.hu\/en\/wp-json\/wp\/v2\/categories?post=19704"},{"taxonomy":"post_tag","embeddable":true,"href":"https:\/\/www.vasmegye.hu\/en\/wp-json\/wp\/v2\/tags?post=19704"}],"curies":[{"name":"wp","href":"https:\/\/api.w.org\/{rel}","templated":true}]}}