{"id":13036,"date":"2020-03-13T10:00:46","date_gmt":"2020-03-13T08:00:46","guid":{"rendered":"https:\/\/www.vasmegye.hu\/?post_type=hirek&#038;p=13036"},"modified":"2020-04-14T14:20:54","modified_gmt":"2020-04-14T12:20:54","slug":"kituntetesek","status":"publish","type":"hirek","link":"https:\/\/www.vasmegye.hu\/en\/hirek\/kituntetesek\/","title":{"rendered":"Kit\u00fcntet\u00e9sek m\u00e1rcius 15-e alkalm\u00e1b\u00f3l"},"content":{"rendered":"<p style=\"text-align: justify;\">A mai napra hirdetett m\u00e1rcius 15-i \u00fcnneps\u00e9g\u00a0 &#8211; az ismert okok miatt &#8211;\u00a0elmarad, a kit\u00fcntetettek n\u00e9vsor\u00e1t azonban itt, \u00e9s a sajt\u00f3nak is megk\u00fcldve, k\u00f6zz\u00e9tessz\u00fck. A kit\u00fcntet\u00e9seket az \u00e9rintettek k\u00e9s\u0151bb vehetik \u00e1t szem\u00e9lyesen.<\/p>\n<p>Ez\u00faton is gratul\u00e1lunk minden kit\u00fcntetettnek!<\/p>\n<p><strong>Kit\u00fcntet\u00e9sben r\u00e9szes\u00fclnek:<\/strong><\/p>\n<ul>\n<li><strong>\u201eVas Megye Gazdas\u00e1g\u00e1\u00e9rt D\u00edj\u201d kit\u00fcntet\u00e9sben r\u00e9szes\u00fcl:<\/strong><\/li>\n<\/ul>\n<p><strong>Szab\u00f3 Bal\u00e1zs, a Coveris Rigid Hungary Kft. \u00fcgyvezet\u0151 igazgat\u00f3ja<\/strong><\/p>\n<p style=\"text-align: justify;\">A rendszerv\u00e1lt\u00e1s ut\u00e1n 1992-t\u0151l \u00fcgyvezet\u0151je a Greiner Pannonplast Kft-nek, majd igazgat\u00f3i poz\u00edci\u00f3t t\u00f6lt\u00f6tt be a Moldin Kft-ban, ezt k\u00f6vet\u0151en, Budapesten a Pannergy vez\u00e9rigazgat\u00f3ja 2007-ig.<\/p>\n<p style=\"text-align: justify;\">2008-t\u00f3l a Pannunion Csomagol\u00f3anyag Kft vez\u00e9rigazgat\u00f3ja, k\u00e9s\u0151bbi Coveris Hungary Kft, majd Paccor Hungary Kft n\u00e9ven v\u00e1lt ismert\u00e9.<\/p>\n<p style=\"text-align: justify;\">A diplom\u00e1j\u00e1nak megszerz\u00e9s\u00e9t k\u00f6vet\u0151en, 1980-as \u00e9vek elej\u00e9t\u0151l szoros k\u00f6t\u0151d\u00e9se alakult ki a szombathelyi m\u0171anyaggy\u00e1rt\u00e1ssal, ami az\u00f3ta is t\u00f6retlen. Munk\u00e1ss\u00e1g\u00e1nak \u00e9s elhivatotts\u00e1g\u00e1nak l\u00e1tv\u00e1nyos eredm\u00e9nye a szombathelyi m\u0171anyagipar folyamatos fejl\u0151d\u00e9se.<\/p>\n<ul>\n<li><strong>\u201eVas Megye Mez\u0151gazdas\u00e1g\u00e1\u00e9rt D\u00edj\u201d kit\u00fcntet\u00e9sben r\u00e9szes\u00fcl:<\/strong><\/li>\n<\/ul>\n<p><strong>Bug\u00e1n J\u00f3zsef<\/strong>, a Szombathelyi Erd\u00e9szeti Zrt. vez\u00e9rigazgat\u00f3ja<\/p>\n<p style=\"text-align: justify;\">1985 \u00f3ta dolgozik a Szombathelyi Erd\u00e9szeti Zrt-n\u00e9l, 2010-ig vez\u00e9rigazgat\u00f3i kinevez\u00e9s\u00e9ig, a Szentgotth\u00e1rdi Erd\u00e9szeti Igazgat\u00f3s\u00e1g erd\u0151m\u0171vel\u00e9si m\u0171szaki vezet\u0151je volt. Az erd\u0151gazd\u00e1lkod\u00e1s \u00e9rdek\u00e9ben \u00f6nzetlen\u00fcl dolgozik, kiemelked\u0151 eredm\u00e9nyeket \u00e9rt el, maradand\u00f3 \u00e9rt\u00e9ket teremt\u0151 szem\u00e9ly. Munk\u00e1j\u00e1ban az erd\u0151 szeretete, a term\u00e9szet tisztelete, a szaktud\u00e1s \u00e9s a tapasztalat jelenik meg. 2013. \u00f3ta a Nemzeti Agr\u00e1rgazdas\u00e1gi Kamara Vas megyei Szervezet\u00e9nek vid\u00e9kfejleszt\u00e9s\u00e9rt felel\u0151s megyei aleln\u00f6ke is.<\/p>\n<ul>\n<li><strong>\u00a0<\/strong><strong>&#8222;Vas megye Turizmus\u00e1\u00e9rt D\u00edj\u201d-ban r\u00e9szes\u00fcl:<\/strong><\/li>\n<\/ul>\n<p><strong>T\u00f6lli B\u00e1lint, <\/strong>a Park Inn By Radisson S\u00e1rv\u00e1r sz\u00e1llodaigazgat\u00f3ja<\/p>\n<p style=\"text-align: justify;\">1993 \u00f3ta dolgozik a turisztikai szakm\u00e1ban. 2011 \u00f3ta a Park Inn By Radisson S\u00e1rv\u00e1r sz\u00e1llodaigazgat\u00f3ja. 2014-ben a budapesti Park Inn sz\u00e1llod\u00e1t is igazgatta egy \u00e9ven kereszt\u00fcl, p\u00e1rhuzamosan a s\u00e1rv\u00e1ri sz\u00e1llod\u00e1val. Igazgat\u00f3i tev\u00e9kenys\u00e9ge alatt S\u00e1rv\u00e1r meghat\u00e1roz\u00f3 sz\u00e1llod\u00e1ja lett a Park Inn Hotel, mely vend\u00e9gforgalm\u00e1val jelent\u0151sen hozz\u00e1j\u00e1rult ahhoz, hogy S\u00e1rv\u00e1r beker\u00fclt a legl\u00e1togatottabb desztin\u00e1ci\u00f3k \u00e9lmez\u0151ny\u00e9be. A f\u00fcrd\u0151vel szoros egy\u00fcttm\u0171k\u00f6d\u00e9sben m\u0171k\u00f6d\u0151 sz\u00e1lloda megyei szinten is kiemelked\u0151en sikeres, n\u00edv\u00f3j\u00e1t a magas foglalts\u00e1gi szintek mellett is folyamatosan tartja. T\u00f6lli B\u00e1lint akt\u00edv r\u00e9szese a v\u00e1ros turisztikai \u00e9let\u00e9nek, tan\u00e1csaival \u00e9s \u00e9szrev\u00e9teleivel seg\u00edti a v\u00e1ros \u00e9s a megye turizmus\u00e1nak fejleszt\u00e9s\u00e9t is. 2018 \u00f3ta a Magyar Sz\u00e1llod\u00e1k \u00e9s \u00c9ttermek Sz\u00f6vets\u00e9ge Nyugati R\u00e9gi\u00f3j\u00e1nak vezet\u0151i tiszts\u00e9g\u00e9t is bet\u00f6lti.<\/p>\n<ul>\n<li><strong>\u00a0&#8222;Vas Megye Fiatal V\u00e1llalkoz\u00f3ja-D\u00edj&#8221;-ban r\u00e9szes\u00fcl:<\/strong><\/li>\n<\/ul>\n<p><strong>Dr. Mester Ildik\u00f3, <\/strong>szakgy\u00f3gyszer\u00e9sz, a Magister Products Kft. alap\u00edt\u00f3ja<\/p>\n<p style=\"text-align: justify;\">2017. janu\u00e1rj\u00e1ban hozta l\u00e9tre azt a kozmetikai \u00fczemet S\u00e9ben, ahol az\u00f3ta m\u00e1r t\u00f6bb, mint 200 kozmetikum fejleszt\u00e9se t\u00f6rt\u00e9nt meg. 2018. \u00e9vben elnyerte az \u00c9V N\u0151i V\u00e1llalkoz\u00f3ja Vas megy\u00e9ben d\u00edjat. A Hungaropack csomagol\u00e1si verseny gy\u0151ztese, de legnagyobb elismer\u00e9s\u00e9nek a folyamatos v\u00e1s\u00e1rl\u00f3i t\u00e1mogat\u00e1st \u00e9s el\u00e9gedetts\u00e9get tartja. Term\u00e9kei n\u00e9pszer\u0171s\u00e9g\u00e9t mi sem mutatja jobban, mint a v\u00e1llalkoz\u00e1s fejl\u0151d\u00e9s\u00e9nek dinamizmusa. Misszi\u00f3j\u00e1nak tekinti, hogy az \u00e1ltaluk alkotott k\u00e9sz\u00edtm\u00e9nyekkel seg\u00edts\u00e9get ny\u00fajtson az allergi\u00e1s b\u0151rbetegs\u00e9gekkel k\u00fczd\u0151knek \u00e9s mindazoknak, akik sz\u00e1m\u00e1ra a vegyszermentes test\u00e1pol\u00e1s \u00e9rt\u00e9kkel b\u00edr, mindezt el\u00e9rhet\u0151 \u00e1ron, k\u00f6nnyen hozz\u00e1f\u00e9rhet\u0151 m\u00f3don. Arculatuk \u00e9s term\u00e9keik a mai kor ig\u00e9nyeit k\u00e9pviselik, letisztults\u00e1got, finoms\u00e1got, term\u00e9szetess\u00e9get.<\/p>\n<ul>\n<li><strong>\u00a0<\/strong><strong>&#8222;Kunt\u00e1r Lajos Sajt\u00f3-D\u00edj&#8221;-ban r\u00e9szes\u00fcl:<\/strong><\/li>\n<\/ul>\n<p><strong>T\u00f3th\u00e1rp\u00e1d Ferenc<\/strong>, k\u00f6lt\u0151, \u00edr\u00f3, szerkeszt\u0151<\/p>\n<p style=\"text-align: justify;\">2003-t\u00f3l lett a K\u0151szeg \u00e9s Vid\u00e9ke munkat\u00e1rsa, majd 2006 szeptember\u00e9t\u0151l f\u0151munkat\u00e1rsa egy \u00e9ven \u00e1t. Ezt k\u00f6vet\u0151en 2007 okt\u00f3ber\u00e9t\u0151l a K\u0151szegi H\u00edrmond\u00f3 alap\u00edt\u00f3 f\u0151szerkeszt\u0151je a lap megsz\u0171n\u00e9s\u00e9ig. Ekkor a K\u0151szeg \u00e9s Vid\u00e9ke felel\u0151s szerkeszt\u0151i munk\u00e1ival b\u00edzt\u00e1k meg. Lapk\u00e9sz\u00edt\u0151 tev\u00e9kenys\u00e9g\u00e9t 2015 december\u00e9ig tudta v\u00e1llalni, de tov\u00e1bbra is a havilap szerkeszt\u0151s\u00e9gi munkat\u00e1rsa maradt napjainkig. T\u00f6bb alkalmi \u00fajs\u00e1g l\u00e9trehoz\u00f3ja, szerkeszt\u0151je: Vad\u00f3c, SOS H\u00edrad\u00f3, H\u00e9tf\u0151iek Lapja. \u00dajs\u00e1g\u00edr\u00f3i tev\u00e9kenys\u00e9ge mellett jelent\u0151s irodalmi munk\u00e1ss\u00e1ga. K\u00f6tetei, szak\u00e9rt\u0151i munk\u00e1i k\u00f6z\u00f6tt tal\u00e1lhatunk irodalmi, kult\u00faraelm\u00e9leti \u00e9s helyt\u00f6rt\u00e9neti kiadv\u00e1nyokat is. R\u00e1di\u00f3k, \u00e9s a telev\u00edzi\u00f3 m\u0171soraiban hallhat\u00f3 egy-egy verse, mes\u00e9je. Nagy hangs\u00falyt fektet arra, hogy a hat\u00e1ron t\u00fali magyar gyerekhez eljusson a kort\u00e1rs irodalom.<\/p>\n<ul>\n<li><strong>&#8222;P\u00e1vel \u00c1goston Eml\u00e9k\u00e9rem&#8221; kit\u00fcntet\u00e9sben r\u00e9szes\u00fcl:<\/strong><\/li>\n<\/ul>\n<p><strong>V\u00e1rhelyi Tam\u00e1s,<\/strong> a szentp\u00e9terfai Szent P\u00e9ter \u00e9s P\u00e1l apostolok pl\u00e9b\u00e1nia pl\u00e9b\u00e1nosa<\/p>\n<p style=\"text-align: justify;\">2007-ben kezdett szolg\u00e1latot teljes\u00edteni a szentp\u00e9terfai Szent P\u00e9ter \u00e9s P\u00e1l apostolok pl\u00e9b\u00e1ni\u00e1n. Nem volt k\u00f6nny\u0171 magyar emberk\u00e9nt egy k\u00e9t nemzetis\u00e9g\u0171 t\u00e9rs\u00e9gben megkezdeni a pl\u00e9b\u00e1nosi szolg\u00e1latot, de megbirk\u00f3zott a sokszor nem k\u00f6nny\u0171 feladattal. Szorgalm\u00e1nak, a nemzetis\u00e9gekhez val\u00f3 pozit\u00edv hozz\u00e1\u00e1ll\u00e1s\u00e1nak k\u00f6sz\u00f6nhet\u0151en megtanulta a horv\u00e1t nyelvet \u00e9s mis\u00e9zik n\u00e9met nyelven is. Magyark\u00e9nt felismerte a nemzetis\u00e9gi l\u00e9t fontoss\u00e1g\u00e1t, sokat tett mindk\u00e9t nemzetis\u00e9gi vall\u00e1si \u00e9s kultur\u00e1lis \u00e9let\u00e9\u00e9rt. Ennek az \u00e1ldozatos munk\u00e1nak k\u00f6sz\u00f6nhet\u0151en minden templom\u00e1ban az adott nemzetis\u00e9g a saj\u00e1t nyelv\u00e9n tud im\u00e1dkozni \u00e9s \u00e9nekelni. Az \u0150 nev\u00e9hez f\u0171z\u0151dik a Pinka menti Nemzetis\u00e9gi K\u00f3rustal\u00e1lkoz\u00f3 megszervez\u00e9se. Bekapcsol\u00f3dott a hat\u00e1ron t\u00fali horv\u00e1t \u00e9s n\u00e9met pl\u00e9b\u00e1ni\u00e1k \u00e9let\u00e9be, zar\u00e1ndoklatokat szervez az anyaorsz\u00e1gba. Munk\u00e1ja mindenki sz\u00e1m\u00e1ra p\u00e9lda\u00e9rt\u00e9k\u0171, mindent megtesz, hogy a k\u00e9t nemzetis\u00e9ghez tartoz\u00f3 emberek identit\u00e1s\u00e1t er\u0151s\u00edtse, nyelv\u00fcket \u00e1polja \u00e9s kult\u00far\u00e1jukat meg\u0151rizze.<\/p>\n<ul>\n<li><strong>\u201eVit\u00e9z Both B\u00e9la Eml\u00e9kd\u00edj\u201d kit\u00fcntet\u00e9sben r\u00e9szes\u00fcl:<\/strong><\/li>\n<\/ul>\n<p><strong>\u00a0<\/strong><strong>Szimedli J\u00f3zsef,<\/strong> a \u00a0doni harcok r\u00e9sztvev\u0151je<\/p>\n<p style=\"text-align: justify;\">1940 nyar\u00e1n ezred\u00e9vel egy\u00fctt mozg\u00f3s\u00edtott\u00e1k \u00e9s a rom\u00e1n hat\u00e1rra vez\u00e9nyelt\u00e9k. Szeptemberben r\u00e9szt vett az erd\u00e9lyi bevonul\u00e1sban. 1942. \u00e1prilis 29-\u00e9n indult a harct\u00e9rre, mint a 35\/II. z\u00e1szl\u00f3alj t\u00e1vbesz\u00e9l\u0151 szakasz\u00e1nak parancsnoka. A magyar csapatok j\u00fanius 28-\u00e1n kezdt\u00e9k meg els\u0151 nagyobb m\u0171veleteiket, amelyekben Szimedli J\u00f3zsef z\u00e1szl\u00f3alj\u00e1val egy\u00fctt r\u00e9szt vett. A k\u00f6rmendi z\u00e1szl\u00f3alj s\u00falyos vesztes\u00e9geket szenvedett. Magas kora ellen\u00e9re j\u00f3 eg\u00e9szs\u00e9gnek \u00f6rvend, sz\u00edvesen vesz r\u00e9szt hagyom\u00e1ny\u0151rz\u0151 rendezv\u00e9nyeken. Hazaszeretet\u00e9vel, hatalmas m\u0171velts\u00e9g\u00e9nek \u00e9s tud\u00e1s\u00e1nak \u00e1tad\u00e1s\u00e1val sokakat tan\u00edtott. A kereszt\u00e9ny hit \u00e9s vall\u00e1sa gyakorl\u00e1sa jellemezte \u00e9let\u00e9t, amit igyekezett k\u00f6rnyezet\u00e9nek is \u00e1tadni.<\/p>\n<ul>\n<li><strong>\u00a0<\/strong><strong>\u00a0<\/strong><strong>\u201eVit\u00e9z Both B\u00e9la Eml\u00e9kd\u00edj\u201d kit\u00fcntet\u00e9sben r\u00e9szes\u00fcl:<\/strong><\/li>\n<\/ul>\n<p><strong>\u00a0<\/strong><strong>Dr. Schubert Mikl\u00f3s Zsolt<\/strong> bv. alezredes, a Szombathelyi Orsz\u00e1gos B\u00fcntet\u00e9s-v\u00e9grehajt\u00e1si Int\u00e9zet oszt\u00e1lyvezet\u0151 f\u0151orvosa<\/p>\n<p style=\"text-align: justify;\">1994-t\u0151l a Szombathelyi Hat\u00e1r\u0151r Igazgat\u00f3s\u00e1g, majd 2007-t\u0151l a b\u00fcntet\u00e9s-v\u00e9grehajt\u00e1si szervezet hivat\u00e1sos \u00e1llom\u00e1ny\u00e1ban teljes\u00edt szolg\u00e1latot. A Szombathelyi Orsz\u00e1gos B\u00fcntet\u00e9s-v\u00e9grehajt\u00e1si Int\u00e9zet oszt\u00e1lyvezet\u0151 f\u0151orvosak\u00e9nt l\u00e1tja el feladatait. Hivat\u00e1s\u00e1t al\u00e1zattal, magas sz\u00ednvonal\u00fa szakmai tud\u00e1s birtok\u00e1ban, azt folyamatosan fejlesztve v\u00e9gzi. Szolg\u00e1lat\u00e1t p\u00e9lda\u00e9rt\u00e9k\u0171 hivat\u00e1studat jellemzi. Nagy odafigyel\u00e9ssel \u00e9s az eg\u00e9szs\u00e9g\u00fcgyi munka tekintet\u00e9ben n\u00e9lk\u00fcl\u00f6zhetetlen emberi emp\u00e1ti\u00e1val foglalkozik a szem\u00e9lyi \u00e9s a fogvatartotti \u00e1llom\u00e1nnyal egyar\u00e1nt. Vezet\u0151i k\u00e9pess\u00e9ge, szakmai tapasztalata, illetve emberi tulajdons\u00e1gai nagyban seg\u00edtik \u0151t szakmai munk\u00e1ja magas sz\u00ednvonal\u00fa ell\u00e1t\u00e1s\u00e1ban.<\/p>\n<ul>\n<li><strong>Gayer Gyula Eml\u00e9kplakett&#8221; kit\u00fcntet\u00e9sben r\u00e9szes\u00fcl:<\/strong><\/li>\n<\/ul>\n<p><strong>N\u00e9methn\u00e9 Palot\u00e1s Erzs\u00e9bet,\u00a0<\/strong>a Nyugat-dun\u00e1nt\u00fali V\u00edz\u00fcgyi Igazgat\u00f3s\u00e1g, V\u00edzrendez\u00e9si \u00e9s \u00d6nt\u00f6z\u00e9si Oszt\u00e1ly v\u00edzrendez\u00e9si referense<\/p>\n<p style=\"text-align: justify;\">2007-ben kezdett dolgozni Nyugat-dun\u00e1nt\u00fali V\u00edz\u00fcgyi Igazgat\u00f3s\u00e1gn\u00e1l v\u00edzrendez\u00e9si szakter\u00fcleten. Hossz\u00fa \u00e9vek \u00f3ta v\u00e9gzett magas sz\u00ednvonal\u00fa szakmai tev\u00e9kenys\u00e9g\u00e9vel jelent\u0151sen jav\u00edtotta Szombathely, K\u0151szeg \u00e9s a k\u00f6rnyez\u0151 telep\u00fcl\u00e9sek kisv\u00edzfoly\u00e1sainak \u00e1llapot\u00e1t \u00e9s ezzel hozz\u00e1j\u00e1rult a t\u00e9rs\u00e9gben \u00e9l\u0151k \u00e1rv\u00edzi biztons\u00e1g\u00e1nak n\u00f6vel\u00e9s\u00e9hez. Kiemelked\u0151 teljes\u00edtm\u00e9nyt ny\u00fajtott az Eur\u00f3pai Uni\u00f3 t\u00e1mogat\u00e1s\u00e1t elnyer\u0151 projektek el\u0151k\u00e9sz\u00edt\u00e9s\u00e9ben, m\u0171szaki feladatainak ell\u00e1t\u00e1s\u00e1ban. Meghat\u00e1roz\u00f3 szerepet v\u00e1llalt a Luk\u00e1csh\u00e1zi \u00e9s Dozmati \u00e1rv\u00edzt\u00e1roz\u00f3 el\u0151k\u00e9sz\u00edt\u00e9si \u00e9s projekt ir\u00e1ny\u00edt\u00e1si feladataiban. \u00c1r- \u00e9s belv\u00edzv\u00e9delmi szakm\u00e9rn\u00f6kk\u00e9nt sz\u00e1mos el\u0151ad\u00e1son ismertette \u00e9s n\u00e9pszer\u0171s\u00edtette a dombvid\u00e9ki t\u00e1roz\u00f3kat, felh\u00edvva a figyelmet a vill\u00e1m\u00e1rvizek megjelen\u00e9s\u00e9re \u00e9s t\u00e1roz\u00e1s fontoss\u00e1g\u00e1ra.<\/p>\n<p><strong>Somogyi Gy\u00f6rgy J\u00f3zsefn\u00e9, <\/strong>az \u00cdrottk\u0151 Nat\u00farpark\u00e9rt Egyes\u00fclet titk\u00e1ra<\/p>\n<p style=\"text-align: justify;\">15 \u00e9ve az \u00cdrottk\u0151 Naturpark\u00e9rt Egyes\u00fclet titk\u00e1ra. Szervezi az egyes\u00fcleti \u00e9let minden mozzanat\u00e1t, a k\u00f6rnyezetv\u00e9delmi, term\u00e9szetv\u00e9delmi akci\u00f3kat, a m\u00e9lt\u00e1n h\u00edres Madarak \u00e9s F\u00e1k Napj\u00e1t, a H\u00e9tforr\u00e1s pikniket, az \u00c9den-napot, az \u00cdrottk\u0151 Naturpark \u00cdzei Orsolya Napi V\u00e1s\u00e1rt. Az egyes\u00fclet k\u00f6rnyezetv\u00e9delmi p\u00e1ly\u00e1zatainak figyel\u0151je, \u00edr\u00f3ja \u00e9s megval\u00f3s\u00edt\u00f3ja. Hatalmas emp\u00e1ti\u00e1val, elhivatotts\u00e1ggal, szer\u00e9nyen v\u00e9gzi a h\u00e9tk\u00f6znapi feladatokat is. Mindemellett kiv\u00e1l\u00f3 turisztikai szakember, nagyszer\u0171 idegenvezet\u0151.<\/p>\n<p><strong>\u00d6KOHYDRO K\u00f6rnyezetv\u00e9delmi- \u00e9s V\u00edzgazd\u00e1lkod\u00e1si M\u00e9rn\u00f6ki Iroda Kft.<\/strong><\/p>\n<p style=\"text-align: justify;\">Az \u00d6KOHYDRO Kft. 1996-ban alakult meg Kapolcsi Imre okl. \u00e9p\u00edt\u0151m\u00e9rn\u00f6k \u00e9s Dr. Bogn\u00e1r Ildik\u00f3 k\u00f6rnyezetv\u00e9delmi szakjog\u00e1sz k\u00f6zrem\u0171k\u00f6d\u00e9s\u00e9vel. A c\u00e9g tev\u00e9kenys\u00e9ge gyakorlatilag fel\u00f6leli a v\u00edzgazd\u00e1lkod\u00e1s \u00e9s k\u00f6rnyezetv\u00e9delem teljes ter\u00fclet\u00e9t. A Kft. k\u00e9sz\u00edtette Vas megye 40 db \u00e9s Zala megye 80 db egykori \u2013enged\u00e9ly n\u00e9lk\u00fcli \u2013 hullad\u00e9klerak\u00f3ja rekultiv\u00e1ci\u00f3j\u00e1val \u00f6sszef\u00fcgg\u0151 fel\u00fclvizsg\u00e1lati dokument\u00e1ci\u00f3t. Ezen t\u00falmen\u0151en nev\u00fckh\u00f6z f\u0171z\u0151dik az \u00f6sszes Vas megyei \u00fczemel\u0151 hullad\u00e9klerak\u00f3 k\u00f6rnyezeti hat\u00e1svizsg\u00e1lati dokument\u00e1ci\u00f3j\u00e1nak elk\u00e9sz\u00edt\u00e9se. A Kft. dolgozta ki a FLORASCA Kft. Vas megyei egykori szennyv\u00edz\u00fcr\u00edt\u0151 medenc\u00e9inek felsz\u00e1mol\u00e1si terveit. Legjelent\u0151sebb munk\u00e1i k\u00f6z\u00f6tt tal\u00e1lhat\u00f3 a Szentgotth\u00e1rdi Opel Gy\u00e1r t\u00f6bb hat\u00e1svizsg\u00e1lat\u00e1nak elk\u00e9sz\u00edt\u00e9se, emellett t\u00f6bb k\u00f6rnyezetv\u00e9delmi program kidolgoz\u00e1sa f\u0171z\u0151dik nev\u00fckh\u00f6z. Rendszeresen fogadnak egyetemi, f\u0151iskolai hallgat\u00f3kat, a diplom\u00e1z\u00f3knak k\u00fcls\u0151 konzulensk\u00e9nt seg\u00edtenek a jogi \u00e9s gyakorlati szeml\u00e9let kialak\u00edt\u00e1s\u00e1ban.<\/p>\n<ul>\n<li><strong>&#8222;Vas Megye Szolg\u00e1lat\u00e1\u00e9rt K\u00f6zigazgat\u00e1si Tagozata&#8221; elismer\u00e9sben r\u00e9szes\u00fcl:<\/strong><\/li>\n<\/ul>\n<p><strong>Koczor-Scheck Enik\u0151,<\/strong> a K\u0151szegi K\u00f6z\u00f6s \u00d6nkorm\u00e1nyzati Hivatal szem\u00e9lyzeti \u00e9s szervez\u00e9si \u00fcgyint\u00e9z\u0151je<\/p>\n<p style=\"text-align: justify;\">1990-t\u0151l a k\u0151szegi polg\u00e1rmesteri hivatal dolgoz\u00f3ja. Kiemelked\u0151 precizit\u00e1ssal \u00e9s szorgalommal l\u00e1tja el a munk\u00e1j\u00e1t. Az egy\u00fcttm\u0171k\u00f6d\u00e9s, a lojalit\u00e1s \u00e9s a kiv\u00e1l\u00f3 szakmai munka jellemzi kapcsolat\u00e1t az \u00f6nkorm\u00e1nyzat tiszts\u00e9gvisel\u0151ivel, k\u00e9pvisel\u0151kkel, a k\u00fcl\u00f6nf\u00e9le int\u00e9zm\u00e9nyekkel, azok munkat\u00e1rsaival.<\/p>\n<p><strong>N\u00e9methn\u00e9 Simon M\u00e1ria,<\/strong> a K\u00f6rmendi K\u00f6z\u00f6s \u00d6nkorm\u00e1nyzati Hivatal oszt\u00e1lyvezet\u0151je<\/p>\n<p style=\"text-align: justify;\">1984 \u00f3ta dolgozik K\u00f6rmend V\u00e1ros \u00d6nkorm\u00e1nyzata szolg\u00e1lat\u00e1ban. 1992 \u00f3ta oszt\u00e1lyvezet\u0151k\u00e9nt ir\u00e1ny\u00edtotta nyugd\u00edjba vonul\u00e1s\u00e1ig, 2019. november\u00e9ig az \u00d6nkorm\u00e1nyzat p\u00e9nz\u00fcgyi gazd\u00e1lkod\u00e1s\u00e1t. Munkab\u00edr\u00e1sa, al\u00e1zata, koll\u00e9g\u00e1ival val\u00f3 kapcsolata p\u00e9lda\u00e9rt\u00e9k\u0171 az \u00f6nkorm\u00e1nyzat dolgoz\u00f3i sz\u00e1m\u00e1ra.<\/p>\n<p><strong>Polg\u00e1r Andr\u00e1s,<\/strong> a Vas Megyei \u00d6nkorm\u00e1nyzati Hivatal ter\u00fcletfejleszt\u00e9si csoportvezet\u0151je<\/p>\n<p style=\"text-align: justify;\">2016 \u00f3ta dolgozik a megyei \u00f6nkorm\u00e1nyzati hivatalban. A ter\u00fcletfejleszt\u00e9si csoport vezet\u0151jek\u00e9nt kiv\u00e1l\u00f3 felk\u00e9sz\u00fclts\u00e9g\u00e9vel, tapasztalat\u00e1val sikeresen j\u00e1rult hozz\u00e1 a Ter\u00fclet- \u00e9s Telep\u00fcl\u00e9sfejleszt\u00e9si Operat\u00edv Program \u00e9s a Magyar Falu Program keret\u00e9ben beny\u00fajtott Vas megyei projektek megval\u00f3s\u00edt\u00e1s\u00e1hoz. Szakmai munk\u00e1j\u00e1val, lelkiismeretess\u00e9g\u00e9vel \u00e9s seg\u00edt\u0151k\u00e9szs\u00e9g\u00e9vel kiv\u00edvta mind a hivatal vezet\u0151inek \u00e9s munkat\u00e1rsainak, mind pedig a telep\u00fcl\u00e9si \u00f6nkorm\u00e1nyzatok polg\u00e1rmestereinek megbecs\u00fcl\u00e9s\u00e9t \u00e9s elismer\u00e9s\u00e9t.<\/p>\n<ul>\n<li><strong>\u00a0<\/strong><strong>&#8222;Vas Megye Szolg\u00e1lat\u00e1\u00e9rt Oktat\u00e1si Tagozata&#8221; elismer\u00e9sben r\u00e9szes\u00fcl:<\/strong><\/li>\n<\/ul>\n<p><strong>\u00a0<\/strong><strong>Koltai Mikl\u00f3sn\u00e9, <\/strong>a Gencsap\u00e1ti Gy\u00f6ngy\u00f6s-Kert \u00d3voda \u00f3v\u00f3n\u0151je<\/p>\n<p>1979-t\u0151l az \u00f3voda munkat\u00e1rsa. Munk\u00e1j\u00e1ban az \u00e9rzelem, a szakma ir\u00e1nti h\u0171s\u00e9g \u00e9s szeretet \u00f6sszefon\u00f3dik. Teljes odafordul\u00e1ssal, sz\u00edvvel-l\u00e9lekkel dolgozik a gyerekek\u00e9rt. Gondos kert\u00e9szk\u00e9nt nevel j\u00f3 sz\u00f3val, biztat\u00e1ssal, az igaz nevel\u0151 j\u00f3s\u00e1g\u00e1val \u00e9s az \u00e9rtelem b\u00f6lcsess\u00e9g\u00e9vel.<\/p>\n<p><strong>\u00a0<\/strong><strong>Moln\u00e1r Istv\u00e1nn\u00e9, <\/strong>a Hatos Ferenc \u00c1ltal\u00e1nos Iskola \u00e9s Alapfok\u00fa M\u0171v\u00e9szeti Iskola V\u00e9p nyugalmazott pedag\u00f3gusa<\/p>\n<p style=\"text-align: justify;\">40 \u00e9vig volt az iskola tan\u00e1ra, 14 \u00e9vig az int\u00e9zm\u00e9ny igazgat\u00f3ja. Szakmai tud\u00e1sa, gyermekszeretete, seg\u00edt\u0151k\u00e9szs\u00e9ge, kiv\u00e1l\u00f3 kommunik\u00e1ci\u00f3s k\u00e9szs\u00e9ge r\u00e9v\u00e9n j\u00f3 kapcsolatot alak\u00edtott ki sz\u00fcl\u0151kkel, tanul\u00f3kkal. Sokat tett az int\u00e9zm\u00e9ny t\u00e1rgyi felt\u00e9teleinek jav\u00edt\u00e1s\u00e1\u00e9rt, akad\u00e1lymentes\u00edt\u00e9s\u00e9nek kialak\u00edt\u00e1s\u00e1\u00e9rt.<\/p>\n<p><strong>N\u00e9meth Korn\u00e9l<\/strong>, a Koncz J\u00e1nos Alapfok\u00fa M\u0171v\u00e9szeti Iskola S\u00e1rv\u00e1r faf\u00fav\u00f3stan\u00e1ra<\/p>\n<p style=\"text-align: justify;\">Lelkiismerettel \u00e9s t\u00f6retlen lend\u00fclettel v\u00e9gzi zenepedag\u00f3gusi munk\u00e1j\u00e1t S\u00e1rv\u00e1r m\u0171v\u00e9szeti iskol\u00e1j\u00e1ban, Az elm\u00falt \u00e9vekben kiemelked\u0151 versenyeredm\u00e9nyeket \u00e9rt el n\u00f6vend\u00e9keivel. Elk\u00f6telezett hivat\u00e1studattal v\u00e9gzett pedag\u00f3gusi, zen\u00e9szi munk\u00e1ss\u00e1ga j\u00f3 p\u00e9ldak\u00e9nt \u00e1ll\u00edthat\u00f3 a k\u00f6vetkez\u0151 tan\u00e1ri gener\u00e1ci\u00f3 valamint koll\u00e9g\u00e1i el\u00e9.<\/p>\n<ul>\n<li><strong>&#8222;Vas Megye Szolg\u00e1lat\u00e1\u00e9rt Kultur\u00e1lis Tagozata&#8221; elismer\u00e9sben r\u00e9szes\u00fcl:<\/strong><\/li>\n<\/ul>\n<p><strong>\u00a0<\/strong><strong>F\u00f6ldesi J\u00e1nos \u00e9s F\u00f6ldesi J\u00e1nosn\u00e9 <\/strong>n\u00e9pzeneoktat\u00f3k, a Boglya N\u00e9pzenei Egy\u00fcttes alap\u00edt\u00f3i<\/p>\n<p style=\"text-align: justify;\">A Paragv\u00e1ri Utcai \u00c1ltal\u00e1nos Iskol\u00e1ban a n\u00e9pzenei b\u0151g\u0151, br\u00e1csa, kontra, gordon, dob hangszerek tan\u00edt\u00e1sa a feladatuk. 1997-ben k\u00f6z\u00f6sen ind\u00edtott\u00e1k el a Bart\u00f3k B\u00e9la Zeneiskol\u00e1ban a n\u00e9pzene tanszakot, majd 2011-ben a k\u00f6z\u00e9pfok\u00fa n\u00e9pzeneoktat\u00e1st a M\u0171v\u00e9szeti Szakk\u00f6z\u00e9piskol\u00e1ban. Tan\u00edtv\u00e1nyaik sz\u00e1mos orsz\u00e1gos \u00e9s nemzetk\u00f6zi n\u00e9pzenei verseny gy\u0151ztesei vagy d\u00edjazottjai.<\/p>\n<p><strong>Kutrov\u00e1cz \u00c9va, <\/strong>a K\u00f6rmendi Kultur\u00e1lis K\u00f6zpont, M\u00fazeum \u00e9s K\u00f6nyvt\u00e1r kultur\u00e1lis menedzsere<\/p>\n<p style=\"text-align: justify;\">2005 \u00f3ta van k\u00f6zvetlen kapcsolatban a B\u00e9ri Balogh \u00c1d\u00e1m T\u00e1ncegy\u00fcttes Kultur\u00e1lis Egyes\u00fclettel. A k\u00f6z\u00f6ss\u00e9gi tev\u00e9kenys\u00e9g ir\u00e1nti \u00e9rz\u00e9kenys\u00e9ge, szakmai felk\u00e9sz\u00fclts\u00e9ge els\u0151sorban a k\u00f6z\u00f6ss\u00e9gfejleszt\u00e9s ter\u00fclet\u00e9n rendk\u00edv\u00fcl hasznos. A m\u00fazeumban v\u00e9gzett tev\u00e9kenys\u00e9g\u00e9ben is hangs\u00falyos a helyi \u00e9s a magyar hagyom\u00e1nyok megismertet\u00e9se az ifj\u00fas\u00e1ggal.<\/p>\n<p><strong>Kupi Mikl\u00f3s<\/strong>, a Rem\u00e9nyik S\u00e1ndor Evang\u00e9likus \u00d3voda, \u00c1ltal\u00e1nos Iskola \u00e9s Alapfok\u00fa M\u0171v\u00e9szeti Iskola Bobai Tagint\u00e9zm\u00e9ny\u00e9nek pedag\u00f3gusa<\/p>\n<p style=\"text-align: justify;\">Gyermekkora \u00f3ta a hum\u00e1n ter\u00fcletek vonzz\u00e1k. A k\u00f6lt\u00e9szetet nem csak befogad\u00f3k\u00e9nt ismeri, k\u00e9t k\u00f6tete is megjelent. A versesk\u00f6tetek mellett \u00e9rdekl\u0151d\u00e9se a helyt\u00f6rt\u00e9net fel\u00e9 fordult, sz\u00e1mos interj\u00fat, tanulm\u00e1nyt publik\u00e1lt sz\u00fcl\u0151v\u00e1rosa m\u00faltj\u00e1r\u00f3l, nagy siker\u0171 el\u0151ad\u00e1sokat tartott honismereti \u00e9s m\u0171v\u00e9szett\u00f6rt\u00e9neti t\u00e9mak\u00f6r\u00f6kben.<\/p>\n<ul>\n<li><strong>&#8222;Vas Megye Szolg\u00e1lat\u00e1\u00e9rt Eg\u00e9szs\u00e9g\u00fcgyi Tagozata&#8221; elismer\u00e9sben r\u00e9szes\u00fcl:<\/strong><\/li>\n<\/ul>\n<p><strong>Dr. Balogh M\u00e1rta, <\/strong>a Markusovszky Egyetemi Oktat\u00f3k\u00f3rh\u00e1z Csecsem\u0151- \u00e9s Gyermekgy\u00f3gy\u00e1szati Oszt\u00e1ly f\u0151orvosa<\/p>\n<p style=\"text-align: justify;\">1993-t\u00f3l kezdte el gyermekgy\u00f3gy\u00e1szk\u00e9nt a megy\u00e9ben addig nem m\u0171k\u00f6d\u0151 gyermek-gasztroenterol\u00f3giai szakell\u00e1t\u00e1st l\u00e9trehozni a k\u00f3rh\u00e1zban, amelyet 2018-ig egyed\u00fcl m\u0171k\u00f6dtetett. Alap\u00edt\u00f3 tagja volt a Vas Megyei Diabeteses Gyermekeket Seg\u00edt\u0151 Egyes\u00fcletnek. Tagja sz\u00e1mos orvosszakmai t\u00e1rsas\u00e1gnak. Kimagasl\u00f3 szakmai \u00e9let\u00fatja, p\u00e9ldamutat\u00f3 emp\u00e1ti\u00e1ja t\u00f6bb fiatal \u00e9rdekl\u0151d\u00e9s\u00e9t terelte az eg\u00e9szs\u00e9g\u00fcgy fel\u00e9.<\/p>\n<p><strong>Dr. Dienes S\u00e1ndor, <\/strong>nyugalmazott \u00e1llatorvos<\/p>\n<p style=\"text-align: justify;\">Eg\u00e9sz munk\u00e1ss\u00e1g\u00e1t, t\u00e1rsadalmi tev\u00e9kenys\u00e9g\u00e9t a lelkiismeretess\u00e9g, a lak\u00f3helyhez val\u00f3 nagyfok\u00fa k\u00f6t\u0151d\u00e9s, elhivatotts\u00e1g jellemezte. Gy\u00f3gy\u00edt\u00f3 munk\u00e1ja mellett akt\u00edv k\u00f6z\u00e9leti szerepet is v\u00e1llalt. Seg\u00edt\u0151k\u00e9szs\u00e9ge, megb\u00edzhat\u00f3s\u00e1ga ok\u00e1n a t\u00e9rs\u00e9g telep\u00fcl\u00e9seinek polg\u00e1rai el\u0151tt nagy k\u00f6ztiszteletnek \u00f6rvend.<\/p>\n<p><strong>Szakonyi Eszter<\/strong>, a Markusovszky Egyetemi Oktat\u00f3k\u00f3rh\u00e1z S\u00fcrg\u0151ss\u00e9gi Betegell\u00e1t\u00f3 Oszt\u00e1ly r\u00e9szlegvezet\u0151 \u00e1pol\u00f3ja<\/p>\n<p style=\"text-align: justify;\">2003 \u00f3ta dolgozik a k\u00f3rh\u00e1zban. Munk\u00e1j\u00e1t mindig felel\u0151ss\u00e9gteljesen \u00e9s lelkiismeretesen v\u00e9gzi, precizit\u00e1s \u00e9s k\u00f6r\u00fcltekint\u0151 gondoskod\u00e1s jellemzi. Magas szint\u0171 szakmai tud\u00e1s\u00e1val \u00e9s szakter\u00fclet\u00e9n szerzett tapasztalataival nagy seg\u00edts\u00e9ge a k\u00f3rh\u00e1znak.<\/p>\n<ul>\n<li><strong>&#8222;Vas Megye Szolg\u00e1lat\u00e1\u00e9rt Szoci\u00e1lis Tagozata&#8221; elismer\u00e9sben r\u00e9szes\u00fcl:<\/strong><\/li>\n<\/ul>\n<p><strong>Baranyai Eszter,<\/strong> a Szoci\u00e1lis \u00e9s Gyermekv\u00e9delmi F\u0151igazgat\u00f3s\u00e1g Vas Megyei Kirendelts\u00e9ge szoci\u00e1lis referense<\/p>\n<p style=\"text-align: justify;\">T\u00f6bb mint 15 \u00e9lve dolgozik a szoci\u00e1lis igazgat\u00e1s ter\u00fclet\u00e9n. Munk\u00e1j\u00e1t mindig a legnagyobb odaad\u00e1ssal, lojalit\u00e1ssal v\u00e9gezte, nem csak az \u00edr\u00f3asztal m\u00f6g\u00f6tt, hanem szem\u00e9lyesen, az int\u00e9zm\u00e9nyekben j\u00e1rva, az otthonukban \u00e9l\u0151 emberekkel kapcsolatot tartva, szem\u00e9lyes tapasztalatai \u00e1ltal int\u00e9zi a mindennapos \u00fcgyeket. Hivat\u00e1studata mellett, emberiess\u00e9ge, lelkiismeretes odaad\u00f3 munk\u00e1ja p\u00e9lda\u00e9rt\u00e9k\u0171.<\/p>\n<p><strong>Horv\u00e1th B\u00e9la<\/strong>, a Mozg\u00e1ss\u00e9r\u00fcltek Vas Megyei Egyes\u00fclet\u00e9nek tagja<\/p>\n<p style=\"text-align: justify;\">1995 \u00f3ta tagja az Egyes\u00fcletnek. Betegs\u00e9ge ellen\u00e9re minden tud\u00e1s\u00e1val seg\u00edti a celld\u00f6m\u00f6lki csoport \u00e9s a megyei egyes\u00fclet munk\u00e1j\u00e1t. A lak\u00f3k\u00f6rnyezet\u00e9ben \u00e9l\u0151 sorst\u00e1rsait szaktud\u00e1sa r\u00e9v\u00e9n \u00f6nzetlen\u00fcl, nagy odaad\u00e1ssal seg\u00edti.<\/p>\n<p><strong>Punokovicsn\u00e9 Kov\u00e1cs Zsanett<\/strong>, a Vas Megyei Korm\u00e1nyhivatal Szentgotth\u00e1rdi J\u00e1r\u00e1si Hivatal gy\u00e1m\u00fcgyi szak\u00fcgyint\u00e9z\u0151je<\/p>\n<p style=\"text-align: justify;\">1996 \u00f3ta a Szombathelyi Egyh\u00e1zmegyei Karit\u00e1sz dolgoz\u00f3ja. Az ell\u00e1tottakkal val\u00f3 munk\u00e1j\u00e1ban mindig odafigyel\u0151, gondoskod\u00f3 szeretet \u00e1ll a k\u00f6zpontban. Nagyon prec\u00edz, lelkiismeretes koll\u00e9ga.<\/p>\n<ul>\n<li><strong>&#8222;Vas Megye Szolg\u00e1lat\u00e1\u00e9rt Gyermek- \u00e9s Ifj\u00fas\u00e1gv\u00e9delmi Tagozata&#8221; elismer\u00e9sben r\u00e9szes\u00fcl:<\/strong><\/li>\n<\/ul>\n<p><strong>Bedicsn\u00e9 K\u00f3cz\u00e1n Katalin Erzs\u00e9bet, <\/strong>a Vas Megyei Korm\u00e1nyhivatal Szentgotth\u00e1rdi J\u00e1r\u00e1si Hivatal gy\u00e1m\u00fcgyi szak\u00fcgyint\u00e9z\u0151je<\/p>\n<p style=\"text-align: justify;\">T\u00f6bb mint k\u00e9t \u00e9vtizede foglalkozik gy\u00e1mhat\u00f3s\u00e1gi \u00fcgyekkel, d\u00f6nt h\u00e1tr\u00e1nyos helyzet\u0171 gyermekek \u00e1llami nevel\u00e9sbe v\u00e9tel\u00e9r\u0151l. Munk\u00e1j\u00e1t elhivatottan, p\u00e9lda\u00e9rt\u00e9k\u0171en, nagy szorgalommal \u00e9s emp\u00e1ti\u00e1val v\u00e9gzi. P\u00e9lda\u00e9rt\u00e9k\u0171 munkab\u00edr\u00e1sa, kitart\u00e1sa igazi \u00e9rt\u00e9k \u00e9s p\u00e9lda a Hivatalban.<strong>\u00a0<\/strong><\/p>\n<p><strong>Domj\u00e1nn\u00e9 \u00c9der Marietta, <\/strong>a Rum-Kast\u00e9ly Egys\u00e9ges M\u00f3dszertani Int\u00e9zm\u00e9ny igazgat\u00f3ja<\/p>\n<p style=\"text-align: justify;\">T\u00f6bb \u00e9vtizede f\u00e1radhatatlanul, kiemelked\u0151 sz\u00ednvonalon v\u00e9gzi szakmai \u00e9s az elm\u00falt 10 \u00e9vben vezet\u0151i munk\u00e1j\u00e1t a rumi int\u00e9zm\u00e9nyben. Kiv\u00e1l\u00f3 szakmai felk\u00e9sz\u00fclts\u00e9g\u00e9vel, lelkesed\u00e9ssel, nagy emp\u00e1ti\u00e1val, a gyermekek ir\u00e1nti elk\u00f6telezetts\u00e9ggel v\u00e9gzett p\u00e9lda\u00e9rt\u00e9k\u0171 munk\u00e1ja m\u00e9lt\u00f3 az elismer\u00e9sre.<\/p>\n<p><strong>Maurer Ildik\u00f3 Ter\u00e9z, <\/strong>a Vas Megyei Gyermekv\u00e9delmi K\u00f6zpont \u00c1ltal\u00e1nos Iskola \u00e9s Ter\u00fcleti Gyermekv\u00e9delmi Szakszolg\u00e1lat K\u0151szegi Le\u00e1ny Gyermekotthona pedag\u00f3gia tan\u00e1ra<\/p>\n<p style=\"text-align: justify;\">K\u00e9t \u00e9vtizede f\u00e1radhatatlanul \u00e9s p\u00e9ldamutat\u00f3 szorgalommal dolgozik a gyermekv\u00e9delmi szakell\u00e1t\u00e1sban. Kiemelt gondot ford\u00edt a gyerekek fejleszt\u00e9s\u00e9re, szabadid\u0151s tev\u00e9kenys\u00e9g\u00e9nek izgalmass\u00e1, \u00e9lm\u00e9nyszer\u0171v\u00e9 t\u00e9tel\u00e9re. Fontos feladat\u00e1nak tartja, hogy minden r\u00e1b\u00edzott le\u00e1ny k\u00e9pess\u00e9g\u00e9nek figyelembe v\u00e9tel\u00e9vel ir\u00e1ny\u00edtsa tov\u00e1bbtanul\u00e1sukat, k\u00e9s\u0151bbi munk\u00e1ba \u00e1ll\u00e1suk, t\u00e1rsadalmi beilleszked\u00e9s\u00fck \u00e9rdek\u00e9ben.<\/p>\n<ul>\n<li><strong>\u00a0<\/strong><strong>&#8222;Vas Megye Szolg\u00e1lat\u00e1\u00e9rt Sport Tagozata&#8221; elismer\u00e9sben r\u00e9szes\u00fcl:<\/strong><\/li>\n<\/ul>\n<p><strong>\u00a0<\/strong><strong>Csonka L\u00e1szl\u00f3,<\/strong> a Zichy Ant\u00f3nia \u00c1ltal\u00e1nos Iskola Ikerv\u00e1r pedag\u00f3gusa<\/p>\n<p style=\"text-align: justify;\">2004 \u00f3ta dolgozik a S\u00e1rv\u00e1ri Kinizsi SE k\u00e9zilabda szakoszt\u00e1ly\u00e1n\u00e1l. A feln\u0151tt csapat stabil m\u0171k\u00f6d\u00e9si felt\u00e9teleinek megteremt\u00e9se ut\u00e1n az ut\u00e1np\u00f3tl\u00e1s rendszer ki\u00e9p\u00edt\u00e9s\u00e9n munk\u00e1lkodott. A s\u00e1rv\u00e1ri m\u00e9dia munkat\u00e1rsak\u00e9nt mindig p\u00e1rtatlanul \u00e9s t\u00e9nyszer\u0171en t\u00e1j\u00e9koztatja a lakoss\u00e1got a helyi sport t\u00f6rt\u00e9n\u00e9seir\u0151l.<\/p>\n<p><strong>Moln\u00e1r D\u00e1vid, <\/strong>lovas\u00edj\u00e1sz<\/p>\n<p style=\"text-align: justify;\">2007-ben ismerkedett meg a lovas\u00edj\u00e1szattal. Kitart\u00f3 munk\u00e1j\u00e1nak k\u00f6sz\u00f6nhet\u0151en 2019-ben m\u00e1r a vil\u00e1granglista 1. hely\u00e9re l\u00e9pett. Mindig az egy\u00fctt \u00e9s az egym\u00e1s\u00e9rt val\u00f3 k\u00fczd\u00e9s adja a motiv\u00e1ci\u00f3t sz\u00e1m\u00e1ra, \u00e9s b\u00fcszkes\u00e9g t\u00f6lti el, hogy Kemenesalj\u00e1t, ezzel egy\u00fctt pedig Vas megy\u00e9t k\u00e9pviseli.<\/p>\n<p><strong>Varga Jen\u0151,<\/strong> nyugalmazott matematika-testnevel\u0151 szakos tan\u00e1r, k\u00f6z\u00e9piskolai testnevel\u0151 tan\u00e1r<\/p>\n<p style=\"text-align: justify;\">Nevel\u0151 oktat\u00f3 munk\u00e1ja mellett edz\u0151i feladatokat is ell\u00e1tott, edz\u0151k\u00e9nt t\u00f6bb mint 300 koroszt\u00e1lyos Magyar bajnoki \u00e9s Di\u00e1kolimpiai c\u00edm k\u00f6t\u0151dik nev\u00e9hez. Vas Megye-Szombathely korcsolya \u00e9s extr\u00e9m sportj\u00e1nak \u00f6sszes di\u00e1k \u00e9s szabadid\u0151s rendezv\u00e9nyeit 33 \u00e9ve szervezi \u00e9s ir\u00e1ny\u00edtja. A g\u00f6rkorcsolya sport\u00e1g magyarorsz\u00e1gi meghonos\u00edt\u00f3ja, felk\u00e9r\u00e9sre a korcsolya \u00e9s g\u00f6rkorcsolya sport\u00e1gak oktat\u00e1si tananyag\u00e1t k\u00e9sz\u00edtette el.<\/p>\n<ul>\n<li><strong>\u00a0<\/strong><strong>\u201eVas Megye Szolg\u00e1lat\u00e1\u00e9rt K\u00f6zbiztons\u00e1gi Tagozata&#8221; elismer\u00e9sben r\u00e9szes\u00fcl:<\/strong><\/li>\n<\/ul>\n<p><strong>\u00a0<\/strong><strong>N\u00e9meth J\u00e1nos<\/strong> t\u0171. ezredes, a Vas Megyei Katasztr\u00f3fav\u00e9delmi Igazgat\u00f3s\u00e1g kiemelt f\u0151el\u0151ad\u00f3ja<\/p>\n<p style=\"text-align: justify;\">H\u00e1rom \u00e9vtizede a hivat\u00e1sos t\u0171zolt\u00f3 \u00e1llom\u00e1ny tagja. Felel\u0151ss\u00e9gtudata, munkav\u00e9gz\u00e9s\u00e9nek min\u0151s\u00e9ge az \u00e1tlagot meghalad\u00f3. Feladatait ig\u00e9nyesen, prec\u00edzen \u00e9s pontosan hajtja v\u00e9gre. Az eddigi szakmai \u00e9let\u00fatj\u00e1n megszerzett tapasztalatai nagyban seg\u00edtik a megye t\u0171zolt\u00f3inak munk\u00e1j\u00e1t.<\/p>\n<p><strong>Moln\u00e1r Istv\u00e1n<\/strong> r. alezredes, a S\u00e1rv\u00e1ri Rend\u0151rkapit\u00e1nys\u00e1g rend\u00e9szeti oszt\u00e1lyvezet\u0151je<\/p>\n<p style=\"text-align: justify;\">Hivat\u00e1sos rend\u0151ri szolg\u00e1lat\u00e1t 1996-ban kezdte. Kimagasl\u00f3 munkav\u00e9gz\u00e9s\u00e9nek \u00e9s parancsnoki tev\u00e9kenys\u00e9g\u00e9nek k\u00f6sz\u00f6nhet\u0151en illet\u00e9kess\u00e9gi ter\u00fclet k\u00f6zbiztons\u00e1ga szil\u00e1rd, a turizmusb\u00f3l \u00e9s idegenforgalomb\u00f3l ad\u00f3d\u00f3 helyi elv\u00e1r\u00e1soknak maxim\u00e1lisan megfelel. Munkav\u00e9gz\u00e9s\u00e9re a prec\u00edzs\u00e9g \u00e9s a p\u00e9ldamutat\u00f3 szorgalom jellemz\u0151.<\/p>\n<ul>\n<li><strong>\u201eVas Megye Nemzetis\u00e9gek\u00e9rt Tagozata\u201d elismer\u00e9sben r\u00e9szes\u00fcl:<\/strong><\/li>\n<\/ul>\n<p><strong>\u00a0<\/strong><strong>Hanzsek Alajos, <\/strong>a Magyarorsz\u00e1gi Szlov\u00e9nek Sz\u00f6vets\u00e9ge eln\u00f6ks\u00e9gi tagja<\/p>\n<p style=\"text-align: justify;\">Eg\u00e9sz eddigi \u00e9lete sor\u00e1n fontos volt sz\u00e1m\u00e1ra a szlov\u00e9n nyelv meg\u0151rz\u00e9se, a szlov\u00e9n kult\u00fara \u00e9s hagyom\u00e1nyok \u00e1pol\u00e1sa, \u00e1tad\u00e1sa a fiatalabb gener\u00e1ci\u00f3nak. Ezen c\u00e9lok el\u00e9r\u00e9s\u00e9ben akt\u00edvan tev\u00e9kenykedett \u00e9s a mai napig folytatja.<\/p>\n<p><strong>Horv\u00e1th \u00c1d\u00e1m,\u00a0<\/strong>a roma k\u00f6z\u00f6ss\u00e9g \u00e9rdek\u00e9ben v\u00e9gzett kiemelked\u0151 k\u00f6z\u00f6ss\u00e9gi munk\u00e1j\u00e1\u00e9rt.<\/p>\n<p><strong>\u00a0<\/strong><strong>Zielbauer Gy\u00f6rgy, a Reguly Antal Nyelvoktat\u00f3 Nemzetis\u00e9gi \u00c1ltal\u00e1nos Iskola Szombathely igazgat\u00f3ja<\/strong><\/p>\n<p style=\"text-align: justify;\">Mindig a n\u00e9met nemzetis\u00e9gi oktat\u00e1s\u00e9rt harcolt, azt minden szinten k\u00e9pviseli. Mint nemzetis\u00e9gi oktat\u00e1si szak\u00e9rt\u0151 elismert, sokan keresik tan\u00e1csai\u00e9rt, illetve szak\u00e9rtelme miatt.<\/p>\n<p>A megyei k\u00f6zgy\u0171l\u00e9s eln\u00f6ke egyedi d\u00f6nt\u00e9se alapj\u00e1n <strong>Vas Megye K\u00f6zgy\u0171l\u00e9se Eln\u00f6k\u00e9nek Eml\u00e9k\u00e9rme<\/strong> elismer\u00e9sben r\u00e9szes\u00fcl:<\/p>\n<ul>\n<li style=\"text-align: justify;\"><strong>Bakos Gy\u00f6rgy,<\/strong> a k\u0151szegi \u00cdrottk\u0151 Nat\u00farpark Egyes\u00fclet \u00e9s K\u0151szeg V\u00e1ros F\u00fav\u00f3szenekar\u00e1nak \u00e1ldozatos szolg\u00e1lat\u00e1\u00e9rt<\/li>\n<li style=\"text-align: justify;\"><strong>Csonka Ern\u0151 J\u00e1nos<\/strong>, az Orsz\u00e1gos Ment\u0151szolg\u00e1lat Nyugat-dun\u00e1nt\u00fali Region\u00e1lis Ment\u0151szervezete megyei m\u0171szaki vezet\u0151je kiemelked\u0151 szakmai munk\u00e1j\u00e1\u00e9rt, a ment\u0151k k\u00f6z\u00f6ss\u00e9g\u00e9nek szolg\u00e1lat\u00e1\u00e9rt<\/li>\n<li style=\"text-align: justify;\"><strong>Dryja J\u00e1nosn\u00e9<\/strong>, a Vas Megyei Korm\u00e1nyhivatal N\u00e9peg\u00e9szs\u00e9g\u00fcgyi F\u0151oszt\u00e1ly \u00fcgykezel\u0151je t\u00f6bb mint h\u00e1rom \u00e9vtizedes kiemelked\u0151 szakmai munk\u00e1j\u00e1\u00e9rt<\/li>\n<li style=\"text-align: justify;\"><strong>Nacsa J\u00f3zsef <\/strong> f\u0151m\u00e9rn\u00f6k, a t\u00f6bb \u00e9vtizeden \u00e1t \u2013 Vas megye \u00fath\u00e1l\u00f3zat\u00e1nak, h\u00eddjainak meg\u00fajul\u00e1s\u00e1\u00e9rt \u2013 v\u00e9gzett kiemelked\u0151 szakmai munk\u00e1ss\u00e1g\u00e1\u00e9rt.<\/li>\n<li style=\"text-align: justify;\"><strong>Sch\u00f6pflin Gy\u00f6rgy<\/strong> volt EP k\u00e9pvisel\u0151 Vas megye \u00e9rdek\u00e9ben v\u00e9gzett m\u00e1sf\u00e9l \u00e9vtizedes Eur\u00f3pa parlamenti k\u00e9pvisel\u0151i munk\u00e1j\u00e1\u00e9rt<\/li>\n<li style=\"text-align: justify;\"><strong> Simon Endr\u00e9n\u00e9 P\u00e1vel Judit<\/strong> Vas megye szellemi \u00e9let\u00e9nek kiemelked\u0151 alakja, P\u00e1vel \u00c1goston nyelv\u00e9sz, n\u00e9prajzkutat\u00f3, k\u00f6lt\u0151 \u00f6r\u00f6ks\u00e9g\u00e9nek meg\u0151rz\u00e9s\u00e9\u00e9rt \u00e9s \u00e1pol\u00e1s\u00e1\u00e9rt<\/li>\n<li style=\"text-align: justify;\"><strong>Szek\u00e9r Tam\u00e1s<\/strong>, a Her\u00e9nyi Kultur\u00e1lis \u00e9s Sportegyes\u00fclet eln\u00f6ke a her\u00e9nyi kultur\u00e1lis \u00e9s sport \u00e9let t\u00f6bb mint k\u00e9t \u00e9vtizedes \u00e1ldozatos szolg\u00e1lat\u00e1\u00e9rt<\/li>\n<\/ul>\n<p>&nbsp;<\/p>\n<p>&nbsp;<\/p>\n<p>&nbsp;<\/p>\n<p>&nbsp;<\/p>\n<p>&nbsp;<\/p>\n<p><strong>\u00a0<\/strong><\/p>\n<p>&nbsp;<\/p>\n<p>&nbsp;<\/p>","protected":false},"excerpt":{"rendered":"<p>A mai napra hirdetett m\u00e1rcius 15-i \u00fcnneps\u00e9g\u00a0 &#8211; az ismert okok miatt &#8211;\u00a0elmarad, a kit\u00fcntetettek n\u00e9vsor\u00e1t azonban itt, \u00e9s a sajt\u00f3nak is megk\u00fcldve, k\u00f6zz\u00e9tessz\u00fck. A kit\u00fcntet\u00e9seket az \u00e9rintettek k\u00e9s\u0151bb vehetik \u00e1t szem\u00e9lyesen. Ez\u00faton is gratul\u00e1lunk minden kit\u00fcntetettnek! Kit\u00fcntet\u00e9sben r\u00e9szes\u00fclnek: \u201eVas Megye Gazdas\u00e1g\u00e1\u00e9rt D\u00edj\u201d kit\u00fcntet\u00e9sben r\u00e9szes\u00fcl: Szab\u00f3 Bal\u00e1zs, a Coveris Rigid Hungary Kft. \u00fcgyvezet\u0151 igazgat\u00f3ja A [&hellip;]<\/p>","protected":false},"featured_media":13038,"parent":0,"menu_order":280,"template":"","class_list":["post-13036","hirek","type-hirek","status-publish","has-post-thumbnail","hentry","floatton-article"],"ptb_metabox":{"ptb_file_neve":{"url":[""],"title":[""]},"ptb_vide_url_link_":{"url":[""],"title":[""],"description":[""]},"ptb_kateg_ria":["kateg_ria_1"]},"ptb_taxonomy":[],"ptb_featured_image":{"url":"https:\/\/www.vasmegye.hu\/wp-content\/uploads\/2020\/03\/Kit\u00fcntet\u00e9sek_kicsi.jpg","title":"Kit\u00fcntet\u00e9sek_kicsi","caption":""},"_links":{"self":[{"href":"https:\/\/www.vasmegye.hu\/en\/wp-json\/wp\/v2\/hirek\/13036","targetHints":{"allow":["GET"]}}],"collection":[{"href":"https:\/\/www.vasmegye.hu\/en\/wp-json\/wp\/v2\/hirek"}],"about":[{"href":"https:\/\/www.vasmegye.hu\/en\/wp-json\/wp\/v2\/types\/hirek"}],"wp:featuredmedia":[{"embeddable":true,"href":"https:\/\/www.vasmegye.hu\/en\/wp-json\/wp\/v2\/media\/13038"}],"wp:attachment":[{"href":"https:\/\/www.vasmegye.hu\/en\/wp-json\/wp\/v2\/media?parent=13036"}],"curies":[{"name":"wp","href":"https:\/\/api.w.org\/{rel}","templated":true}]}}